{"id":37497,"date":"2025-02-05T11:09:28","date_gmt":"2025-02-05T10:09:28","guid":{"rendered":"https:\/\/www.electrosuisse.ch\/?post_type=tagung&#038;p=37497"},"modified":"2026-02-17T15:43:57","modified_gmt":"2026-02-17T14:43:57","slug":"giornata-sulle-attualita-del-settore-elettrico","status":"publish","type":"tagung","link":"https:\/\/www.electrosuisse.ch\/it\/manifestazioni\/giornata-sulle-attualita-del-settore-elettrico\/","title":{"rendered":"Giornata sulle attualit\u00e0 del settore elettrico"},"content":{"rendered":"<div class=\"wpb-content-wrapper\"><p>[vc_row][vc_column][vc_column_text css=&#8221;&#8221;]<\/p>\n<h4 style=\"color: #83be26\">Pomeriggio di formazione sulla revisione della direttiva<br \/>\nESTI 407.<\/h4>\n<p>[\/vc_column_text]<div class=\"wpb_gap_column wpb_content_element\"><div class=\"wpb_wrapper\"><div class=\"gap gap--small\"><\/div><\/div><\/div>[vc_column_text css=&#8221;&#8221;]Utilizzo e manutenzione corretta dei DPI, metodi di lavoro, limitazione della potenza di cortocircuito tramite organi di protezione, misura delle correnti di corto circuito, concetto di sicurezza per impianti elettrici.<\/p>\n<p>Rimanete aggiornati: Durante questo corso di formazione imparerete in prima persona quali cambiamenti significativi nella direttiva ESTI 407 rivista vi riguardano e cosa \u00e8 importante quando si utilizza il vostro equipaggiamento di protezione individuale, compresa la sua manutenzione.<\/p>\n<p>Non perdere questa occasione di aggiornamento e crescita professionale!<\/p>\n<p>Inoltre il corso \u00e8 riconosciuto come aggiornamento professionale.[\/vc_column_text][vc_column_text css=&#8221;&#8221;]<\/p>\n<h4>Obiettivi della giornata<\/h4>\n<p>Durante questo corso di formazione imparerete in prima persona quali cambiamenti significativi nella direttiva ESTI 407 rivista vi riguardano e cosa \u00e8 importante quando si utilizza il vostro equipaggiamento di protezione individuale, compresa la sua manutenzione.<\/p>\n<p>Inoltre, professionisti esperti vi mostreranno come attuare efficacemente il vostro concetto di sicurezza elettrica e cosa occorre tenere presente nella misurazione della corrente di cortocircuito.[\/vc_column_text][\/vc_column][\/vc_row][vc_row el_id=&#8221;zgruppe&#8221;][vc_column][vc_column_text css=&#8221;&#8221;]<\/p>\n<h4>Pubblico destinatario<\/h4>\n<ul>\n<li>Elettricisti<\/li>\n<li>Consulenti in sicurezza elettrica<\/li>\n<li>Portatori di autorizzazioni<\/li>\n<li>Progettisti di impianti elettrici<\/li>\n<li>Specialisti della manutenzione<\/li>\n<li>Personale delle aziende elettriche di distribuzione<br \/>\nInteressati<\/li>\n<\/ul>\n<p>[\/vc_column_text][vc_column_text css=&#8221;&#8221;]<\/p>\n<h4>Riconosciuta come formazione continua<\/h4>\n<p>Per i portatori di autorizzazioni d&#8217;installazione e di controllo secondo OIBT.[\/vc_column_text][\/vc_column][\/vc_row][vc_row el_id=&#8221;programma&#8221;][vc_column][vc_column_text css=&#8221;&#8221;]<\/p>\n<h4>Programma<\/h4>\n<p>[\/vc_column_text]<div class=\"wpb_document_column wpb_content_element\"><div class=\"wpb_wrapper\"><div class=\"document document--pdf\"><a href=\"https:\/\/www.electrosuisse.ch\/wp-content\/uploads\/2026\/02\/Electrosuisse_Programm_GIE26_Web-1.pdf\" target=\"_blank\">Programma<\/a><\/div><\/div><\/div>[\/vc_column][\/vc_row][vc_row el_id=&#8221;aussteller&#8221;][vc_column][vc_column_text]<\/p>\n<h4>Come espositore a una nostra giornata?<\/h4>\n<p>Saremo lieti di informarvi sulle nostre possibilit\u00e0 di sponsorizzazione ed esposizione. Si prega di contattare Nathalie Bain direttamente sotto : <a href=\"&#x6d;&#97;&#x69;&#x6c;t&#x6f;&#58;n&#x61;&#116;h&#x61;&#108;&#x69;&#x65;&#46;&#x62;&#97;i&#x6e;&#64;e&#x6c;&#101;&#x63;&#x74;&#114;&#x6f;&#x73;u&#x69;&#115;s&#x65;&#46;c&#x68;\">nath&#97;&#108;&#105;&#101;&#46;&#x62;&#x61;&#x69;&#x6e;&#x40;&#x65;&#x6c;ectr&#111;&#115;&#117;&#105;&#115;&#x73;&#x65;&#x2e;&#x63;&#x68;<\/a>[\/vc_column_text][vc_column_text css=&#8221;&#8221;]<\/p>\n<h4>Espositori<\/h4>\n<p>[\/vc_column_text]<div class=\"wpb_gap_column wpb_content_element\"><div class=\"wpb_wrapper\"><div class=\"gap gap--small\"><\/div><\/div><\/div><div class=\"wpb_logo_boxes_new_column wpb_content_element\"><div class=\"wpb_wrapper\"><div class=\"row\"><div class=\"logo_box_new col-lg-3 col-sm-4 col-xs-6\"><div class=\"logo_box_new__content\"><div class=\"logo_box_new__content__logo\"><img decoding=\"async\" src=\"https:\/\/www.electrosuisse.ch\/wp-content\/uploads\/2022\/02\/Logo-AGRO_180x80-1.jpg\" alt=\"Agro\" \/><a href=\"https:\/\/www.agro.ch\/\" class=\"full\" target=\"_blank\">Website Agro<\/a><\/div><\/div><\/div><div class=\"logo_box_new col-lg-3 col-sm-4 col-xs-6\"><div class=\"logo_box_new__content\"><div class=\"logo_box_new__content__logo\"><img decoding=\"async\" src=\"https:\/\/www.electrosuisse.ch\/wp-content\/uploads\/2022\/02\/Bettermann_180x180.png\" alt=\"Bettermann\" \/><a href=\"https:\/\/www.obo.ch\/unternehmen\/bettermann-ag-schweiz\/\" class=\"full\" target=\"_blank\">Website Bettermann<\/a><\/div><\/div><\/div><div class=\"logo_box_new col-lg-3 col-sm-4 col-xs-6\"><div class=\"logo_box_new__content\"><div class=\"logo_box_new__content__logo\"><img decoding=\"async\" src=\"https:\/\/www.electrosuisse.ch\/wp-content\/uploads\/2023\/04\/Dehn-elvatec_Logo_180x80.jpg\" alt=\"Elvatec\" \/><a href=\"https:\/\/www.elvatec.ch\/it-ch\/home\" class=\"full\" target=\"_blank\">Website Elvatec<\/a><\/div><\/div><\/div><div class=\"logo_box_new col-lg-3 col-sm-4 col-xs-6\"><div class=\"logo_box_new__content\"><div class=\"logo_box_new__content__logo\"><img decoding=\"async\" src=\"https:\/\/www.electrosuisse.ch\/wp-content\/uploads\/2022\/02\/Finder_180x80-2.png\" alt=\"Finder\" \/><a href=\"https:\/\/www.findernet.com\/de\/schweiz\/\" class=\"full\" target=\"_blank\">Website Finder<\/a><\/div><\/div><\/div><div class=\"logo_box_new col-lg-3 col-sm-4 col-xs-6\"><div class=\"logo_box_new__content\"><div class=\"logo_box_new__content__logo\"><img decoding=\"async\" src=\"https:\/\/www.electrosuisse.ch\/wp-content\/uploads\/2025\/09\/Glomar_180x80.png\" alt=\"Glomar\" \/><a href=\"https:\/\/glomar.ch\/\" class=\"full\" target=\"_blank\">Website Glomar<\/a><\/div><\/div><\/div><div class=\"logo_box_new col-lg-3 col-sm-4 col-xs-6\"><div class=\"logo_box_new__content\"><div class=\"logo_box_new__content__logo\"><img decoding=\"async\" src=\"https:\/\/www.electrosuisse.ch\/wp-content\/uploads\/2024\/04\/Voltech_neu_180x80.png\" alt=\"Voltech\" \/><a href=\"https:\/\/voltech.ch\/\" class=\"full\" target=\"_blank\">Website Voltech<\/a><\/div><\/div><\/div><\/div><\/div><\/div>[\/vc_column][\/vc_row][vc_row el_id=&#8221;kontakt&#8221;][vc_column]<div class=\"wpb_contact_column wpb_content_element wpb_contact_column--container\"><div class=\"wpb_wrapper\"><div class=\"contact_container_outer\"><div class=\"contact_container\"><div class=\"contact row middle-xs\"><div class=\"contact__img col-sm-5 col-xs-12\"><img decoding=\"async\" src=\"https:\/\/www.electrosuisse.ch\/wp-content\/uploads\/2020\/07\/BainNathalie-1.jpg\" alt=\"Nathalie Bain - Amministrazione\" \/><\/div><div class=\"contact__info col-sm-7 col-xs-12\"><p><b>Nathalie Bain<\/b><br>Amministrazione<\/p><div class=\"phone has-link\"><a href=\"tel:+41585951511\">+41 58 595 15 11<\/a><\/div><div class=\"mail has-link\"><a href=\"mailto:&#x6e;&#x61;&#x74;&#x68;&#97;&#108;&#105;e&#46;&#x62;&#x61;&#x69;&#x6e;&#x40;&#101;&#108;&#101;ct&#x72;&#x6f;&#x73;&#x75;&#x69;&#115;&#115;&#101;&#46;c&#x68;\">&#x6e;&#x61;&#116;&#104;a&#x6c;&#x69;&#x65;&#46;ba&#x69;&#x6e;&#64;&#101;l&#x65;&#x63;&#x74;&#114;os&#x75;&#x69;&#115;&#115;e&#x2e;&#x63;&#x68;<\/a><\/div><\/div><\/div><\/div><\/div><div class=\"contact_container_outer\"><div class=\"contact_container\"><div class=\"contact row middle-xs\"><div class=\"contact__img col-sm-5 col-xs-12\"><img decoding=\"async\" src=\"https:\/\/www.electrosuisse.ch\/wp-content\/uploads\/2022\/12\/Angelo-Vanoncini.jpg\" alt=\"Angelo Vanoncini - Responsabilit\u00e0 specialistica\" \/><\/div><div class=\"contact__info col-sm-7 col-xs-12\"><p><b>Angelo Vanoncini<\/b><br>Responsabilit\u00e0 specialistica<\/p><div class=\"phone has-link\"><a href=\"tel:+41796857590\">+41 79 685 75 90<\/a><\/div><div class=\"mail has-link\"><a href=\"mailto:a&#110;&#x67;&#x65;l&#111;&#46;&#x76;&#x61;n&#111;&#x6e;&#x63;i&#110;&#105;&#x40;&#x65;l&#101;&#x63;&#x74;r&#111;&#115;&#x75;&#x69;s&#115;&#x65;&#x2e;c&#104;\">angelo.vanoncini@<br>electrosuisse.ch<\/a><\/div><\/div><\/div><\/div><\/div><\/div><\/div>[\/vc_column][\/vc_row]<\/p>\n<\/div>","protected":false},"template":"","class_list":["post-37497","tagung","type-tagung","status-publish","hentry"],"acf":[],"yoast_head":"<!-- This site is optimized with the Yoast SEO Premium plugin v26.4 (Yoast SEO v27.0) - https:\/\/yoast.com\/product\/yoast-seo-premium-wordpress\/ -->\n<title>Giornata sulle attualit\u00e0 del settore elettrico - Electrosuisse<\/title>\n<meta name=\"robots\" content=\"index, follow, max-snippet:-1, max-image-preview:large, max-video-preview:-1\" \/>\n<link rel=\"canonical\" href=\"https:\/\/www.electrosuisse.ch\/it\/manifestazioni\/giornata-sulle-attualita-del-settore-elettrico\/\" \/>\n<meta property=\"og:locale\" content=\"it_IT\" \/>\n<meta property=\"og:type\" content=\"article\" \/>\n<meta property=\"og:title\" content=\"Giornata sulle attualit\u00e0 del settore elettrico - Electrosuisse\" \/>\n<meta property=\"og:description\" content=\"[vc_row][vc_column][vc_column_text css=&#8221;&#8221;] Pomeriggio di formazione sulla revisione della direttiva ESTI 407. [\/vc_column_text][vc_column_text css=&#8221;&#8221;]Utilizzo e manutenzione corretta dei DPI, metodi di lavoro, limitazione della potenza di cortocircuito tramite organi di protezione, misura delle correnti di corto circuito, concetto di sicurezza per impianti elettrici. Rimanete aggiornati: Durante questo corso di formazione imparerete in prima persona quali cambiamenti [&hellip;]\" \/>\n<meta property=\"og:url\" content=\"https:\/\/www.electrosuisse.ch\/it\/manifestazioni\/giornata-sulle-attualita-del-settore-elettrico\/\" \/>\n<meta property=\"og:site_name\" content=\"Electrosuisse\" \/>\n<meta property=\"article:modified_time\" content=\"2026-02-17T14:43:57+00:00\" \/>\n<meta property=\"og:image\" content=\"https:\/\/www.electrosuisse.ch\/wp-content\/uploads\/2026\/01\/es-schutzausruestung-schrank_DSC2509_headerbild-scaled.jpg\" \/>\n\t<meta property=\"og:image:width\" content=\"1578\" \/>\n\t<meta property=\"og:image:height\" content=\"650\" \/>\n\t<meta property=\"og:image:type\" content=\"image\/jpeg\" \/>\n<script type=\"application\/ld+json\" class=\"yoast-schema-graph\">{\"@context\":\"https:\/\/schema.org\",\"@graph\":[{\"@type\":\"WebPage\",\"@id\":\"https:\/\/www.electrosuisse.ch\/it\/manifestazioni\/giornata-sulle-attualita-del-settore-elettrico\/\",\"url\":\"https:\/\/www.electrosuisse.ch\/it\/manifestazioni\/giornata-sulle-attualita-del-settore-elettrico\/\",\"name\":\"Giornata sulle attualit\u00e0 del settore elettrico - Electrosuisse\",\"isPartOf\":{\"@id\":\"https:\/\/www.electrosuisse.ch\/it\/#website\"},\"datePublished\":\"2025-02-05T10:09:28+00:00\",\"dateModified\":\"2026-02-17T14:43:57+00:00\",\"inLanguage\":\"it-IT\",\"potentialAction\":[{\"@type\":\"ReadAction\",\"target\":[\"https:\/\/www.electrosuisse.ch\/it\/manifestazioni\/giornata-sulle-attualita-del-settore-elettrico\/\"]}]},{\"@type\":\"WebSite\",\"@id\":\"https:\/\/www.electrosuisse.ch\/it\/#website\",\"url\":\"https:\/\/www.electrosuisse.ch\/it\/\",\"name\":\"Electrosuisse\",\"description\":\"\",\"publisher\":{\"@id\":\"https:\/\/www.electrosuisse.ch\/it\/#organization\"},\"potentialAction\":[{\"@type\":\"SearchAction\",\"target\":{\"@type\":\"EntryPoint\",\"urlTemplate\":\"https:\/\/www.electrosuisse.ch\/it\/?s={search_term_string}\"},\"query-input\":{\"@type\":\"PropertyValueSpecification\",\"valueRequired\":true,\"valueName\":\"search_term_string\"}}],\"inLanguage\":\"it-IT\"},{\"@type\":\"Organization\",\"@id\":\"https:\/\/www.electrosuisse.ch\/it\/#organization\",\"name\":\"Electrosuisse\",\"url\":\"https:\/\/www.electrosuisse.ch\/it\/\",\"logo\":{\"@type\":\"ImageObject\",\"inLanguage\":\"it-IT\",\"@id\":\"https:\/\/www.electrosuisse.ch\/it\/#\/schema\/logo\/image\/\",\"url\":\"https:\/\/www.electrosuisse.ch\/wp-content\/uploads\/2025\/04\/Electrosuisse_Logo_696x696.png\",\"contentUrl\":\"https:\/\/www.electrosuisse.ch\/wp-content\/uploads\/2025\/04\/Electrosuisse_Logo_696x696.png\",\"width\":696,\"height\":696,\"caption\":\"Electrosuisse\"},\"image\":{\"@id\":\"https:\/\/www.electrosuisse.ch\/it\/#\/schema\/logo\/image\/\"},\"sameAs\":[\"https:\/\/www.linkedin.com\/company\/electrosuisse-ag\/posts\/?feedView=all\",\"https:\/\/www.instagram.com\/electrosuisse1889\/\",\"https:\/\/www.youtube.com\/channel\/UCoOxohMiVE0Gjcdis1L09zw\"],\"description\":\"Electrosuisse ist eine anerkannte und unabh\u00e4ngige Fachorganisation, die erstklassige Dienstleistungen und Produkte in den Bereichen Inspektion, Beratung, Pr\u00fcfung, Zertifizierung, Normung und Weiterbildung anbietet. Unsere Expertise umfasst Elektrotechnik, Elektromobilit\u00e4t, Energieberatung, Geb\u00e4udeautomation und Photovoltaik in der Schweiz. Durch die Veranstaltung etablierter Branchen-Events und Fachtagungen f\u00f6rdert Electrosuisse den Wissenstransfer und den fachlichen Austausch. Im Mittelpunkt unserer T\u00e4tigkeiten steht die F\u00f6rderung der sicheren, wirtschaftlichen und umweltgerechten Anwendung der Elektrotechnik.\"}]}<\/script>\n<!-- \/ Yoast SEO Premium plugin. -->","yoast_head_json":{"title":"Giornata sulle attualit\u00e0 del settore elettrico - Electrosuisse","robots":{"index":"index","follow":"follow","max-snippet":"max-snippet:-1","max-image-preview":"max-image-preview:large","max-video-preview":"max-video-preview:-1"},"canonical":"https:\/\/www.electrosuisse.ch\/it\/manifestazioni\/giornata-sulle-attualita-del-settore-elettrico\/","og_locale":"it_IT","og_type":"article","og_title":"Giornata sulle attualit\u00e0 del settore elettrico - Electrosuisse","og_description":"[vc_row][vc_column][vc_column_text css=&#8221;&#8221;] Pomeriggio di formazione sulla revisione della direttiva ESTI 407. [\/vc_column_text][vc_column_text css=&#8221;&#8221;]Utilizzo e manutenzione corretta dei DPI, metodi di lavoro, limitazione della potenza di cortocircuito tramite organi di protezione, misura delle correnti di corto circuito, concetto di sicurezza per impianti elettrici. Rimanete aggiornati: Durante questo corso di formazione imparerete in prima persona quali cambiamenti [&hellip;]","og_url":"https:\/\/www.electrosuisse.ch\/it\/manifestazioni\/giornata-sulle-attualita-del-settore-elettrico\/","og_site_name":"Electrosuisse","article_modified_time":"2026-02-17T14:43:57+00:00","og_image":[{"width":1578,"height":650,"url":"https:\/\/www.electrosuisse.ch\/wp-content\/uploads\/2026\/01\/es-schutzausruestung-schrank_DSC2509_headerbild-scaled.jpg","type":"image\/jpeg"}],"schema":{"@context":"https:\/\/schema.org","@graph":[{"@type":"WebPage","@id":"https:\/\/www.electrosuisse.ch\/it\/manifestazioni\/giornata-sulle-attualita-del-settore-elettrico\/","url":"https:\/\/www.electrosuisse.ch\/it\/manifestazioni\/giornata-sulle-attualita-del-settore-elettrico\/","name":"Giornata sulle attualit\u00e0 del settore elettrico - Electrosuisse","isPartOf":{"@id":"https:\/\/www.electrosuisse.ch\/it\/#website"},"datePublished":"2025-02-05T10:09:28+00:00","dateModified":"2026-02-17T14:43:57+00:00","inLanguage":"it-IT","potentialAction":[{"@type":"ReadAction","target":["https:\/\/www.electrosuisse.ch\/it\/manifestazioni\/giornata-sulle-attualita-del-settore-elettrico\/"]}]},{"@type":"WebSite","@id":"https:\/\/www.electrosuisse.ch\/it\/#website","url":"https:\/\/www.electrosuisse.ch\/it\/","name":"Electrosuisse","description":"","publisher":{"@id":"https:\/\/www.electrosuisse.ch\/it\/#organization"},"potentialAction":[{"@type":"SearchAction","target":{"@type":"EntryPoint","urlTemplate":"https:\/\/www.electrosuisse.ch\/it\/?s={search_term_string}"},"query-input":{"@type":"PropertyValueSpecification","valueRequired":true,"valueName":"search_term_string"}}],"inLanguage":"it-IT"},{"@type":"Organization","@id":"https:\/\/www.electrosuisse.ch\/it\/#organization","name":"Electrosuisse","url":"https:\/\/www.electrosuisse.ch\/it\/","logo":{"@type":"ImageObject","inLanguage":"it-IT","@id":"https:\/\/www.electrosuisse.ch\/it\/#\/schema\/logo\/image\/","url":"https:\/\/www.electrosuisse.ch\/wp-content\/uploads\/2025\/04\/Electrosuisse_Logo_696x696.png","contentUrl":"https:\/\/www.electrosuisse.ch\/wp-content\/uploads\/2025\/04\/Electrosuisse_Logo_696x696.png","width":696,"height":696,"caption":"Electrosuisse"},"image":{"@id":"https:\/\/www.electrosuisse.ch\/it\/#\/schema\/logo\/image\/"},"sameAs":["https:\/\/www.linkedin.com\/company\/electrosuisse-ag\/posts\/?feedView=all","https:\/\/www.instagram.com\/electrosuisse1889\/","https:\/\/www.youtube.com\/channel\/UCoOxohMiVE0Gjcdis1L09zw"],"description":"Electrosuisse ist eine anerkannte und unabh\u00e4ngige Fachorganisation, die erstklassige Dienstleistungen und Produkte in den Bereichen Inspektion, Beratung, Pr\u00fcfung, Zertifizierung, Normung und Weiterbildung anbietet. Unsere Expertise umfasst Elektrotechnik, Elektromobilit\u00e4t, Energieberatung, Geb\u00e4udeautomation und Photovoltaik in der Schweiz. Durch die Veranstaltung etablierter Branchen-Events und Fachtagungen f\u00f6rdert Electrosuisse den Wissenstransfer und den fachlichen Austausch. Im Mittelpunkt unserer T\u00e4tigkeiten steht die F\u00f6rderung der sicheren, wirtschaftlichen und umweltgerechten Anwendung der Elektrotechnik."}]}},"_links":{"self":[{"href":"https:\/\/www.electrosuisse.ch\/it\/wp-json\/wp\/v2\/tagung\/37497","targetHints":{"allow":["GET"]}}],"collection":[{"href":"https:\/\/www.electrosuisse.ch\/it\/wp-json\/wp\/v2\/tagung"}],"about":[{"href":"https:\/\/www.electrosuisse.ch\/it\/wp-json\/wp\/v2\/types\/tagung"}],"version-history":[{"count":31,"href":"https:\/\/www.electrosuisse.ch\/it\/wp-json\/wp\/v2\/tagung\/37497\/revisions"}],"predecessor-version":[{"id":42062,"href":"https:\/\/www.electrosuisse.ch\/it\/wp-json\/wp\/v2\/tagung\/37497\/revisions\/42062"}],"wp:attachment":[{"href":"https:\/\/www.electrosuisse.ch\/it\/wp-json\/wp\/v2\/media?parent=37497"}],"curies":[{"name":"wp","href":"https:\/\/api.w.org\/{rel}","templated":true}]}}