{"id":33026,"date":"2023-12-05T09:51:51","date_gmt":"2023-12-05T08:51:51","guid":{"rendered":"https:\/\/www.electrosuisse.ch\/?post_type=tagung&#038;p=33026"},"modified":"2026-03-25T16:52:53","modified_gmt":"2026-03-25T15:52:53","slug":"giornata-dinformazione-per-i-responsabili-ed-incaricati-dellesercizio-di-impianti-elettrici","status":"publish","type":"tagung","link":"https:\/\/www.electrosuisse.ch\/it\/manifestazioni\/giornata-dinformazione-per-i-responsabili-ed-incaricati-dellesercizio-di-impianti-elettrici\/","title":{"rendered":"Giornata d&#8217;informazione per i responsabili ed incaricati dell&#8217;esercizio di impianti elettrici"},"content":{"rendered":"<div class=\"wpb-content-wrapper\"><p>[vc_row][vc_column]<div class=\"wpb_gap_column wpb_content_element\"><div class=\"wpb_wrapper\"><div class=\"gap gap--small\"><\/div><\/div><\/div>[vc_column_text css=&#8221;&#8221;]<\/p>\n<h4>Il vostro regalo<\/h4>\n<p>Anche quest&#8217;anno abbiamo pensato a qualcosa di speciale per voi. Per ogni iscrizione riceverete in regalo un accendino ad arco elettrico ricaricabile . Non perdete l&#8217;occasione e iscrivetevi subito alla giornata.<\/p>\n<p><img decoding=\"async\" class=\"alignnone wp-image-40469 \" src=\"https:\/\/www.electrosuisse.ch\/wp-content\/uploads\/2025\/11\/thumbnail_image004-440x768.jpg\" alt=\"\" width=\"192\" height=\"335\" srcset=\"https:\/\/www.electrosuisse.ch\/wp-content\/uploads\/2025\/11\/thumbnail_image004-440x768.jpg 440w, https:\/\/www.electrosuisse.ch\/wp-content\/uploads\/2025\/11\/thumbnail_image004-587x1024.jpg 587w, https:\/\/www.electrosuisse.ch\/wp-content\/uploads\/2025\/11\/thumbnail_image004-172x300.jpg 172w, https:\/\/www.electrosuisse.ch\/wp-content\/uploads\/2025\/11\/thumbnail_image004-768x1341.jpg 768w, https:\/\/www.electrosuisse.ch\/wp-content\/uploads\/2025\/11\/thumbnail_image004-880x1536.jpg 880w, https:\/\/www.electrosuisse.ch\/wp-content\/uploads\/2025\/11\/thumbnail_image004-372x650.jpg 372w, https:\/\/www.electrosuisse.ch\/wp-content\/uploads\/2025\/11\/thumbnail_image004-414x723.jpg 414w, https:\/\/www.electrosuisse.ch\/wp-content\/uploads\/2025\/11\/thumbnail_image004-570x995.jpg 570w, https:\/\/www.electrosuisse.ch\/wp-content\/uploads\/2025\/11\/thumbnail_image004-360x628.jpg 360w, https:\/\/www.electrosuisse.ch\/wp-content\/uploads\/2025\/11\/thumbnail_image004.jpg 1100w\" sizes=\"(max-width: 192px) 100vw, 192px\" \/>[\/vc_column_text][vc_column_text css=&#8221;&#8221;]<\/p>\n<h4>Obiettivi della giornata<\/h4>\n<p>Le conferenze di questa giornata serviranno a ben definire i doveri e le responsabilit\u00e0 di chi esegue gli impianti elettrici e ad esaminare i problemi concernenti il pericolo dell\u2019elettricit\u00e0 e la conseguente prevenzione degli incidenti indicando le regole della tecnica ed i modi per applicarla.[\/vc_column_text][\/vc_column][\/vc_row][vc_row el_id=&#8221;zgruppe&#8221;][vc_column][vc_column_text css=&#8221;&#8221;]<\/p>\n<h4>Pubblico destinatario<\/h4>\n<p>Gli argomenti trattati in questa giornata informativa interessano il personale tecnico delle aziende elettriche e degli uffici di controllo, gli installatori elettricisti, gli elettricisti di fabbrica, i progettisti, i responsabili della direzione dei lavori nei cantieri, i responsabili della sicurezza nelle fabbriche, gli incaricati della conduzione tecnica degli impianti di depurazione e gli insegnanti delle scuole professionali.<\/p>\n<h4>Formazione continua\u00a0riconosciuta<\/h4>\n<p>Per i portatori di autorizzazioni d&#8217;installazione di controllo secondo OIBT.[\/vc_column_text][\/vc_column][\/vc_row][vc_row el_id=&#8221;programma&#8221;][vc_column][vc_column_text css=&#8221;&#8221;]<\/p>\n<h4>Programma<\/h4>\n<p>Ci stiamo lavorando.[\/vc_column_text][\/vc_column][\/vc_row][vc_row el_id=&#8221;aussteller&#8221;][vc_column][vc_column_text]<\/p>\n<h4>Come espositore a una nostra giornata?<\/h4>\n<p>Saremo lieti di informarvi sulle nostre possibilit\u00e0 di sponsorizzazione ed esposizione. Si prega di contattare Nathalie Bain direttamente sotto : <a href=\"&#x6d;a&#x69;l&#x74;&#111;&#x3a;&#110;a&#x74;h&#x61;&#108;&#x69;&#101;&#x2e;&#98;a&#x69;n&#x40;&#101;&#x6c;&#101;&#x63;&#x74;r&#x6f;s&#x75;&#105;&#x73;&#115;e&#x2e;c&#x68;\">&#110;&#x61;&#116;&#x68;&#97;&#x6c;&#105;&#x65;&#46;&#x62;&#97;&#x69;&#110;&#x40;&#101;&#x6c;&#101;&#x63;&#116;&#x72;&#111;&#x73;&#117;&#x69;&#115;&#x73;&#101;&#x2e;&#99;&#x68;<\/a>[\/vc_column_text][vc_column_text css=&#8221;&#8221;]<\/p>\n<h4>Espositori Premium<\/h4>\n<p>[\/vc_column_text]<div class=\"wpb_logo_boxes_new_column wpb_content_element\"><div class=\"wpb_wrapper\"><div class=\"row\"><div class=\"logo_box_new col-lg-3 col-sm-4 col-xs-6\"><div class=\"logo_box_new__content\"><div class=\"logo_box_new__content__logo\"><img decoding=\"async\" src=\"https:\/\/www.electrosuisse.ch\/wp-content\/uploads\/2023\/05\/Sonepar-logo-180x80-1.jpg\" alt=\"Sonepar\" \/><a href=\"https:\/\/www.sonepar.ch\/de\" class=\"full\" target=\"_blank\">Website Sonepar<\/a><\/div><\/div><\/div><\/div><\/div><\/div>[vc_column_text css=&#8221;&#8221;]<\/p>\n<h4>Espositori<\/h4>\n<p>[\/vc_column_text]<div class=\"wpb_gap_column wpb_content_element\"><div class=\"wpb_wrapper\"><div class=\"gap gap--small\"><\/div><\/div><\/div><div class=\"wpb_logo_boxes_new_column wpb_content_element\"><div class=\"wpb_wrapper\"><div class=\"row\"><div class=\"logo_box_new col-lg-3 col-sm-4 col-xs-6\"><div class=\"logo_box_new__content\"><div class=\"logo_box_new__content__logo\"><img decoding=\"async\" src=\"https:\/\/www.electrosuisse.ch\/wp-content\/uploads\/2022\/02\/Logo-AGRO_180x80-1.jpg\" alt=\"Agro\" \/><a href=\"https:\/\/www.agro.ch\/\" class=\"full\" target=\"_blank\">Website Agro<\/a><\/div><\/div><\/div><div class=\"logo_box_new col-lg-3 col-sm-4 col-xs-6\"><div class=\"logo_box_new__content\"><div class=\"logo_box_new__content__logo\"><img decoding=\"async\" src=\"https:\/\/www.electrosuisse.ch\/wp-content\/uploads\/2022\/04\/Arthur-Flury_180x80.png\" alt=\"Arthur Flury\" \/><a href=\"https:\/\/www.aflury.ch\/\" class=\"full\" target=\"_blank\">Website Arthur Flury<\/a><\/div><\/div><\/div><div class=\"logo_box_new col-lg-3 col-sm-4 col-xs-6\"><div class=\"logo_box_new__content\"><div class=\"logo_box_new__content__logo\"><img decoding=\"async\" src=\"https:\/\/www.electrosuisse.ch\/wp-content\/uploads\/2022\/02\/Awag_180x80-1.jpg\" alt=\"Awag\" \/><a href=\"https:\/\/www.awag.ch\" class=\"full\" target=\"_blank\">Website Awag<\/a><\/div><\/div><\/div><div class=\"logo_box_new col-lg-3 col-sm-4 col-xs-6\"><div class=\"logo_box_new__content\"><div class=\"logo_box_new__content__logo\"><img decoding=\"async\" src=\"https:\/\/www.electrosuisse.ch\/wp-content\/uploads\/2022\/02\/CFW_180x80-3.png\" alt=\"cfw\" \/><a href=\"https:\/\/www.cfw.ch\/\" class=\"full\" target=\"_blank\">Website cfw<\/a><\/div><\/div><\/div><div class=\"logo_box_new col-lg-3 col-sm-4 col-xs-6\"><div class=\"logo_box_new__content\"><div class=\"logo_box_new__content__logo\"><img decoding=\"async\" src=\"https:\/\/www.electrosuisse.ch\/wp-content\/uploads\/2022\/02\/Finder_180x80-2.png\" alt=\"Finder\" \/><a href=\"https:\/\/www.findernet.com\/de\/schweiz\/\" class=\"full\" target=\"_blank\">Website Finder<\/a><\/div><\/div><\/div><div class=\"logo_box_new col-lg-3 col-sm-4 col-xs-6\"><div class=\"logo_box_new__content\"><div class=\"logo_box_new__content__logo\"><img decoding=\"async\" src=\"https:\/\/www.electrosuisse.ch\/wp-content\/uploads\/2022\/02\/Logo-GMC-Megawatt-180x80-2.jpg\" alt=\"GMC\" \/><a href=\"https:\/\/camillebauer.com\/\" class=\"full\" target=\"_blank\">Website GMC<\/a><\/div><\/div><\/div><div class=\"logo_box_new col-lg-3 col-sm-4 col-xs-6\"><div class=\"logo_box_new__content\"><div class=\"logo_box_new__content__logo\"><img decoding=\"async\" src=\"https:\/\/www.electrosuisse.ch\/wp-content\/uploads\/2022\/02\/Logo-Socomec-180x80-2.jpg\" alt=\"Socomec\" \/><a href=\"https:\/\/www.socomec.ch\/\" class=\"full\" target=\"_blank\">Website Socomec<\/a><\/div><\/div><\/div><div class=\"logo_box_new col-lg-3 col-sm-4 col-xs-6\"><div class=\"logo_box_new__content\"><div class=\"logo_box_new__content__logo\"><img decoding=\"async\" src=\"https:\/\/www.electrosuisse.ch\/wp-content\/uploads\/2024\/06\/Logo_Spaelti_2023_rgb_elektro_red_rechts_180x90_Office-1.jpg\" alt=\"sp\u00e4lti\" \/><a href=\"https:\/\/www.spaelti-ag.ch\/\" class=\"full\" target=\"_blank\">Website sp\u00e4lti<\/a><\/div><\/div><\/div><div class=\"logo_box_new col-lg-3 col-sm-4 col-xs-6\"><div class=\"logo_box_new__content\"><div class=\"logo_box_new__content__logo\"><img decoding=\"async\" src=\"https:\/\/www.electrosuisse.ch\/wp-content\/uploads\/2024\/04\/Voltech_neu_180x80.png\" alt=\"Voltech\" \/><a href=\"https:\/\/voltech.ch\/\" class=\"full\" target=\"_blank\">Website Voltech<\/a><\/div><\/div><\/div><div class=\"logo_box_new col-lg-3 col-sm-4 col-xs-6\"><div class=\"logo_box_new__content\"><div class=\"logo_box_new__content__logo\"><img decoding=\"async\" src=\"https:\/\/www.electrosuisse.ch\/wp-content\/uploads\/2022\/03\/WAGO-180x80-neu.jpg\" alt=\"wago\" \/><a href=\"https:\/\/www.wago.com\/\" class=\"full\" target=\"_blank\">Website wago<\/a><\/div><\/div><\/div><div class=\"logo_box_new col-lg-3 col-sm-4 col-xs-6\"><div class=\"logo_box_new__content\"><div class=\"logo_box_new__content__logo\"><img decoding=\"async\" src=\"https:\/\/www.electrosuisse.ch\/wp-content\/uploads\/2022\/11\/Zaptec_180x80.png\" alt=\"Zaptec\" \/><a href=\"https:\/\/www.zaptec.com\/\" class=\"full\" target=\"_blank\">Website Zaptec<\/a><\/div><\/div><\/div><\/div><\/div><\/div>[\/vc_column][\/vc_row][vc_row el_id=&#8221;kontakt&#8221;][vc_column]<div class=\"wpb_contact_column wpb_content_element wpb_contact_column--container\"><div class=\"wpb_wrapper\"><div class=\"contact_container_outer\"><div class=\"contact_container\"><div class=\"contact row middle-xs\"><div class=\"contact__img col-sm-5 col-xs-12\"><img decoding=\"async\" src=\"https:\/\/www.electrosuisse.ch\/wp-content\/uploads\/2020\/07\/BainNathalie-1.jpg\" alt=\"Nathalie Bain - Amministrazione\" \/><\/div><div class=\"contact__info col-sm-7 col-xs-12\"><p><b>Nathalie Bain<\/b><br>Amministrazione<\/p><div class=\"phone has-link\"><a href=\"tel:+41585951511\">+41 58 595 15 11<\/a><\/div><div class=\"mail has-link\"><a href=\"mailto:&#110;&#x61;&#116;&#x68;&#97;&#x6c;i&#x65;&#46;&#98;&#x61;&#105;&#x6e;&#64;&#x65;l&#x65;c&#116;&#x72;&#111;&#x73;&#117;&#x69;&#115;&#x73;e&#x2e;c&#104;\">&#x6e;&#97;t&#x68;&#97;l&#x69;&#101;&#46;&#x62;&#97;i&#x6e;&#64;e&#x6c;&#x65;c&#x74;&#x72;&#111;&#x73;&#x75;&#105;&#x73;&#x73;&#101;&#46;&#x63;&#104;<\/a><\/div><\/div><\/div><\/div><\/div><div class=\"contact_container_outer\"><div class=\"contact_container\"><div class=\"contact row middle-xs\"><div class=\"contact__img col-sm-5 col-xs-12\"><img decoding=\"async\" src=\"https:\/\/www.electrosuisse.ch\/wp-content\/uploads\/2022\/12\/Angelo-Vanoncini.jpg\" alt=\"Angelo Vanoncini - Responsabilit\u00e0 specialistica\" \/><\/div><div class=\"contact__info col-sm-7 col-xs-12\"><p><b>Angelo Vanoncini<\/b><br>Responsabilit\u00e0 specialistica<\/p><div class=\"phone has-link\"><a href=\"tel:+41796857590\">+41 79 685 75 90<\/a><\/div><div class=\"mail has-link\"><a href=\"mailto:&#97;&#x6e;g&#101;&#x6c;o&#x2e;&#x76;&#97;&#x6e;o&#110;&#x63;i&#110;&#x69;&#64;&#x65;l&#101;&#x63;t&#114;&#x6f;&#115;&#x75;&#x69;&#115;&#x73;e&#46;&#x63;h\">angelo.vanoncini@<br>electrosuisse.ch<\/a><\/div><\/div><\/div><\/div><\/div><\/div><\/div>[\/vc_column][\/vc_row]<\/p>\n<\/div>","protected":false},"template":"","class_list":["post-33026","tagung","type-tagung","status-publish","hentry"],"acf":[],"yoast_head":"<!-- This site is optimized with the Yoast SEO Premium plugin v26.4 (Yoast SEO v27.0) - https:\/\/yoast.com\/product\/yoast-seo-premium-wordpress\/ -->\n<title>Giornata d&#039;informazione per i responsabili ed incaricati dell&#039;esercizio di impianti elettrici - Electrosuisse<\/title>\n<meta name=\"robots\" content=\"index, follow, max-snippet:-1, max-image-preview:large, max-video-preview:-1\" \/>\n<link rel=\"canonical\" href=\"https:\/\/www.electrosuisse.ch\/it\/manifestazioni\/giornata-dinformazione-per-i-responsabili-ed-incaricati-dellesercizio-di-impianti-elettrici\/\" \/>\n<meta property=\"og:locale\" content=\"it_IT\" \/>\n<meta property=\"og:type\" content=\"article\" \/>\n<meta property=\"og:title\" content=\"Giornata d&#039;informazione per i responsabili ed incaricati dell&#039;esercizio di impianti elettrici - Electrosuisse\" \/>\n<meta property=\"og:description\" content=\"[vc_row][vc_column][vc_column_text css=&#8221;&#8221;] Il vostro regalo Anche quest&#8217;anno abbiamo pensato a qualcosa di speciale per voi. Per ogni iscrizione riceverete in regalo un accendino ad arco elettrico ricaricabile . Non perdete l&#8217;occasione e iscrivetevi subito alla giornata. [\/vc_column_text][vc_column_text css=&#8221;&#8221;] Obiettivi della giornata Le conferenze di questa giornata serviranno a ben definire i doveri e le responsabilit\u00e0 [&hellip;]\" \/>\n<meta property=\"og:url\" content=\"https:\/\/www.electrosuisse.ch\/it\/manifestazioni\/giornata-dinformazione-per-i-responsabili-ed-incaricati-dellesercizio-di-impianti-elettrici\/\" \/>\n<meta property=\"og:site_name\" content=\"Electrosuisse\" \/>\n<meta property=\"article:modified_time\" content=\"2026-03-25T15:52:53+00:00\" \/>\n<meta property=\"og:image\" content=\"https:\/\/www.electrosuisse.ch\/wp-content\/uploads\/2025\/11\/KeyVisual_BE-Tagung-2026_1660_470.jpg\" \/>\n\t<meta property=\"og:image:width\" content=\"1100\" \/>\n\t<meta property=\"og:image:height\" content=\"1920\" \/>\n\t<meta property=\"og:image:type\" content=\"image\/jpeg\" \/>\n<script type=\"application\/ld+json\" class=\"yoast-schema-graph\">{\"@context\":\"https:\/\/schema.org\",\"@graph\":[{\"@type\":\"WebPage\",\"@id\":\"https:\/\/www.electrosuisse.ch\/it\/manifestazioni\/giornata-dinformazione-per-i-responsabili-ed-incaricati-dellesercizio-di-impianti-elettrici\/\",\"url\":\"https:\/\/www.electrosuisse.ch\/it\/manifestazioni\/giornata-dinformazione-per-i-responsabili-ed-incaricati-dellesercizio-di-impianti-elettrici\/\",\"name\":\"Giornata d'informazione per i responsabili ed incaricati dell'esercizio di impianti elettrici - Electrosuisse\",\"isPartOf\":{\"@id\":\"https:\/\/www.electrosuisse.ch\/it\/#website\"},\"primaryImageOfPage\":{\"@id\":\"https:\/\/www.electrosuisse.ch\/it\/manifestazioni\/giornata-dinformazione-per-i-responsabili-ed-incaricati-dellesercizio-di-impianti-elettrici\/#primaryimage\"},\"image\":{\"@id\":\"https:\/\/www.electrosuisse.ch\/it\/manifestazioni\/giornata-dinformazione-per-i-responsabili-ed-incaricati-dellesercizio-di-impianti-elettrici\/#primaryimage\"},\"thumbnailUrl\":\"https:\/\/www.electrosuisse.ch\/wp-content\/uploads\/2025\/11\/thumbnail_image004-440x768.jpg\",\"datePublished\":\"2023-12-05T08:51:51+00:00\",\"dateModified\":\"2026-03-25T15:52:53+00:00\",\"inLanguage\":\"it-IT\",\"potentialAction\":[{\"@type\":\"ReadAction\",\"target\":[\"https:\/\/www.electrosuisse.ch\/it\/manifestazioni\/giornata-dinformazione-per-i-responsabili-ed-incaricati-dellesercizio-di-impianti-elettrici\/\"]}]},{\"@type\":\"ImageObject\",\"inLanguage\":\"it-IT\",\"@id\":\"https:\/\/www.electrosuisse.ch\/it\/manifestazioni\/giornata-dinformazione-per-i-responsabili-ed-incaricati-dellesercizio-di-impianti-elettrici\/#primaryimage\",\"url\":\"https:\/\/www.electrosuisse.ch\/wp-content\/uploads\/2025\/11\/thumbnail_image004-440x768.jpg\",\"contentUrl\":\"https:\/\/www.electrosuisse.ch\/wp-content\/uploads\/2025\/11\/thumbnail_image004-440x768.jpg\"},{\"@type\":\"WebSite\",\"@id\":\"https:\/\/www.electrosuisse.ch\/it\/#website\",\"url\":\"https:\/\/www.electrosuisse.ch\/it\/\",\"name\":\"Electrosuisse\",\"description\":\"\",\"publisher\":{\"@id\":\"https:\/\/www.electrosuisse.ch\/it\/#organization\"},\"potentialAction\":[{\"@type\":\"SearchAction\",\"target\":{\"@type\":\"EntryPoint\",\"urlTemplate\":\"https:\/\/www.electrosuisse.ch\/it\/?s={search_term_string}\"},\"query-input\":{\"@type\":\"PropertyValueSpecification\",\"valueRequired\":true,\"valueName\":\"search_term_string\"}}],\"inLanguage\":\"it-IT\"},{\"@type\":\"Organization\",\"@id\":\"https:\/\/www.electrosuisse.ch\/it\/#organization\",\"name\":\"Electrosuisse\",\"url\":\"https:\/\/www.electrosuisse.ch\/it\/\",\"logo\":{\"@type\":\"ImageObject\",\"inLanguage\":\"it-IT\",\"@id\":\"https:\/\/www.electrosuisse.ch\/it\/#\/schema\/logo\/image\/\",\"url\":\"https:\/\/www.electrosuisse.ch\/wp-content\/uploads\/2025\/04\/Electrosuisse_Logo_696x696.png\",\"contentUrl\":\"https:\/\/www.electrosuisse.ch\/wp-content\/uploads\/2025\/04\/Electrosuisse_Logo_696x696.png\",\"width\":696,\"height\":696,\"caption\":\"Electrosuisse\"},\"image\":{\"@id\":\"https:\/\/www.electrosuisse.ch\/it\/#\/schema\/logo\/image\/\"},\"sameAs\":[\"https:\/\/www.linkedin.com\/company\/electrosuisse-ag\/posts\/?feedView=all\",\"https:\/\/www.instagram.com\/electrosuisse1889\/\",\"https:\/\/www.youtube.com\/channel\/UCoOxohMiVE0Gjcdis1L09zw\"],\"description\":\"Electrosuisse ist eine anerkannte und unabh\u00e4ngige Fachorganisation, die erstklassige Dienstleistungen und Produkte in den Bereichen Inspektion, Beratung, Pr\u00fcfung, Zertifizierung, Normung und Weiterbildung anbietet. Unsere Expertise umfasst Elektrotechnik, Elektromobilit\u00e4t, Energieberatung, Geb\u00e4udeautomation und Photovoltaik in der Schweiz. Durch die Veranstaltung etablierter Branchen-Events und Fachtagungen f\u00f6rdert Electrosuisse den Wissenstransfer und den fachlichen Austausch. Im Mittelpunkt unserer T\u00e4tigkeiten steht die F\u00f6rderung der sicheren, wirtschaftlichen und umweltgerechten Anwendung der Elektrotechnik.\"}]}<\/script>\n<!-- \/ Yoast SEO Premium plugin. -->","yoast_head_json":{"title":"Giornata d'informazione per i responsabili ed incaricati dell'esercizio di impianti elettrici - Electrosuisse","robots":{"index":"index","follow":"follow","max-snippet":"max-snippet:-1","max-image-preview":"max-image-preview:large","max-video-preview":"max-video-preview:-1"},"canonical":"https:\/\/www.electrosuisse.ch\/it\/manifestazioni\/giornata-dinformazione-per-i-responsabili-ed-incaricati-dellesercizio-di-impianti-elettrici\/","og_locale":"it_IT","og_type":"article","og_title":"Giornata d'informazione per i responsabili ed incaricati dell'esercizio di impianti elettrici - Electrosuisse","og_description":"[vc_row][vc_column][vc_column_text css=&#8221;&#8221;] Il vostro regalo Anche quest&#8217;anno abbiamo pensato a qualcosa di speciale per voi. Per ogni iscrizione riceverete in regalo un accendino ad arco elettrico ricaricabile . Non perdete l&#8217;occasione e iscrivetevi subito alla giornata. [\/vc_column_text][vc_column_text css=&#8221;&#8221;] Obiettivi della giornata Le conferenze di questa giornata serviranno a ben definire i doveri e le responsabilit\u00e0 [&hellip;]","og_url":"https:\/\/www.electrosuisse.ch\/it\/manifestazioni\/giornata-dinformazione-per-i-responsabili-ed-incaricati-dellesercizio-di-impianti-elettrici\/","og_site_name":"Electrosuisse","article_modified_time":"2026-03-25T15:52:53+00:00","og_image":[{"width":1100,"height":1920,"url":"https:\/\/www.electrosuisse.ch\/wp-content\/uploads\/2025\/11\/KeyVisual_BE-Tagung-2026_1660_470.jpg","type":"image\/jpeg"}],"schema":{"@context":"https:\/\/schema.org","@graph":[{"@type":"WebPage","@id":"https:\/\/www.electrosuisse.ch\/it\/manifestazioni\/giornata-dinformazione-per-i-responsabili-ed-incaricati-dellesercizio-di-impianti-elettrici\/","url":"https:\/\/www.electrosuisse.ch\/it\/manifestazioni\/giornata-dinformazione-per-i-responsabili-ed-incaricati-dellesercizio-di-impianti-elettrici\/","name":"Giornata d'informazione per i responsabili ed incaricati dell'esercizio di impianti elettrici - Electrosuisse","isPartOf":{"@id":"https:\/\/www.electrosuisse.ch\/it\/#website"},"primaryImageOfPage":{"@id":"https:\/\/www.electrosuisse.ch\/it\/manifestazioni\/giornata-dinformazione-per-i-responsabili-ed-incaricati-dellesercizio-di-impianti-elettrici\/#primaryimage"},"image":{"@id":"https:\/\/www.electrosuisse.ch\/it\/manifestazioni\/giornata-dinformazione-per-i-responsabili-ed-incaricati-dellesercizio-di-impianti-elettrici\/#primaryimage"},"thumbnailUrl":"https:\/\/www.electrosuisse.ch\/wp-content\/uploads\/2025\/11\/thumbnail_image004-440x768.jpg","datePublished":"2023-12-05T08:51:51+00:00","dateModified":"2026-03-25T15:52:53+00:00","inLanguage":"it-IT","potentialAction":[{"@type":"ReadAction","target":["https:\/\/www.electrosuisse.ch\/it\/manifestazioni\/giornata-dinformazione-per-i-responsabili-ed-incaricati-dellesercizio-di-impianti-elettrici\/"]}]},{"@type":"ImageObject","inLanguage":"it-IT","@id":"https:\/\/www.electrosuisse.ch\/it\/manifestazioni\/giornata-dinformazione-per-i-responsabili-ed-incaricati-dellesercizio-di-impianti-elettrici\/#primaryimage","url":"https:\/\/www.electrosuisse.ch\/wp-content\/uploads\/2025\/11\/thumbnail_image004-440x768.jpg","contentUrl":"https:\/\/www.electrosuisse.ch\/wp-content\/uploads\/2025\/11\/thumbnail_image004-440x768.jpg"},{"@type":"WebSite","@id":"https:\/\/www.electrosuisse.ch\/it\/#website","url":"https:\/\/www.electrosuisse.ch\/it\/","name":"Electrosuisse","description":"","publisher":{"@id":"https:\/\/www.electrosuisse.ch\/it\/#organization"},"potentialAction":[{"@type":"SearchAction","target":{"@type":"EntryPoint","urlTemplate":"https:\/\/www.electrosuisse.ch\/it\/?s={search_term_string}"},"query-input":{"@type":"PropertyValueSpecification","valueRequired":true,"valueName":"search_term_string"}}],"inLanguage":"it-IT"},{"@type":"Organization","@id":"https:\/\/www.electrosuisse.ch\/it\/#organization","name":"Electrosuisse","url":"https:\/\/www.electrosuisse.ch\/it\/","logo":{"@type":"ImageObject","inLanguage":"it-IT","@id":"https:\/\/www.electrosuisse.ch\/it\/#\/schema\/logo\/image\/","url":"https:\/\/www.electrosuisse.ch\/wp-content\/uploads\/2025\/04\/Electrosuisse_Logo_696x696.png","contentUrl":"https:\/\/www.electrosuisse.ch\/wp-content\/uploads\/2025\/04\/Electrosuisse_Logo_696x696.png","width":696,"height":696,"caption":"Electrosuisse"},"image":{"@id":"https:\/\/www.electrosuisse.ch\/it\/#\/schema\/logo\/image\/"},"sameAs":["https:\/\/www.linkedin.com\/company\/electrosuisse-ag\/posts\/?feedView=all","https:\/\/www.instagram.com\/electrosuisse1889\/","https:\/\/www.youtube.com\/channel\/UCoOxohMiVE0Gjcdis1L09zw"],"description":"Electrosuisse ist eine anerkannte und unabh\u00e4ngige Fachorganisation, die erstklassige Dienstleistungen und Produkte in den Bereichen Inspektion, Beratung, Pr\u00fcfung, Zertifizierung, Normung und Weiterbildung anbietet. Unsere Expertise umfasst Elektrotechnik, Elektromobilit\u00e4t, Energieberatung, Geb\u00e4udeautomation und Photovoltaik in der Schweiz. Durch die Veranstaltung etablierter Branchen-Events und Fachtagungen f\u00f6rdert Electrosuisse den Wissenstransfer und den fachlichen Austausch. Im Mittelpunkt unserer T\u00e4tigkeiten steht die F\u00f6rderung der sicheren, wirtschaftlichen und umweltgerechten Anwendung der Elektrotechnik."}]}},"_links":{"self":[{"href":"https:\/\/www.electrosuisse.ch\/it\/wp-json\/wp\/v2\/tagung\/33026","targetHints":{"allow":["GET"]}}],"collection":[{"href":"https:\/\/www.electrosuisse.ch\/it\/wp-json\/wp\/v2\/tagung"}],"about":[{"href":"https:\/\/www.electrosuisse.ch\/it\/wp-json\/wp\/v2\/types\/tagung"}],"version-history":[{"count":62,"href":"https:\/\/www.electrosuisse.ch\/it\/wp-json\/wp\/v2\/tagung\/33026\/revisions"}],"predecessor-version":[{"id":42263,"href":"https:\/\/www.electrosuisse.ch\/it\/wp-json\/wp\/v2\/tagung\/33026\/revisions\/42263"}],"wp:attachment":[{"href":"https:\/\/www.electrosuisse.ch\/it\/wp-json\/wp\/v2\/media?parent=33026"}],"curies":[{"name":"wp","href":"https:\/\/api.w.org\/{rel}","templated":true}]}}