{"id":34115,"date":"2024-02-16T10:52:01","date_gmt":"2024-02-16T09:52:01","guid":{"rendered":"https:\/\/www.electrosuisse.ch\/?page_id=34115"},"modified":"2026-03-23T13:42:28","modified_gmt":"2026-03-23T12:42:28","slug":"rete-di-nuova-generazione","status":"publish","type":"page","link":"https:\/\/www.electrosuisse.ch\/it\/diventare-membro\/rete-di-nuova-generazione\/","title":{"rendered":"Rete di nuova generazione"},"content":{"rendered":"<div class=\"wpb-content-wrapper\"><p>[vc_row el_id=&#8221;promozione&#8221;][vc_column][vc_column_text css=&#8221;&#8221; el_class=&#8221;lead&#8221;]Per Electrosuisse, in quanto organizzazione professionale, la promozione dei giovani talenti nel campo delle tecnologie elettriche ed energetiche \u00e8 molto importante. Il Next Generation Network (NGN) offre a tutti i membri personali di et\u00e0 inferiore ai 35 anni un sostegno speciale oltre ai vantaggi dell&#8217;iscrizione regolare. Sia che si tratti di un&#8217;attivit\u00e0 tecnica, personale o professionale, ti aiuteremo a progredire e saremo lieti di farti entrare a far parte della NGN![\/vc_column_text][vc_row_inner][vc_column_inner width=&#8221;1\/3&#8243;][\/vc_column_inner][vc_column_inner width=&#8221;1\/3&#8243;][vc_column_text css=&#8221;&#8221;]<\/p>\n<h4><strong><span style=\"color: #76ab22\">Una rete per te e per il tuo futuro!<\/span><\/strong><\/h4>\n<p>[\/vc_column_text][\/vc_column_inner][vc_column_inner width=&#8221;1\/3&#8243;][\/vc_column_inner][\/vc_row_inner]<div class=\"wpb_history_column wpb_benefits_column wpb_content_element\"><div class=\"wpb_wrapper\"><div class=\"timeline benefits-timeline\"><div class=\"timeline__container\"><div class=\"timeline__block row\"><div class=\"timeline__content benefits__content col-sm-6 col-xs-12\"><h3>Informazioni da<\/h3><p>Per tenerti informato, l'organizzazione professionale Electrosuisse ti fornisce informazioni rilevanti attraverso vari canali. In questo modo hai accesso alle competenze del settore e a informazioni su molti altri argomenti interessanti.<\/p><\/div><\/div><div class=\"timeline__block row\"><div class=\"timeline__content benefits__content col-sm-6 col-xs-12\"><h3>Scambio<\/h3><p>Diamo priorit\u00e0 allo scambio personale, sia in occasione di eventi specialistici con specialisti, sia all'interno della NGN con persone che la pensano allo stesso modo, il networking ti avvicina.<\/p><\/div><\/div><div class=\"timeline__block row\"><div class=\"timeline__content benefits__content col-sm-6 col-xs-12\"><h3>Workshop<\/h3><p>Offriamo formazione continua per aiutarti a fare carriera. Ci sono molti corsi specializzati, ma anche le soft skills sono importanti per noi.<\/p><\/div><\/div><div class=\"timeline__block row\"><div class=\"timeline__content benefits__content col-sm-6 col-xs-12\"><h3>Partecipazione<\/h3><p>Per poter partecipare, le porte della standardizzazione e della collaborazione all'interno e intorno all'organizzazione specializzata sono aperte a voi.<\/p><\/div><\/div><\/div><\/div><\/div><\/div>[vc_column_text css=&#8221;&#8221;]<\/p>\n<h3><strong>I tuoi vantaggi<\/strong><\/h3>\n<ul>\n<li>Una comunit\u00e0 di persone che la pensano allo stesso modo al tuo fianco<\/li>\n<li>La conoscenza concentrata dell&#8217;organizzazione professionale \u00e8 a disposizione<\/li>\n<li>Eventi interessanti che ti invitano a partecipare<\/li>\n<li>Abbonamento alla rivista specializzata <a href=\"https:\/\/www.bulletin.ch\/de\/\" target=\"_blank\" rel=\"noopener\"><u>Bulletin.ch<\/u><\/a>, pubblicata 8 volte all&#8217;anno<\/li>\n<li>Un abbonamento alla rivista pratica <a href=\"https:\/\/www.electra.ch\/\" target=\"_blank\" rel=\"noopener\"><u>Electra.ch<\/u><\/a>, pubblicata 6 volte all&#8217;anno<\/li>\n<li>L&#8217;ultimo studio sui salari \u00ab<a href=\"https:\/\/www.electrosuisse.ch\/it\/media\/pubblicazioni\/focus-salaire\/\" target=\"_blank\" rel=\"noopener\"><u>Electrosuisse Lohnradar<\/u><\/a>\u00bb (DE\/FR)<\/li>\n<li>Le reti specializzate come <a href=\"https:\/\/www.electrosuisse.ch\/it\/perche-normazione\/cenelec\/\" target=\"_blank\" rel=\"noopener\"><u>CENELEC<\/u><\/a>, <a href=\"https:\/\/www.electrosuisse.ch\/it\/perche-normazione\/ces\/\" target=\"_blank\" rel=\"noopener\"><u>CES<\/u><\/a>, <a href=\"https:\/\/www.cigre.org\/GB\/community\/next-generation-network\" target=\"_blank\" rel=\"noopener\"><u>CIGRE<\/u><\/a><u><\/u>, <a href=\"https:\/\/www.eurel.org\/en\" target=\"_blank\" rel=\"noopener\"><u>EUREL<\/u><\/a> e\u00a0<a href=\"https:\/\/www.electrosuisse.ch\/it\/perche-normazione\/cei\/\" target=\"_blank\" rel=\"noopener\"><u>IEC<\/u><\/a> ti coinvolgono e facilitano le attivit\u00e0 internazionali<\/li>\n<\/ul>\n<p>[\/vc_column_text][\/vc_column][\/vc_row][vc_row el_id=&#8221;partecipare&#8221;][vc_column][vc_column_text css=&#8221;&#8221;]<\/p>\n<h3>Come iscriversi<\/h3>\n<p>[\/vc_column_text][vc_row_inner][vc_column_inner width=&#8221;1\/2&#8243;][vc_column_text css=&#8221;&#8221;]<\/p>\n<h4>Iscrizione gratuita<\/h4>\n<p>durante la formazione iniziale<\/p>\n<ul>\n<li data-list=\"bullet\">come NGN Talent durante la formazione professionale<\/li>\n<li data-list=\"bullet\">come NGN Tech Talent durante gli studi<\/li>\n<\/ul>\n<p>[\/vc_column_text]<div class=\"wpb_button_column wpb_content_element wpb_content_element--left\"><div class=\"wpb_wrapper\"><div class=\"button button--ghost\"><a href=\"https:\/\/my.electrosuisse.ch\/it\/register.htm?origin=KPMTGLSTUD\" target=\"_blank\" >Registro<\/a><\/div><\/div><\/div>[\/vc_column_inner][vc_column_inner width=&#8221;1\/2&#8243;][vc_column_text css=&#8221;&#8221;]<\/p>\n<h4>Iscrizione personale<\/h4>\n<ul>\n<li>come professionista NGN dopo aver iniziato la propria carriera<\/li>\n<\/ul>\n<p>[\/vc_column_text]<div class=\"wpb_button_column wpb_content_element wpb_content_element--left\"><div class=\"wpb_wrapper\"><div class=\"button button--ghost\"><a href=\"https:\/\/www.electrosuisse.ch\/it\/diventare-membro\/adesioni-individuali\/\" target=\"_blank\" >Registro<\/a><\/div><\/div><\/div>[\/vc_column_inner][\/vc_row_inner][\/vc_column][\/vc_row][vc_row el_id=&#8221;events&#8221;][vc_column][vc_column_text css=&#8221;&#8221;]<\/p>\n<h3>I nostri eventi e attivit\u00e0<\/h3>\n<p>[\/vc_column_text]<div class=\"wpb_content_element wpb_accordion_column accordion_simple\"><div class=\"accordions accordions_0\"><div class=\"custom_accordion_item accordion custom_accordion accordion_2_0\"><div class=\"accordion__header\" id=\"accordion_header_2_0\"><div class=\"accordion_trigger js-accordion_trigger\" data-toggle=\"collapse\" \r\n\t\t\t\t\tdata-target=\"#accordion_content_2_0_acc528\" \r\n          aria-expanded=\"false\" aria-controls=\"accordion_content_2_0\"><h3 class=\"accordion-title accordion-title-icon icon--position-right js-accordion-controller\"><div>Eventi e conferenze specialistiche<\/div><\/h3><\/div><\/div><div class=\"accordion__content collapse not-click-to-close\" id=\"accordion_content_2_0_acc528\" aria-labelledby=\"accordion_header_2_0\"><div class=\"inside\"><div class=\"accordion-content\"><div class=\"accordion__inside\"><div class=\"accordion__element\"><!-- Start Accordion Content --><div class=\"accordion__element\"><p>In qualit\u00e0 di membri della NGN, godete di speciali condizioni di partecipazione agli eventi specialistici di Electrosuisse e potete incontrare altri membri della rete ed esperti del settore.<\/p>\n<p>Per gli eventi \u00e8 previsto un contingente di biglietti gratuiti e un contingente di biglietti ridotti, quindi conviene essere veloci. Se vi registrate via <a href=\"&#x6d;&#97;i&#x6c;&#116;o&#x3a;&#110;g&#x6e;&#64;e&#x6c;&#101;c&#x74;&#114;o&#x73;&#117;i&#x73;&#115;e&#x2e;&#99;h\">e-mail<\/a>, riceverete una confermazione se potrete partecipare.<\/p>\n<ul>\n<li><a style=\"text-decoration: underline\" href=\"https:\/\/www.netzimpuls.ch\/\" target=\"_blank\" rel=\"noopener\">NetzImpuls<\/a><\/li>\n<li><a style=\"text-decoration: underline\" href=\"https:\/\/www.forumfred.ch\/\" target=\"_blank\" rel=\"noopener\">Forum FRED<\/a><\/li>\n<li><a style=\"text-decoration: underline\" href=\"https:\/\/www.e-mobile.ch\/de\/veranstaltung\/e-mobile-verkehrsforum\/\" target=\"_blank\" rel=\"noopener\">e-mobile Verkehrsforum<\/a><\/li>\n<li><a style=\"text-decoration: underline\" href=\"https:\/\/www.gebaeudetechnik-kongress.ch\/\" target=\"_blank\" rel=\"noopener\">Geb\u00e4udetechnik-Kongress<\/a><\/li>\n<li><a style=\"text-decoration: underline\" href=\"https:\/\/anlagentagung.ch\/\" target=\"_blank\" rel=\"noopener\">Anlagentagung<\/a><\/li>\n<li><a style=\"text-decoration: underline\" href=\"https:\/\/leitungsbau-tagung.ch\/\" target=\"_blank\" rel=\"noopener\">Leitungsbau<\/a><\/li>\n<li><a style=\"text-decoration: underline\" href=\"https:\/\/www.energiezukunft-forum.ch\/\" target=\"_blank\" rel=\"noopener\">Energiezukunft<\/a><\/li>\n<li><a style=\"text-decoration: underline\" href=\"https:\/\/forum-romand-energie.ch\/\" target=\"_blank\" rel=\"noopener\">Forum Romand de l\u2019Energie<\/a><\/li>\n<li><a style=\"text-decoration: underline\" href=\"https:\/\/www.ladeforum.ch\/\" target=\"_blank\" rel=\"noopener\">e-mobile Lade Forum<\/a><\/li>\n<li><a style=\"text-decoration: underline\" href=\"https:\/\/www.bahntagung.ch\/\" target=\"_blank\" rel=\"noopener\">Bahntagung<\/a><\/li>\n<\/ul>\n<p>\n<\/div><!-- Start Accordion Content --><\/div><\/div><\/div><\/div><\/div><\/div><div class=\"custom_accordion_item accordion custom_accordion accordion_2_1\"><div class=\"accordion__header\" id=\"accordion_header_2_1\"><div class=\"accordion_trigger js-accordion_trigger\" data-toggle=\"collapse\" \r\n\t\t\t\t\tdata-target=\"#accordion_content_2_1_acc927\" \r\n          aria-expanded=\"false\" aria-controls=\"accordion_content_2_1\"><h3 class=\"accordion-title accordion-title-icon icon--position-right js-accordion-controller\"><div>Workshop e corsi<\/div><\/h3><\/div><\/div><div class=\"accordion__content collapse not-click-to-close\" id=\"accordion_content_2_1_acc927\" aria-labelledby=\"accordion_header_2_1\"><div class=\"inside\"><div class=\"accordion-content\"><div class=\"accordion__inside\"><div class=\"accordion__element\"><!-- Start Accordion Content --><div class=\"accordion__element\"><p>Che si tratti di formazione professionale o personale, prendiamo sul serio l&#8217;aggiornamento professionale e vi consentiamo di partecipare a numerosi corsi e workshop, compresi quelli specifici per la NGN.<\/p>\n<ul>\n<li><a href=\"https:\/\/shop.electrosuisse.ch\/de\/Elektrotechnik-Grundlagen-2438.html\"><u>Elektrotechnik Grundlagen<\/u><\/a><\/li>\n<li><a href=\"https:\/\/shop.electrosuisse.ch\/de\/Fuehren-mit-Wertschaetzung-420921.html\"><u>F\u00fchren mit Wertsch\u00e4tzung<\/u><\/a><\/li>\n<li><a href=\"https:\/\/shop.electrosuisse.ch\/de\/Elektro-Instruktion-fuer-Laien-2273.html\"><u>Elektro-Instruktion f\u00fcr Laien<\/u><\/a><\/li>\n<li><a href=\"https:\/\/shop.electrosuisse.ch\/de\/Der-gute-Ton-am-Telefon-420937.html\"><u>Der gute Ton am Telefon<\/u><\/a><\/li>\n<li><a href=\"https:\/\/shop.electrosuisse.ch\/de\/Zeit--und-Selbstmanagement-420936.html\"><u>Zeit- und Selbstmanagement<\/u><\/a><\/li>\n<\/ul>\n<p>\n<\/div><!-- Start Accordion Content --><\/div><\/div><\/div><\/div><\/div><\/div><div class=\"custom_accordion_item accordion custom_accordion accordion_2_2\"><div class=\"accordion__header\" id=\"accordion_header_2_2\"><div class=\"accordion_trigger js-accordion_trigger\" data-toggle=\"collapse\" \r\n\t\t\t\t\tdata-target=\"#accordion_content_2_2_acc765\" \r\n          aria-expanded=\"false\" aria-controls=\"accordion_content_2_2\"><h3 class=\"accordion-title accordion-title-icon icon--position-right js-accordion-controller\"><div>Webinare<\/div><\/h3><\/div><\/div><div class=\"accordion__content collapse not-click-to-close\" id=\"accordion_content_2_2_acc765\" aria-labelledby=\"accordion_header_2_2\"><div class=\"inside\"><div class=\"accordion-content\"><div class=\"accordion__inside\"><div class=\"accordion__element\"><!-- Start Accordion Content --><div class=\"accordion__element\"><p>Utilizziamo gli eventi online per fornire approfondimenti su argomenti interessanti o un rapido aggiornamento su ci\u00f2 che gi\u00e0 conoscete. In qualit\u00e0 di socio NGN, il mondo dei webinar Electrosuisse \u00e8 aperto a voi e non solo.<\/p>\n<ul>\n<li><a href=\"https:\/\/www.electrosuisse.ch\/it\/manifestazioni\/electrosuisse-expert-talk\/\" target=\"_blank\" rel=\"noopener\"><u>Expert Talk<\/u><\/a><\/li>\n<\/ul>\n<p>\n<\/div><!-- Start Accordion Content --><\/div><\/div><\/div><\/div><\/div><\/div><div class=\"custom_accordion_item accordion custom_accordion accordion_2_3\"><div class=\"accordion__header\" id=\"accordion_header_2_3\"><div class=\"accordion_trigger js-accordion_trigger\" data-toggle=\"collapse\" \r\n\t\t\t\t\tdata-target=\"#accordion_content_2_3_acc544\" \r\n          aria-expanded=\"false\" aria-controls=\"accordion_content_2_3\"><h3 class=\"accordion-title accordion-title-icon icon--position-right js-accordion-controller\"><div>Scambio e networking<\/div><\/h3><\/div><\/div><div class=\"accordion__content collapse not-click-to-close\" id=\"accordion_content_2_3_acc544\" aria-labelledby=\"accordion_header_2_3\"><div class=\"inside\"><div class=\"accordion-content\"><div class=\"accordion__inside\"><div class=\"accordion__element\"><!-- Start Accordion Content --><div class=\"accordion__element\"><p>Avete molte opportunit\u00e0 di socializzare con esperti o altri membri della NGN. Se oltre agli eventi specialistici volete socializzare e fare qualcosa insieme in un contesto diverso, allora gli eventi NGN fanno al caso vostro.<\/p>\n<p>Inviate un&#8217;e-mail a <a href=\"&#109;&#x61;&#105;&#x6c;&#116;&#x6f;&#58;&#x6e;&#103;&#x6e;&#64;&#x65;l&#x65;c&#x74;r&#x6f;s&#x75;i&#x73;s&#101;&#x2e;&#99;&#x68;\">&#x6e;&#103;&#x6e;&#x40;&#101;&#x6c;&#x65;&#99;&#x74;&#x72;&#111;&#x73;&#x75;i&#x73;&#x73;e&#x2e;&#99;h<\/a> con almeno una settimana di anticipo o iscrivetevi direttamente a EUREL secondo le informazioni del link web.<\/p>\n<ul>\n<li>EUREL PhD Best Paper Award<\/li>\n<li>NGN an der Electrosuisse Generalversammlung<\/li>\n<li>EUREL Field Trip<\/li>\n<li>NGN fliegt mit bei Electrifly-In<\/li>\n<li>NGN besucht LILU<\/li>\n<li>EUREL IMC Unternehmensspiel ENGLISH (M\u00e4rz\/April 2026, ca. 2-3h \/ Woche online)<\/li>\n<\/ul>\n<p>\n<\/div><!-- Start Accordion Content --><\/div><\/div><\/div><\/div><\/div><\/div><div class=\"custom_accordion_item accordion custom_accordion accordion_2_4\"><div class=\"accordion__header\" id=\"accordion_header_2_4\"><div class=\"accordion_trigger js-accordion_trigger\" data-toggle=\"collapse\" \r\n\t\t\t\t\tdata-target=\"#accordion_content_2_4_acc590\" \r\n          aria-expanded=\"false\" aria-controls=\"accordion_content_2_4\"><h3 class=\"accordion-title accordion-title-icon icon--position-right js-accordion-controller\"><div>Standardizzazione e comitati specializzati<\/div><\/h3><\/div><\/div><div class=\"accordion__content collapse not-click-to-close\" id=\"accordion_content_2_4_acc590\" aria-labelledby=\"accordion_header_2_4\"><div class=\"inside\"><div class=\"accordion-content\"><div class=\"accordion__inside\"><div class=\"accordion__element\"><!-- Start Accordion Content --><div class=\"accordion__element\"><p>In qualit\u00e0 di membri di Electrosuisse NGN, le vostre competenze sono richieste. Potete contribuire alla standardizzazione e partecipare alle attivit\u00e0 di varie organizzazioni. Le persone di riferimento sono a disposizione per rispondere alle vostre domande.<\/p>\n<p><strong>Organizzazioni e contatti:<\/strong><\/p>\n<p><a style=\"text-decoration: underline\" href=\"https:\/\/www.electrosuisse.ch\/it\/perche-normazione\/ces\/\" target=\"_blank\" rel=\"noopener\">CES<\/a><br \/>\n<a style=\"text-decoration: underline\" href=\"https:\/\/www.electrosuisse.ch\/it\/perche-normazione\/cenelec\/\" target=\"_blank\" rel=\"noopener\">CENELEC<\/a><br \/>\n<a style=\"text-decoration: underline\" href=\"https:\/\/www.electrosuisse.ch\/it\/perche-normazione\/cei\/\" target=\"_blank\" rel=\"noopener\">IEC<\/a><br \/>\n<a style=\"text-decoration: underline\" href=\"https:\/\/www.cigre.org\/GB\/community\/next-generation-network\" target=\"_blank\" rel=\"noopener\">CIGRE<\/a><br \/>\n<a style=\"text-decoration: underline\" href=\"https:\/\/www.eurel.org\/en\" target=\"_blank\" rel=\"noopener\">EUREL<\/a><\/p>\n<\/div><!-- Start Accordion Content --><\/div><\/div><\/div><\/div><\/div><\/div><\/div><\/div>[\/vc_column][\/vc_row][vc_row el_id=&#8221;ngnboard&#8221;][vc_column][vc_column_text css=&#8221;&#8221;]<\/p>\n<h3>Organizzazione e contatti<\/h3>\n<p>I membri dell&#8217;NGN fanno parte dell&#8217;organizzazione specializzata Electrosuisse e sono quindi sostenuti da Electrosuisse. Oltre alle persone di contatto di Electrosuisse, ci sono volontari tra le nostre fila che si occupano dei compiti organizzativi come consiglio NGN.[\/vc_column_text][vc_column_text css=&#8221;&#8221;]<\/p>\n<h4>Consiglio NGN<\/h4>\n<p>Il Consiglio NGN sostiene Electrosuisse nella promozione dei giovani talenti ed \u00e8 il punto di contatto per tutti i membri della NGN. Questa squadra attiva sostiene i vostri interessi, contribuisce a definire il programma e organizza eventi.[\/vc_column_text][\/vc_column][\/vc_row][vc_row el_id=&#8221;contattateci&#8221;][vc_column][vc_column_text css=&#8221;&#8221;]<\/p>\n<h3>Informazioni generali<\/h3>\n<p>[\/vc_column_text]<div class=\"wpb_content_element wpb_accordion_column accordion_simple\"><div class=\"accordions accordions_1\"><div class=\"custom_accordion_item accordion custom_accordion accordion_2_5\"><div class=\"accordion__header\" id=\"accordion_header_2_5\"><div class=\"accordion_trigger js-accordion_trigger\" data-toggle=\"collapse\" \r\n\t\t\t\t\tdata-target=\"#accordion_content_2_5_acc809\" \r\n          aria-expanded=\"false\" aria-controls=\"accordion_content_2_5\"><h3 class=\"accordion-title accordion-title-icon icon--position-right js-accordion-controller\"><div>Registrazione agli eventi<\/div><\/h3><\/div><\/div><div class=\"accordion__content collapse not-click-to-close\" id=\"accordion_content_2_5_acc809\" aria-labelledby=\"accordion_header_2_5\"><div class=\"inside\"><div class=\"accordion-content\"><div class=\"accordion__inside\"><div class=\"accordion__element\"><!-- Start Accordion Content --><div class=\"accordion__element\"><p>Registratevi agli eventi inviando un&#8217;<a href=\"&#x6d;&#x61;&#105;l&#x74;&#x6f;&#58;ng&#x6e;&#x40;&#101;l&#x65;&#x63;&#116;&#114;o&#x73;&#x75;&#105;s&#x73;&#x65;&#46;&#99;h\">e-mail<\/a> a Electrosuisse. Qui riceverete anche ulteriori informazioni sugli eventi e sarete informati sulle condizioni di partecipazione.<\/p>\n<\/div><!-- Start Accordion Content --><\/div><\/div><\/div><\/div><\/div><\/div><div class=\"custom_accordion_item accordion custom_accordion accordion_2_6\"><div class=\"accordion__header\" id=\"accordion_header_2_6\"><div class=\"accordion_trigger js-accordion_trigger\" data-toggle=\"collapse\" \r\n\t\t\t\t\tdata-target=\"#accordion_content_2_6_acc597\" \r\n          aria-expanded=\"false\" aria-controls=\"accordion_content_2_6\"><h3 class=\"accordion-title accordion-title-icon icon--position-right js-accordion-controller\"><div>Iscrizione<\/div><\/h3><\/div><\/div><div class=\"accordion__content collapse not-click-to-close\" id=\"accordion_content_2_6_acc597\" aria-labelledby=\"accordion_header_2_6\"><div class=\"inside\"><div class=\"accordion-content\"><div class=\"accordion__inside\"><div class=\"accordion__element\"><!-- Start Accordion Content --><div class=\"accordion__element\"><p>Puoi usufruire di tutte le offerte della NGN se hai meno di 35 anni e sei socio di Electrosuisse.<\/p>\n<h4>Rinnovo dell&#8217;iscrizione<\/h4>\n<p>Se avete un&#8217;iscrizione gratuita, questa non viene automaticamente estesa come iscrizione a pagamento. Riceverete un&#8217;e-mail che vi dar\u00e0 l&#8217;opportunit\u00e0 di selezionare una delle opzioni di iscrizione personale prima che la vostra iscrizione gratuita termini. L&#8217;iscrizione regolare viene rinnovata automaticamente ogni anno.<\/p>\n<h3>Ambito di applicazione dell&#8217;iscrizione<\/h3>\n<p>L&#8217;iscrizione gratuita o scontata corrisponde all&#8217;<a href=\"https:\/\/www.electrosuisse.ch\/it\/diventare-membro\/adesioni-individuali\/\" target=\"_blank\" rel=\"noopener\">iscrizione personale \u201cClassic\u201d<\/a>. Per il modulo internazionale CIGRE, contattateci all&#8217;indirizzo <a href=\"&#x6d;&#x61;&#x69;&#x6c;&#116;&#111;&#58;ci&#x67;&#x72;&#x65;&#x40;&#x65;&#108;&#101;&#99;tr&#x6f;&#x73;&#x75;&#x69;&#x73;&#115;&#101;&#46;ch\">&#x63;i&#x67;&#114;&#x65;&#64;e&#x6c;&#101;&#x63;&#116;r&#x6f;&#115;&#x75;&#105;s&#x73;e&#x2e;&#99;&#x68;<\/a> .<\/p>\n<h3>Giovane professionista CES<\/h3>\n<p>In qualit\u00e0 di <a href=\"https:\/\/www.electrosuisse.ch\/it\/perche-normazione\/ces\/\" target=\"_blank\" rel=\"noopener\">CES<\/a> YP, potete iscrivervi come socio personale gratuito anche dopo l&#8217;inizio della vostra carriera e rimanere soci fino all&#8217;et\u00e0 di 35 anni o fino a quando non sarete pi\u00f9 coinvolti nel CES.<\/p>\n<\/div><!-- Start Accordion Content --><\/div><\/div><\/div><\/div><\/div><\/div><div class=\"custom_accordion_item accordion custom_accordion accordion_2_7\"><div class=\"accordion__header\" id=\"accordion_header_2_7\"><div class=\"accordion_trigger js-accordion_trigger\" data-toggle=\"collapse\" \r\n\t\t\t\t\tdata-target=\"#accordion_content_2_7_acc36\" \r\n          aria-expanded=\"false\" aria-controls=\"accordion_content_2_7\"><h3 class=\"accordion-title accordion-title-icon icon--position-right js-accordion-controller\"><div>MyElectrosuisse<\/div><\/h3><\/div><\/div><div class=\"accordion__content collapse not-click-to-close\" id=\"accordion_content_2_7_acc36\" aria-labelledby=\"accordion_header_2_7\"><div class=\"inside\"><div class=\"accordion-content\"><div class=\"accordion__inside\"><div class=\"accordion__element\"><!-- Start Accordion Content --><div class=\"accordion__element\"><p>Avete accesso al portale clienti di Electrosuisse. Qui potete ordinare informazioni, personalizzare i vostri dati e <a href=\"https:\/\/my.electrosuisse.ch\">prenotare direttamente<\/a> corsi ed eventi.<\/p>\n<h3>Cambio di indirizzo<\/h3>\n<p>Potete gestire direttamente i vostri dati personali nel portale clienti \u201c<a href=\"https:\/\/my.electrosuisse.ch\">myElectrosuisse<\/a>\u201d alla voce \u201cProfilo\u201d e avere sempre sotto controllo i vostri dati.<\/p>\n<h3>Cambio di datore di lavoro MyElectrosuisse<\/h3>\n<p>Avete accesso al portale clienti di Electrosuisse. Qui potete ordinare informazioni, personalizzare i vostri dati e prenotare direttamente corsi ed eventi.<\/p>\n<h3>Cambio di indirizzo<\/h3>\n<p>Potete gestire direttamente i vostri dati personali nel portale clienti \u201c<a href=\"https:\/\/my.electrosuisse.ch\">myElectrosuisse<\/a>\u201d alla voce \u201cProfilo\u201d e avere sempre sotto controllo i vostri dati.<\/p>\n<h3>Cambio di datore di lavoro<\/h3>\n<p>Potete continuare a utilizzare il vostro login se all&#8217;inizio vi siete registrati con il vostro indirizzo e-mail privato. In caso contrario, \u00e8 necessario modificare per tempo il proprio indirizzo e-mail nel portale clienti \u201c<a href=\"https:\/\/my.electrosuisse.ch\">myElectrosuisse<\/a>\u201d e, per sicurezza, scaricare per tempo gli acquisti effettuati, in modo da non perdere nulla al momento del cambio.<\/p>\n<p><strong>Assistenza Cambio di indirizzo<br \/>\n<\/strong>Servizio clienti<br \/>\n+41 58 595 11 55 o <a href=\"&#109;&#x61;&#105;&#x6c;t&#111;&#x3a;&#118;&#x65;r&#x62;a&#110;&#x64;&#64;&#x65;l&#x65;&#x63;&#116;&#x72;o&#x73;u&#105;&#x73;&#115;&#x65;&#46;&#x63;h\">ve&#114;&#98;&#97;&#110;&#x64;&#x40;&#x65;&#x6c;&#x65;ct&#114;&#111;&#115;&#117;&#x69;&#x73;&#x73;&#x65;&#x2e;ch<\/a><\/p>\n<\/div><!-- Start Accordion Content --><\/div><\/div><\/div><\/div><\/div><\/div><\/div><\/div>[\/vc_column][\/vc_row]<\/p>\n<\/div>","protected":false},"excerpt":{"rendered":"<p>[vc_row el_id=&#8221;promozione&#8221;][vc_column][vc_column_text css=&#8221;&#8221; el_class=&#8221;lead&#8221;]Per Electrosuisse, in quanto organizzazione professionale, la promozione dei giovani talenti nel campo delle tecnologie elettriche ed energetiche \u00e8 molto importante. Il Next Generation Network (NGN) offre a tutti i membri personali di et\u00e0 inferiore ai 35 anni un sostegno speciale oltre ai vantaggi dell&#8217;iscrizione regolare. Sia che si tratti di un&#8217;attivit\u00e0 [&hellip;]<\/p>\n","protected":false},"author":38,"featured_media":0,"parent":19606,"menu_order":143,"comment_status":"closed","ping_status":"closed","template":"","meta":{"_acf_changed":false,"_monsterinsights_skip_tracking":false,"_monsterinsights_sitenote_active":false,"_monsterinsights_sitenote_note":"","_monsterinsights_sitenote_category":0,"footnotes":""},"class_list":["post-34115","page","type-page","status-publish","hentry"],"acf":[],"yoast_head":"<!-- This site is optimized with the Yoast SEO Premium plugin v26.4 (Yoast SEO v27.0) - https:\/\/yoast.com\/product\/yoast-seo-premium-wordpress\/ -->\n<title>NGN- il programma per giovani talenti di Electrosuisse<\/title>\n<meta name=\"description\" content=\"Acquisite gratuitamente preziose nozioni pratiche in una fase iniziale e rimanete aggiornati sugli ultimi argomenti e tendenze del settore.\" \/>\n<meta name=\"robots\" content=\"index, follow, max-snippet:-1, max-image-preview:large, max-video-preview:-1\" \/>\n<link rel=\"canonical\" href=\"https:\/\/www.electrosuisse.ch\/it\/diventare-membro\/rete-di-nuova-generazione\/\" \/>\n<meta property=\"og:locale\" content=\"it_IT\" \/>\n<meta property=\"og:type\" content=\"article\" \/>\n<meta property=\"og:title\" content=\"NGN- il programma per giovani talenti di Electrosuisse\" \/>\n<meta property=\"og:description\" content=\"Acquisite gratuitamente preziose nozioni pratiche in una fase iniziale e rimanete aggiornati sugli ultimi argomenti e tendenze del settore.\" \/>\n<meta property=\"og:url\" content=\"https:\/\/www.electrosuisse.ch\/it\/diventare-membro\/rete-di-nuova-generazione\/\" \/>\n<meta property=\"og:site_name\" content=\"Electrosuisse\" \/>\n<meta property=\"article:modified_time\" content=\"2026-03-23T12:42:28+00:00\" \/>\n<meta property=\"og:image\" content=\"https:\/\/www.electrosuisse.ch\/wp-content\/uploads\/2019\/08\/nachwuchsfoerderung_techtalents_electrosuisse-1660x585.jpg\" \/>\n\t<meta property=\"og:image:width\" content=\"1578\" \/>\n\t<meta property=\"og:image:height\" content=\"650\" \/>\n\t<meta property=\"og:image:type\" content=\"image\/jpeg\" \/>\n<script type=\"application\/ld+json\" class=\"yoast-schema-graph\">{\"@context\":\"https:\/\/schema.org\",\"@graph\":[{\"@type\":\"WebPage\",\"@id\":\"https:\/\/www.electrosuisse.ch\/it\/diventare-membro\/rete-di-nuova-generazione\/\",\"url\":\"https:\/\/www.electrosuisse.ch\/it\/diventare-membro\/rete-di-nuova-generazione\/\",\"name\":\"NGN- il programma per giovani talenti di Electrosuisse\",\"isPartOf\":{\"@id\":\"https:\/\/www.electrosuisse.ch\/it\/#website\"},\"datePublished\":\"2024-02-16T09:52:01+00:00\",\"dateModified\":\"2026-03-23T12:42:28+00:00\",\"description\":\"Acquisite gratuitamente preziose nozioni pratiche in una fase iniziale e rimanete aggiornati sugli ultimi argomenti e tendenze del settore.\",\"breadcrumb\":{\"@id\":\"https:\/\/www.electrosuisse.ch\/it\/diventare-membro\/rete-di-nuova-generazione\/#breadcrumb\"},\"inLanguage\":\"it-IT\",\"potentialAction\":[{\"@type\":\"ReadAction\",\"target\":[\"https:\/\/www.electrosuisse.ch\/it\/diventare-membro\/rete-di-nuova-generazione\/\"]}]},{\"@type\":\"BreadcrumbList\",\"@id\":\"https:\/\/www.electrosuisse.ch\/it\/diventare-membro\/rete-di-nuova-generazione\/#breadcrumb\",\"itemListElement\":[{\"@type\":\"ListItem\",\"position\":1,\"name\":\"Diventare membro\",\"item\":\"https:\/\/www.electrosuisse.ch\/it\/diventare-membro\/\"},{\"@type\":\"ListItem\",\"position\":2,\"name\":\"Rete di nuova generazione\"}]},{\"@type\":\"WebSite\",\"@id\":\"https:\/\/www.electrosuisse.ch\/it\/#website\",\"url\":\"https:\/\/www.electrosuisse.ch\/it\/\",\"name\":\"Electrosuisse\",\"description\":\"\",\"publisher\":{\"@id\":\"https:\/\/www.electrosuisse.ch\/it\/#organization\"},\"potentialAction\":[{\"@type\":\"SearchAction\",\"target\":{\"@type\":\"EntryPoint\",\"urlTemplate\":\"https:\/\/www.electrosuisse.ch\/it\/?s={search_term_string}\"},\"query-input\":{\"@type\":\"PropertyValueSpecification\",\"valueRequired\":true,\"valueName\":\"search_term_string\"}}],\"inLanguage\":\"it-IT\"},{\"@type\":\"Organization\",\"@id\":\"https:\/\/www.electrosuisse.ch\/it\/#organization\",\"name\":\"Electrosuisse\",\"url\":\"https:\/\/www.electrosuisse.ch\/it\/\",\"logo\":{\"@type\":\"ImageObject\",\"inLanguage\":\"it-IT\",\"@id\":\"https:\/\/www.electrosuisse.ch\/it\/#\/schema\/logo\/image\/\",\"url\":\"https:\/\/www.electrosuisse.ch\/wp-content\/uploads\/2025\/04\/Electrosuisse_Logo_696x696.png\",\"contentUrl\":\"https:\/\/www.electrosuisse.ch\/wp-content\/uploads\/2025\/04\/Electrosuisse_Logo_696x696.png\",\"width\":696,\"height\":696,\"caption\":\"Electrosuisse\"},\"image\":{\"@id\":\"https:\/\/www.electrosuisse.ch\/it\/#\/schema\/logo\/image\/\"},\"sameAs\":[\"https:\/\/www.linkedin.com\/company\/electrosuisse-ag\/posts\/?feedView=all\",\"https:\/\/www.instagram.com\/electrosuisse1889\/\",\"https:\/\/www.youtube.com\/channel\/UCoOxohMiVE0Gjcdis1L09zw\"],\"description\":\"Electrosuisse ist eine anerkannte und unabh\u00e4ngige Fachorganisation, die erstklassige Dienstleistungen und Produkte in den Bereichen Inspektion, Beratung, Pr\u00fcfung, Zertifizierung, Normung und Weiterbildung anbietet. Unsere Expertise umfasst Elektrotechnik, Elektromobilit\u00e4t, Energieberatung, Geb\u00e4udeautomation und Photovoltaik in der Schweiz. Durch die Veranstaltung etablierter Branchen-Events und Fachtagungen f\u00f6rdert Electrosuisse den Wissenstransfer und den fachlichen Austausch. Im Mittelpunkt unserer T\u00e4tigkeiten steht die F\u00f6rderung der sicheren, wirtschaftlichen und umweltgerechten Anwendung der Elektrotechnik.\"}]}<\/script>\n<!-- \/ Yoast SEO Premium plugin. -->","yoast_head_json":{"title":"NGN- il programma per giovani talenti di Electrosuisse","description":"Acquisite gratuitamente preziose nozioni pratiche in una fase iniziale e rimanete aggiornati sugli ultimi argomenti e tendenze del settore.","robots":{"index":"index","follow":"follow","max-snippet":"max-snippet:-1","max-image-preview":"max-image-preview:large","max-video-preview":"max-video-preview:-1"},"canonical":"https:\/\/www.electrosuisse.ch\/it\/diventare-membro\/rete-di-nuova-generazione\/","og_locale":"it_IT","og_type":"article","og_title":"NGN- il programma per giovani talenti di Electrosuisse","og_description":"Acquisite gratuitamente preziose nozioni pratiche in una fase iniziale e rimanete aggiornati sugli ultimi argomenti e tendenze del settore.","og_url":"https:\/\/www.electrosuisse.ch\/it\/diventare-membro\/rete-di-nuova-generazione\/","og_site_name":"Electrosuisse","article_modified_time":"2026-03-23T12:42:28+00:00","og_image":[{"width":1578,"height":650,"url":"https:\/\/www.electrosuisse.ch\/wp-content\/uploads\/2019\/08\/nachwuchsfoerderung_techtalents_electrosuisse-1660x585.jpg","type":"image\/jpeg"}],"schema":{"@context":"https:\/\/schema.org","@graph":[{"@type":"WebPage","@id":"https:\/\/www.electrosuisse.ch\/it\/diventare-membro\/rete-di-nuova-generazione\/","url":"https:\/\/www.electrosuisse.ch\/it\/diventare-membro\/rete-di-nuova-generazione\/","name":"NGN- il programma per giovani talenti di Electrosuisse","isPartOf":{"@id":"https:\/\/www.electrosuisse.ch\/it\/#website"},"datePublished":"2024-02-16T09:52:01+00:00","dateModified":"2026-03-23T12:42:28+00:00","description":"Acquisite gratuitamente preziose nozioni pratiche in una fase iniziale e rimanete aggiornati sugli ultimi argomenti e tendenze del settore.","breadcrumb":{"@id":"https:\/\/www.electrosuisse.ch\/it\/diventare-membro\/rete-di-nuova-generazione\/#breadcrumb"},"inLanguage":"it-IT","potentialAction":[{"@type":"ReadAction","target":["https:\/\/www.electrosuisse.ch\/it\/diventare-membro\/rete-di-nuova-generazione\/"]}]},{"@type":"BreadcrumbList","@id":"https:\/\/www.electrosuisse.ch\/it\/diventare-membro\/rete-di-nuova-generazione\/#breadcrumb","itemListElement":[{"@type":"ListItem","position":1,"name":"Diventare membro","item":"https:\/\/www.electrosuisse.ch\/it\/diventare-membro\/"},{"@type":"ListItem","position":2,"name":"Rete di nuova generazione"}]},{"@type":"WebSite","@id":"https:\/\/www.electrosuisse.ch\/it\/#website","url":"https:\/\/www.electrosuisse.ch\/it\/","name":"Electrosuisse","description":"","publisher":{"@id":"https:\/\/www.electrosuisse.ch\/it\/#organization"},"potentialAction":[{"@type":"SearchAction","target":{"@type":"EntryPoint","urlTemplate":"https:\/\/www.electrosuisse.ch\/it\/?s={search_term_string}"},"query-input":{"@type":"PropertyValueSpecification","valueRequired":true,"valueName":"search_term_string"}}],"inLanguage":"it-IT"},{"@type":"Organization","@id":"https:\/\/www.electrosuisse.ch\/it\/#organization","name":"Electrosuisse","url":"https:\/\/www.electrosuisse.ch\/it\/","logo":{"@type":"ImageObject","inLanguage":"it-IT","@id":"https:\/\/www.electrosuisse.ch\/it\/#\/schema\/logo\/image\/","url":"https:\/\/www.electrosuisse.ch\/wp-content\/uploads\/2025\/04\/Electrosuisse_Logo_696x696.png","contentUrl":"https:\/\/www.electrosuisse.ch\/wp-content\/uploads\/2025\/04\/Electrosuisse_Logo_696x696.png","width":696,"height":696,"caption":"Electrosuisse"},"image":{"@id":"https:\/\/www.electrosuisse.ch\/it\/#\/schema\/logo\/image\/"},"sameAs":["https:\/\/www.linkedin.com\/company\/electrosuisse-ag\/posts\/?feedView=all","https:\/\/www.instagram.com\/electrosuisse1889\/","https:\/\/www.youtube.com\/channel\/UCoOxohMiVE0Gjcdis1L09zw"],"description":"Electrosuisse ist eine anerkannte und unabh\u00e4ngige Fachorganisation, die erstklassige Dienstleistungen und Produkte in den Bereichen Inspektion, Beratung, Pr\u00fcfung, Zertifizierung, Normung und Weiterbildung anbietet. Unsere Expertise umfasst Elektrotechnik, Elektromobilit\u00e4t, Energieberatung, Geb\u00e4udeautomation und Photovoltaik in der Schweiz. Durch die Veranstaltung etablierter Branchen-Events und Fachtagungen f\u00f6rdert Electrosuisse den Wissenstransfer und den fachlichen Austausch. Im Mittelpunkt unserer T\u00e4tigkeiten steht die F\u00f6rderung der sicheren, wirtschaftlichen und umweltgerechten Anwendung der Elektrotechnik."}]}},"amp_enabled":true,"_links":{"self":[{"href":"https:\/\/www.electrosuisse.ch\/it\/wp-json\/wp\/v2\/pages\/34115","targetHints":{"allow":["GET"]}}],"collection":[{"href":"https:\/\/www.electrosuisse.ch\/it\/wp-json\/wp\/v2\/pages"}],"about":[{"href":"https:\/\/www.electrosuisse.ch\/it\/wp-json\/wp\/v2\/types\/page"}],"author":[{"embeddable":true,"href":"https:\/\/www.electrosuisse.ch\/it\/wp-json\/wp\/v2\/users\/38"}],"replies":[{"embeddable":true,"href":"https:\/\/www.electrosuisse.ch\/it\/wp-json\/wp\/v2\/comments?post=34115"}],"version-history":[{"count":13,"href":"https:\/\/www.electrosuisse.ch\/it\/wp-json\/wp\/v2\/pages\/34115\/revisions"}],"predecessor-version":[{"id":43349,"href":"https:\/\/www.electrosuisse.ch\/it\/wp-json\/wp\/v2\/pages\/34115\/revisions\/43349"}],"up":[{"embeddable":true,"href":"https:\/\/www.electrosuisse.ch\/it\/wp-json\/wp\/v2\/pages\/19606"}],"wp:attachment":[{"href":"https:\/\/www.electrosuisse.ch\/it\/wp-json\/wp\/v2\/media?parent=34115"}],"curies":[{"name":"wp","href":"https:\/\/api.w.org\/{rel}","templated":true}]}}