{"id":32518,"date":"2023-11-06T16:32:40","date_gmt":"2023-11-06T15:32:40","guid":{"rendered":"https:\/\/www.electrosuisse.ch\/?page_id=32518"},"modified":"2025-09-05T14:45:16","modified_gmt":"2025-09-05T12:45:16","slug":"decarbonizzazione","status":"publish","type":"page","link":"https:\/\/www.electrosuisse.ch\/it\/engineering\/decarbonizzazione\/","title":{"rendered":"Decarbonizzazione"},"content":{"rendered":"<div class=\"wpb-content-wrapper\"><p>[vc_row][vc_column][vc_column_text]Il raggiungimento degli obiettivi climatici richiede una modernizzazione ecologica completa dell&#8217;economia e una riduzione dei gas serra nell&#8217;industria. L&#8217;ottimizzazione dell&#8217;efficienza energetica e dei materiali \u00e8 un fattore non solo decisivo per il raggiungimento degli obiettivi ambientali, ma anche essenziale per la competitivit\u00e0 internazionale delle aziende.[\/vc_column_text][vc_column_text]Gli investimenti in misure di riduzione delle emissioni portano nel lungo termine a significativi risparmi di costi a livello operativo, ad esempio grazie alla riduzione del consumo di energia e materiali e al miglioramento dei flussi di processo. La riduzione delle emissioni nello svolgimento delle attivit\u00e0 operative e il passaggio a tecnologie prive di CO<sub>2<\/sub> sono due fattori particolarmente vantaggiosi per il settore manifatturiero ad alta intensit\u00e0 di energia e risorse.<\/p>\n<p>Considerando l&#8217;intera catena del valore, secondo il Protocollo sui gas serra le emissioni possono essere suddivise in tre aree: i cosiddetti Ambiti 1, 2 e 3. L&#8217;Ambito 1 si riferisce alle emissioni dirette di un\u2019azienda. Esse derivano, ad esempio, dal consumo di combustibili per lo svolgimento dell\u2019attivit\u00e0 dell\u2019impresa e dall&#8217;uso di veicoli aziendali. L&#8217;Ambito 2 comprende le emissioni indirette derivanti dall&#8217;energia acquistata e che nascono dalla conversione di fonti di energia primaria in elettricit\u00e0, vapore, calore o raffreddamento, necessari per il processo produttivo. L&#8217; Ambito 3 riguarda le emissioni indirette nella catena di approvvigionamento a monte o a valle. Electrosuisse supporta le aziende nell&#8217;attuazione della loro strategia Net Zero a tutti i livelli. Offriamo soluzioni e misure complessive e interdisciplinari per evitare le emissioni di CO<sub>2<\/sub> nella vostra azienda. Il potenziale maggiore per una riduzione duratura e mirata di CO<sub>2<\/sub> risiede negli Ambiti 1 e 2, in quanto possono essere influenzati direttamente.[\/vc_column_text]<div class=\"wpb_image_column wpb_content_element\"><div class=\"wpb_wrapper\"><div class=\"picture_container\"><picture style=\"width: 800px\"><source media=\"(min-width: 769px)\" srcset=\"https:\/\/www.electrosuisse.ch\/wp-content\/uploads\/2023\/11\/Infografik_Treibhausgas_Protokoll_FINAL_Screen_I-1024x751.png\"><source media=\"(min-width: 415px)\" srcset=\"https:\/\/www.electrosuisse.ch\/wp-content\/uploads\/2023\/11\/Infografik_Treibhausgas_Protokoll_FINAL_Screen_I-768x563.png\"><source media=\"(max-width: 414px)\" srcset=\"https:\/\/www.electrosuisse.ch\/wp-content\/uploads\/2023\/11\/Infografik_Treibhausgas_Protokoll_FINAL_Screen_I-414x303.png 1x, https:\/\/www.electrosuisse.ch\/wp-content\/uploads\/2023\/11\/Infografik_Treibhausgas_Protokoll_FINAL_Screen_I-768x563.png 2x\"><img decoding=\"async\" src=\"https:\/\/www.electrosuisse.ch\/wp-content\/uploads\/2023\/11\/Infografik_Treibhausgas_Protokoll_FINAL_Screen_I-1024x751.png\" alt=\"Gas a effetto serra lungo la catena del valore\" \/><\/picture><\/div><\/div><\/div>[\/vc_column][\/vc_row][vc_row el_id=&#8221;angebot&#8221;][vc_column][vc_column_text]<\/p>\n<h3>La nostra offerta<\/h3>\n<p>[\/vc_column_text][vc_column_text]Electrosuisse effettua un&#8217;analisi complessiva del sistema della vostra azienda, tenendo conto delle emissioni dirette e indirette (Ambiti 1, 2 e 3). La raccolta e l&#8217;analisi dei dati, il know-how tecnico e l&#8217;utilizzo di metodi comprovati costituiscono la base per il calcolo del bilancio di CO<sub>2<\/sub>. Se desiderate procedere secondo l\u2019iniziativa SBTi, applichiamo questo metodo anche all&#8217;analisi e allo sviluppo della strategia.<\/p>\n<p>Vi forniamo un supporto completo per creare trasparenza nei vostri processi, in modo da avere la giusta base decisionale per l&#8217;ulteriore sviluppo della vostra azienda. Il bilancio di CO<sub>2<\/sub> vi fornisce una panoramica del potenziale tecnico ed economico di riduzione di anidride carbonica lungo l&#8217;intera catena del valore. Insieme adottiamo misure per una riduzione duratura delle emissioni e un aumento dell&#8217;efficienza nella vostra azienda affiancandovi durante l&#8217;intera fase di attuazione.[\/vc_column_text][\/vc_column][\/vc_row][vc_row el_id=&#8221;kontakt&#8221;][vc_column][vc_column_text]<\/p>\n<h2>Contatto<\/h2>\n<p>[\/vc_column_text]<div class=\"wpb_contact_column wpb_content_element wpb_contact_column--container\"><div class=\"wpb_wrapper\"><div class=\"contact_container_outer\"><div class=\"contact_container\"><div class=\"contact row middle-xs\"><div class=\"contact__img col-sm-5 col-xs-12\"><img decoding=\"async\" src=\"https:\/\/www.electrosuisse.ch\/wp-content\/uploads\/2024\/08\/StefanBaer_302x302.png\" alt=\"Stefan B\u00e4r - Responsabile del team Ingegneria Est\" \/><\/div><div class=\"contact__info col-sm-7 col-xs-12\"><p><b>Stefan B\u00e4r<\/b><br>Responsabile del team Ingegneria Est<\/p><div class=\"phone has-link\"><a href=\"tel:+41585951571\">+41 58 595 15 71<\/a><\/div><div class=\"mail has-link\"><a href=\"mailto:s&#116;&#101;&#102;&#x61;&#x6e;&#x2e;ba&#101;&#114;&#x40;&#x65;&#x6c;&#x65;ct&#114;&#111;&#x73;&#x75;&#x69;&#x73;s&#101;&#46;&#99;&#x68;\">&#115;&#116;&#x65;f&#97;&#x6e;&#x2e;b&#97;&#x65;&#x72;&#64;&#101;&#x6c;e&#99;&#x74;&#x72;o&#115;&#x75;&#x69;s&#115;&#x65;&#46;&#99;&#x68;<\/a><\/div><\/div><\/div><\/div><\/div><div class=\"contact_container_outer\"><div class=\"contact_container\"><div class=\"contact row middle-xs\"><div class=\"contact__img col-sm-5 col-xs-12\"><img decoding=\"async\" src=\"https:\/\/www.electrosuisse.ch\/wp-content\/uploads\/2025\/09\/Felix-Bigler_320x320.png\" alt=\"Felix Bigler - Responsabile del team Ingegneria Ovest\" \/><\/div><div class=\"contact__info col-sm-7 col-xs-12\"><p><b>Felix Bigler<\/b><br>Responsabile del team Ingegneria Ovest<\/p><div class=\"phone has-link\"><a href=\"tel:+41585951575\">+41 58 595 15 75<\/a><\/div><div class=\"mail has-link\"><a href=\"mailto:&#102;&#x65;&#108;&#x69;&#120;&#x2e;b&#x69;g&#x6c;e&#114;&#x40;&#101;&#x6c;&#101;&#x63;&#116;&#x72;o&#x73;u&#x69;s&#115;&#x65;&#46;&#x63;&#104;\">&#x66;&#x65;&#108;ix&#x2e;&#x62;&#105;&#103;l&#x65;&#x72;&#64;&#101;l&#x65;&#x63;&#x74;&#114;os&#x75;&#x69;&#115;&#115;e&#x2e;&#x63;&#104;<\/a><\/div><\/div><\/div><\/div><\/div><div class=\"contact_container_outer\"><div class=\"contact_container\"><div class=\"contact row middle-xs\"><div class=\"contact__img col-sm-5 col-xs-12\"><img decoding=\"async\" src=\"\/wp-content\/themes\/SCHMUCKI_child\/img\/contact_placeholder.jpg\" alt=\"Consulenza, ispezione, engineering \" \/><\/div><div class=\"contact__info col-sm-7 col-xs-12\"><p><b>Consulenza, ispezione, engineering <\/b><br>Servizio interno<\/p><div class=\"phone has-link\"><a href=\"tel:+41585951199\">+41 58 595 11 99<\/a><\/div><div class=\"mail has-link\"><a href=\"mailto:beratu&#110;&#103;&#64;&#101;&#108;&#101;&#99;&#x74;&#x72;&#x6f;&#x73;&#x75;&#x69;&#x73;&#x73;&#x65;&#x2e;&#x63;&#x68;\">&#x62;&#x65;&#114;a&#x74;&#x75;&#110;g&#64;&#x65;&#x6c;&#101;c&#x74;&#x72;&#111;&#115;u&#x69;&#x73;&#115;e&#x2e;&#x63;&#104;<\/a><\/div><\/div><\/div><\/div><\/div><\/div><\/div>[\/vc_column][\/vc_row]<\/p>\n<\/div>","protected":false},"excerpt":{"rendered":"<p>[vc_row][vc_column][vc_column_text]Il raggiungimento degli obiettivi climatici richiede una modernizzazione ecologica completa dell&#8217;economia e una riduzione dei gas serra nell&#8217;industria. L&#8217;ottimizzazione dell&#8217;efficienza energetica e dei materiali \u00e8 un fattore non solo decisivo per il raggiungimento degli obiettivi ambientali, ma anche essenziale per la competitivit\u00e0 internazionale delle aziende.[\/vc_column_text][vc_column_text]Gli investimenti in misure di riduzione delle emissioni portano nel lungo [&hellip;]<\/p>\n","protected":false},"author":28,"featured_media":0,"parent":4118,"menu_order":247,"comment_status":"closed","ping_status":"closed","template":"","meta":{"_acf_changed":false,"_monsterinsights_skip_tracking":false,"_monsterinsights_sitenote_active":false,"_monsterinsights_sitenote_note":"","_monsterinsights_sitenote_category":0,"footnotes":""},"class_list":["post-32518","page","type-page","status-publish","hentry"],"acf":[],"yoast_head":"<!-- This site is optimized with the Yoast SEO Premium plugin v26.4 (Yoast SEO v27.0) - https:\/\/yoast.com\/product\/yoast-seo-premium-wordpress\/ -->\n<title>Decarbonizzazione - Electrosuisse<\/title>\n<meta name=\"description\" content=\"Insieme adottiamo misure per una riduzione duratura delle emissioni e un aumento dell&#039;efficienza nella vostra azienda affiancandovi durante l&#039;intera fase di attuazione.\" \/>\n<meta name=\"robots\" content=\"index, follow, max-snippet:-1, max-image-preview:large, max-video-preview:-1\" \/>\n<link rel=\"canonical\" href=\"https:\/\/www.electrosuisse.ch\/it\/engineering\/decarbonizzazione\/\" \/>\n<meta property=\"og:locale\" content=\"it_IT\" \/>\n<meta property=\"og:type\" content=\"article\" \/>\n<meta property=\"og:title\" content=\"Decarbonizzazione - Electrosuisse\" \/>\n<meta property=\"og:description\" content=\"Insieme adottiamo misure per una riduzione duratura delle emissioni e un aumento dell&#039;efficienza nella vostra azienda affiancandovi durante l&#039;intera fase di attuazione.\" \/>\n<meta property=\"og:url\" content=\"https:\/\/www.electrosuisse.ch\/it\/engineering\/decarbonizzazione\/\" \/>\n<meta property=\"og:site_name\" content=\"Electrosuisse\" \/>\n<meta property=\"article:modified_time\" content=\"2025-09-05T12:45:16+00:00\" \/>\n<meta property=\"og:image\" content=\"https:\/\/www.electrosuisse.ch\/wp-content\/uploads\/2022\/12\/Electrosuisse_Ueber_uns_1578x650.jpg\" \/>\n\t<meta property=\"og:image:width\" content=\"1578\" \/>\n\t<meta property=\"og:image:height\" content=\"650\" \/>\n\t<meta property=\"og:image:type\" content=\"image\/jpeg\" \/>\n<script type=\"application\/ld+json\" class=\"yoast-schema-graph\">{\"@context\":\"https:\/\/schema.org\",\"@graph\":[{\"@type\":\"WebPage\",\"@id\":\"https:\/\/www.electrosuisse.ch\/it\/engineering\/decarbonizzazione\/\",\"url\":\"https:\/\/www.electrosuisse.ch\/it\/engineering\/decarbonizzazione\/\",\"name\":\"Decarbonizzazione - Electrosuisse\",\"isPartOf\":{\"@id\":\"https:\/\/www.electrosuisse.ch\/it\/#website\"},\"datePublished\":\"2023-11-06T15:32:40+00:00\",\"dateModified\":\"2025-09-05T12:45:16+00:00\",\"description\":\"Insieme adottiamo misure per una riduzione duratura delle emissioni e un aumento dell'efficienza nella vostra azienda affiancandovi durante l'intera fase di attuazione.\",\"breadcrumb\":{\"@id\":\"https:\/\/www.electrosuisse.ch\/it\/engineering\/decarbonizzazione\/#breadcrumb\"},\"inLanguage\":\"it-IT\",\"potentialAction\":[{\"@type\":\"ReadAction\",\"target\":[\"https:\/\/www.electrosuisse.ch\/it\/engineering\/decarbonizzazione\/\"]}]},{\"@type\":\"BreadcrumbList\",\"@id\":\"https:\/\/www.electrosuisse.ch\/it\/engineering\/decarbonizzazione\/#breadcrumb\",\"itemListElement\":[{\"@type\":\"ListItem\",\"position\":1,\"name\":\"Engineering\",\"item\":\"https:\/\/www.electrosuisse.ch\/it\/engineering\/\"},{\"@type\":\"ListItem\",\"position\":2,\"name\":\"Decarbonizzazione\"}]},{\"@type\":\"WebSite\",\"@id\":\"https:\/\/www.electrosuisse.ch\/it\/#website\",\"url\":\"https:\/\/www.electrosuisse.ch\/it\/\",\"name\":\"Electrosuisse\",\"description\":\"\",\"publisher\":{\"@id\":\"https:\/\/www.electrosuisse.ch\/it\/#organization\"},\"potentialAction\":[{\"@type\":\"SearchAction\",\"target\":{\"@type\":\"EntryPoint\",\"urlTemplate\":\"https:\/\/www.electrosuisse.ch\/it\/?s={search_term_string}\"},\"query-input\":{\"@type\":\"PropertyValueSpecification\",\"valueRequired\":true,\"valueName\":\"search_term_string\"}}],\"inLanguage\":\"it-IT\"},{\"@type\":\"Organization\",\"@id\":\"https:\/\/www.electrosuisse.ch\/it\/#organization\",\"name\":\"Electrosuisse\",\"url\":\"https:\/\/www.electrosuisse.ch\/it\/\",\"logo\":{\"@type\":\"ImageObject\",\"inLanguage\":\"it-IT\",\"@id\":\"https:\/\/www.electrosuisse.ch\/it\/#\/schema\/logo\/image\/\",\"url\":\"https:\/\/www.electrosuisse.ch\/wp-content\/uploads\/2025\/04\/Electrosuisse_Logo_696x696.png\",\"contentUrl\":\"https:\/\/www.electrosuisse.ch\/wp-content\/uploads\/2025\/04\/Electrosuisse_Logo_696x696.png\",\"width\":696,\"height\":696,\"caption\":\"Electrosuisse\"},\"image\":{\"@id\":\"https:\/\/www.electrosuisse.ch\/it\/#\/schema\/logo\/image\/\"},\"sameAs\":[\"https:\/\/www.linkedin.com\/company\/electrosuisse-ag\/posts\/?feedView=all\",\"https:\/\/www.instagram.com\/electrosuisse1889\/\",\"https:\/\/www.youtube.com\/channel\/UCoOxohMiVE0Gjcdis1L09zw\"],\"description\":\"Electrosuisse ist eine anerkannte und unabh\u00e4ngige Fachorganisation, die erstklassige Dienstleistungen und Produkte in den Bereichen Inspektion, Beratung, Pr\u00fcfung, Zertifizierung, Normung und Weiterbildung anbietet. Unsere Expertise umfasst Elektrotechnik, Elektromobilit\u00e4t, Energieberatung, Geb\u00e4udeautomation und Photovoltaik in der Schweiz. Durch die Veranstaltung etablierter Branchen-Events und Fachtagungen f\u00f6rdert Electrosuisse den Wissenstransfer und den fachlichen Austausch. Im Mittelpunkt unserer T\u00e4tigkeiten steht die F\u00f6rderung der sicheren, wirtschaftlichen und umweltgerechten Anwendung der Elektrotechnik.\"}]}<\/script>\n<!-- \/ Yoast SEO Premium plugin. -->","yoast_head_json":{"title":"Decarbonizzazione - Electrosuisse","description":"Insieme adottiamo misure per una riduzione duratura delle emissioni e un aumento dell'efficienza nella vostra azienda affiancandovi durante l'intera fase di attuazione.","robots":{"index":"index","follow":"follow","max-snippet":"max-snippet:-1","max-image-preview":"max-image-preview:large","max-video-preview":"max-video-preview:-1"},"canonical":"https:\/\/www.electrosuisse.ch\/it\/engineering\/decarbonizzazione\/","og_locale":"it_IT","og_type":"article","og_title":"Decarbonizzazione - Electrosuisse","og_description":"Insieme adottiamo misure per una riduzione duratura delle emissioni e un aumento dell'efficienza nella vostra azienda affiancandovi durante l'intera fase di attuazione.","og_url":"https:\/\/www.electrosuisse.ch\/it\/engineering\/decarbonizzazione\/","og_site_name":"Electrosuisse","article_modified_time":"2025-09-05T12:45:16+00:00","og_image":[{"width":1578,"height":650,"url":"https:\/\/www.electrosuisse.ch\/wp-content\/uploads\/2022\/12\/Electrosuisse_Ueber_uns_1578x650.jpg","type":"image\/jpeg"}],"schema":{"@context":"https:\/\/schema.org","@graph":[{"@type":"WebPage","@id":"https:\/\/www.electrosuisse.ch\/it\/engineering\/decarbonizzazione\/","url":"https:\/\/www.electrosuisse.ch\/it\/engineering\/decarbonizzazione\/","name":"Decarbonizzazione - Electrosuisse","isPartOf":{"@id":"https:\/\/www.electrosuisse.ch\/it\/#website"},"datePublished":"2023-11-06T15:32:40+00:00","dateModified":"2025-09-05T12:45:16+00:00","description":"Insieme adottiamo misure per una riduzione duratura delle emissioni e un aumento dell'efficienza nella vostra azienda affiancandovi durante l'intera fase di attuazione.","breadcrumb":{"@id":"https:\/\/www.electrosuisse.ch\/it\/engineering\/decarbonizzazione\/#breadcrumb"},"inLanguage":"it-IT","potentialAction":[{"@type":"ReadAction","target":["https:\/\/www.electrosuisse.ch\/it\/engineering\/decarbonizzazione\/"]}]},{"@type":"BreadcrumbList","@id":"https:\/\/www.electrosuisse.ch\/it\/engineering\/decarbonizzazione\/#breadcrumb","itemListElement":[{"@type":"ListItem","position":1,"name":"Engineering","item":"https:\/\/www.electrosuisse.ch\/it\/engineering\/"},{"@type":"ListItem","position":2,"name":"Decarbonizzazione"}]},{"@type":"WebSite","@id":"https:\/\/www.electrosuisse.ch\/it\/#website","url":"https:\/\/www.electrosuisse.ch\/it\/","name":"Electrosuisse","description":"","publisher":{"@id":"https:\/\/www.electrosuisse.ch\/it\/#organization"},"potentialAction":[{"@type":"SearchAction","target":{"@type":"EntryPoint","urlTemplate":"https:\/\/www.electrosuisse.ch\/it\/?s={search_term_string}"},"query-input":{"@type":"PropertyValueSpecification","valueRequired":true,"valueName":"search_term_string"}}],"inLanguage":"it-IT"},{"@type":"Organization","@id":"https:\/\/www.electrosuisse.ch\/it\/#organization","name":"Electrosuisse","url":"https:\/\/www.electrosuisse.ch\/it\/","logo":{"@type":"ImageObject","inLanguage":"it-IT","@id":"https:\/\/www.electrosuisse.ch\/it\/#\/schema\/logo\/image\/","url":"https:\/\/www.electrosuisse.ch\/wp-content\/uploads\/2025\/04\/Electrosuisse_Logo_696x696.png","contentUrl":"https:\/\/www.electrosuisse.ch\/wp-content\/uploads\/2025\/04\/Electrosuisse_Logo_696x696.png","width":696,"height":696,"caption":"Electrosuisse"},"image":{"@id":"https:\/\/www.electrosuisse.ch\/it\/#\/schema\/logo\/image\/"},"sameAs":["https:\/\/www.linkedin.com\/company\/electrosuisse-ag\/posts\/?feedView=all","https:\/\/www.instagram.com\/electrosuisse1889\/","https:\/\/www.youtube.com\/channel\/UCoOxohMiVE0Gjcdis1L09zw"],"description":"Electrosuisse ist eine anerkannte und unabh\u00e4ngige Fachorganisation, die erstklassige Dienstleistungen und Produkte in den Bereichen Inspektion, Beratung, Pr\u00fcfung, Zertifizierung, Normung und Weiterbildung anbietet. Unsere Expertise umfasst Elektrotechnik, Elektromobilit\u00e4t, Energieberatung, Geb\u00e4udeautomation und Photovoltaik in der Schweiz. Durch die Veranstaltung etablierter Branchen-Events und Fachtagungen f\u00f6rdert Electrosuisse den Wissenstransfer und den fachlichen Austausch. Im Mittelpunkt unserer T\u00e4tigkeiten steht die F\u00f6rderung der sicheren, wirtschaftlichen und umweltgerechten Anwendung der Elektrotechnik."}]}},"amp_enabled":true,"_links":{"self":[{"href":"https:\/\/www.electrosuisse.ch\/it\/wp-json\/wp\/v2\/pages\/32518","targetHints":{"allow":["GET"]}}],"collection":[{"href":"https:\/\/www.electrosuisse.ch\/it\/wp-json\/wp\/v2\/pages"}],"about":[{"href":"https:\/\/www.electrosuisse.ch\/it\/wp-json\/wp\/v2\/types\/page"}],"author":[{"embeddable":true,"href":"https:\/\/www.electrosuisse.ch\/it\/wp-json\/wp\/v2\/users\/28"}],"replies":[{"embeddable":true,"href":"https:\/\/www.electrosuisse.ch\/it\/wp-json\/wp\/v2\/comments?post=32518"}],"version-history":[{"count":10,"href":"https:\/\/www.electrosuisse.ch\/it\/wp-json\/wp\/v2\/pages\/32518\/revisions"}],"predecessor-version":[{"id":39935,"href":"https:\/\/www.electrosuisse.ch\/it\/wp-json\/wp\/v2\/pages\/32518\/revisions\/39935"}],"up":[{"embeddable":true,"href":"https:\/\/www.electrosuisse.ch\/it\/wp-json\/wp\/v2\/pages\/4118"}],"wp:attachment":[{"href":"https:\/\/www.electrosuisse.ch\/it\/wp-json\/wp\/v2\/media?parent=32518"}],"curies":[{"name":"wp","href":"https:\/\/api.w.org\/{rel}","templated":true}]}}