{"id":36901,"date":"2024-11-13T12:52:16","date_gmt":"2024-11-13T11:52:16","guid":{"rendered":"https:\/\/www.electrosuisse.ch\/?post_type=tagung&#038;p=36901"},"modified":"2026-03-23T08:47:00","modified_gmt":"2026-03-23T07:47:00","slug":"forum-romand-de-lenergie-2025","status":"publish","type":"tagung","link":"https:\/\/www.electrosuisse.ch\/fr\/manifestations\/forum-romand-de-lenergie-2025\/","title":{"rendered":"Forum Romand de l\u2019\u00c9nergie 2026"},"content":{"rendered":"<div class=\"wpb-content-wrapper\"><p>[vc_row][vc_column][vc_column_text css=&#8221;&#8221;]Pour plus d&#8217;informations sur l&#8217;\u00e9v\u00e9nement, voir[\/vc_column_text]<div class=\"wpb_button_column wpb_content_element wpb_content_element--left\"><div class=\"wpb_wrapper\"><div class=\"button button--normal\"><a href=\"https:\/\/forum-romand-energie.ch\/\" target=\"_blank\" >Site web de l'\u00e9v\u00e9nement<\/a><\/div><\/div><\/div>[\/vc_column][\/vc_row][vc_row disable_element=&#8221;yes&#8221; el_id=&#8221;top&#8221;][vc_column][vc_row_inner][vc_column_inner width=&#8221;1\/2&#8243;][vc_column_text]<\/p>\n<h3>Billet journalier \u00c9clairage &amp; Domotique<\/h3>\n<p><strong>Membres Electrosuisse, ABTIE, ARSEE, GNI, SLG<\/strong><br \/>\nCHF 332.00 (au lieu de 415.00)<\/p>\n<p><strong>Non-membres<\/strong><br \/>\nCHF 392.00 (au lieu de 490.00)<\/p>\n<p>Achetez un billet \u00ab early bird \u00bb jusqu\u2019au 08.05.2024 et <strong>\u00e9conomisez\u00a020%<\/strong> sur le prix d\u2019entr\u00e9e ![\/vc_column_text][\/vc_column_inner][vc_column_inner width=&#8221;1\/2&#8243;]<div class=\"wpb_cta_column wpb_content_element\"><div class=\"wpb_wrapper\"><div class=\"cta cta--two_rows cta--big cta--green cta--different\"><div class=\"cta__content cta__content--small\"><div class=\"cta__label\"><p>prix \u00ab early bird \u00bb<span>valable jusqu\u2019au 08.05.2024<\/span><\/p><\/div><\/div><\/div><\/div><\/div>[\/vc_column_inner][\/vc_row_inner][\/vc_column][\/vc_row][vc_row disable_element=&#8221;yes&#8221;][vc_column][vc_column_text]Le Forum Romand de l\u2019\u00c9clairage et de la Domotique FRED r\u00e9unit les secteurs de plus en plus li\u00e9s de l\u2019\u00e9clairage et de la domotique. Il met l\u2019accent sur les activit\u00e9s r\u00e9centes, les innovations et les projets pionniers r\u00e9alis\u00e9s en Romandie.<\/p>\n<p>La partie \u00c9CLAIRAGE abordera de nombreux aspects : l\u2019innovation technologique, le d\u00e9veloppement de produits et de solutions, la recherche, la conception, la planification et l\u2019installation d\u2019infrastructures ainsi que leur contr\u00f4le, sans oublier les recherches en mati\u00e8re d\u2019\u00e9clairage centr\u00e9 sur l\u2019\u00eatre humain (human centric lighting) et les avantages \u00e0 en tirer en termes de productivit\u00e9 et de bien-\u00eatre.<\/p>\n<p>La partie DOMOTIQUE s\u2019articule autour des quatre motivations fondamentales encourageant la r\u00e9alisation de b\u00e2timents de plus en plus intelligents : le confort (lumi\u00e8re agr\u00e9able, processus de contr\u00f4le tels que l\u2019automatisation des stores, etc.), la sant\u00e9 (temp\u00e9rature, a\u00e9ration, mesure des polluants), la s\u00e9curit\u00e9 (protection contre le cambriolage ou l\u2019incendie, alarmes li\u00e9es aux param\u00e8tres vitaux pour prolonger l\u2019autonomie des personnes \u00e2g\u00e9es), ou encore l\u2019efficacit\u00e9 \u00e9nerg\u00e9tique (coordination de la production photovolta\u00efque avec les consommations locales contr\u00f4lables telles que celles des pompes \u00e0 chaleur, des recharges des v\u00e9hicules \u00e9lectriques, du lave-linge, etc.).[\/vc_column_text][\/vc_column][\/vc_row][vc_row disable_element=&#8221;yes&#8221;][vc_column][vc_column_text]<\/p>\n<h3>Billet journalier \u00c9clairage &amp; Domotique<\/h3>\n<p><strong>Membres Electrosuisse, ABTIE, ARSEE, GNI, SLG<\/strong><br \/>\nCHF 380.00<\/p>\n<p><strong>Non-membres<\/strong><br \/>\nCHF 450.00[\/vc_column_text][vc_column_text]<\/p>\n<h3>Billet demi-journ\u00e9e<\/h3>\n<p><strong>\u00c9clairage<\/strong> (08h30-13h00, repas de midi compris) <strong>ou<br \/>\nDomotique<\/strong> (14h00-18h30, ap\u00e9ro riche compris)<\/p>\n<p><strong>Membres Electrosuisse, ABTIE, ARSEE, GNI, SLG<\/strong><br \/>\nCHF 225.00<\/p>\n<p><strong>Non-membres<\/strong><br \/>\nCHF 265.00[\/vc_column_text][\/vc_column][\/vc_row][vc_row disable_element=&#8221;yes&#8221; el_id=&#8221;programm&#8221;][vc_column][vc_column_text]<\/p>\n<h3>Programme<\/h3>\n<p>Le programme sera disponible au mois de janvier 2024.[\/vc_column_text][\/vc_column][\/vc_row][vc_row disable_element=&#8221;yes&#8221; el_id=&#8221;zgruppe&#8221;][vc_column][vc_column_text]<\/p>\n<h3>Public cible<\/h3>\n<p>Experts et d\u00e9cideurs des secteurs :<\/p>\n<ul>\n<li>Exploitants d\u2019infrastructures d\u2019\u00e9clairage, services communaux et municipaux<\/li>\n<li>Fabricants, fournisseurs et prestataires de services dans le domaine de l\u2019\u00e9clairage et de la domotique<\/li>\n<li>Planificateurs et concepteurs d\u2019\u00e9clairages int\u00e9rieur et ext\u00e9rieur<\/li>\n<li>Planificateurs et installateurs-\u00e9lectriciens<\/li>\n<li>Ing\u00e9nieurs, architectes et ma\u00eetres d\u2019ouvrage<\/li>\n<li>Repr\u00e9sentants de la Conf\u00e9d\u00e9ration, des cantons et des communes<\/li>\n<li>Repr\u00e9sentants d\u2019associations, de la recherche et d\u2019organisations<\/li>\n<\/ul>\n<p>[\/vc_column_text][\/vc_column][\/vc_row][vc_row disable_element=&#8221;yes&#8221; el_id=&#8221;aussteller&#8221;][vc_column][vc_column_text]<\/p>\n<h2>Partenaires<\/h2>\n<h3>Partenaires Or<\/h3>\n<p>[\/vc_column_text]<div class=\"wpb_logo_boxes_new_column wpb_content_element\"><div class=\"wpb_wrapper\"><div class=\"row\"><div class=\"logo_box_new col-lg-3 col-sm-4 col-xs-6\"><div class=\"logo_box_new__content\"><div class=\"logo_box_new__content__logo\"><img decoding=\"async\" src=\"https:\/\/www.electrosuisse.ch\/wp-content\/uploads\/2022\/02\/Zumtobel_180x80.png\" alt=\"Zumtobel\" \/><a href=\"https:\/\/www.zumtobel.com\/ch-fr\/index.html\" class=\"full\" target=\"_blank\">Website Zumtobel<\/a><\/div><\/div><\/div><\/div><\/div><\/div>[vc_column_text]<\/p>\n<h3>Partenaires Argent<\/h3>\n<p>[\/vc_column_text]<div class=\"wpb_logo_boxes_new_column wpb_content_element\"><div class=\"wpb_wrapper\"><div class=\"row\"><div class=\"logo_box_new col-lg-3 col-sm-4 col-xs-6\"><div class=\"logo_box_new__content\"><div class=\"logo_box_new__content__logo\"><img decoding=\"async\" src=\"https:\/\/www.electrosuisse.ch\/wp-content\/uploads\/2022\/02\/Burri_180x180.png\" alt=\"Burri\" \/><a href=\"https:\/\/www.burri.world\/fr?gclid=Cj0KCQiA6fafBhC1ARIsAIJjL8n6hPSqRI2zsBRw2PZyjbmkUfruikia5FkIIWZpfJCEUvNrJlcjpR4aAsGbEALw_wcB\" class=\"full\" target=\"_blank\">Website Burri<\/a><\/div><\/div><\/div><div class=\"logo_box_new col-lg-3 col-sm-4 col-xs-6\"><div class=\"logo_box_new__content\"><div class=\"logo_box_new__content__logo\"><img decoding=\"async\" src=\"https:\/\/www.electrosuisse.ch\/wp-content\/uploads\/2022\/12\/feller-Logo_180_100.png\" alt=\"Feller\" \/><a href=\"https:\/\/www.feller.ch\/?sc_lang=fr\" class=\"full\" target=\"_blank\">Website Feller<\/a><\/div><\/div><\/div><div class=\"logo_box_new col-lg-3 col-sm-4 col-xs-6\"><div class=\"logo_box_new__content\"><div class=\"logo_box_new__content__logo\"><img decoding=\"async\" src=\"https:\/\/www.electrosuisse.ch\/wp-content\/uploads\/2022\/02\/Hager_180x80-2.jpg\" alt=\"Hager\" \/><a href=\"https:\/\/hager.com\/fr-ch\" class=\"full\" target=\"_blank\">Website Hager<\/a><\/div><\/div><\/div><div class=\"logo_box_new col-lg-3 col-sm-4 col-xs-6\"><div class=\"logo_box_new__content\"><div class=\"logo_box_new__content__logo\"><img decoding=\"async\" src=\"https:\/\/www.electrosuisse.ch\/wp-content\/uploads\/2023\/05\/Honeywell_180x80.jpg\" alt=\"Honeywell\" \/><a href=\"https:\/\/www.honeywell.com\/ch\/fr\" class=\"full\" target=\"_blank\">Website Honeywell<\/a><\/div><\/div><\/div><div class=\"logo_box_new col-lg-3 col-sm-4 col-xs-6\"><div class=\"logo_box_new__content\"><div class=\"logo_box_new__content__logo\"><img decoding=\"async\" src=\"https:\/\/www.electrosuisse.ch\/wp-content\/uploads\/2022\/09\/Inotec-fr-mit-claim-180x80-1.jpg\" alt=\"Inotec\" \/><a href=\"https:\/\/www.inotec-licht.ch\/fr\" class=\"full\" target=\"_blank\">Website Inotec<\/a><\/div><\/div><\/div><div class=\"logo_box_new col-lg-3 col-sm-4 col-xs-6\"><div class=\"logo_box_new__content\"><div class=\"logo_box_new__content__logo\"><img decoding=\"async\" src=\"https:\/\/www.electrosuisse.ch\/wp-content\/uploads\/2022\/02\/Novaccess_180x80.jpg\" alt=\"novaccess\" \/><a href=\"https:\/\/www.novaccess.ch\/\" class=\"full\" target=\"_blank\">Website novaccess<\/a><\/div><\/div><\/div><div class=\"logo_box_new col-lg-3 col-sm-4 col-xs-6\"><div class=\"logo_box_new__content\"><div class=\"logo_box_new__content__logo\"><img decoding=\"async\" src=\"https:\/\/www.electrosuisse.ch\/wp-content\/uploads\/2022\/02\/Schreder_180x80.jpg\" alt=\"Schreder\" \/><a href=\"https:\/\/ch.schreder.com\/fr\" class=\"full\" target=\"_blank\">Website Schreder<\/a><\/div><\/div><\/div><div class=\"logo_box_new col-lg-3 col-sm-4 col-xs-6\"><div class=\"logo_box_new__content\"><div class=\"logo_box_new__content__logo\"><img decoding=\"async\" src=\"https:\/\/www.electrosuisse.ch\/wp-content\/uploads\/2023\/05\/Sonepar-logo-180x80-1.jpg\" alt=\"Sonepar\" \/><a href=\"https:\/\/www.sonepar.ch\/fr\" class=\"full\" target=\"_blank\">Website Sonepar<\/a><\/div><\/div><\/div><div class=\"logo_box_new col-lg-3 col-sm-4 col-xs-6\"><div class=\"logo_box_new__content\"><div class=\"logo_box_new__content__logo\"><img decoding=\"async\" src=\"https:\/\/www.electrosuisse.ch\/wp-content\/uploads\/2023\/03\/ZidaTech-FR_180x80.jpg\" alt=\"Zidatech\" \/><a href=\"https:\/\/www.zidatech.ch\/fr\/\" class=\"full\" target=\"_blank\">Website Zidatech<\/a><\/div><\/div><\/div><\/div><\/div><\/div>[vc_column_text]<\/p>\n<h3>Partenaires Bronze<\/h3>\n<p>[\/vc_column_text]<div class=\"wpb_logo_boxes_new_column wpb_content_element\"><div class=\"wpb_wrapper\"><div class=\"row\"><div class=\"logo_box_new col-lg-3 col-sm-4 col-xs-6\"><div class=\"logo_box_new__content\"><div class=\"logo_box_new__content__logo\"><img decoding=\"async\" src=\"https:\/\/www.electrosuisse.ch\/wp-content\/uploads\/2022\/02\/Erco_180x180.png\" alt=\"erco\" \/><a href=\"https:\/\/www.erco.com\/fr\/\" class=\"full\" target=\"_blank\">Website erco<\/a><\/div><\/div><\/div><div class=\"logo_box_new col-lg-3 col-sm-4 col-xs-6\"><div class=\"logo_box_new__content\"><div class=\"logo_box_new__content__logo\"><img decoding=\"async\" src=\"https:\/\/www.electrosuisse.ch\/wp-content\/uploads\/2022\/08\/Finder_180x80.png\" alt=\"Finder\" \/><a href=\"https:\/\/www.findernet.com\/de\/schweiz\/\" class=\"full\" target=\"_blank\">Website Finder<\/a><\/div><\/div><\/div><div class=\"logo_box_new col-lg-3 col-sm-4 col-xs-6\"><div class=\"logo_box_new__content\"><div class=\"logo_box_new__content__logo\"><img decoding=\"async\" src=\"https:\/\/www.electrosuisse.ch\/wp-content\/uploads\/2022\/02\/Siemens_180x80.jpg\" alt=\"Siemens\" \/><a href=\"https:\/\/www.siemens.com\/ch\/fr.html\" class=\"full\" target=\"_blank\">Website Siemens<\/a><\/div><\/div><\/div><div class=\"logo_box_new col-lg-3 col-sm-4 col-xs-6\"><div class=\"logo_box_new__content\"><div class=\"logo_box_new__content__logo\"><img decoding=\"async\" src=\"https:\/\/www.electrosuisse.ch\/wp-content\/uploads\/2022\/02\/Signify_180x80.jpg\" alt=\"Signify\" \/><a href=\"https:\/\/www.signify.com\/fr-ch\" class=\"full\" target=\"_blank\">Website Signify<\/a><\/div><\/div><\/div><div class=\"logo_box_new col-lg-3 col-sm-4 col-xs-6\"><div class=\"logo_box_new__content\"><div class=\"logo_box_new__content__logo\"><img decoding=\"async\" src=\"https:\/\/www.electrosuisse.ch\/wp-content\/uploads\/2022\/02\/theben_180x80.jpg\" alt=\"Theben\" \/><a href=\"https:\/\/www.theben-hts.ch\/home-ch-fr\/\" class=\"full\" target=\"_blank\">Website Theben<\/a><\/div><\/div><\/div><div class=\"logo_box_new col-lg-3 col-sm-4 col-xs-6\"><div class=\"logo_box_new__content\"><div class=\"logo_box_new__content__logo\"><img decoding=\"async\" src=\"https:\/\/www.electrosuisse.ch\/wp-content\/uploads\/2022\/03\/WAGO-180x80-neu.jpg\" alt=\"Wago\" \/><a href=\"https:\/\/www.wago.com\/ch-fr\/lp-wago-home-automation\" class=\"full\" target=\"_blank\">Website Wago<\/a><\/div><\/div><\/div><\/div><\/div><\/div>[vc_column_text]<\/p>\n<h3>Partenaires associatifs<\/h3>\n<p>[\/vc_column_text]<div class=\"wpb_logo_boxes_new_column wpb_content_element\"><div class=\"wpb_wrapper\"><div class=\"row\"><div class=\"logo_box_new col-lg-3 col-sm-4 col-xs-6\"><div class=\"logo_box_new__content\"><div class=\"logo_box_new__content__logo\"><img decoding=\"async\" src=\"https:\/\/www.electrosuisse.ch\/wp-content\/uploads\/2022\/02\/Abtie_180x180.png\" alt=\"ABTIE\" \/><a href=\"https:\/\/abtie.ch\/\" class=\"full\" target=\"_blank\">Website ABTIE<\/a><\/div><\/div><\/div><div class=\"logo_box_new col-lg-3 col-sm-4 col-xs-6\"><div class=\"logo_box_new__content\"><div class=\"logo_box_new__content__logo\"><img decoding=\"async\" src=\"https:\/\/www.electrosuisse.ch\/wp-content\/uploads\/2022\/02\/Arsee_180x180.png\" alt=\"Arsee\" \/><a href=\"https:\/\/www.arsee.ch\/\" class=\"full\" target=\"_blank\">Website Arsee<\/a><\/div><\/div><\/div><div class=\"logo_box_new col-lg-3 col-sm-4 col-xs-6\"><div class=\"logo_box_new__content\"><div class=\"logo_box_new__content__logo\"><img decoding=\"async\" src=\"https:\/\/www.electrosuisse.ch\/wp-content\/uploads\/2023\/02\/CH-Gemeinden_180x80.jpg\" alt=\"CH-Gemeinden\" \/><a href=\"https:\/\/www.chgemeinden.ch\/fr\/\" class=\"full\" target=\"_blank\">Website CH-Gemeinden<\/a><\/div><\/div><\/div><div class=\"logo_box_new col-lg-3 col-sm-4 col-xs-6\"><div class=\"logo_box_new__content\"><div class=\"logo_box_new__content__logo\"><img decoding=\"async\" src=\"https:\/\/www.electrosuisse.ch\/wp-content\/uploads\/2022\/02\/GNI_180x80.jpg\" alt=\"GNI\" \/><a href=\"https:\/\/www.g-n-i.ch\/fr\/\" class=\"full\" target=\"_blank\">Website GNI<\/a><\/div><\/div><\/div><div class=\"logo_box_new col-lg-3 col-sm-4 col-xs-6\"><div class=\"logo_box_new__content\"><div class=\"logo_box_new__content__logo\"><img decoding=\"async\" src=\"https:\/\/www.electrosuisse.ch\/wp-content\/uploads\/2022\/02\/SLG_180x180.png\" alt=\"SLG\" \/><a href=\"https:\/\/slg.ch\/fr\/\" class=\"full\" target=\"_blank\">Website SLG<\/a><\/div><\/div><\/div><\/div><\/div><\/div>[\/vc_column][\/vc_row][vc_row disable_element=&#8221;yes&#8221; el_id=&#8221;aussteller&#8221;][vc_column][vc_column_text]<\/p>\n<h3>Participez au forum FRED avec votre entreprise\u00a0!<\/h3>\n<p>Aimeriez-vous devenir partenaire du Forum Romand de l\u2019\u00c9clairage et de la Domotique FRED 2024 ?[\/vc_column_text]<div class=\"wpb_document_column wpb_content_element\"><div class=\"wpb_wrapper\"><div class=\"document document--pdf\"><a href=\"https:\/\/www.electrosuisse.ch\/wp-content\/uploads\/2023\/12\/Partnerbroschuere_FRED_2024_V5.pdf\" target=\"_blank\" rel=\"noopener\">FRED Brochure de partenariat<\/a><\/div><\/div><\/div>[\/vc_column][\/vc_row][vc_row disable_element=&#8221;yes&#8221; el_id=&#8221;kontakt&#8221;][vc_column][vc_column_text]<\/p>\n<h2>Contact<\/h2>\n<p>[\/vc_column_text]<div class=\"wpb_contact_column wpb_content_element wpb_contact_column--container\"><div class=\"wpb_wrapper\"><div class=\"contact_container_outer\"><div class=\"contact_container\"><div class=\"contact row middle-xs\"><div class=\"contact__img col-sm-5 col-xs-12\"><img decoding=\"async\" src=\"https:\/\/www.electrosuisse.ch\/wp-content\/uploads\/2023\/10\/CaroleVilliger_300x300.jpg\" alt=\"Carole Villiger - Responsable de projet\" \/><\/div><div class=\"contact__info col-sm-7 col-xs-12\"><p><b>Carole Villiger<\/b><br>Responsable de projet<\/p><div class=\"phone has-link\"><a href=\"tel:+41585951260\">+41 58 595 12 60<\/a><\/div><div class=\"mail has-link\"><a href=\"mailto:&#x63;&#97;r&#x6f;&#108;&#101;&#x2e;&#x76;&#105;l&#x6c;&#105;g&#x65;&#x72;&#64;e&#x6c;&#101;c&#x74;&#x72;&#111;s&#x75;&#105;s&#x73;&#x65;&#46;c&#x68;\">carole.villiger@<br>electrosuisse.ch<\/a><\/div><\/div><\/div><\/div><\/div><div class=\"contact_container_outer\"><div class=\"contact_container\"><div class=\"contact row middle-xs\"><div class=\"contact__img col-sm-5 col-xs-12\"><img decoding=\"async\" src=\"https:\/\/www.electrosuisse.ch\/wp-content\/uploads\/2020\/07\/NatalieEstermann_320x320.jpg\" alt=\"Natalie Estermann - Responsable sponsoring\" \/><\/div><div class=\"contact__info col-sm-7 col-xs-12\"><p><b>Natalie Estermann<\/b><br>Responsable sponsoring<\/p><div class=\"phone has-link\"><a href=\"tel:+41585951254\">+41 58 595 12 54<\/a><\/div><div class=\"mail has-link\"><a href=\"mailto:natalie&#46;este&#114;&#109;&#97;&#110;&#110;&#64;&#101;&#108;&#101;&#99;&#116;&#114;&#111;&#115;&#117;&#x69;&#x73;&#x73;&#x65;&#x2e;&#x63;&#x68;\">natalie.estermann@<br>electrosuisse.ch<\/a><\/div><\/div><\/div><\/div><\/div><div class=\"contact_container_outer\"><div class=\"contact_container\"><div class=\"contact row middle-xs\"><div class=\"contact__img col-sm-5 col-xs-12\"><img decoding=\"async\" src=\"https:\/\/www.electrosuisse.ch\/wp-content\/uploads\/2020\/03\/MirjamTschopp.jpg\" alt=\"Mirjam Tschopp - Administration\" \/><\/div><div class=\"contact__info col-sm-7 col-xs-12\"><p><b>Mirjam Tschopp<\/b><br>Administration<\/p><div class=\"phone has-link\"><a href=\"tel:+41585951529\">+41 58 595 15 29<\/a><\/div><div class=\"mail has-link\"><a href=\"mailto:&#x74;&#97;&#103;u&#x6e;&#x67;&#101;n&#x40;&#x65;&#108;e&#x63;&#x74;&#114;o&#x73;&#x75;&#105;s&#x73;&#x65;&#46;c&#x68;\">tagungen&#64;&#101;&#108;&#101;&#99;&#116;&#114;&#111;&#115;&#117;&#x69;&#x73;&#x73;&#x65;&#x2e;&#x63;&#x68;<\/a><\/div><\/div><\/div><\/div><\/div><\/div><\/div>[\/vc_column][\/vc_row][vc_row disable_element=&#8221;yes&#8221;][vc_column][vc_column_text]<\/p>\n<h2>Plus d&#8217;informations sur le forum FRED<\/h2>\n<p>Le Forum Romand de l\u2019\u00c9clairage et de la Domotique FRED r\u00e9unit les secteurs de plus en plus li\u00e9s de l\u2019\u00e9clairage et de la domotique. Il met l\u2019accent sur les activit\u00e9s r\u00e9centes, les innovations et les projets pionniers r\u00e9alis\u00e9s en Romandie.<\/p>\n<p>La partie \u00c9CLAIRAGE abordera de nombreux aspects : l\u2019innovation technologique, le d\u00e9veloppement de produits et de solutions, la recherche, la conception, la planification et l\u2019installation d\u2019infrastructures ainsi que leur contr\u00f4le, sans oublier les recherches en mati\u00e8re d\u2019\u00e9clairage centr\u00e9 sur l\u2019\u00eatre humain (human centric lighting) et les avantages \u00e0 en tirer en termes de productivit\u00e9 et de bien-\u00eatre.<\/p>\n<p>La partie DOMOTIQUE s\u2019articule autour des quatre motivations fondamentales encourageant la r\u00e9alisation de b\u00e2timents de plus en plus intelligents : le confort (lumi\u00e8re agr\u00e9able, processus de contr\u00f4le tels que l\u2019automatisation des stores, etc.), la sant\u00e9 (temp\u00e9rature, a\u00e9ration, mesure des polluants), la s\u00e9curit\u00e9 (protection contre le cambriolage ou l\u2019incendie, alarmes li\u00e9es aux param\u00e8tres vitaux pour prolonger l\u2019autonomie des personnes \u00e2g\u00e9es), ou encore l\u2019efficacit\u00e9 \u00e9nerg\u00e9tique (coordination de la production photovolta\u00efque et des charges locales flexibles telles que les consommations des pompes \u00e0 chaleur, de la recharge des v\u00e9hicules \u00e9lectriques, des lave-linge, etc.).[\/vc_column_text][\/vc_column][\/vc_row][vc_row disable_element=&#8221;yes&#8221; el_id=&#8221;rblick&#8221;][vc_column][vc_column_text]<\/p>\n<h3>R\u00e9trospective<\/h3>\n<p>[\/vc_column_text][vc_row_inner][vc_column_inner width=&#8221;1\/2&#8243;]<div class=\"wpb_image_column wpb_content_element\"><div class=\"wpb_wrapper\"><div class=\"picture_container\"><picture><source media=\"(min-width: 769px)\" srcset=\"https:\/\/www.electrosuisse.ch\/wp-content\/uploads\/2022\/11\/retour-forum-fred-2022l.jpg\"><source media=\"(min-width: 415px)\" srcset=\"https:\/\/www.electrosuisse.ch\/wp-content\/uploads\/2022\/11\/retour-forum-fred-2022l-768x542.jpg\"><source media=\"(max-width: 414px)\" srcset=\"https:\/\/www.electrosuisse.ch\/wp-content\/uploads\/2022\/11\/retour-forum-fred-2022l-414x292.jpg 1x, https:\/\/www.electrosuisse.ch\/wp-content\/uploads\/2022\/11\/retour-forum-fred-2022l-768x542.jpg 2x\"><img decoding=\"async\" src=\"https:\/\/www.electrosuisse.ch\/wp-content\/uploads\/2022\/11\/retour-forum-fred-2022l.jpg\" alt=\"Retour sur le forum FRED 2022\" \/><\/picture><\/div><\/div><\/div>[\/vc_column_inner][vc_column_inner width=&#8221;1\/2&#8243;][vc_column_text el_class=&#8221;lead&#8221;]<\/p>\n<h4>Retour sur le forum FRED 2022<\/h4>\n<div class=\"ce_text show-as-lead block\">\n<p>Mardi 24\u00a0mai\u00a02022, Electrosuisse a invit\u00e9 le monde de l\u2019\u00e9clairage et de la domotique \u00e0 participer au Forum Romand de l\u2019Eclairage et de la Domotique\u00a0(FRED) au Swiss Tech Convention Center \u00e0 Ecublens, sur le site du campus de l\u2019EPFL. Outre les aspects transversaux abord\u00e9s tels que la Strat\u00e9gie \u00e9nerg\u00e9tique\u00a02050 et les normes, la pollution lumineuse et les \u00e9conomies d&#8217;\u00e9nergie ont constitu\u00e9 les th\u00e8mes-cl\u00e9s de cette conf\u00e9rence qui s&#8217;adressait principalement aux ing\u00e9nieurs, aux planificateurs et aux installateurs-\u00e9lectriciens. Les 23\u00a0stands ont, de plus, permis aux personnes int\u00e9ress\u00e9es, venues en nombre, de se faire une id\u00e9e des syst\u00e8mes et produits existants et \u00e0 venir.<\/p>\n<p><a href=\"https:\/\/che01.safelinks.protection.outlook.com\/?url=https%3A%2F%2Fwww.bulletin.ch%2Ffr%2Fnews-detail%2Fse-rapprocher-de-lobjectif-climatique.html&amp;data=05%7C01%7Cnatalie.estermann%40electrosuisse.ch%7C5fecfbbbe4144eb6d9ef08dad1fe59c5%7C4c4e33aa30ed43b69588a7157b974a7c%7C0%7C0%7C638053187598125397%7CUnknown%7CTWFpbGZsb3d8eyJWIjoiMC4wLjAwMDAiLCJQIjoiV2luMzIiLCJBTiI6Ik1haWwiLCJXVCI6Mn0%3D%7C3000%7C%7C%7C&amp;sdata=uuLe2hoz8XgfCb6KYgywwUxXoeZckuW%2BjIftmGo9iYY%3D&amp;reserved=0\" target=\"_blank\" rel=\"noopener\">Lisez l&#8217;article sur bulletin.ch<\/a><\/p>\n<\/div>\n<div class=\"ce_text show-as-lead block\"><\/div>\n<p>[\/vc_column_text][\/vc_column_inner][\/vc_row_inner]<div class=\"wpb_gap_column wpb_content_element\"><div class=\"wpb_wrapper\"><div class=\"gap gap--medium\"><\/div><\/div><\/div>[vc_row_inner][vc_column_inner width=&#8221;1\/2&#8243;][vc_column_text el_class=&#8221;lead&#8221;]<\/p>\n<h4>Retour sur le forum FRED du 24.6.21<\/h4>\n<div class=\"ce_text show-as-lead block\">\n<p>Le 24\u00a0juin dernier, les sp\u00e9cialistes des secteurs de l\u2019\u00e9clairage et de la domotique se sont donn\u00e9 rendez-vous en ligne \u00e0 l\u2019occasion du forum FRED\u00a02021. L\u2019occasion pour eux d\u2019\u00e9toffer leurs connaissances des multiples facettes de ces deux\u00a0secteurs de plus en plus imbriqu\u00e9s.<\/p>\n<p><a href=\"https:\/\/www.bulletin.ch\/fr\/news-detail\/retour-sur-le-forum-fred-2021.html\" target=\"_blank\" rel=\"noopener\">Lisez l&#8217;article sur bulletin.ch<\/a><br \/>\n<a href=\"https:\/\/www.electrosuisse.ch\/de\/download\/fred-2021-programm\/\">Programme FRED 2021 (PDF)<\/a><\/p>\n<\/div>\n<p>[\/vc_column_text][\/vc_column_inner][vc_column_inner width=&#8221;1\/2&#8243;]<div class=\"wpb_image_column wpb_content_element\"><div class=\"wpb_wrapper\"><div class=\"picture_container\"><picture><source media=\"(min-width: 769px)\" srcset=\"https:\/\/www.electrosuisse.ch\/wp-content\/uploads\/2021\/07\/FRED.png\"><source media=\"(min-width: 415px)\" srcset=\"https:\/\/www.electrosuisse.ch\/wp-content\/uploads\/2021\/07\/FRED-768x542.png\"><source media=\"(max-width: 414px)\" srcset=\"https:\/\/www.electrosuisse.ch\/wp-content\/uploads\/2021\/07\/FRED-414x292.png 1x, https:\/\/www.electrosuisse.ch\/wp-content\/uploads\/2021\/07\/FRED-768x542.png 2x\"><img decoding=\"async\" src=\"https:\/\/www.electrosuisse.ch\/wp-content\/uploads\/2021\/07\/FRED.png\" alt=\"FRED 2021 - en ligne\" \/><\/picture><\/div><\/div><\/div>[\/vc_column_inner][\/vc_row_inner][\/vc_column][\/vc_row]<\/p>\n<\/div>","protected":false},"template":"","class_list":["post-36901","tagung","type-tagung","status-publish","hentry"],"acf":[],"yoast_head":"<!-- This site is optimized with the Yoast SEO Premium plugin v26.4 (Yoast SEO v27.0) - https:\/\/yoast.com\/product\/yoast-seo-premium-wordpress\/ -->\n<title>Forum Romand de l\u2019\u00c9nergie 2026 - Electrosuisse<\/title>\n<meta name=\"description\" content=\"Le Forum Romand de l\u2019\u00c9clairage et de la Domotique FRED offre une synth\u00e8se des techniques d\u2019\u00e9clairage et de l\u2019automation du b\u00e2timent.\" \/>\n<meta name=\"robots\" content=\"index, follow, max-snippet:-1, max-image-preview:large, max-video-preview:-1\" \/>\n<link rel=\"canonical\" href=\"https:\/\/www.electrosuisse.ch\/fr\/manifestations\/forum-romand-de-lenergie-2025\/\" \/>\n<meta property=\"og:locale\" content=\"fr_FR\" \/>\n<meta property=\"og:type\" content=\"article\" \/>\n<meta property=\"og:title\" content=\"Forum Romand de l\u2019\u00c9nergie 2026 - Electrosuisse\" \/>\n<meta property=\"og:description\" content=\"Le Forum Romand de l\u2019\u00c9clairage et de la Domotique FRED offre une synth\u00e8se des techniques d\u2019\u00e9clairage et de l\u2019automation du b\u00e2timent.\" \/>\n<meta property=\"og:url\" content=\"https:\/\/www.electrosuisse.ch\/fr\/manifestations\/forum-romand-de-lenergie-2025\/\" \/>\n<meta property=\"og:site_name\" content=\"Electrosuisse\" \/>\n<meta property=\"article:modified_time\" content=\"2026-03-23T07:47:00+00:00\" \/>\n<meta property=\"og:image\" content=\"https:\/\/www.electrosuisse.ch\/wp-content\/uploads\/2024\/02\/Key-visual-romandenergie_1660x470.png\" \/>\n\t<meta property=\"og:image:width\" content=\"1578\" \/>\n\t<meta property=\"og:image:height\" content=\"650\" \/>\n\t<meta property=\"og:image:type\" content=\"image\/jpeg\" \/>\n<script type=\"application\/ld+json\" class=\"yoast-schema-graph\">{\"@context\":\"https:\/\/schema.org\",\"@graph\":[{\"@type\":\"WebPage\",\"@id\":\"https:\/\/www.electrosuisse.ch\/fr\/manifestations\/forum-romand-de-lenergie-2025\/\",\"url\":\"https:\/\/www.electrosuisse.ch\/fr\/manifestations\/forum-romand-de-lenergie-2025\/\",\"name\":\"Forum Romand de l\u2019\u00c9nergie 2026 - Electrosuisse\",\"isPartOf\":{\"@id\":\"https:\/\/www.electrosuisse.ch\/fr\/#website\"},\"datePublished\":\"2024-11-13T11:52:16+00:00\",\"dateModified\":\"2026-03-23T07:47:00+00:00\",\"description\":\"Le Forum Romand de l\u2019\u00c9clairage et de la Domotique FRED offre une synth\u00e8se des techniques d\u2019\u00e9clairage et de l\u2019automation du b\u00e2timent.\",\"inLanguage\":\"fr-FR\",\"potentialAction\":[{\"@type\":\"ReadAction\",\"target\":[\"https:\/\/www.electrosuisse.ch\/fr\/manifestations\/forum-romand-de-lenergie-2025\/\"]}]},{\"@type\":\"WebSite\",\"@id\":\"https:\/\/www.electrosuisse.ch\/fr\/#website\",\"url\":\"https:\/\/www.electrosuisse.ch\/fr\/\",\"name\":\"Electrosuisse\",\"description\":\"\",\"publisher\":{\"@id\":\"https:\/\/www.electrosuisse.ch\/fr\/#organization\"},\"potentialAction\":[{\"@type\":\"SearchAction\",\"target\":{\"@type\":\"EntryPoint\",\"urlTemplate\":\"https:\/\/www.electrosuisse.ch\/fr\/?s={search_term_string}\"},\"query-input\":{\"@type\":\"PropertyValueSpecification\",\"valueRequired\":true,\"valueName\":\"search_term_string\"}}],\"inLanguage\":\"fr-FR\"},{\"@type\":\"Organization\",\"@id\":\"https:\/\/www.electrosuisse.ch\/fr\/#organization\",\"name\":\"Electrosuisse\",\"url\":\"https:\/\/www.electrosuisse.ch\/fr\/\",\"logo\":{\"@type\":\"ImageObject\",\"inLanguage\":\"fr-FR\",\"@id\":\"https:\/\/www.electrosuisse.ch\/fr\/#\/schema\/logo\/image\/\",\"url\":\"https:\/\/www.electrosuisse.ch\/wp-content\/uploads\/2025\/04\/Electrosuisse_Logo_696x696.png\",\"contentUrl\":\"https:\/\/www.electrosuisse.ch\/wp-content\/uploads\/2025\/04\/Electrosuisse_Logo_696x696.png\",\"width\":696,\"height\":696,\"caption\":\"Electrosuisse\"},\"image\":{\"@id\":\"https:\/\/www.electrosuisse.ch\/fr\/#\/schema\/logo\/image\/\"},\"sameAs\":[\"https:\/\/www.linkedin.com\/company\/electrosuisse-ag\/posts\/?feedView=all\",\"https:\/\/www.instagram.com\/electrosuisse1889\/\",\"https:\/\/www.youtube.com\/channel\/UCoOxohMiVE0Gjcdis1L09zw\"],\"description\":\"Electrosuisse ist eine anerkannte und unabh\u00e4ngige Fachorganisation, die erstklassige Dienstleistungen und Produkte in den Bereichen Inspektion, Beratung, Pr\u00fcfung, Zertifizierung, Normung und Weiterbildung anbietet. Unsere Expertise umfasst Elektrotechnik, Elektromobilit\u00e4t, Energieberatung, Geb\u00e4udeautomation und Photovoltaik in der Schweiz. Durch die Veranstaltung etablierter Branchen-Events und Fachtagungen f\u00f6rdert Electrosuisse den Wissenstransfer und den fachlichen Austausch. Im Mittelpunkt unserer T\u00e4tigkeiten steht die F\u00f6rderung der sicheren, wirtschaftlichen und umweltgerechten Anwendung der Elektrotechnik.\"}]}<\/script>\n<!-- \/ Yoast SEO Premium plugin. -->","yoast_head_json":{"title":"Forum Romand de l\u2019\u00c9nergie 2026 - Electrosuisse","description":"Le Forum Romand de l\u2019\u00c9clairage et de la Domotique FRED offre une synth\u00e8se des techniques d\u2019\u00e9clairage et de l\u2019automation du b\u00e2timent.","robots":{"index":"index","follow":"follow","max-snippet":"max-snippet:-1","max-image-preview":"max-image-preview:large","max-video-preview":"max-video-preview:-1"},"canonical":"https:\/\/www.electrosuisse.ch\/fr\/manifestations\/forum-romand-de-lenergie-2025\/","og_locale":"fr_FR","og_type":"article","og_title":"Forum Romand de l\u2019\u00c9nergie 2026 - Electrosuisse","og_description":"Le Forum Romand de l\u2019\u00c9clairage et de la Domotique FRED offre une synth\u00e8se des techniques d\u2019\u00e9clairage et de l\u2019automation du b\u00e2timent.","og_url":"https:\/\/www.electrosuisse.ch\/fr\/manifestations\/forum-romand-de-lenergie-2025\/","og_site_name":"Electrosuisse","article_modified_time":"2026-03-23T07:47:00+00:00","og_image":[{"width":1578,"height":650,"url":"https:\/\/www.electrosuisse.ch\/wp-content\/uploads\/2024\/02\/Key-visual-romandenergie_1660x470.png","type":"image\/jpeg"}],"schema":{"@context":"https:\/\/schema.org","@graph":[{"@type":"WebPage","@id":"https:\/\/www.electrosuisse.ch\/fr\/manifestations\/forum-romand-de-lenergie-2025\/","url":"https:\/\/www.electrosuisse.ch\/fr\/manifestations\/forum-romand-de-lenergie-2025\/","name":"Forum Romand de l\u2019\u00c9nergie 2026 - Electrosuisse","isPartOf":{"@id":"https:\/\/www.electrosuisse.ch\/fr\/#website"},"datePublished":"2024-11-13T11:52:16+00:00","dateModified":"2026-03-23T07:47:00+00:00","description":"Le Forum Romand de l\u2019\u00c9clairage et de la Domotique FRED offre une synth\u00e8se des techniques d\u2019\u00e9clairage et de l\u2019automation du b\u00e2timent.","inLanguage":"fr-FR","potentialAction":[{"@type":"ReadAction","target":["https:\/\/www.electrosuisse.ch\/fr\/manifestations\/forum-romand-de-lenergie-2025\/"]}]},{"@type":"WebSite","@id":"https:\/\/www.electrosuisse.ch\/fr\/#website","url":"https:\/\/www.electrosuisse.ch\/fr\/","name":"Electrosuisse","description":"","publisher":{"@id":"https:\/\/www.electrosuisse.ch\/fr\/#organization"},"potentialAction":[{"@type":"SearchAction","target":{"@type":"EntryPoint","urlTemplate":"https:\/\/www.electrosuisse.ch\/fr\/?s={search_term_string}"},"query-input":{"@type":"PropertyValueSpecification","valueRequired":true,"valueName":"search_term_string"}}],"inLanguage":"fr-FR"},{"@type":"Organization","@id":"https:\/\/www.electrosuisse.ch\/fr\/#organization","name":"Electrosuisse","url":"https:\/\/www.electrosuisse.ch\/fr\/","logo":{"@type":"ImageObject","inLanguage":"fr-FR","@id":"https:\/\/www.electrosuisse.ch\/fr\/#\/schema\/logo\/image\/","url":"https:\/\/www.electrosuisse.ch\/wp-content\/uploads\/2025\/04\/Electrosuisse_Logo_696x696.png","contentUrl":"https:\/\/www.electrosuisse.ch\/wp-content\/uploads\/2025\/04\/Electrosuisse_Logo_696x696.png","width":696,"height":696,"caption":"Electrosuisse"},"image":{"@id":"https:\/\/www.electrosuisse.ch\/fr\/#\/schema\/logo\/image\/"},"sameAs":["https:\/\/www.linkedin.com\/company\/electrosuisse-ag\/posts\/?feedView=all","https:\/\/www.instagram.com\/electrosuisse1889\/","https:\/\/www.youtube.com\/channel\/UCoOxohMiVE0Gjcdis1L09zw"],"description":"Electrosuisse ist eine anerkannte und unabh\u00e4ngige Fachorganisation, die erstklassige Dienstleistungen und Produkte in den Bereichen Inspektion, Beratung, Pr\u00fcfung, Zertifizierung, Normung und Weiterbildung anbietet. Unsere Expertise umfasst Elektrotechnik, Elektromobilit\u00e4t, Energieberatung, Geb\u00e4udeautomation und Photovoltaik in der Schweiz. Durch die Veranstaltung etablierter Branchen-Events und Fachtagungen f\u00f6rdert Electrosuisse den Wissenstransfer und den fachlichen Austausch. Im Mittelpunkt unserer T\u00e4tigkeiten steht die F\u00f6rderung der sicheren, wirtschaftlichen und umweltgerechten Anwendung der Elektrotechnik."}]}},"_links":{"self":[{"href":"https:\/\/www.electrosuisse.ch\/fr\/wp-json\/wp\/v2\/tagung\/36901","targetHints":{"allow":["GET"]}}],"collection":[{"href":"https:\/\/www.electrosuisse.ch\/fr\/wp-json\/wp\/v2\/tagung"}],"about":[{"href":"https:\/\/www.electrosuisse.ch\/fr\/wp-json\/wp\/v2\/types\/tagung"}],"version-history":[{"count":12,"href":"https:\/\/www.electrosuisse.ch\/fr\/wp-json\/wp\/v2\/tagung\/36901\/revisions"}],"predecessor-version":[{"id":43279,"href":"https:\/\/www.electrosuisse.ch\/fr\/wp-json\/wp\/v2\/tagung\/36901\/revisions\/43279"}],"wp:attachment":[{"href":"https:\/\/www.electrosuisse.ch\/fr\/wp-json\/wp\/v2\/media?parent=36901"}],"curies":[{"name":"wp","href":"https:\/\/api.w.org\/{rel}","templated":true}]}}