{"id":25082,"date":"2022-11-16T15:34:13","date_gmt":"2022-11-16T14:34:13","guid":{"rendered":"https:\/\/www.electrosuisse.ch\/de\/?post_type=tagung&#038;p=25082"},"modified":"2026-03-19T08:16:45","modified_gmt":"2026-03-19T07:16:45","slug":"gebaeudetechnik-kongress","status":"publish","type":"tagung","link":"https:\/\/www.electrosuisse.ch\/fr\/tagung\/gebaeudetechnik-kongress\/","title":{"rendered":"Geb\u00e4udetechnik-Kongress 2026"},"content":{"rendered":"<div class=\"wpb-content-wrapper\"><p>[vc_row][vc_column][vc_column_text css=&#8221;&#8221;]Detaillierte Informationen finden Sie auf\u00a0<a href=\"http:\/\/www.gebaeudetechnik-kongress.ch\/\">www.gebaeudetechnik-kongress.ch<\/a>.[\/vc_column_text][\/vc_column][\/vc_row]<\/p>\n<\/div>","protected":false},"template":"","class_list":["post-25082","tagung","type-tagung","status-publish","hentry"],"acf":[],"yoast_head":"<!-- This site is optimized with the Yoast SEO Premium plugin v26.4 (Yoast SEO v27.0) - https:\/\/yoast.com\/product\/yoast-seo-premium-wordpress\/ -->\n<title>Geb\u00e4udetechnik-Kongress 2026 - Electrosuisse<\/title>\n<meta name=\"description\" content=\"Der Geb\u00e4udetechnik-Kongress ist eine Austauschplattform f\u00fcr branchen-\u00fcbergreifende, zukunftsgerichtete Themen mit hochwertigen Vortr\u00e4gen.\" \/>\n<meta name=\"robots\" content=\"index, follow, max-snippet:-1, max-image-preview:large, max-video-preview:-1\" \/>\n<link rel=\"canonical\" href=\"https:\/\/www.electrosuisse.ch\/fr\/tagung\/gebaeudetechnik-kongress\/\" \/>\n<meta property=\"og:locale\" content=\"fr_FR\" \/>\n<meta property=\"og:type\" content=\"article\" \/>\n<meta property=\"og:title\" content=\"Geb\u00e4udetechnik-Kongress 2026 - Electrosuisse\" \/>\n<meta property=\"og:description\" content=\"Der Geb\u00e4udetechnik-Kongress ist eine Austauschplattform f\u00fcr branchen-\u00fcbergreifende, zukunftsgerichtete Themen mit hochwertigen Vortr\u00e4gen.\" \/>\n<meta property=\"og:url\" content=\"https:\/\/www.electrosuisse.ch\/fr\/tagung\/gebaeudetechnik-kongress\/\" \/>\n<meta property=\"og:site_name\" content=\"Electrosuisse\" \/>\n<meta property=\"article:modified_time\" content=\"2026-03-19T07:16:45+00:00\" \/>\n<meta property=\"og:image\" content=\"https:\/\/www.electrosuisse.ch\/wp-content\/uploads\/2021\/05\/GTK_2021_1660x585.jpg\" \/>\n\t<meta property=\"og:image:width\" content=\"1578\" \/>\n\t<meta property=\"og:image:height\" content=\"650\" \/>\n\t<meta property=\"og:image:type\" content=\"image\/jpeg\" \/>\n<script type=\"application\/ld+json\" class=\"yoast-schema-graph\">{\"@context\":\"https:\/\/schema.org\",\"@graph\":[{\"@type\":\"WebPage\",\"@id\":\"https:\/\/www.electrosuisse.ch\/fr\/tagung\/gebaeudetechnik-kongress\/\",\"url\":\"https:\/\/www.electrosuisse.ch\/fr\/tagung\/gebaeudetechnik-kongress\/\",\"name\":\"Geb\u00e4udetechnik-Kongress 2026 - Electrosuisse\",\"isPartOf\":{\"@id\":\"https:\/\/www.electrosuisse.ch\/fr\/#website\"},\"datePublished\":\"2022-11-16T14:34:13+00:00\",\"dateModified\":\"2026-03-19T07:16:45+00:00\",\"description\":\"Der Geb\u00e4udetechnik-Kongress ist eine Austauschplattform f\u00fcr branchen-\u00fcbergreifende, zukunftsgerichtete Themen mit hochwertigen Vortr\u00e4gen.\",\"inLanguage\":\"fr-FR\",\"potentialAction\":[{\"@type\":\"ReadAction\",\"target\":[\"https:\/\/www.electrosuisse.ch\/fr\/tagung\/gebaeudetechnik-kongress\/\"]}]},{\"@type\":\"WebSite\",\"@id\":\"https:\/\/www.electrosuisse.ch\/fr\/#website\",\"url\":\"https:\/\/www.electrosuisse.ch\/fr\/\",\"name\":\"Electrosuisse\",\"description\":\"\",\"publisher\":{\"@id\":\"https:\/\/www.electrosuisse.ch\/fr\/#organization\"},\"potentialAction\":[{\"@type\":\"SearchAction\",\"target\":{\"@type\":\"EntryPoint\",\"urlTemplate\":\"https:\/\/www.electrosuisse.ch\/fr\/?s={search_term_string}\"},\"query-input\":{\"@type\":\"PropertyValueSpecification\",\"valueRequired\":true,\"valueName\":\"search_term_string\"}}],\"inLanguage\":\"fr-FR\"},{\"@type\":\"Organization\",\"@id\":\"https:\/\/www.electrosuisse.ch\/fr\/#organization\",\"name\":\"Electrosuisse\",\"url\":\"https:\/\/www.electrosuisse.ch\/fr\/\",\"logo\":{\"@type\":\"ImageObject\",\"inLanguage\":\"fr-FR\",\"@id\":\"https:\/\/www.electrosuisse.ch\/fr\/#\/schema\/logo\/image\/\",\"url\":\"https:\/\/www.electrosuisse.ch\/wp-content\/uploads\/2025\/04\/Electrosuisse_Logo_696x696.png\",\"contentUrl\":\"https:\/\/www.electrosuisse.ch\/wp-content\/uploads\/2025\/04\/Electrosuisse_Logo_696x696.png\",\"width\":696,\"height\":696,\"caption\":\"Electrosuisse\"},\"image\":{\"@id\":\"https:\/\/www.electrosuisse.ch\/fr\/#\/schema\/logo\/image\/\"},\"sameAs\":[\"https:\/\/www.linkedin.com\/company\/electrosuisse-ag\/posts\/?feedView=all\",\"https:\/\/www.instagram.com\/electrosuisse1889\/\",\"https:\/\/www.youtube.com\/channel\/UCoOxohMiVE0Gjcdis1L09zw\"],\"description\":\"Electrosuisse ist eine anerkannte und unabh\u00e4ngige Fachorganisation, die erstklassige Dienstleistungen und Produkte in den Bereichen Inspektion, Beratung, Pr\u00fcfung, Zertifizierung, Normung und Weiterbildung anbietet. Unsere Expertise umfasst Elektrotechnik, Elektromobilit\u00e4t, Energieberatung, Geb\u00e4udeautomation und Photovoltaik in der Schweiz. Durch die Veranstaltung etablierter Branchen-Events und Fachtagungen f\u00f6rdert Electrosuisse den Wissenstransfer und den fachlichen Austausch. Im Mittelpunkt unserer T\u00e4tigkeiten steht die F\u00f6rderung der sicheren, wirtschaftlichen und umweltgerechten Anwendung der Elektrotechnik.\"}]}<\/script>\n<!-- \/ Yoast SEO Premium plugin. -->","yoast_head_json":{"title":"Geb\u00e4udetechnik-Kongress 2026 - Electrosuisse","description":"Der Geb\u00e4udetechnik-Kongress ist eine Austauschplattform f\u00fcr branchen-\u00fcbergreifende, zukunftsgerichtete Themen mit hochwertigen Vortr\u00e4gen.","robots":{"index":"index","follow":"follow","max-snippet":"max-snippet:-1","max-image-preview":"max-image-preview:large","max-video-preview":"max-video-preview:-1"},"canonical":"https:\/\/www.electrosuisse.ch\/fr\/tagung\/gebaeudetechnik-kongress\/","og_locale":"fr_FR","og_type":"article","og_title":"Geb\u00e4udetechnik-Kongress 2026 - Electrosuisse","og_description":"Der Geb\u00e4udetechnik-Kongress ist eine Austauschplattform f\u00fcr branchen-\u00fcbergreifende, zukunftsgerichtete Themen mit hochwertigen Vortr\u00e4gen.","og_url":"https:\/\/www.electrosuisse.ch\/fr\/tagung\/gebaeudetechnik-kongress\/","og_site_name":"Electrosuisse","article_modified_time":"2026-03-19T07:16:45+00:00","og_image":[{"width":1578,"height":650,"url":"https:\/\/www.electrosuisse.ch\/wp-content\/uploads\/2021\/05\/GTK_2021_1660x585.jpg","type":"image\/jpeg"}],"schema":{"@context":"https:\/\/schema.org","@graph":[{"@type":"WebPage","@id":"https:\/\/www.electrosuisse.ch\/fr\/tagung\/gebaeudetechnik-kongress\/","url":"https:\/\/www.electrosuisse.ch\/fr\/tagung\/gebaeudetechnik-kongress\/","name":"Geb\u00e4udetechnik-Kongress 2026 - Electrosuisse","isPartOf":{"@id":"https:\/\/www.electrosuisse.ch\/fr\/#website"},"datePublished":"2022-11-16T14:34:13+00:00","dateModified":"2026-03-19T07:16:45+00:00","description":"Der Geb\u00e4udetechnik-Kongress ist eine Austauschplattform f\u00fcr branchen-\u00fcbergreifende, zukunftsgerichtete Themen mit hochwertigen Vortr\u00e4gen.","inLanguage":"fr-FR","potentialAction":[{"@type":"ReadAction","target":["https:\/\/www.electrosuisse.ch\/fr\/tagung\/gebaeudetechnik-kongress\/"]}]},{"@type":"WebSite","@id":"https:\/\/www.electrosuisse.ch\/fr\/#website","url":"https:\/\/www.electrosuisse.ch\/fr\/","name":"Electrosuisse","description":"","publisher":{"@id":"https:\/\/www.electrosuisse.ch\/fr\/#organization"},"potentialAction":[{"@type":"SearchAction","target":{"@type":"EntryPoint","urlTemplate":"https:\/\/www.electrosuisse.ch\/fr\/?s={search_term_string}"},"query-input":{"@type":"PropertyValueSpecification","valueRequired":true,"valueName":"search_term_string"}}],"inLanguage":"fr-FR"},{"@type":"Organization","@id":"https:\/\/www.electrosuisse.ch\/fr\/#organization","name":"Electrosuisse","url":"https:\/\/www.electrosuisse.ch\/fr\/","logo":{"@type":"ImageObject","inLanguage":"fr-FR","@id":"https:\/\/www.electrosuisse.ch\/fr\/#\/schema\/logo\/image\/","url":"https:\/\/www.electrosuisse.ch\/wp-content\/uploads\/2025\/04\/Electrosuisse_Logo_696x696.png","contentUrl":"https:\/\/www.electrosuisse.ch\/wp-content\/uploads\/2025\/04\/Electrosuisse_Logo_696x696.png","width":696,"height":696,"caption":"Electrosuisse"},"image":{"@id":"https:\/\/www.electrosuisse.ch\/fr\/#\/schema\/logo\/image\/"},"sameAs":["https:\/\/www.linkedin.com\/company\/electrosuisse-ag\/posts\/?feedView=all","https:\/\/www.instagram.com\/electrosuisse1889\/","https:\/\/www.youtube.com\/channel\/UCoOxohMiVE0Gjcdis1L09zw"],"description":"Electrosuisse ist eine anerkannte und unabh\u00e4ngige Fachorganisation, die erstklassige Dienstleistungen und Produkte in den Bereichen Inspektion, Beratung, Pr\u00fcfung, Zertifizierung, Normung und Weiterbildung anbietet. Unsere Expertise umfasst Elektrotechnik, Elektromobilit\u00e4t, Energieberatung, Geb\u00e4udeautomation und Photovoltaik in der Schweiz. Durch die Veranstaltung etablierter Branchen-Events und Fachtagungen f\u00f6rdert Electrosuisse den Wissenstransfer und den fachlichen Austausch. Im Mittelpunkt unserer T\u00e4tigkeiten steht die F\u00f6rderung der sicheren, wirtschaftlichen und umweltgerechten Anwendung der Elektrotechnik."}]}},"_links":{"self":[{"href":"https:\/\/www.electrosuisse.ch\/fr\/wp-json\/wp\/v2\/tagung\/25082","targetHints":{"allow":["GET"]}}],"collection":[{"href":"https:\/\/www.electrosuisse.ch\/fr\/wp-json\/wp\/v2\/tagung"}],"about":[{"href":"https:\/\/www.electrosuisse.ch\/fr\/wp-json\/wp\/v2\/types\/tagung"}],"version-history":[{"count":10,"href":"https:\/\/www.electrosuisse.ch\/fr\/wp-json\/wp\/v2\/tagung\/25082\/revisions"}],"predecessor-version":[{"id":43159,"href":"https:\/\/www.electrosuisse.ch\/fr\/wp-json\/wp\/v2\/tagung\/25082\/revisions\/43159"}],"wp:attachment":[{"href":"https:\/\/www.electrosuisse.ch\/fr\/wp-json\/wp\/v2\/media?parent=25082"}],"curies":[{"name":"wp","href":"https:\/\/api.w.org\/{rel}","templated":true}]}}