{"id":37992,"date":"2025-03-13T10:34:23","date_gmt":"2025-03-13T09:34:23","guid":{"rendered":"https:\/\/www.electrosuisse.ch\/?page_id=37992"},"modified":"2026-08-27T13:33:08","modified_gmt":"2026-08-27T11:33:08","slug":"encouragement-de-la-releve","status":"publish","type":"page","link":"https:\/\/www.electrosuisse.ch\/fr\/devenez-membre\/encouragement-de-la-releve\/","title":{"rendered":"Encouragement de la rel\u00e8ve"},"content":{"rendered":"<div class=\"wpb-content-wrapper\"><p>[vc_row el_id=&#8221;nachwuchsf\u00f6rderung&#8221;][vc_column][vc_column_text css=&#8221;&#8221; el_class=&#8221;lead&#8221;]Electrosuisse soutient et encourage la rel\u00e8ve du secteur. Le Next Generation Network (NGN) s&#8217;adresse aux personnes de moins de 35 ans et propose des avantages exclusifs et un accompagnement renforc\u00e9, au-del\u00e0 de ceux li\u00e9s \u00e0 l&#8217;adh\u00e9sion ordinaire.<\/p>\n<p>Que ce soit sur le plan technique, personnel ou professionnel\u00a0: nous t&#8217;aidons \u00e0 progresser et serions ravis de te compter parmi les membres du NGN\u00a0![\/vc_column_text][vc_column_text css=&#8221;&#8221;]<\/p>\n<h3>Tes avantages<\/h3>\n<ul>\n<li>Une communaut\u00e9 de personnes partageant les m\u00eames int\u00e9r\u00eats<\/li>\n<li>L\u2019ensemble du savoir-faire de l\u2019organisation professionnelle<\/li>\n<li>Des <a href=\"https:\/\/www.electrosuisse.ch\/fr\/tous-les-evenements\/\"><u>\u00e9v\u00e9nements<\/u><\/a> passionnants \u00e0 des tarifs pr\u00e9f\u00e9rentiels<\/li>\n<li>Un abonnement \u00e0 la revue sp\u00e9cialis\u00e9e <a href=\"https:\/\/www.bulletin.ch\/fr\" target=\"_blank\" rel=\"noopener\"><u>Bulletin.ch<\/u><\/a> qui para\u00eet 8 fois par an<\/li>\n<li>Un abonnement \u00e0 la revue pratique <a href=\"https:\/\/www.electra.ch\/\" target=\"_blank\" rel=\"noopener\"><u>electra.ch<\/u><\/a>, qui para\u00eet 6 fois par an<\/li>\n<li>L&#8217;\u00e9tude salariale la plus r\u00e9cente \u00ab <a href=\"https:\/\/www.electrosuisse.ch\/fr\/medias\/publications\/focus-salaire\/\"><u>Electrosuisse Focus Salaire<\/u><\/a> \u00bb<\/li>\n<li>L\u2019acc\u00e8s \u00e0 des r\u00e9seaux europ\u00e9ens et internationaux tels que le <a href=\"https:\/\/www.electrosuisse.ch\/fr\/pourquoi-normaliser\/cenelec\/\" target=\"_blank\" rel=\"noopener\"><u>CENELEC<\/u><\/a>, <a href=\"https:\/\/www.electrosuisse.ch\/fr\/pourquoi-normaliser\/ces\/\" target=\"_blank\" rel=\"noopener\"><u>CES<\/u><\/a>, <a href=\"https:\/\/www.cigre.org\/GB\/community\/next-generation-network\" target=\"_blank\" rel=\"noopener\"><u>CIGRE<\/u><\/a><u><\/u>, <a href=\"https:\/\/www.eurel.org\/en\" target=\"_blank\" rel=\"noopener\"><u>EUREL<\/u><\/a> et <a href=\"https:\/\/www.electrosuisse.ch\/fr\/pourquoi-normaliser\/cei\/\" target=\"_blank\" rel=\"noopener\"><u>IEC<\/u><\/a><\/li>\n<\/ul>\n<p>[\/vc_column_text][\/vc_column][\/vc_row][vc_row el_id=&#8221;mitmachen&#8221;][vc_column][vc_column_text css=&#8221;&#8221;]<\/p>\n<h3>Comment participer ?<\/h3>\n<p>[\/vc_column_text][vc_row_inner][vc_column_inner width=&#8221;1\/2&#8243;][vc_column_text css=&#8221;&#8221;]<\/p>\n<h4>Adh\u00e9sion gratuite en tant que TechTalent pendant les \u00e9tudes<\/h4>\n<p>[\/vc_column_text]<div class=\"wpb_button_column wpb_content_element wpb_content_element--left\"><div class=\"wpb_wrapper\"><div class=\"button button--ghost\"><a href=\"https:\/\/my.electrosuisse.ch\/fr\/register.htm?origin=KPMTGLSTUD\" target=\"_blank\" >S'inscrire<\/a><\/div><\/div><\/div>[\/vc_column_inner][vc_column_inner width=&#8221;1\/2&#8243;][vc_column_text css=&#8221;&#8221;]<\/p>\n<h4>Adh\u00e9sion apr\u00e8s l&#8217;entr\u00e9e dans la vie active<\/h4>\n<p>Quelle que soit l\u2019adh\u00e9sion ordinaire choisie, tu fais automatiquement partie de la communaut\u00e9 NGN jusqu&#8217;\u00e0 l&#8217;\u00e2ge de 35 ans (merci d&#8217;indiquer ta date de naissance lors de ton inscription).[\/vc_column_text]<div class=\"wpb_button_column wpb_content_element wpb_content_element--left\"><div class=\"wpb_wrapper\"><div class=\"button button--ghost\"><a href=\"https:\/\/www.electrosuisse.ch\/fr\/devenez-membre\/adhesion-personnelle\/\">S'inscrire<\/a><\/div><\/div><\/div>[\/vc_column_inner][\/vc_row_inner][\/vc_column][\/vc_row][vc_row el_id=&#8221;events&#8221;][vc_column][vc_column_text css=&#8221;&#8221;]<\/p>\n<h3>Tes opportunit\u00e9s<\/h3>\n<p>[\/vc_column_text]<div class=\"wpb_content_element wpb_accordion_column accordion_simple\"><div class=\"accordions accordions_0\"><div class=\"custom_accordion_item accordion custom_accordion accordion_2_0\"><div class=\"accordion__header\" id=\"accordion_header_2_0\"><div class=\"accordion_trigger js-accordion_trigger\" data-toggle=\"collapse\" \r\n\t\t\t\t\tdata-target=\"#accordion_content_2_0_acc471\" \r\n          aria-expanded=\"false\" aria-controls=\"accordion_content_2_0\"><h3 class=\"accordion-title accordion-title-icon icon--position-right js-accordion-controller\"><div>\u00c9v\u00e9nements sp\u00e9cialis\u00e9s<\/div><\/h3><\/div><\/div><div class=\"accordion__content collapse not-click-to-close\" id=\"accordion_content_2_0_acc471\" aria-labelledby=\"accordion_header_2_0\"><div class=\"inside\"><div class=\"accordion-content\"><div class=\"accordion__inside\"><div class=\"accordion__element\"><!-- Start Accordion Content --><div class=\"accordion__element\"><p>En tant que membre du Next Generation Network, tu b\u00e9n\u00e9ficies de conditions pr\u00e9f\u00e9rentielles pour certains \u00e9v\u00e9nements sp\u00e9cialis\u00e9s organis\u00e9s par Electrosuisse. Profite de cette occasion pour approfondir tes connaissances techniques, d\u00e9couvrir de nouvelles perspectives et nouer de pr\u00e9cieux contacts au sein du secteur.<\/p>\n<p>Des billets gratuits ou \u00e0 tarif r\u00e9duit sont disponibles pour certains \u00e9v\u00e9nements. Le nombre de places \u00e9tant limit\u00e9, il est recommand\u00e9 de s\u2019inscrire rapidement.<\/p>\n<p>Inscription par e-mail \u00e0 l\u2019adresse : <a href=\"&#x6d;&#x61;&#x69;&#x6c;&#x74;&#x6f;&#x3a;&#x6e;&#x67;&#x6e;&#x40;&#x65;&#x6c;&#x65;&#x63;&#x74;&#x72;&#x6f;&#x73;&#x75;&#x69;&#x73;&#x73;&#x65;&#x2e;&#x63;&#x68;\">&#110;&#x67;&#110;&#x40;e&#108;&#x65;&#99;&#x74;r&#x6f;s&#117;&#x69;&#115;&#x73;e&#x2e;&#x63;&#104;<\/a><\/p>\n<p>Quelques-unes des possibilit\u00e9s offertes pour ta formation continue :<\/p>\n<ul>\n<li><a style=\"text-decoration: underline\" href=\"https:\/\/forum-romand-energie.ch\/\" target=\"_blank\" rel=\"noopener\">Forum Romand de l\u2019Energie<\/a><\/li>\n<li><a style=\"text-decoration: underline\" href=\"https:\/\/leitungsbau-tagung.ch\/\" target=\"_blank\" rel=\"noopener\">Leitungsbau<\/a><\/li>\n<li><a style=\"text-decoration: underline\" href=\"https:\/\/www.energiezukunft-forum.ch\/\" target=\"_blank\" rel=\"noopener\">Energiezukunft<\/a><\/li>\n<li><a href=\"https:\/\/www.ladeforum.ch\/\">e-mobile Lade Forum<\/a><\/li>\n<li><a style=\"text-decoration: underline\" href=\"https:\/\/www.bahntagung.ch\/\" target=\"_blank\" rel=\"noopener\">Bahntagung<\/a><\/li>\n<\/ul>\n<p>\n<\/div><div class=\"accordion__element\"><div class=\"button button--normal\"><a href=\"https:\/\/www.electrosuisse.ch\/fr\/tous-les-evenements\/\">Voir tous les \u00e9v\u00e9nements<\/a><\/div><\/div><!-- Start Accordion Content --><\/div><\/div><\/div><\/div><\/div><\/div><div class=\"custom_accordion_item accordion custom_accordion accordion_2_1\"><div class=\"accordion__header\" id=\"accordion_header_2_1\"><div class=\"accordion_trigger js-accordion_trigger\" data-toggle=\"collapse\" \r\n\t\t\t\t\tdata-target=\"#accordion_content_2_1_acc260\" \r\n          aria-expanded=\"false\" aria-controls=\"accordion_content_2_1\"><h3 class=\"accordion-title accordion-title-icon icon--position-right js-accordion-controller\"><div>Activit\u00e9s du NGN<\/div><\/h3><\/div><\/div><div class=\"accordion__content collapse not-click-to-close\" id=\"accordion_content_2_1_acc260\" aria-labelledby=\"accordion_header_2_1\"><div class=\"inside\"><div class=\"accordion-content\"><div class=\"accordion__inside\"><div class=\"accordion__element\"><!-- Start Accordion Content --><div class=\"accordion__element\"><p>En compl\u00e9ment des \u00e9v\u00e9nements sp\u00e9cialis\u00e9s, le Next Generation Network organise des activit\u00e9s captivantes destin\u00e9es aux jeunes professionnels et aux \u00e9tudiants. Elles offrent l\u2019occasion de d\u00e9couvrir de nouvelles technologies, d\u2019\u00e9changer des exp\u00e9riences et d\u2019\u00e9largir son r\u00e9seau personnel.<\/p>\n<ul>\n<li><a href=\"https:\/\/www.electrosuisse.ch\/fr\/?post_type=tagung&amp;p=45297\"><u>NGN rend visite \u00e0 LILU (\u00e9v\u00e9nement en allemand\/anglais)<\/u><\/a><\/li>\n<li><a href=\"https:\/\/www.electrosuisse.ch\/fr\/?post_type=tagung&amp;p=45289\"><u>NGN rend visite \u00e0 eFLY (\u00e9v\u00e9nement en allemand\/anglais)<\/u><\/a><\/li>\n<li>EUREL IMC Unternehmensspiel ENGLISH (environ 2 \u00e0 3 heures par semaine en ligne)<\/li>\n<\/ul>\n<p>R\u00e9serve ta place et inscris-toi par e-mail au plus tard une semaine avant l\u2019\u00e9v\u00e9nement : <a href=\"&#x6d;&#x61;&#x69;&#x6c;&#x74;&#x6f;&#x3a;&#x6e;&#x67;&#x6e;&#x40;&#x65;&#x6c;&#x65;&#x63;&#x74;&#x72;&#x6f;&#x73;&#x75;&#x69;&#x73;&#115;&#101;&#46;&#99;&#104;\">&#110;&#x67;&#110;&#x40;e&#x6c;e&#99;&#x74;&#114;&#x6f;s&#x75;i&#115;&#x73;&#101;&#x2e;c&#x68;<\/a><\/p>\n<\/div><!-- Start Accordion Content --><\/div><\/div><\/div><\/div><\/div><\/div><div class=\"custom_accordion_item accordion custom_accordion accordion_2_2\"><div class=\"accordion__header\" id=\"accordion_header_2_2\"><div class=\"accordion_trigger js-accordion_trigger\" data-toggle=\"collapse\" \r\n\t\t\t\t\tdata-target=\"#accordion_content_2_2_acc646\" \r\n          aria-expanded=\"false\" aria-controls=\"accordion_content_2_2\"><h3 class=\"accordion-title accordion-title-icon icon--position-right js-accordion-controller\"><div>Participation \u00e0 des organisations europ\u00e9ennes et internationales<\/div><\/h3><\/div><\/div><div class=\"accordion__content collapse not-click-to-close\" id=\"accordion_content_2_2_acc646\" aria-labelledby=\"accordion_header_2_2\"><div class=\"inside\"><div class=\"accordion-content\"><div class=\"accordion__inside\"><div class=\"accordion__element\"><!-- Start Accordion Content --><div class=\"accordion__element\"><p>En tant que membre du NGN, tu peux contribuer aux travaux de normalisation et d\u00e9couvrir de l\u2019int\u00e9rieur le travail des principales organisations sp\u00e9cialis\u00e9es nationales et internationales. Tu accrois ainsi ton expertise, \u00e9largis ton r\u00e9seau professionnel et contribues activement \u00e0 fa\u00e7onner l\u2019avenir du secteur.<\/p>\n<p><strong>Organisations et interlocuteurs :<\/strong><\/p>\n<p><a style=\"text-decoration: underline\" href=\"https:\/\/www.electrosuisse.ch\/fr\/pourquoi-normaliser\/ces\/\" target=\"_blank\" rel=\"noopener\">CES<\/a><br \/>\n<a style=\"text-decoration: underline\" href=\"https:\/\/www.electrosuisse.ch\/fr\/pourquoi-normaliser\/cenelec\/\" target=\"_blank\" rel=\"noopener\">CENELEC<\/a><br \/>\n<a style=\"text-decoration: underline\" href=\"https:\/\/www.electrosuisse.ch\/fr\/pourquoi-normaliser\/cei\/\" target=\"_blank\" rel=\"noopener\">IEC<\/a><br \/>\n<a style=\"text-decoration: underline\" href=\"https:\/\/www.cigre.org\/GB\/community\/next-generation-network\" target=\"_blank\" rel=\"noopener\">CIGRE<\/a><br \/>\n<a style=\"text-decoration: underline\" href=\"https:\/\/www.eurel.org\/en\" target=\"_blank\" rel=\"noopener\">EUREL<\/a><\/p>\n<\/div><!-- Start Accordion Content --><\/div><\/div><\/div><\/div><\/div><\/div><\/div><\/div>[\/vc_column][\/vc_row][vc_row el_id=&#8221;ngnboard&#8221;][vc_column][vc_column_text css=&#8221;&#8221;]<\/p>\n<h3>Organisation et contact<\/h3>\n<p>Les membres du NGN font partie de l&#8217;organisation professionnelle d&#8217;Electrosuisse et sont donc \u00e9galement encadr\u00e9s par Electrosuisse. En plus des personnes de contact chez Electrosuisse, il y a des volontaires issus de leurs propres rangs qui assument des t\u00e2ches organisationnelles en tant que board.[\/vc_column_text][vc_column_text css=&#8221;&#8221;]<\/p>\n<h4>NGN-Board<\/h4>\n<p>Le NGN-Board soutient Electrosuisse dans la promotion de la rel\u00e8ve et est l&#8217;interlocuteur de tous au sein du NGN. Cette \u00e9quipe active d\u00e9fend tes int\u00e9r\u00eats, participe \u00e0 l&#8217;\u00e9laboration du programme et organise des \u00e9v\u00e9nements directement pour toi.[\/vc_column_text][\/vc_column][\/vc_row][vc_row el_id=&#8221;kontakt&#8221;][vc_column][vc_column_text css=&#8221;&#8221;]<\/p>\n<h3>Informations g\u00e9n\u00e9rales<\/h3>\n<p>[\/vc_column_text]<div class=\"wpb_content_element wpb_accordion_column accordion_simple\"><div class=\"accordions accordions_1\"><div class=\"custom_accordion_item accordion custom_accordion accordion_2_3\"><div class=\"accordion__header\" id=\"accordion_header_2_3\"><div class=\"accordion_trigger js-accordion_trigger\" data-toggle=\"collapse\" \r\n\t\t\t\t\tdata-target=\"#accordion_content_2_3_acc896\" \r\n          aria-expanded=\"false\" aria-controls=\"accordion_content_2_3\"><h3 class=\"accordion-title accordion-title-icon icon--position-right js-accordion-controller\"><div>Adh\u00e9sion<\/div><\/h3><\/div><\/div><div class=\"accordion__content collapse not-click-to-close\" id=\"accordion_content_2_3_acc896\" aria-labelledby=\"accordion_header_2_3\"><div class=\"inside\"><div class=\"accordion-content\"><div class=\"accordion__inside\"><div class=\"accordion__element\"><!-- Start Accordion Content --><div class=\"accordion__element\"><p>Les offres du Next Generation Network (NGN) sont ouvertes \u00e0 tous les membres d\u2019Electrosuisse \u00e2g\u00e9s de moins de 35 ans.<\/p>\n<p>En tant que TechTalent, tu b\u00e9n\u00e9ficies d\u2019une adh\u00e9sion gratuite pendant toute la dur\u00e9e de tes \u00e9tudes. Une fois ton dipl\u00f4me obtenu, tu peux continuer \u00e0 profiter d\u2019une adh\u00e9sion Classic gratuite pendant un an.<\/p>\n<h5>Adh\u00e9sion en tant que \u00ab\u00a0Student\u00a0\u00bb ou \u00ab\u00a0Young Professional\u00a0\u00bb au CIGRE<\/h5>\n<p>Pour b\u00e9n\u00e9ficier d\u2019une adh\u00e9sion \u00ab\u00a0Student\u00a0\u00bb ou \u00ab\u00a0Young Professional\u00a0\u00bb au CIGRE, tu peux \u00e0 tout moment prendre contact \u00e0 l\u2019adresse\u00a0: <a href=\"m&#97;&#x69;&#x6c;t&#111;&#x3a;&#x63;i&#103;&#114;&#x65;&#x40;e&#108;&#x65;&#x63;t&#114;&#x6f;&#x73;u&#105;&#115;&#x73;&#x65;&#46;&#99;&#x68;\">&#99;&#x69;&#103;&#x72;e&#x40;e&#108;&#x65;&#99;&#x74;r&#x6f;s&#117;&#x69;&#115;&#x73;e&#x2e;c&#104;<\/a>.<\/p>\n<h5>CES Young Professional<\/h5>\n<p>Si tu es actif en tant que <a href=\"https:\/\/www.electrosuisse.ch\/fr\/pourquoi-normaliser\/ces\/\">CES<\/a> Young Professional, tu peux t\u2019inscrire gratuitement en tant que membre individuel d\u2019Electrosuisse m\u00eame apr\u00e8s ton entr\u00e9e dans la vie active. Cette adh\u00e9sion gratuite reste valable tant que tu as moins de 35 ans et que tu continues \u00e0 participer aux activit\u00e9s du CES.<\/p>\n<p>Pour toute question concernant la participation en tant que \u00ab\u00a0CES Young Professional\u00a0\u00bb, l\u2019\u00e9quipe du CES se tient \u00e0 ta disposition \u00e0 l\u2019adresse\u00a0: <a href=\"m&#97;&#105;&#x6c;&#x74;&#x6f;:c&#101;&#115;&#x40;&#x65;&#x6c;e&#99;&#116;&#114;&#x6f;&#x73;&#x75;i&#115;&#115;&#x65;&#x2e;&#x63;h\">&#x63;&#101;&#115;&#x40;&#x65;&#108;&#101;&#x63;&#x74;&#114;&#111;&#x73;&#x75;&#105;&#115;&#x73;&#x65;&#46;&#99;&#x68;<\/a>.<\/p>\n<h3>Renouvellement de l\u2019adh\u00e9sion<\/h3>\n<p>Les adh\u00e9sions gratuites ne sont pas automatiquement converties en adh\u00e9sions payantes. Avant l\u2019expiration de ton adh\u00e9sion gratuite, tu recevras un e-mail te permettant de choisir l\u2019adh\u00e9sion individuelle qui te convient le mieux. Les adh\u00e9sions ordinaires sont en revanche renouvel\u00e9es automatiquement chaque ann\u00e9e.<\/p>\n<h3>\u00c9tendue des prestations<\/h3>\n<p>Une adh\u00e9sion gratuite ou \u00e0 tarif pr\u00e9f\u00e9rentiel offre les m\u00eames prestations que l\u2019adh\u00e9sion individuelle \u00ab\u00a0<a href=\"https:\/\/www.electrosuisse.ch\/fr\/devenez-membre\/adhesion-personnelle\/\">Classic<\/a>\u00a0\u00bb. Pour le module international du CIGRE, tu peux prendre directement contact avec Electrosuisse \u00e0 l&#8217;adresse\u00a0: &#x63;&#105;g&#x72;&#101;&#64;&#x65;&#108;e&#x63;&#116;r&#x6f;&#115;u&#x69;&#115;s&#x65;&#46;c&#x68;.<\/p>\n<\/div><!-- Start Accordion Content --><\/div><\/div><\/div><\/div><\/div><\/div><div class=\"custom_accordion_item accordion custom_accordion accordion_2_4\"><div class=\"accordion__header\" id=\"accordion_header_2_4\"><div class=\"accordion_trigger js-accordion_trigger\" data-toggle=\"collapse\" \r\n\t\t\t\t\tdata-target=\"#accordion_content_2_4_acc53\" \r\n          aria-expanded=\"false\" aria-controls=\"accordion_content_2_4\"><h3 class=\"accordion-title accordion-title-icon icon--position-right js-accordion-controller\"><div>MyElectrosuisse<\/div><\/h3><\/div><\/div><div class=\"accordion__content collapse not-click-to-close\" id=\"accordion_content_2_4_acc53\" aria-labelledby=\"accordion_header_2_4\"><div class=\"inside\"><div class=\"accordion-content\"><div class=\"accordion__inside\"><div class=\"accordion__element\"><!-- Start Accordion Content --><div class=\"accordion__element\"><p>Tu as acc\u00e8s au portail client\u00e8le d&#8217;Electrosuisse. Tu peux y commander des informations, adapter tes donn\u00e9es et r\u00e9server directement des cours et des manifestations.<\/p>\n<h4>Changement d&#8217;adresse<\/h4>\n<p>Tu peux g\u00e9rer toi-m\u00eame directement tes donn\u00e9es personnelles dans le portail clients \u00ab myElectrosuisse \u00bb sous \u00ab Profil \u00bb et tu as \u00e0 tout moment la ma\u00eetrise de tes indications.<\/p>\n<h4>Changement d&#8217;employeur<\/h4>\n<p>Tu peux continuer \u00e0 utiliser ton login si tu t&#8217;es d\u00e9j\u00e0 enregistr\u00e9 au d\u00e9but avec ton adresse e-mail priv\u00e9e. Dans le cas contraire, tu devrais adapter \u00e0 temps ton adresse e-mail dans le portail clients \u00ab myElectrosuisse \u00bb et, par s\u00e9curit\u00e9, t\u00e9l\u00e9charger \u00e0 temps les \u00e9ventuels achats afin de ne rien perdre lors du changement.<\/p>\n<h4>Support changement d&#8217;adresse<\/h4>\n<p><strong>Services aux membres<\/strong><br \/>\n+41 58 595 11 55 ou <a href=\"mailto:verba&#110;&#100;&#64;&#101;&#108;&#101;&#99;&#116;&#114;&#111;&#115;&#117;&#105;&#115;&#115;&#x65;&#x2e;&#x63;&#x68;\">&#x76;&#x65;&#x72;&#x62;&#x61;&#x6e;&#x64;&#x40;&#x65;&#x6c;&#x65;&#x63;&#x74;&#x72;&#x6f;&#x73;&#x75;&#x69;&#x73;&#x73;&#x65;&#x2e;&#x63;&#x68;<\/a><\/p>\n<\/div><!-- Start Accordion Content --><\/div><\/div><\/div><\/div><\/div><\/div><\/div><\/div>[\/vc_column][\/vc_row]<\/p>\n<\/div>","protected":false},"excerpt":{"rendered":"<p>[vc_row el_id=&#8221;nachwuchsf\u00f6rderung&#8221;][vc_column][vc_column_text css=&#8221;&#8221; el_class=&#8221;lead&#8221;]Electrosuisse soutient et encourage la rel\u00e8ve du secteur. Le Next Generation Network (NGN) s&#8217;adresse aux personnes de moins de 35 ans et propose des avantages exclusifs et un accompagnement renforc\u00e9, au-del\u00e0 de ceux li\u00e9s \u00e0 l&#8217;adh\u00e9sion ordinaire. Que ce soit sur le plan technique, personnel ou professionnel\u00a0: nous t&#8217;aidons \u00e0 progresser et [&hellip;]<\/p>\n","protected":false},"author":38,"featured_media":0,"parent":19605,"menu_order":148,"comment_status":"closed","ping_status":"closed","template":"","meta":{"_acf_changed":false,"_monsterinsights_skip_tracking":false,"footnotes":""},"class_list":["post-37992","page","type-page","status-publish","hentry"],"acf":[],"yoast_head":"<!-- This site is optimized with the Yoast SEO Premium plugin v26.4 (Yoast SEO v27.9) - https:\/\/yoast.com\/product\/yoast-seo-premium-wordpress\/ -->\n<title>Encouragement de la rel\u00e8ve - Electrosuisse<\/title>\n<meta name=\"description\" content=\"Le Next Generation Network (NGN) offre \u00e0 tous les membres personnels de moins de 35 ans un soutien particulier en plus des avantages de l&#039;adh\u00e9sion r\u00e9guli\u00e8re.\" \/>\n<meta name=\"robots\" content=\"index, follow, max-snippet:-1, max-image-preview:large, max-video-preview:-1\" \/>\n<link rel=\"canonical\" href=\"https:\/\/www.electrosuisse.ch\/fr\/devenez-membre\/encouragement-de-la-releve\/\" \/>\n<meta property=\"og:locale\" content=\"fr_FR\" \/>\n<meta property=\"og:type\" content=\"article\" \/>\n<meta property=\"og:title\" content=\"Encouragement de la rel\u00e8ve - Electrosuisse\" \/>\n<meta property=\"og:description\" content=\"Le Next Generation Network (NGN) offre \u00e0 tous les membres personnels de moins de 35 ans un soutien particulier en plus des avantages de l&#039;adh\u00e9sion r\u00e9guli\u00e8re.\" \/>\n<meta property=\"og:url\" content=\"https:\/\/www.electrosuisse.ch\/fr\/devenez-membre\/encouragement-de-la-releve\/\" \/>\n<meta property=\"og:site_name\" content=\"Electrosuisse\" \/>\n<meta property=\"article:modified_time\" content=\"2026-08-27T11:33:08+00:00\" \/>\n<meta property=\"og:image\" content=\"https:\/\/www.electrosuisse.ch\/wp-content\/uploads\/2022\/12\/Electrosuisse_Ueber_uns_1578x650.jpg\" \/>\n\t<meta property=\"og:image:width\" content=\"1578\" \/>\n\t<meta property=\"og:image:height\" content=\"650\" \/>\n\t<meta property=\"og:image:type\" content=\"image\/jpeg\" \/>\n<script type=\"application\/ld+json\" class=\"yoast-schema-graph\">{\"@context\":\"https:\\\/\\\/schema.org\",\"@graph\":[{\"@type\":\"WebPage\",\"@id\":\"https:\\\/\\\/www.electrosuisse.ch\\\/fr\\\/devenez-membre\\\/encouragement-de-la-releve\\\/\",\"url\":\"https:\\\/\\\/www.electrosuisse.ch\\\/fr\\\/devenez-membre\\\/encouragement-de-la-releve\\\/\",\"name\":\"Encouragement de la rel\u00e8ve - Electrosuisse\",\"isPartOf\":{\"@id\":\"https:\\\/\\\/www.electrosuisse.ch\\\/fr\\\/#website\"},\"datePublished\":\"2025-03-13T09:34:23+00:00\",\"dateModified\":\"2026-08-27T11:33:08+00:00\",\"description\":\"Le Next Generation Network (NGN) offre \u00e0 tous les membres personnels de moins de 35 ans un soutien particulier en plus des avantages de l'adh\u00e9sion r\u00e9guli\u00e8re.\",\"breadcrumb\":{\"@id\":\"https:\\\/\\\/www.electrosuisse.ch\\\/fr\\\/devenez-membre\\\/encouragement-de-la-releve\\\/#breadcrumb\"},\"inLanguage\":\"fr-FR\",\"potentialAction\":[{\"@type\":\"ReadAction\",\"target\":[\"https:\\\/\\\/www.electrosuisse.ch\\\/fr\\\/devenez-membre\\\/encouragement-de-la-releve\\\/\"]}]},{\"@type\":\"BreadcrumbList\",\"@id\":\"https:\\\/\\\/www.electrosuisse.ch\\\/fr\\\/devenez-membre\\\/encouragement-de-la-releve\\\/#breadcrumb\",\"itemListElement\":[{\"@type\":\"ListItem\",\"position\":1,\"name\":\"Adh\u00e9sion\",\"item\":\"https:\\\/\\\/www.electrosuisse.ch\\\/fr\\\/devenez-membre\\\/\"},{\"@type\":\"ListItem\",\"position\":2,\"name\":\"Encouragement de la rel\u00e8ve\"}]},{\"@type\":\"WebSite\",\"@id\":\"https:\\\/\\\/www.electrosuisse.ch\\\/fr\\\/#website\",\"url\":\"https:\\\/\\\/www.electrosuisse.ch\\\/fr\\\/\",\"name\":\"Electrosuisse\",\"description\":\"\",\"publisher\":{\"@id\":\"https:\\\/\\\/www.electrosuisse.ch\\\/fr\\\/#organization\"},\"potentialAction\":[{\"@type\":\"SearchAction\",\"target\":{\"@type\":\"EntryPoint\",\"urlTemplate\":\"https:\\\/\\\/www.electrosuisse.ch\\\/fr\\\/?s={search_term_string}\"},\"query-input\":{\"@type\":\"PropertyValueSpecification\",\"valueRequired\":true,\"valueName\":\"search_term_string\"}}],\"inLanguage\":\"fr-FR\"},{\"@type\":\"Organization\",\"@id\":\"https:\\\/\\\/www.electrosuisse.ch\\\/fr\\\/#organization\",\"name\":\"Electrosuisse\",\"url\":\"https:\\\/\\\/www.electrosuisse.ch\\\/fr\\\/\",\"logo\":{\"@type\":\"ImageObject\",\"inLanguage\":\"fr-FR\",\"@id\":\"https:\\\/\\\/www.electrosuisse.ch\\\/fr\\\/#\\\/schema\\\/logo\\\/image\\\/\",\"url\":\"https:\\\/\\\/www.electrosuisse.ch\\\/wp-content\\\/uploads\\\/2025\\\/04\\\/Electrosuisse_Logo_696x696.png\",\"contentUrl\":\"https:\\\/\\\/www.electrosuisse.ch\\\/wp-content\\\/uploads\\\/2025\\\/04\\\/Electrosuisse_Logo_696x696.png\",\"width\":696,\"height\":696,\"caption\":\"Electrosuisse\"},\"image\":{\"@id\":\"https:\\\/\\\/www.electrosuisse.ch\\\/fr\\\/#\\\/schema\\\/logo\\\/image\\\/\"},\"sameAs\":[\"https:\\\/\\\/www.linkedin.com\\\/company\\\/electrosuisse-ag\\\/posts\\\/?feedView=all\",\"https:\\\/\\\/www.instagram.com\\\/electrosuisse1889\\\/\",\"https:\\\/\\\/www.youtube.com\\\/channel\\\/UCoOxohMiVE0Gjcdis1L09zw\"],\"description\":\"Electrosuisse ist eine anerkannte und unabh\u00e4ngige Fachorganisation, die erstklassige Dienstleistungen und Produkte in den Bereichen Inspektion, Beratung, Pr\u00fcfung, Zertifizierung, Normung und Weiterbildung anbietet. Unsere Expertise umfasst Elektrotechnik, Elektromobilit\u00e4t, Energieberatung, Geb\u00e4udeautomation und Photovoltaik in der Schweiz. Durch die Veranstaltung etablierter Branchen-Events und Fachtagungen f\u00f6rdert Electrosuisse den Wissenstransfer und den fachlichen Austausch. Im Mittelpunkt unserer T\u00e4tigkeiten steht die F\u00f6rderung der sicheren, wirtschaftlichen und umweltgerechten Anwendung der Elektrotechnik.\"}]}<\/script>\n<!-- \/ Yoast SEO Premium plugin. -->","yoast_head_json":{"title":"Encouragement de la rel\u00e8ve - Electrosuisse","description":"Le Next Generation Network (NGN) offre \u00e0 tous les membres personnels de moins de 35 ans un soutien particulier en plus des avantages de l'adh\u00e9sion r\u00e9guli\u00e8re.","robots":{"index":"index","follow":"follow","max-snippet":"max-snippet:-1","max-image-preview":"max-image-preview:large","max-video-preview":"max-video-preview:-1"},"canonical":"https:\/\/www.electrosuisse.ch\/fr\/devenez-membre\/encouragement-de-la-releve\/","og_locale":"fr_FR","og_type":"article","og_title":"Encouragement de la rel\u00e8ve - Electrosuisse","og_description":"Le Next Generation Network (NGN) offre \u00e0 tous les membres personnels de moins de 35 ans un soutien particulier en plus des avantages de l'adh\u00e9sion r\u00e9guli\u00e8re.","og_url":"https:\/\/www.electrosuisse.ch\/fr\/devenez-membre\/encouragement-de-la-releve\/","og_site_name":"Electrosuisse","article_modified_time":"2026-08-27T11:33:08+00:00","og_image":[{"width":1578,"height":650,"url":"https:\/\/www.electrosuisse.ch\/wp-content\/uploads\/2022\/12\/Electrosuisse_Ueber_uns_1578x650.jpg","type":"image\/jpeg"}],"schema":{"@context":"https:\/\/schema.org","@graph":[{"@type":"WebPage","@id":"https:\/\/www.electrosuisse.ch\/fr\/devenez-membre\/encouragement-de-la-releve\/","url":"https:\/\/www.electrosuisse.ch\/fr\/devenez-membre\/encouragement-de-la-releve\/","name":"Encouragement de la rel\u00e8ve - Electrosuisse","isPartOf":{"@id":"https:\/\/www.electrosuisse.ch\/fr\/#website"},"datePublished":"2025-03-13T09:34:23+00:00","dateModified":"2026-08-27T11:33:08+00:00","description":"Le Next Generation Network (NGN) offre \u00e0 tous les membres personnels de moins de 35 ans un soutien particulier en plus des avantages de l'adh\u00e9sion r\u00e9guli\u00e8re.","breadcrumb":{"@id":"https:\/\/www.electrosuisse.ch\/fr\/devenez-membre\/encouragement-de-la-releve\/#breadcrumb"},"inLanguage":"fr-FR","potentialAction":[{"@type":"ReadAction","target":["https:\/\/www.electrosuisse.ch\/fr\/devenez-membre\/encouragement-de-la-releve\/"]}]},{"@type":"BreadcrumbList","@id":"https:\/\/www.electrosuisse.ch\/fr\/devenez-membre\/encouragement-de-la-releve\/#breadcrumb","itemListElement":[{"@type":"ListItem","position":1,"name":"Adh\u00e9sion","item":"https:\/\/www.electrosuisse.ch\/fr\/devenez-membre\/"},{"@type":"ListItem","position":2,"name":"Encouragement de la rel\u00e8ve"}]},{"@type":"WebSite","@id":"https:\/\/www.electrosuisse.ch\/fr\/#website","url":"https:\/\/www.electrosuisse.ch\/fr\/","name":"Electrosuisse","description":"","publisher":{"@id":"https:\/\/www.electrosuisse.ch\/fr\/#organization"},"potentialAction":[{"@type":"SearchAction","target":{"@type":"EntryPoint","urlTemplate":"https:\/\/www.electrosuisse.ch\/fr\/?s={search_term_string}"},"query-input":{"@type":"PropertyValueSpecification","valueRequired":true,"valueName":"search_term_string"}}],"inLanguage":"fr-FR"},{"@type":"Organization","@id":"https:\/\/www.electrosuisse.ch\/fr\/#organization","name":"Electrosuisse","url":"https:\/\/www.electrosuisse.ch\/fr\/","logo":{"@type":"ImageObject","inLanguage":"fr-FR","@id":"https:\/\/www.electrosuisse.ch\/fr\/#\/schema\/logo\/image\/","url":"https:\/\/www.electrosuisse.ch\/wp-content\/uploads\/2025\/04\/Electrosuisse_Logo_696x696.png","contentUrl":"https:\/\/www.electrosuisse.ch\/wp-content\/uploads\/2025\/04\/Electrosuisse_Logo_696x696.png","width":696,"height":696,"caption":"Electrosuisse"},"image":{"@id":"https:\/\/www.electrosuisse.ch\/fr\/#\/schema\/logo\/image\/"},"sameAs":["https:\/\/www.linkedin.com\/company\/electrosuisse-ag\/posts\/?feedView=all","https:\/\/www.instagram.com\/electrosuisse1889\/","https:\/\/www.youtube.com\/channel\/UCoOxohMiVE0Gjcdis1L09zw"],"description":"Electrosuisse ist eine anerkannte und unabh\u00e4ngige Fachorganisation, die erstklassige Dienstleistungen und Produkte in den Bereichen Inspektion, Beratung, Pr\u00fcfung, Zertifizierung, Normung und Weiterbildung anbietet. Unsere Expertise umfasst Elektrotechnik, Elektromobilit\u00e4t, Energieberatung, Geb\u00e4udeautomation und Photovoltaik in der Schweiz. Durch die Veranstaltung etablierter Branchen-Events und Fachtagungen f\u00f6rdert Electrosuisse den Wissenstransfer und den fachlichen Austausch. Im Mittelpunkt unserer T\u00e4tigkeiten steht die F\u00f6rderung der sicheren, wirtschaftlichen und umweltgerechten Anwendung der Elektrotechnik."}]}},"amp_enabled":true,"_links":{"self":[{"href":"https:\/\/www.electrosuisse.ch\/fr\/wp-json\/wp\/v2\/pages\/37992","targetHints":{"allow":["GET"]}}],"collection":[{"href":"https:\/\/www.electrosuisse.ch\/fr\/wp-json\/wp\/v2\/pages"}],"about":[{"href":"https:\/\/www.electrosuisse.ch\/fr\/wp-json\/wp\/v2\/types\/page"}],"author":[{"embeddable":true,"href":"https:\/\/www.electrosuisse.ch\/fr\/wp-json\/wp\/v2\/users\/38"}],"replies":[{"embeddable":true,"href":"https:\/\/www.electrosuisse.ch\/fr\/wp-json\/wp\/v2\/comments?post=37992"}],"version-history":[{"count":28,"href":"https:\/\/www.electrosuisse.ch\/fr\/wp-json\/wp\/v2\/pages\/37992\/revisions"}],"predecessor-version":[{"id":46953,"href":"https:\/\/www.electrosuisse.ch\/fr\/wp-json\/wp\/v2\/pages\/37992\/revisions\/46953"}],"up":[{"embeddable":true,"href":"https:\/\/www.electrosuisse.ch\/fr\/wp-json\/wp\/v2\/pages\/19605"}],"wp:attachment":[{"href":"https:\/\/www.electrosuisse.ch\/fr\/wp-json\/wp\/v2\/media?parent=37992"}],"curies":[{"name":"wp","href":"https:\/\/api.w.org\/{rel}","templated":true}]}}