{"id":3785,"date":"2018-06-24T11:20:08","date_gmt":"2018-06-24T09:20:08","guid":{"rendered":"https:\/\/www.electrosuisse.ch\/normung\/normen-und-normenentwuerfe\/"},"modified":"2026-04-27T16:48:39","modified_gmt":"2026-04-27T14:48:39","slug":"documents-normes","status":"publish","type":"page","link":"https:\/\/www.electrosuisse.ch\/fr\/pourquoi-normaliser\/documents-normes\/","title":{"rendered":"Documents normes"},"content":{"rendered":"<div class=\"wpb-content-wrapper\"><p>[vc_row][vc_column][vc_column_text el_class=&#8221;lead&#8221;]La normalisation cr\u00e9e et entretient des standards orient\u00e9s vers l\u2019avenir et commercialement pertinents pour les produits, syst\u00e8mes et services num\u00e9riques et \u00e9lectrotechniques. Tout acteur int\u00e9ress\u00e9 peut, en participant, s\u2019assurer un acc\u00e8s efficace \u00e0 son march\u00e9 national et aux march\u00e9s internationaux. En outre, les normes servent de r\u00e9f\u00e9rences aux autorit\u00e9s dans l\u2019ex\u00e9cution de leurs t\u00e2ches l\u00e9gales (s\u00e9curit\u00e9 des produits, surveillance du march\u00e9, etc.).[\/vc_column_text][\/vc_column][\/vc_row][vc_row][vc_column]<div class=\"wpb_process_column wpb_content_element\"><div class=\"wpb_wrapper\"><div class=\"process_container\"><div class=\"process\"><div class=\"process__symbol process__symbol--round\"><\/div><div class=\"process__content\"><h4>Nouveaux projets de norme<\/h4><p>Les nouveaux projets de norme font l\u2019objet d\u2019appels d\u2019offres dans la perspective de leur int\u00e9gration ult\u00e9rieure dans le recueil suisse des normes. Les int\u00e9ress\u00e9s sont invit\u00e9s \u00e0 participer \u00e0 ces projets. Veuillez vous annoncer aupr\u00e8s de <a href=\"&#x6d;&#x61;&#x69;&#x6c;&#x74;&#x6f;&#x3a;&#x63;&#x65;&#x73;&#x40;&#x65;&#x6c;&#x65;&#x63;&#x74;&#x72;&#x6f;&#x73;&#x75;&#x69;&#x73;&#x73;&#x65;&#x2e;&#x63;&#x68;\">ces&#64;&#101;&#108;&#101;&#x63;&#x74;&#x72;&#x6f;&#x73;&#x75;&#x69;sse&#46;&#99;&#104;<\/a>.<\/p>\n<div class=\"button button--normal\"><a href=\"https:\/\/www.cenelec.eu\/dyn\/www\/f?p=104:79:21319780013101::::FSP_ORG_ID,FSP_LANG_ID:,34\" target=\"_blank\" rel=\"noopener\">Aper\u00e7u des nouveaux projets de norme<\/a><\/div><\/div><\/div><div class=\"process\"><div class=\"process__symbol process__symbol--round\"><\/div><div class=\"process__content\"><h4>Nouvelles \u00e9bauches de norme<\/h4><p>Les \u00e9bauches de norme font l\u2019objet de prises de position. Les int\u00e9ress\u00e9s sont invit\u00e9s \u00e0 les examiner et \u00e0 communiquer leurs avis par \u00e9crit \u00e0 <a href=\"&#x6d;&#x61;&#x69;&#108;&#116;o:&#x63;&#x65;&#x73;&#x40;&#101;&#108;ec&#x74;&#x72;&#x6f;&#117;&#105;&#115;se&#x2e;&#x63;&#x68;\">&#x63;e&#x73;&#64;e&#x6c;&#101;&#x63;&#x74;r&#x6f;&#117;i&#x73;&#115;&#x65;&#46;c&#x68;<\/a>.<\/p>\n<\/div><\/div><div class=\"process\"><div class=\"process__symbol process__symbol--round\"><\/div><div class=\"process__content\"><h4>Proc\u00e9dure de consultation pour les normes europ\u00e9ennes (EN)<\/h4><p>Lorsque le Comit\u00e9 europ\u00e9en de normalisation \u00e9lectrotechnique CENELEC a accept\u00e9 une norme europ\u00e9enne (EN) et les documents d\u2019harmonisation (HD), les pr\u00e9paratifs en vue de son int\u00e9gration dans la collection des normes suisses (SN) commencent par un appel d\u2019offres.<\/p>\n<\/div><\/div><div class=\"process\"><div class=\"process__symbol process__symbol--round\"><\/div><div class=\"process__content\"><h4>Nouvelles normes suisses (SN)<\/h4><p>Ces normes entrent en vigueur \u00e0 la date de leur publication dans la collection des normes suisses.<\/p>\n<\/div><\/div><div class=\"process\"><div class=\"process__symbol process__symbol--round\"><\/div><div class=\"process__content\"><h4>Abrogation de normes suisses (SN)<\/h4><p>Les normes retir\u00e9es de la collection des normes suisses perdent leur validit\u00e9 \u00e0 la date de leur retrait.<\/p>\n<\/div><\/div>\n<\/div><\/div><\/div>[\/vc_column][\/vc_row][vc_row][vc_column][vc_row_inner][vc_column_inner width=&#8221;1\/3&#8243;][vc_column_text]<strong>SWITEC Portail de projets national<br \/>\n<\/strong>Souhaitez-vous commenter un projet de norme qui fait partie de l\u2019ensemble de normes suisses\u00a0?[\/vc_column_text]<div class=\"wpb_button_column wpb_content_element wpb_content_element--left\"><div class=\"wpb_wrapper\"><div class=\"button button--arrow\"><a href=\"https:\/\/www.switec.info\/fr\/portail-de-projets-nationaux\/projets-de-normes-electrosuisse-mis-a-lenqute\/\" target=\"_blank\" ><div class=\"arrow\">Vers la fonction de commentaire<\/div><\/a><\/div><\/div><\/div>[vc_column_text]<strong>IEC Public Commenting<\/strong><\/p>\n<p>Vous pouvez y consulter et commenter l\u2019ensemble des documents Committee Draft for Vote (CDV). Vous avez \u00e9galement une vue d\u2019ensemble de vos commentaires.<br \/>\n[\/vc_column_text]<div class=\"wpb_button_column wpb_content_element wpb_content_element--left\"><div class=\"wpb_wrapper\"><div class=\"button button--arrow\"><a href=\"https:\/\/www.iec.ch\/how-get-involved\/public-commenting\" target=\"_blank\" ><div class=\"arrow\">Vers la fonction de commentaire<\/div><\/a><\/div><\/div><\/div>[\/vc_column_inner][vc_column_inner width=&#8221;1\/3&#8243;][vc_column_text]<strong>Achat de normes<\/strong><br \/>\nLors de l\u2019achat de normes, vous b\u00e9n\u00e9ficiez de rabais int\u00e9ressants en tant que <a href=\"https:\/\/www.electrosuisse.ch\/fr\/services-aux-membres\/adhsion-personnelle\/\">membre d\u2019Electrosuisse.<\/a>[\/vc_column_text]<div class=\"wpb_button_column wpb_content_element wpb_content_element--left\"><div class=\"wpb_wrapper\"><div class=\"button button--arrow\"><a href=\"https:\/\/shop.electrosuisse.ch\/fr\/normes-et-produits\/normes\/\" target=\"_blank\" ><div class=\"arrow\">\u00c0 la boutique<\/div><\/a><\/div><\/div><\/div>[\/vc_column_inner][vc_column_inner width=&#8221;1\/3&#8243;][vc_column_text]<strong>Instrument d\u2019apprentissage en ligne pour les PME<\/strong><br \/>\nLe programme d\u2019apprentissage interactif \u00ab\u00a0CEN-CENELEC e-Learning Tool for SMEs\u00a0\u00bb pour les entrepreneurs et les employ\u00e9s de PME est disponible gratuitement en 23\u00a0langues.[\/vc_column_text]<div class=\"wpb_button_column wpb_content_element wpb_content_element--left\"><div class=\"wpb_wrapper\"><div class=\"button button--arrow\"><a href=\"https:\/\/www.cencenelec.eu\/sme\/eLearning\/Pages\/default.aspx\" target=\"_blank\" ><div class=\"arrow\">Vers e-Learning Tool<\/div><\/a><\/div><\/div><\/div>[\/vc_column_inner][\/vc_row_inner]<div class=\"wpb_button_column wpb_content_element wpb_content_element--left\"><div class=\"wpb_wrapper\"><div class=\"button button--normal\"><a href=\"https:\/\/www.switec.info\/fr\/portail-de-projets-nationaux\/projets-de-normes-electrosuisse-mis-a-lenquete\/\" target=\"_blank\" >\u00c9bauches de norme<\/a><\/div><\/div><\/div>[\/vc_column][\/vc_row][vc_row el_id=&#8221;download&#8221;][vc_column][vc_column_text]<\/p>\n<h2 class=\"berschrift3\">T\u00e9l\u00e9chargements<\/h2>\n<p>[\/vc_column_text]<div class=\"wpb_document_column wpb_content_element\"><div class=\"wpb_wrapper\"><div class=\"document document--pdf\"><a href=\"https:\/\/www.electrosuisse.ch\/wp-content\/uploads\/2021\/06\/Electrosuisse-Brochure-Normalisation-et-droit_web.pdf\" target=\"_blank\" rel=\"noopener\">Brochure \u00abNormalisation et droit\u00bb<\/a><\/div><\/div><\/div><div class=\"wpb_document_column wpb_content_element\"><div class=\"wpb_wrapper\"><div class=\"document document--pdf\"><a href=\"https:\/\/www.electrosuisse.ch\/wp-content\/uploads\/2021\/06\/Les_normes_-la_cle_du_succes_FR.pdf\" target=\"_blank\" rel=\"noopener\">Brochure \u00abLes normes : la cl\u00e9 du succ\u00e8s\u00bb<\/a><\/div><\/div><\/div>[\/vc_column][\/vc_row][vc_row el_id=&#8221;entwurf&#8221;][vc_column][vc_column_text]<\/p>\n<h2>Aper\u00e7u des projets de norme actuels et archiv\u00e9s<\/h2>\n<p>[\/vc_column_text]<div class=\"wpb_links_column wpb_content_element\"><div class=\"wpb_wrapper\"><div class=\"link\"><a href=\"https:\/\/www.electrosuisse.ch\/de\/downloads\/normung\/#normenentwuerfe\">Normes et projets de norme actuels<\/a><\/div><div class=\"link\"><a href=\"https:\/\/www.electrosuisse.ch\/de\/downloads\/normung\/#normenarchiv\">Normes et projets de norme archiv\u00e9s<\/a><\/div><\/div><\/div>[\/vc_column][\/vc_row][vc_row disable_element=&#8221;yes&#8221; el_class=&#8221;full&#8221;][vc_column][vc_column_text]<\/p>\n<h3>Abr\u00e9viations<\/h3>\n<p>[\/vc_column_text]<div class=\"wpb_content_element wpb_accordion_column accordion_simple\"><div class=\"accordions accordions_0\"><div class=\"custom_accordion_item accordion custom_accordion accordion_1_0\"><div class=\"accordion__header\" id=\"accordion_header_1_0\"><div class=\"accordion_trigger js-accordion_trigger\" data-toggle=\"collapse\" \r\n\t\t\t\t\tdata-target=\"#accordion_content_1_0_acc804\" \r\n          aria-expanded=\"false\" aria-controls=\"accordion_content_1_0\"><h3 class=\"accordion-title accordion-title-icon icon--position-right js-accordion-controller\"><div>CENELEC Dokumente<\/div><\/h3><\/div><\/div><div class=\"accordion__content collapse not-click-to-close\" id=\"accordion_content_1_0_acc804\" aria-labelledby=\"accordion_header_1_0\"><div class=\"inside\"><div class=\"accordion-content\"><div class=\"accordion__inside\"><div class=\"accordion__element\"><!-- Start Accordion Content --><div class=\"accordion__element\"><\/p>\n<table>\n<tbody>\n<tr>\n<td>prEN<\/td>\n<td>Europ\u00e4ische Norm &#8211; Entwurf<\/td>\n<\/tr>\n<tr>\n<td>prTS<\/td>\n<td>Technische Spezifikation &#8211; Entwurf<\/td>\n<\/tr>\n<tr>\n<td>prA ..<\/td>\n<td>\u00c4nderung (Nr.) &#8211; Entwurf<\/td>\n<\/tr>\n<tr>\n<td>prHD<\/td>\n<td>Harmonisierungsdokument &#8211; Entwurf<\/td>\n<\/tr>\n<tr>\n<td>EN<\/td>\n<td>Europ\u00e4ische Norm<\/td>\n<\/tr>\n<tr>\n<td>CLC\/TS<\/td>\n<td>Technische Spezifikation<\/td>\n<\/tr>\n<tr>\n<td>CLC\/TR<\/td>\n<td>Technischer Bericht<\/td>\n<\/tr>\n<tr>\n<td>A ..<\/td>\n<td>\u00c4nderung (Nr.)<\/td>\n<\/tr>\n<tr>\n<td>HD<\/td>\n<td>Harmonisierungsdokument<\/td>\n<\/tr>\n<\/tbody>\n<\/table>\n<p><em>Source: <a href=\"https:\/\/www.snv.ch\/fr\/a-propos-des-normes\/glossaire.html\" target=\"_blank\" rel=\"noopener noreferrer\">www.snv.ch<\/a><\/em><\/p>\n<\/div><!-- Start Accordion Content --><\/div><\/div><\/div><\/div><\/div><\/div><div class=\"custom_accordion_item accordion custom_accordion accordion_1_1\"><div class=\"accordion__header\" id=\"accordion_header_1_1\"><div class=\"accordion_trigger js-accordion_trigger\" data-toggle=\"collapse\" \r\n\t\t\t\t\tdata-target=\"#accordion_content_1_1_acc283\" \r\n          aria-expanded=\"false\" aria-controls=\"accordion_content_1_1\"><h3 class=\"accordion-title accordion-title-icon icon--position-right js-accordion-controller\"><div>IEC Dokumente<\/div><\/h3><\/div><\/div><div class=\"accordion__content collapse not-click-to-close\" id=\"accordion_content_1_1_acc283\" aria-labelledby=\"accordion_header_1_1\"><div class=\"inside\"><div class=\"accordion-content\"><div class=\"accordion__inside\"><div class=\"accordion__element\"><!-- Start Accordion Content --><div class=\"accordion__element\"><\/p>\n<table>\n<tbody>\n<tr>\n<td>DTS<\/td>\n<td>Draft Technical Specification<\/td>\n<\/tr>\n<tr>\n<td>CDV<\/td>\n<td>Committee Draft for Vote<\/td>\n<\/tr>\n<tr>\n<td>IEC<\/td>\n<td>International Standard<\/td>\n<\/tr>\n<tr>\n<td>IEC\/TS<\/td>\n<td>Technical Specification<\/td>\n<\/tr>\n<tr>\n<td>IEC\/TR<\/td>\n<td>Technical Report<\/td>\n<\/tr>\n<tr>\n<td>A<\/td>\n<td>Amendment (Nr.)<\/td>\n<\/tr>\n<\/tbody>\n<\/table>\n<p><em>Source: <a href=\"https:\/\/www.snv.ch\/fr\/a-propos-des-normes\/glossaire.html\" target=\"_blank\" rel=\"noopener noreferrer\">www.snv.ch<\/a><\/em><\/p>\n<\/div><!-- Start Accordion Content --><\/div><\/div><\/div><\/div><\/div><\/div><div class=\"custom_accordion_item accordion custom_accordion accordion_1_2\"><div class=\"accordion__header\" id=\"accordion_header_1_2\"><div class=\"accordion_trigger js-accordion_trigger\" data-toggle=\"collapse\" \r\n\t\t\t\t\tdata-target=\"#accordion_content_1_2_acc602\" \r\n          aria-expanded=\"false\" aria-controls=\"accordion_content_1_2\"><h3 class=\"accordion-title accordion-title-icon icon--position-right js-accordion-controller\"><div>Zust\u00e4ndiges Gremium<\/div><\/h3><\/div><\/div><div class=\"accordion__content collapse not-click-to-close\" id=\"accordion_content_1_2_acc602\" aria-labelledby=\"accordion_header_1_2\"><div class=\"inside\"><div class=\"accordion-content\"><div class=\"accordion__inside\"><div class=\"accordion__element\"><!-- Start Accordion Content --><div class=\"accordion__element\"><\/p>\n<table>\n<tbody>\n<tr>\n<td>TK ..<\/td>\n<td>Technisches Komitee des CES<\/td>\n<\/tr>\n<tr>\n<td>TC ..<\/td>\n<td>Technical Committee of IEC\/CENELEC<\/td>\n<\/tr>\n<\/tbody>\n<\/table>\n<p><em>Source: <a href=\"https:\/\/www.snv.ch\/fr\/a-propos-des-normes\/glossaire.html\" target=\"_blank\" rel=\"noopener noreferrer\">www.snv.ch<\/a><\/em><\/p>\n<\/div><!-- Start Accordion Content --><\/div><\/div><\/div><\/div><\/div><\/div><\/div><\/div><div class=\"wpb_button_column wpb_content_element wpb_content_element--left\"><div class=\"wpb_wrapper\"><div class=\"button button--ghost\"><a href=\"https:\/\/www.snv.ch\/fr\/a-propos-des-normes\/glossaire.html\" target=\"_blank\" >Zum Glossar<\/a><\/div><\/div><\/div>[\/vc_column][\/vc_row][vc_row el_id=&#8221;kontakt&#8221;][vc_column][vc_column_text]<\/p>\n<h2>Contact<\/h2>\n<p>[\/vc_column_text]<div class=\"wpb_contact_column wpb_content_element wpb_content_element--left\"><div class=\"wpb_wrapper\"><div class=\"contact_container\"><div class=\"contact row middle-xs\"><div class=\"contact__img col-sm-5 col-xs-12\"><img decoding=\"async\" src=\"https:\/\/www.electrosuisse.ch\/wp-content\/uploads\/2022\/05\/MarioSchleider_300x300.png\" alt=\"Mario Schleider - Secr\u00e9taire G\u00e9n\u00e9ral\" \/><\/div><div class=\"contact__info col-sm-7 col-xs-12\"><p><b>Mario Schleider<\/b><br>Secr\u00e9taire G\u00e9n\u00e9ral<\/p><div class=\"phone has-link\"><a href=\"tel:+41585951269\">+41 58 595 12 69<\/a><\/div><div class=\"mail has-link\"><a href=\"mailto:&#109;&#x61;&#114;&#x69;o&#x2e;s&#99;&#x68;&#108;&#x65;&#105;&#x64;e&#x72;&#64;&#101;&#x6c;&#101;&#x63;t&#x72;o&#x73;&#x75;&#105;&#x73;&#115;&#x65;&#46;&#x63;h\">mario.schleider@<br>electrosuisse.ch<\/a><\/div><\/div><\/div><\/div><\/div><\/div>[\/vc_column][\/vc_row][vc_row disable_element=&#8221;yes&#8221;][vc_column]<div class=\"wpb_text_image_column wpb_content_element \"><div class=\"wpb_wrapper\"><div class=\"row middle-lg\"><div class=\"col-sm-6 col-xs-12\"><div class=\"picture_container\"><picture><source srcset=\"https:\/\/www.electrosuisse.ch\/wp-content\/uploads\/2019\/01\/normen_korrigenda-585x500.jpg\"><img decoding=\"async\" src=\"https:\/\/www.electrosuisse.ch\/wp-content\/uploads\/2019\/01\/normen_korrigenda-585x500.jpg\" alt=\"Rectificatifs de norme\" \/><\/picture><\/div><\/div><div class=\"col-sm-6 col-xs-12\"><h3>Rectificatifs de norme<\/h3><p>Les corrections de nature purement formelle sont communiqu\u00e9es aussi rapidement que possible sous forme de correctifs de norme. Ces adaptations sont ult\u00e9rieurement int\u00e9gr\u00e9es dans l\u2019actualisation de la norme concern\u00e9e.<\/p>\n<div class=\"button button--ghost\"><a href=\"https:\/\/shop.electrosuisse.ch\/fr\/normes-et-produits\/normes\/\">Zum online Shop<\/a><\/div><\/div><\/div><\/div><\/div>[\/vc_column][\/vc_row]<\/p>\n<\/div>","protected":false},"excerpt":{"rendered":"<p>[vc_row][vc_column][vc_column_text el_class=&#8221;lead&#8221;]La normalisation cr\u00e9e et entretient des standards orient\u00e9s vers l\u2019avenir et commercialement pertinents pour les produits, syst\u00e8mes et services num\u00e9riques et \u00e9lectrotechniques. Tout acteur int\u00e9ress\u00e9 peut, en participant, s\u2019assurer un acc\u00e8s efficace \u00e0 son march\u00e9 national et aux march\u00e9s internationaux. En outre, les normes servent de r\u00e9f\u00e9rences aux autorit\u00e9s dans l\u2019ex\u00e9cution de leurs t\u00e2ches [&hellip;]<\/p>\n","protected":false},"author":2,"featured_media":0,"parent":3781,"menu_order":156,"comment_status":"closed","ping_status":"closed","template":"","meta":{"_acf_changed":false,"_monsterinsights_skip_tracking":false,"_monsterinsights_sitenote_active":false,"_monsterinsights_sitenote_note":"","_monsterinsights_sitenote_category":0,"footnotes":""},"class_list":["post-3785","page","type-page","status-publish","hentry"],"acf":[],"yoast_head":"<!-- This site is optimized with the Yoast SEO Premium plugin v26.4 (Yoast SEO v27.0) - https:\/\/yoast.com\/product\/yoast-seo-premium-wordpress\/ -->\n<title>Normes et Projets de Norme<\/title>\n<meta name=\"description\" content=\"Les normes d\u00e9coulent de la pratique pour la pratique. Par cons\u00e9quent, les participants de l&#039;industrie peuvent s&#039;impliquer.\" \/>\n<meta name=\"robots\" content=\"index, follow, max-snippet:-1, max-image-preview:large, max-video-preview:-1\" \/>\n<link rel=\"canonical\" href=\"https:\/\/www.electrosuisse.ch\/fr\/pourquoi-normaliser\/documents-normes\/\" \/>\n<meta property=\"og:locale\" content=\"fr_FR\" \/>\n<meta property=\"og:type\" content=\"article\" \/>\n<meta property=\"og:title\" content=\"Normes et Projets de Norme\" \/>\n<meta property=\"og:description\" content=\"Les normes d\u00e9coulent de la pratique pour la pratique. Par cons\u00e9quent, les participants de l&#039;industrie peuvent s&#039;impliquer.\" \/>\n<meta property=\"og:url\" content=\"https:\/\/www.electrosuisse.ch\/fr\/pourquoi-normaliser\/documents-normes\/\" \/>\n<meta property=\"og:site_name\" content=\"Electrosuisse\" \/>\n<meta property=\"article:modified_time\" content=\"2026-04-27T14:48:39+00:00\" \/>\n<meta property=\"og:image\" content=\"https:\/\/www.electrosuisse.ch\/wp-content\/uploads\/2019\/01\/normen-und-normenentwuerfe_headerbild.jpg\" \/>\n\t<meta property=\"og:image:width\" content=\"1578\" \/>\n\t<meta property=\"og:image:height\" content=\"650\" \/>\n\t<meta property=\"og:image:type\" content=\"image\/jpeg\" \/>\n<script type=\"application\/ld+json\" class=\"yoast-schema-graph\">{\"@context\":\"https:\/\/schema.org\",\"@graph\":[{\"@type\":\"WebPage\",\"@id\":\"https:\/\/www.electrosuisse.ch\/fr\/pourquoi-normaliser\/documents-normes\/\",\"url\":\"https:\/\/www.electrosuisse.ch\/fr\/pourquoi-normaliser\/documents-normes\/\",\"name\":\"Normes et Projets de Norme\",\"isPartOf\":{\"@id\":\"https:\/\/www.electrosuisse.ch\/fr\/#website\"},\"datePublished\":\"2018-06-24T09:20:08+00:00\",\"dateModified\":\"2026-04-27T14:48:39+00:00\",\"description\":\"Les normes d\u00e9coulent de la pratique pour la pratique. Par cons\u00e9quent, les participants de l'industrie peuvent s'impliquer.\",\"breadcrumb\":{\"@id\":\"https:\/\/www.electrosuisse.ch\/fr\/pourquoi-normaliser\/documents-normes\/#breadcrumb\"},\"inLanguage\":\"fr-FR\",\"potentialAction\":[{\"@type\":\"ReadAction\",\"target\":[\"https:\/\/www.electrosuisse.ch\/fr\/pourquoi-normaliser\/documents-normes\/\"]}]},{\"@type\":\"BreadcrumbList\",\"@id\":\"https:\/\/www.electrosuisse.ch\/fr\/pourquoi-normaliser\/documents-normes\/#breadcrumb\",\"itemListElement\":[{\"@type\":\"ListItem\",\"position\":1,\"name\":\"Normalisation\",\"item\":\"https:\/\/www.electrosuisse.ch\/fr\/pourquoi-normaliser\/\"},{\"@type\":\"ListItem\",\"position\":2,\"name\":\"Documents normes\"}]},{\"@type\":\"WebSite\",\"@id\":\"https:\/\/www.electrosuisse.ch\/fr\/#website\",\"url\":\"https:\/\/www.electrosuisse.ch\/fr\/\",\"name\":\"Electrosuisse\",\"description\":\"\",\"publisher\":{\"@id\":\"https:\/\/www.electrosuisse.ch\/fr\/#organization\"},\"potentialAction\":[{\"@type\":\"SearchAction\",\"target\":{\"@type\":\"EntryPoint\",\"urlTemplate\":\"https:\/\/www.electrosuisse.ch\/fr\/?s={search_term_string}\"},\"query-input\":{\"@type\":\"PropertyValueSpecification\",\"valueRequired\":true,\"valueName\":\"search_term_string\"}}],\"inLanguage\":\"fr-FR\"},{\"@type\":\"Organization\",\"@id\":\"https:\/\/www.electrosuisse.ch\/fr\/#organization\",\"name\":\"Electrosuisse\",\"url\":\"https:\/\/www.electrosuisse.ch\/fr\/\",\"logo\":{\"@type\":\"ImageObject\",\"inLanguage\":\"fr-FR\",\"@id\":\"https:\/\/www.electrosuisse.ch\/fr\/#\/schema\/logo\/image\/\",\"url\":\"https:\/\/www.electrosuisse.ch\/wp-content\/uploads\/2025\/04\/Electrosuisse_Logo_696x696.png\",\"contentUrl\":\"https:\/\/www.electrosuisse.ch\/wp-content\/uploads\/2025\/04\/Electrosuisse_Logo_696x696.png\",\"width\":696,\"height\":696,\"caption\":\"Electrosuisse\"},\"image\":{\"@id\":\"https:\/\/www.electrosuisse.ch\/fr\/#\/schema\/logo\/image\/\"},\"sameAs\":[\"https:\/\/www.linkedin.com\/company\/electrosuisse-ag\/posts\/?feedView=all\",\"https:\/\/www.instagram.com\/electrosuisse1889\/\",\"https:\/\/www.youtube.com\/channel\/UCoOxohMiVE0Gjcdis1L09zw\"],\"description\":\"Electrosuisse ist eine anerkannte und unabh\u00e4ngige Fachorganisation, die erstklassige Dienstleistungen und Produkte in den Bereichen Inspektion, Beratung, Pr\u00fcfung, Zertifizierung, Normung und Weiterbildung anbietet. Unsere Expertise umfasst Elektrotechnik, Elektromobilit\u00e4t, Energieberatung, Geb\u00e4udeautomation und Photovoltaik in der Schweiz. Durch die Veranstaltung etablierter Branchen-Events und Fachtagungen f\u00f6rdert Electrosuisse den Wissenstransfer und den fachlichen Austausch. Im Mittelpunkt unserer T\u00e4tigkeiten steht die F\u00f6rderung der sicheren, wirtschaftlichen und umweltgerechten Anwendung der Elektrotechnik.\"}]}<\/script>\n<!-- \/ Yoast SEO Premium plugin. -->","yoast_head_json":{"title":"Normes et Projets de Norme","description":"Les normes d\u00e9coulent de la pratique pour la pratique. Par cons\u00e9quent, les participants de l'industrie peuvent s'impliquer.","robots":{"index":"index","follow":"follow","max-snippet":"max-snippet:-1","max-image-preview":"max-image-preview:large","max-video-preview":"max-video-preview:-1"},"canonical":"https:\/\/www.electrosuisse.ch\/fr\/pourquoi-normaliser\/documents-normes\/","og_locale":"fr_FR","og_type":"article","og_title":"Normes et Projets de Norme","og_description":"Les normes d\u00e9coulent de la pratique pour la pratique. Par cons\u00e9quent, les participants de l'industrie peuvent s'impliquer.","og_url":"https:\/\/www.electrosuisse.ch\/fr\/pourquoi-normaliser\/documents-normes\/","og_site_name":"Electrosuisse","article_modified_time":"2026-04-27T14:48:39+00:00","og_image":[{"width":1578,"height":650,"url":"https:\/\/www.electrosuisse.ch\/wp-content\/uploads\/2019\/01\/normen-und-normenentwuerfe_headerbild.jpg","type":"image\/jpeg"}],"schema":{"@context":"https:\/\/schema.org","@graph":[{"@type":"WebPage","@id":"https:\/\/www.electrosuisse.ch\/fr\/pourquoi-normaliser\/documents-normes\/","url":"https:\/\/www.electrosuisse.ch\/fr\/pourquoi-normaliser\/documents-normes\/","name":"Normes et Projets de Norme","isPartOf":{"@id":"https:\/\/www.electrosuisse.ch\/fr\/#website"},"datePublished":"2018-06-24T09:20:08+00:00","dateModified":"2026-04-27T14:48:39+00:00","description":"Les normes d\u00e9coulent de la pratique pour la pratique. Par cons\u00e9quent, les participants de l'industrie peuvent s'impliquer.","breadcrumb":{"@id":"https:\/\/www.electrosuisse.ch\/fr\/pourquoi-normaliser\/documents-normes\/#breadcrumb"},"inLanguage":"fr-FR","potentialAction":[{"@type":"ReadAction","target":["https:\/\/www.electrosuisse.ch\/fr\/pourquoi-normaliser\/documents-normes\/"]}]},{"@type":"BreadcrumbList","@id":"https:\/\/www.electrosuisse.ch\/fr\/pourquoi-normaliser\/documents-normes\/#breadcrumb","itemListElement":[{"@type":"ListItem","position":1,"name":"Normalisation","item":"https:\/\/www.electrosuisse.ch\/fr\/pourquoi-normaliser\/"},{"@type":"ListItem","position":2,"name":"Documents normes"}]},{"@type":"WebSite","@id":"https:\/\/www.electrosuisse.ch\/fr\/#website","url":"https:\/\/www.electrosuisse.ch\/fr\/","name":"Electrosuisse","description":"","publisher":{"@id":"https:\/\/www.electrosuisse.ch\/fr\/#organization"},"potentialAction":[{"@type":"SearchAction","target":{"@type":"EntryPoint","urlTemplate":"https:\/\/www.electrosuisse.ch\/fr\/?s={search_term_string}"},"query-input":{"@type":"PropertyValueSpecification","valueRequired":true,"valueName":"search_term_string"}}],"inLanguage":"fr-FR"},{"@type":"Organization","@id":"https:\/\/www.electrosuisse.ch\/fr\/#organization","name":"Electrosuisse","url":"https:\/\/www.electrosuisse.ch\/fr\/","logo":{"@type":"ImageObject","inLanguage":"fr-FR","@id":"https:\/\/www.electrosuisse.ch\/fr\/#\/schema\/logo\/image\/","url":"https:\/\/www.electrosuisse.ch\/wp-content\/uploads\/2025\/04\/Electrosuisse_Logo_696x696.png","contentUrl":"https:\/\/www.electrosuisse.ch\/wp-content\/uploads\/2025\/04\/Electrosuisse_Logo_696x696.png","width":696,"height":696,"caption":"Electrosuisse"},"image":{"@id":"https:\/\/www.electrosuisse.ch\/fr\/#\/schema\/logo\/image\/"},"sameAs":["https:\/\/www.linkedin.com\/company\/electrosuisse-ag\/posts\/?feedView=all","https:\/\/www.instagram.com\/electrosuisse1889\/","https:\/\/www.youtube.com\/channel\/UCoOxohMiVE0Gjcdis1L09zw"],"description":"Electrosuisse ist eine anerkannte und unabh\u00e4ngige Fachorganisation, die erstklassige Dienstleistungen und Produkte in den Bereichen Inspektion, Beratung, Pr\u00fcfung, Zertifizierung, Normung und Weiterbildung anbietet. Unsere Expertise umfasst Elektrotechnik, Elektromobilit\u00e4t, Energieberatung, Geb\u00e4udeautomation und Photovoltaik in der Schweiz. Durch die Veranstaltung etablierter Branchen-Events und Fachtagungen f\u00f6rdert Electrosuisse den Wissenstransfer und den fachlichen Austausch. Im Mittelpunkt unserer T\u00e4tigkeiten steht die F\u00f6rderung der sicheren, wirtschaftlichen und umweltgerechten Anwendung der Elektrotechnik."}]}},"amp_enabled":true,"_links":{"self":[{"href":"https:\/\/www.electrosuisse.ch\/fr\/wp-json\/wp\/v2\/pages\/3785","targetHints":{"allow":["GET"]}}],"collection":[{"href":"https:\/\/www.electrosuisse.ch\/fr\/wp-json\/wp\/v2\/pages"}],"about":[{"href":"https:\/\/www.electrosuisse.ch\/fr\/wp-json\/wp\/v2\/types\/page"}],"author":[{"embeddable":true,"href":"https:\/\/www.electrosuisse.ch\/fr\/wp-json\/wp\/v2\/users\/2"}],"replies":[{"embeddable":true,"href":"https:\/\/www.electrosuisse.ch\/fr\/wp-json\/wp\/v2\/comments?post=3785"}],"version-history":[{"count":6,"href":"https:\/\/www.electrosuisse.ch\/fr\/wp-json\/wp\/v2\/pages\/3785\/revisions"}],"predecessor-version":[{"id":44931,"href":"https:\/\/www.electrosuisse.ch\/fr\/wp-json\/wp\/v2\/pages\/3785\/revisions\/44931"}],"up":[{"embeddable":true,"href":"https:\/\/www.electrosuisse.ch\/fr\/wp-json\/wp\/v2\/pages\/3781"}],"wp:attachment":[{"href":"https:\/\/www.electrosuisse.ch\/fr\/wp-json\/wp\/v2\/media?parent=3785"}],"curies":[{"name":"wp","href":"https:\/\/api.w.org\/{rel}","templated":true}]}}