{"id":3783,"date":"2018-06-24T11:18:34","date_gmt":"2018-06-24T09:18:34","guid":{"rendered":"https:\/\/www.electrosuisse.ch\/normung\/wie-funktioniert-normung\/"},"modified":"2026-04-28T09:53:13","modified_gmt":"2026-04-28T07:53:13","slug":"comment-fonctionne-la-normalisation","status":"publish","type":"page","link":"https:\/\/www.electrosuisse.ch\/fr\/pourquoi-normaliser\/comment-fonctionne-la-normalisation\/","title":{"rendered":"Comment Fonctionne la Normalisation"},"content":{"rendered":"<div class=\"wpb-content-wrapper\"><p>[vc_row][vc_column][vc_column_text el_class=&#8221;lead&#8221;]Les normes sont d\u00e9velopp\u00e9es et trait\u00e9es par des sp\u00e9cialistes dans des groupes de travail. En ce qui concerne la normalisation \u00e9lectrotechnique, le <a href=\"https:\/\/www.electrosuisse.ch\/fr\/normalisation\/ces\/\">CES<\/a> est comp\u00e9tent au niveau national, le <a href=\"https:\/\/www.electrosuisse.ch\/fr\/normalisation\/cenelec\/\">CENELEC<\/a> sur le plan europ\u00e9en tandis que la <a href=\"https:\/\/www.electrosuisse.ch\/fr\/normalisation\/cei\/\">CEI<\/a> intervient \u00e0 l\u2019\u00e9chelle mondiale. Les membres du CENELEC et de la CEI travaillent dans des comit\u00e9s nationaux. Le CES d\u00e9fend les int\u00e9r\u00eats du domaine \u00e9lectrotechnique suisse de tous les milieux concern\u00e9s, en Europe et au niveau international.<\/p>\n<p>Du point de vue juridique, ces organisations de normalisation sont des associations priv\u00e9es (\u00e0 but non lucratif).[\/vc_column_text]<div class=\"wpb_button_column wpb_content_element wpb_content_element--left\"><div class=\"wpb_wrapper\"><div class=\"button button--normal\"><a href=\"https:\/\/www.electrosuisse.ch\/fr\/normalisation\/ces\/\">D\u00e9couvrir le CES<\/a><\/div><\/div><\/div>[vc_column_text el_class=&#8221;lead&#8221;]Les normes sont \u00e9tablies par des organisations de normalisation reconnues, dans le respect des principes ci-apr\u00e8s:<\/p>\n<ul>\n<li>Absence de discrimination (autrement dit, tous les milieux concern\u00e9s ont un droit de participation)<\/li>\n<li>Coh\u00e9rence<\/li>\n<li>Transparence<\/li>\n<li>Ouverture<\/li>\n<li>Consensus<\/li>\n<li>Caract\u00e8re facultatif de l\u2019application<\/li>\n<li>Efficacit\u00e9<\/li>\n<\/ul>\n<p>[\/vc_column_text][\/vc_column][\/vc_row][vc_row][vc_column]<div class=\"wpb_process_column wpb_content_element\"><div class=\"wpb_wrapper\"><div class=\"process_container\"><div class=\"process\"><div class=\"process__symbol process__symbol--round\"><\/div><div class=\"process__content\"><h4>Besoin de normes<\/h4><p>Tous les milieux int\u00e9ress\u00e9s expriment leurs exigences dans les groupes de travail th\u00e9matiquement pertinents des comit\u00e9s techniques (CT). Le CT examine la pertinence des demandes soumises. L\u2019organisme de normalisation dans lequel le nouveau standard doit \u00eatre formul\u00e9 est choisi en fonction du domaine technique.<\/p>\n<\/div><\/div><div class=\"process\"><div class=\"process__symbol process__symbol--round\"><\/div><div class=\"process__content\"><h4>Proposition<\/h4><p>Si la demande soumise est jug\u00e9e pertinente, les membres de la commission \u00e9laborent des propositions correspondantes. Puis, les propositions sont mises en consultation au sein de la commission.<\/p>\n<\/div><\/div><div class=\"process\"><div class=\"process__symbol process__symbol--round\"><\/div><div class=\"process__content\"><h4>\u00c9laboration<\/h4><p>Une fois une proposition accept\u00e9e, un projet de norme est \u00e9labor\u00e9 et soumis \u00e0 la votation au sein de l\u2019organisme. La norme accept\u00e9e \u00e0 la majorit\u00e9 est pr\u00e9par\u00e9e pour sa publication.<\/p>\n<\/div><\/div><div class=\"process\"><div class=\"process__symbol process__symbol--round\"><\/div><div class=\"process__content\"><h4>Consultation publique<\/h4><p>Le projet de norme fait l\u2019objet d\u2019un appel \u00e0 commentaires public. Le CT prend en compte les \u00e9ventuels commentaires et les int\u00e8gre \u00e0 la norme.<\/p>\n<\/div><\/div><div class=\"process\"><div class=\"process__symbol process__symbol--round\"><\/div><div class=\"process__content\"><h4>Publication de la norme<\/h4><p>Les normes sont publi\u00e9es par le truchement des organismes de normalisation nationaux.<\/p>\n<\/div><\/div>\n<\/div><\/div><\/div>[\/vc_column][\/vc_row][vc_row el_id=&#8221;dokumente&#8221;][vc_column][vc_column_text]<\/p>\n<h2 class=\"berschrift1\">Documents relatifs aux normes<\/h2>\n<h4>Documents suisses<\/h4>\n<p>Schweizer Norm (SN)<br \/>\nSchweizer Regel (SNR)<br \/>\nSchweizer Guide (SNG)[\/vc_column_text][vc_column_text]<\/p>\n<h4>Documents CENELEC<\/h4>\n<p>CENELEC Norm (EN)<br \/>\nCENELEC Harmonization Document (HD)<br \/>\nCENELEC Technical Specification (EN TS)<br \/>\nCENELEC Technical Report (EN TR)<br \/>\nCENELEC Workgroup Agreement (CWA)[\/vc_column_text]<div class=\"wpb_image_column wpb_image_column--nospace_top wpb_content_element\"><div class=\"wpb_wrapper\"><div class=\"picture_container\"><picture style=\"width: 180px\"><source media=\"(min-width: 769px)\" srcset=\"https:\/\/www.electrosuisse.ch\/wp-content\/uploads\/2019\/01\/cenelec_logo-1.jpg\"><source media=\"(min-width: 415px)\" srcset=\"https:\/\/www.electrosuisse.ch\/wp-content\/uploads\/2019\/01\/cenelec_logo-1.jpg\"><source media=\"(max-width: 414px)\" srcset=\"https:\/\/www.electrosuisse.ch\/wp-content\/uploads\/2019\/01\/cenelec_logo-1.jpg 1x, https:\/\/www.electrosuisse.ch\/wp-content\/uploads\/2019\/01\/cenelec_logo-1.jpg 2x\"><img decoding=\"async\" src=\"https:\/\/www.electrosuisse.ch\/wp-content\/uploads\/2019\/01\/cenelec_logo-1.jpg\" alt=\"Cenelec Logo\" \/><\/picture><\/div><\/div><\/div>[vc_column_text]<\/p>\n<h4>Documents CEI<\/h4>\n<p>IEC International Standard (IEC IS)<br \/>\nIEC Technical Spezification (IEC TS)<br \/>\nIEC Technical Report (TR)<br \/>\nPublicly Available Specification (PAS)[\/vc_column_text]<div class=\"wpb_image_column wpb_image_column--nospace_top wpb_content_element\"><div class=\"wpb_wrapper\"><div class=\"picture_container\"><picture style=\"width: 100px\"><source media=\"(min-width: 769px)\" srcset=\"https:\/\/www.electrosuisse.ch\/wp-content\/uploads\/2019\/02\/iec_logo.jpg\"><source media=\"(min-width: 415px)\" srcset=\"https:\/\/www.electrosuisse.ch\/wp-content\/uploads\/2019\/02\/iec_logo.jpg\"><source media=\"(max-width: 414px)\" srcset=\"https:\/\/www.electrosuisse.ch\/wp-content\/uploads\/2019\/02\/iec_logo.jpg 1x, https:\/\/www.electrosuisse.ch\/wp-content\/uploads\/2019\/02\/iec_logo.jpg 2x\"><img decoding=\"async\" src=\"https:\/\/www.electrosuisse.ch\/wp-content\/uploads\/2019\/02\/iec_logo.jpg\" alt=\"IEC Logo\" \/><\/picture><\/div><\/div><\/div>[\/vc_column][\/vc_row][vc_row el_id=&#8221;organisation&#8221;][vc_column][vc_column_text]<\/p>\n<h2 class=\"berschrift1\">Aper\u00e7u de l\u2019organisme de normalisation<\/h2>\n<p>[\/vc_column_text][vc_row_inner el_class=&#8221;no-hostpot&#8221;][vc_column_inner]<div class=\"wpb_hotspot_column\"><div style=\"width:;\" class=\"cqtooltip-wrapper \" data-opacity=\"1\" data-tooltipanimation=\"grow\" data-tooltipstyle=\"shadow\" data-trigger=\"click\" data-maxwidth=\"240\" data-marginoffset=\"\" data-isdisplayall=\"off\" data-displayednum=\"1\"><img decoding=\"async\" src=\"https:\/\/www.electrosuisse.ch\/wp-content\/uploads\/2020\/01\/apercu_organisme_de_normalisation_electrosuisse_2020.svg\" alt=\"\" \/><div class=\"cq-hotspots\"><div class=\"hotspot-item pulse-white \" style=\"top:59.969334389857366%;left:18.9507136485281%;\" data-top=\"59.969334389857366%\" data-left=\"18.9507136485281%\"><a href=\"https:\/\/www.switec.info\/\" class=\"cq-tooltip\" style=\"background:#88bd24;\" data-tooltip=\"\n&lt;p&gt;switec&lt;br \/&gt;\n&lt;\/p&gt;\n&lt;p&gt;\" data-arrowposition=\"\" target=\"_blank\"><span style=\"background:#ffffff;\"><\/span><\/a><\/div><div class=\"hotspot-item pulse-white \" style=\"top:47.31331220285262%;left:18.98206958073149%;\" data-top=\"47.31331220285262%\" data-left=\"18.98206958073149%\"><a href=\"https:\/\/www.snv.ch\/fr\/\" class=\"cq-tooltip\" style=\"background:#88bd24;\" data-tooltip=\"\nSNV-Gesch\u00e4ftsstelle&lt;br \/&gt;\n&lt;\/p&gt;\n&lt;p&gt;\" data-arrowposition=\"top\" target=\"_blank\"><span style=\"background:#ffffff;\"><\/span><\/a><\/div><div class=\"hotspot-item pulse-white \" style=\"top:41.92749603803487%;left:40.703077609277436%;\" data-top=\"41.92749603803487%\" data-left=\"40.703077609277436%\"><a href=\"https:\/\/www.snv.ch\/fr\/\" class=\"cq-tooltip\" style=\"background:#88bd24;\" data-tooltip=\"\nSNV&lt;br \/&gt;\n&lt;\/p&gt;\n&lt;p&gt;\" data-arrowposition=\"top\" target=\"_blank\"><span style=\"background:#ffffff;\"><\/span><\/a><\/div><div class=\"hotspot-item pulse-white \" style=\"top:70.80574018126889%;left:70.20034188034188%;\" data-top=\"70.80574018126889%\" data-left=\"70.20034188034188%\"><a href=\"https:\/\/www.snv.ch\/fr\/\" class=\"cq-tooltip\" style=\"background:#88bd24;\" data-tooltip=\"\nSNV-Mitglieder&lt;br \/&gt;\n&lt;\/p&gt;\n&lt;p&gt;\" data-arrowposition=\"top\" target=\"_blank\"><span style=\"background:#ffffff;\"><\/span><\/a><\/div><div class=\"hotspot-item pulse-white \" style=\"top:25.964500792393032%;left:44.7743086529884%;\" data-top=\"25.964500792393032%\" data-left=\"44.7743086529884%\"><a href=\"https:\/\/www.cen.eu\/Pages\/default.aspx \" class=\"cq-tooltip\" style=\"background:#88bd24;\" data-tooltip=\"\nCEN&lt;br \/&gt;\n&lt;\/p&gt;\n&lt;p&gt;\" data-arrowposition=\"top\" target=\"_blank\"><span style=\"background:#ffffff;\"><\/span><\/a><\/div><div class=\"hotspot-item pulse-white \" style=\"top:6.007329635499207%;left:44.82203389830509%;\" data-top=\"6.007329635499207%\" data-left=\"44.82203389830509%\"><a href=\"https:\/\/www.iso.org\/home.html \" class=\"cq-tooltip\" style=\"background:#88bd24;\" data-tooltip=\"\nISO&lt;br \/&gt;\n&lt;\/p&gt;\n&lt;p&gt;\" data-arrowposition=\"top\" target=\"_blank\"><span style=\"background:#ffffff;\"><\/span><\/a><\/div><div class=\"hotspot-item pulse-white \" style=\"top:47.04706814580032%;left:60.387600356824265%;\" data-top=\"47.04706814580032%\" data-left=\"60.387600356824265%\"><a href=\"https:\/\/www.electrosuisse.ch\/\" class=\"cq-tooltip\" style=\"background:#88bd24;\" data-tooltip=\"\nElectrosuisse&lt;br \/&gt;\n&lt;\/p&gt;\n&lt;p&gt;\" data-arrowposition=\"top\" target=\"_blank\"><span style=\"background:#ffffff;\"><\/span><\/a><\/div><div class=\"hotspot-item pulse-white \" style=\"top:26.122979397781304%;left:60.29839429081177%;\" data-top=\"26.122979397781304%\" data-left=\"60.29839429081177%\"><a href=\"https:\/\/www.cenelec.eu\/ \" class=\"cq-tooltip\" style=\"background:#88bd24;\" data-tooltip=\"\nCENELEC&lt;br \/&gt;\n&lt;\/p&gt;\n&lt;p&gt;\" data-arrowposition=\"top\" target=\"_blank\"><span style=\"background:#ffffff;\"><\/span><\/a><\/div><div class=\"hotspot-item pulse-white \" style=\"top:5.848851030110936%;left:60.389830508474574%;\" data-top=\"5.848851030110936%\" data-left=\"60.389830508474574%\"><a href=\"https:\/\/www.iec.ch\/ \" class=\"cq-tooltip\" style=\"background:#88bd24;\" data-tooltip=\"\nIEC&lt;br \/&gt;\n&lt;\/p&gt;\n&lt;p&gt;\" data-arrowposition=\"top\" target=\"_blank\"><span style=\"background:#ffffff;\"><\/span><\/a><\/div><div class=\"hotspot-item pulse-white \" style=\"top:47.2068145800317%;left:75.42105263157896%;\" data-top=\"47.2068145800317%\" data-left=\"75.42105263157896%\"><a href=\"https:\/\/www.asut.ch\/asut\/fr\/\" class=\"cq-tooltip\" style=\"background:#88bd24;\" data-tooltip=\"\nasut&lt;br \/&gt;\n&lt;\/p&gt;\n&lt;p&gt;\" data-arrowposition=\"top\" target=\"_blank\"><span style=\"background:#ffffff;\"><\/span><\/a><\/div><div class=\"hotspot-item pulse-white \" style=\"top:26.122979397781304%;left:75.55486173059768%;\" data-top=\"26.122979397781304%\" data-left=\"75.55486173059768%\"><a href=\"https:\/\/www.etsi.org\/ \" class=\"cq-tooltip\" style=\"background:#88bd24;\" data-tooltip=\"\nETSI&lt;br \/&gt;\n&lt;\/p&gt;\n&lt;p&gt;\" data-arrowposition=\"top\" target=\"_blank\"><span style=\"background:#ffffff;\"><\/span><\/a><\/div><div class=\"hotspot-item pulse-white \" style=\"top:5.928090332805072%;left:75.55619982158787%;\" data-top=\"5.928090332805072%\" data-left=\"75.55619982158787%\"><a href=\"https:\/\/www.itu.int\/en\/Pages\/default.aspx \" class=\"cq-tooltip\" style=\"background:#88bd24;\" data-tooltip=\"\nITU-T&lt;br \/&gt;\n&lt;\/p&gt;\n&lt;p&gt;\" data-arrowposition=\"top\" target=\"_blank\"><span style=\"background:#ffffff;\"><\/span><\/a><\/div><div class=\"hotspot-item pulse-white \" style=\"top:46.96909667194929%;left:86.92595896520963%;\" data-top=\"46.96909667194929%\" data-left=\"86.92595896520963%\"><a href=\"https:\/\/www.bakom.admin.ch\/bakom\/fr\/\" class=\"cq-tooltip\" style=\"background:#88bd24;\" data-tooltip=\"\nBAKOM\" data-arrowposition=\"top\" target=\"_blank\"><span style=\"background:#ffffff;\"><\/span><\/a><\/div><\/div><\/div><\/div>[\/vc_column_inner][\/vc_row_inner]<div class=\"wpb_gap_column wpb_content_element\"><div class=\"wpb_wrapper\"><div class=\"gap gap--small\"><\/div><\/div><\/div>[vc_column_text]<\/p>\n<h3>R\u00e9partition th\u00e9matique par domaine th\u00e9matique<\/h3>\n<p>[\/vc_column_text]<div class=\"wpb_logo_boxes_new_column wpb_content_element\"><div class=\"wpb_wrapper\"><div class=\"row\"><div class=\"logo_box_new col-lg-3 col-sm-4 col-xs-6\"><div class=\"logo_box_new__content\"><div class=\"logo_box_new__content__logo\"><img decoding=\"async\" src=\"https:\/\/www.electrosuisse.ch\/wp-content\/uploads\/2019\/04\/snv_logo.png\" alt=\"SNV\" \/><a href=\"https:\/\/www.snv.ch\/\" class=\"full\" target=\"_blank\">Website SNV<\/a><\/div><div class=\"js-overlay-trigger logo_box_new__content__plus\"><div class=\"logo_box_new__content__plus__inside\"><span class=\"logo_box_new__content__plus__inside__cross\">Mehr zu SNV<\/span><\/div><\/div><\/div><div class=\"logo_box_new__overlay\"><h5>SNV<\/h5><p>domaine interdisciplinaire des normes<\/p><div class=\"button button--normal\"><a href=\"https:\/\/www.snv.ch\/\"  target=\"_blank\">Zur Website<\/a><\/div><\/div><\/div><div class=\"logo_box_new col-lg-3 col-sm-4 col-xs-6\"><div class=\"logo_box_new__content\"><div class=\"logo_box_new__content__logo\"><img decoding=\"async\" src=\"https:\/\/www.electrosuisse.ch\/wp-content\/uploads\/2019\/04\/swissmem_logo.png\" alt=\"SWISSMEM\" \/><a href=\"https:\/\/www.swissmem.ch\/\" class=\"full\" target=\"_blank\">Website SWISSMEM<\/a><\/div><div class=\"js-overlay-trigger logo_box_new__content__plus\"><div class=\"logo_box_new__content__plus__inside\"><span class=\"logo_box_new__content__plus__inside__cross\">Mehr zu SWISSMEM<\/span><\/div><\/div><\/div><div class=\"logo_box_new__overlay\"><h5>SWISSMEM<\/h5><p>Industrie m\u00e9canique et m\u00e9tallurgique<\/p><div class=\"button button--normal\"><a href=\"https:\/\/www.swissmem.ch\/\"  target=\"_blank\">Zur Website<\/a><\/div><\/div><\/div><div class=\"logo_box_new col-lg-3 col-sm-4 col-xs-6\"><div class=\"logo_box_new__content\"><div class=\"logo_box_new__content__logo\"><img decoding=\"async\" src=\"https:\/\/www.electrosuisse.ch\/wp-content\/uploads\/2019\/04\/sia_logo.png\" alt=\"SIA\" \/><a href=\"http:\/\/www.sia.ch\/\" class=\"full\" target=\"_blank\">Website SIA<\/a><\/div><div class=\"js-overlay-trigger logo_box_new__content__plus\"><div class=\"logo_box_new__content__plus__inside\"><span class=\"logo_box_new__content__plus__inside__cross\">Mehr zu SIA<\/span><\/div><\/div><\/div><div class=\"logo_box_new__overlay\"><h5>SIA<\/h5><p>Industrie du b\u00e2timent<\/p><div class=\"button button--normal\"><a href=\"http:\/\/www.sia.ch\/\"  target=\"_blank\">Zur Website<\/a><\/div><\/div><\/div><div class=\"logo_box_new col-lg-3 col-sm-4 col-xs-6\"><div class=\"logo_box_new__content\"><div class=\"logo_box_new__content__logo\"><img decoding=\"async\" src=\"https:\/\/www.electrosuisse.ch\/wp-content\/uploads\/2019\/04\/vss_logo.png\" alt=\"VSS\" \/><a href=\"http:\/\/www.vss.ch\/\" class=\"full\" target=\"_blank\">Website VSS<\/a><\/div><div class=\"js-overlay-trigger logo_box_new__content__plus\"><div class=\"logo_box_new__content__plus__inside\"><span class=\"logo_box_new__content__plus__inside__cross\">Mehr zu VSS<\/span><\/div><\/div><\/div><div class=\"logo_box_new__overlay\"><h5>VSS<\/h5><p>Route et transport<\/p><div class=\"button button--normal\"><a href=\"http:\/\/www.vss.ch\/\"  target=\"_blank\">Zur Website<\/a><\/div><\/div><\/div><div class=\"logo_box_new col-lg-3 col-sm-4 col-xs-6\"><div class=\"logo_box_new__content\"><div class=\"logo_box_new__content__logo\"><img decoding=\"async\" src=\"https:\/\/www.electrosuisse.ch\/wp-content\/uploads\/2019\/04\/fh_logo.png\" alt=\"FH\" \/><a href=\"http:\/\/www.fhs.swiss\" class=\"full\" target=\"_blank\">Website FH<\/a><\/div><div class=\"js-overlay-trigger logo_box_new__content__plus\"><div class=\"logo_box_new__content__plus__inside\"><span class=\"logo_box_new__content__plus__inside__cross\">Mehr zu FH<\/span><\/div><\/div><\/div><div class=\"logo_box_new__overlay\"><h5>FH<\/h5><p>L'industrie horlog\u00e8re<\/p><div class=\"button button--normal\"><a href=\"http:\/\/www.fhs.swiss\"  target=\"_blank\">Zur Website<\/a><\/div><\/div><\/div><div class=\"logo_box_new col-lg-3 col-sm-4 col-xs-6\"><div class=\"logo_box_new__content\"><div class=\"logo_box_new__content__logo\"><img decoding=\"async\" src=\"https:\/\/www.electrosuisse.ch\/wp-content\/uploads\/2019\/04\/electrosuisse_logo-1.png\" alt=\"Electrosuisse\" \/><\/div><div class=\"js-overlay-trigger logo_box_new__content__plus\"><div class=\"logo_box_new__content__plus__inside\"><span class=\"logo_box_new__content__plus__inside__cross\">Mehr zu Electrosuisse<\/span><\/div><\/div><\/div><div class=\"logo_box_new__overlay\"><h5>Electrosuisse<\/h5><p>G\u00e9nie \u00e9lectrique<\/p><\/div><\/div><div class=\"logo_box_new col-lg-3 col-sm-4 col-xs-6\"><div class=\"logo_box_new__content\"><div class=\"logo_box_new__content__logo\"><img decoding=\"async\" src=\"https:\/\/www.electrosuisse.ch\/wp-content\/uploads\/2019\/04\/asut_logo.png\" alt=\"asut\" \/><a href=\"https:\/\/www.asut.ch\" class=\"full\" target=\"_blank\">Website asut<\/a><\/div><div class=\"js-overlay-trigger logo_box_new__content__plus\"><div class=\"logo_box_new__content__plus__inside\"><span class=\"logo_box_new__content__plus__inside__cross\">Mehr zu asut<\/span><\/div><\/div><\/div><div class=\"logo_box_new__overlay\"><h5>asut<\/h5><p>T\u00e9l\u00e9communications<\/p><div class=\"button button--normal\"><a href=\"https:\/\/www.asut.ch\"  target=\"_blank\">Zur Website<\/a><\/div><\/div><\/div><\/div><\/div><\/div>[\/vc_column][\/vc_row][vc_row el_id=&#8221;faq&#8221;][vc_column][vc_column_text]<\/p>\n<h2>Questions fr\u00e9quement pos\u00e9es<\/h2>\n<p>[\/vc_column_text]<div class=\"wpb_content_element wpb_accordion_column accordion_simple\"><div class=\"accordions accordions_0\"><div class=\"custom_accordion_item accordion custom_accordion accordion_1_0\"><div class=\"accordion__header\" id=\"accordion_header_1_0\"><div class=\"accordion_trigger js-accordion_trigger\" data-toggle=\"collapse\" \r\n\t\t\t\t\tdata-target=\"#accordion_content_1_0_acc181\" \r\n          aria-expanded=\"false\" aria-controls=\"accordion_content_1_0\"><h3 class=\"accordion-title accordion-title-icon icon--position-right js-accordion-controller\"><div>Qui r\u00e9dige les normes ?<\/div><\/h3><\/div><\/div><div class=\"accordion__content collapse not-click-to-close\" id=\"accordion_content_1_0_acc181\" aria-labelledby=\"accordion_header_1_0\"><div class=\"inside\"><div class=\"accordion-content\"><div class=\"accordion__inside\"><div class=\"accordion__element\"><!-- Start Accordion Content --><div class=\"accordion__element\"><p>Les normes sont \u00e9dit\u00e9es par des organismes de normalisation et r\u00e9sultent d\u2019une activit\u00e9 de normalisation volontaire, dans le respect des principes de l\u2019OMC. Elles sont organis\u00e9es et coordonn\u00e9es par des organisations nationales, europ\u00e9ennes et internationales de droit priv\u00e9. Les organismes de normalisation reconnus sont :<\/p>\n<p><strong>Internationaux<\/strong><\/p>\n<ul>\n<li>ISO<\/li>\n<li>CEI<\/li>\n<li>ITU<\/li>\n<\/ul>\n<p><strong>Europ\u00e9enne<\/strong><\/p>\n<ul>\n<li>CEN<\/li>\n<li>Cenelec<\/li>\n<li>ETSI<\/li>\n<\/ul>\n<p><strong>Nationaux<\/strong><\/p>\n<p>SNV et responsables de domaine th\u00e9matique :<\/p>\n<ul>\n<li>INB<\/li>\n<li>Electrosuisse<\/li>\n<li>sia<\/li>\n<li>asut<\/li>\n<li>Swissmem<\/li>\n<li>VSS<\/li>\n<li>NIH<\/li>\n<\/ul>\n<p><em>Source: <a href=\"https:\/\/www.snv.ch\/fr\/a-propos-des-normes\/qui-redige-les-normes.html\" target=\"_blank\" rel=\"noopener noreferrer\">www.snv.ch<\/a><\/em><\/p>\n<\/div><!-- Start Accordion Content --><\/div><\/div><\/div><\/div><\/div><\/div><div class=\"custom_accordion_item accordion custom_accordion accordion_1_1\"><div class=\"accordion__header\" id=\"accordion_header_1_1\"><div class=\"accordion_trigger js-accordion_trigger\" data-toggle=\"collapse\" \r\n\t\t\t\t\tdata-target=\"#accordion_content_1_1_acc279\" \r\n          aria-expanded=\"false\" aria-controls=\"accordion_content_1_1\"><h3 class=\"accordion-title accordion-title-icon icon--position-right js-accordion-controller\"><div>Comment est-il possible d\u2019influer sur les normes ?<\/div><\/h3><\/div><\/div><div class=\"accordion__content collapse not-click-to-close\" id=\"accordion_content_1_1_acc279\" aria-labelledby=\"accordion_header_1_1\"><div class=\"inside\"><div class=\"accordion-content\"><div class=\"accordion__inside\"><div class=\"accordion__element\"><!-- Start Accordion Content --><div class=\"accordion__element\"><p>Une coop\u00e9ration active au sein des organismes de normalisation comp\u00e9tents et des instances correspondantes vous permet non seulement d\u2019influer sur les normes, mais conf\u00e8re aussi, en fonction de votre degr\u00e9 d\u2019engagement, des avantages \u00e0 votre entreprise et aux collaborateurs concern\u00e9s.<\/p>\n<p>Vous d\u00e9cidez vous-m\u00eame de limiter votre influence au niveau national ou de l\u2019\u00e9tendre \u00e0 celui europ\u00e9en et\/ou international.<\/p>\n<p><em>Source: <a href=\"https:\/\/www.snv.ch\/fr\/a-propos-des-normes\/comment-influer-les-normes.html\" target=\"_blank\" rel=\"noopener noreferrer\">www.snv.ch<\/a><\/em><\/p>\n<\/div><div class=\"accordion__element\"><div class=\"picture_container\"><picture><source media=\"(min-width: 769px)\" srcset=\"https:\/\/www.electrosuisse.ch\/wp-content\/uploads\/2021\/03\/Bild1.jpg\"><source media=\"(min-width: 415px)\" srcset=\"https:\/\/www.electrosuisse.ch\/wp-content\/uploads\/2021\/03\/Bild1.jpg\"><source media=\"(max-width: 414px)\" srcset=\"https:\/\/www.electrosuisse.ch\/wp-content\/uploads\/2021\/03\/Bild1-414x112.jpg 1x, https:\/\/www.electrosuisse.ch\/wp-content\/uploads\/2021\/03\/Bild1.jpg 2x\"><img decoding=\"async\" src=\"https:\/\/www.electrosuisse.ch\/wp-content\/uploads\/2021\/03\/Bild1.jpg\" alt=\"Comment est-il possible d\u2019influer sur les normes ?\" \/><\/picture><\/div><\/div><!-- Start Accordion Content --><\/div><\/div><\/div><\/div><\/div><\/div><div class=\"custom_accordion_item accordion custom_accordion accordion_1_2\"><div class=\"accordion__header\" id=\"accordion_header_1_2\"><div class=\"accordion_trigger js-accordion_trigger\" data-toggle=\"collapse\" \r\n\t\t\t\t\tdata-target=\"#accordion_content_1_2_acc66\" \r\n          aria-expanded=\"false\" aria-controls=\"accordion_content_1_2\"><h3 class=\"accordion-title accordion-title-icon icon--position-right js-accordion-controller\"><div>A quels th\u00e8mes puis-je participer ?<\/div><\/h3><\/div><\/div><div class=\"accordion__content collapse not-click-to-close\" id=\"accordion_content_1_2_acc66\" aria-labelledby=\"accordion_header_1_2\"><div class=\"inside\"><div class=\"accordion-content\"><div class=\"accordion__inside\"><div class=\"accordion__element\"><!-- Start Accordion Content --><div class=\"accordion__element\"><p>De fa\u00e7on g\u00e9n\u00e9rale, vous pouvez participer \u00e0 tous les th\u00e8mes pour lesquels vous disposez de comp\u00e9tences correspondantes. Vous pouvez assumer ces responsabilit\u00e9s par le truchement de votre comit\u00e9 national comp\u00e9tent. En Suisse, il existe un comit\u00e9 pour les domaines\u00a0:<\/p>\n<p><strong>\u00c9lectrotechnique<\/strong><\/p>\n<ul>\n<li>Electrosuisse<\/li>\n<\/ul>\n<p><strong>T\u00e9l\u00e9communication<\/strong><\/p>\n<ul>\n<li>asut<\/li>\n<\/ul>\n<p><strong>Tous les autres domaines<\/strong><\/p>\n<ul>\n<li>SNV<\/li>\n<\/ul>\n<p>Une coop\u00e9ration europ\u00e9enne\/internationale en la mati\u00e8re peut \u00e9galement \u00eatre assur\u00e9e par l\u2019interm\u00e9diaire de votre comit\u00e9 national comp\u00e9tent. Les modalit\u00e9s de cette participation et son importance peuvent \u00eatre tr\u00e8s variables.<\/p>\n<\/div><!-- Start Accordion Content --><\/div><\/div><\/div><\/div><\/div><\/div><\/div><\/div>[\/vc_column][\/vc_row][vc_row el_id=&#8221;download&#8221;][vc_column][vc_column_text]<\/p>\n<h2 class=\"berschrift3\">T\u00e9l\u00e9chargements<\/h2>\n<p>[\/vc_column_text]<div class=\"wpb_document_column wpb_content_element\"><div class=\"wpb_wrapper\"><div class=\"document document--pdf\"><a href=\"https:\/\/www.electrosuisse.ch\/wp-content\/uploads\/2021\/06\/Electrosuisse-Brochure-Normalisation-et-droit_web.pdf\" target=\"_blank\" rel=\"noopener\">Brochure \u00abNormalisation et droit\u00bb<\/a><\/div><\/div><\/div><div class=\"wpb_document_column wpb_content_element\"><div class=\"wpb_wrapper\"><div class=\"document document--pdf\"><a href=\"https:\/\/www.electrosuisse.ch\/wp-content\/uploads\/2021\/06\/Les_normes_-la_cle_du_succes_FR.pdf\" target=\"_blank\" rel=\"noopener\">Brochure \u00abLes normes : la cl\u00e9 du succ\u00e8s\u00bb<\/a><\/div><\/div><\/div><div class=\"wpb_document_column wpb_content_element\"><div class=\"wpb_wrapper\"><div class=\"document document--pdf\"><a href=\"https:\/\/www.electrosuisse.ch\/wp-content\/uploads\/2026\/04\/Electrosuisse-Verbandsprospekt-DE-1.pdf\" target=\"_blank\" rel=\"noopener\">Affiliation d\u00e9pliant (en allemend)<\/a><\/div><\/div><\/div>[\/vc_column][\/vc_row][vc_row][vc_column][vc_column_text]<\/p>\n<h2>Participer<\/h2>\n<p>Si une entreprise veut participer activement \u00e0 la conception de normes, elle doit \u00eatre ou devenir membre de la branche aupr\u00e8s d\u2019Electrosuisse et d\u00e9l\u00e9guer des collaborateurs comp\u00e9tents dans la th\u00e9matique vis\u00e9e par la normalisation, afin qu\u2019ils coop\u00e8rent en qualit\u00e9 d\u2019experts au sein des comit\u00e9s techniques nationaux (TK) ou des comit\u00e9s techniques europ\u00e9ens ou internationaux (TC).[\/vc_column_text]<div class=\"wpb_button_column wpb_content_element wpb_content_element--left\"><div class=\"wpb_wrapper\"><div class=\"button button--normal\"><a href=\"https:\/\/www.electrosuisse.ch\/fr\/devenez-membre\/adhesion-en-tant-quentreprise\/\">Devenir expert<\/a><\/div><\/div><\/div>[\/vc_column][\/vc_row][vc_row][vc_column]<div class=\"wpb_accordion_column wpb_content_element\"><div class=\"wpb_wrapper\"><div class=\"fake_accordion\"><div class=\"row\"><div class=\"col-sm-5\"><div class=picture_container><img decoding=\"async\" src=\"https:\/\/www.electrosuisse.ch\/wp-content\/uploads\/2019\/02\/switec_entwurfsportal-585x345.jpg\" alt=\"SWITEC \u2013 Portail de projets national\" \/><\/div><\/div><div class=\"col-sm-7\"><h3>SWITEC \u2013 Portail de projets national<\/h3><p>Souhaitez-vous commenter un projet de norme actuel\u00a0?<\/p>\n<div class=\"button button--normal\"><a href=\"https:\/\/www.switec.info\/fr\/portail-de-projets-nationaux\/projets-de-normes-electrosuisse-mis-a-lenqute\/\" target=\"_blank\" rel=\"noopener\">Fonction commentaire<\/a><\/div><\/div><\/div><\/div><div class=\"fake_accordion\"><div class=\"row\"><div class=\"col-sm-5\"><div class=picture_container><img decoding=\"async\" src=\"https:\/\/www.electrosuisse.ch\/wp-content\/uploads\/2019\/04\/Electrosuisse_Normen_Projekte-585x345.jpg\" alt=\"Nouveaux projets de norme\" \/><\/div><\/div><div class=\"col-sm-7\"><h3>Nouveaux projets de norme<\/h3><p>Les nouveaux projets de norme font l\u2019objet d\u2019un appel d\u2019offres en vue de leur int\u00e9gration ult\u00e9rieure dans la collection des normes suisses. Les personnes int\u00e9ress\u00e9es sont invit\u00e9es \u00e0 coop\u00e9rer \u00e0 ces projets.<\/p>\n<div class=\"button button--normal\"><a href=\"https:\/\/www.cenelec.eu\/dyn\/www\/f?p=104:79:245303979013801::::FSP_ORG_ID,FSP_LANG_ID:,34\" target=\"_blank\" rel=\"noopener\">Liste des projets<\/a><\/div><\/div><\/div><\/div><div class=\"fake_accordion\"><div class=\"row\"><div class=\"col-sm-5\"><div class=picture_container><img decoding=\"async\" src=\"https:\/\/www.electrosuisse.ch\/wp-content\/uploads\/2019\/02\/normenentwuerfe_download-585x345.jpg\" alt=\"Projets de norme\" \/><\/div><\/div><div class=\"col-sm-7\"><h3>Projets de norme<\/h3><p>Aper\u00e7u des projets. Les projets ne figurent pas dans la boutique en ligne, mais ils sont disponibles sous <a href=\"&#x6d;&#97;i&#x6c;&#x74;&#111;:&#x6e;&#111;r&#x6d;&#x65;&#110;v&#x65;&#114;k&#x61;&#x75;&#102;&#64;&#x65;&#x6c;&#101;&#x63;&#x74;&#114;o&#x73;&#x75;&#105;s&#x73;&#101;&#46;&#x63;&#x68;\">n&#111;&#x72;&#x6d;e&#110;&#118;&#x65;&#x72;k&#97;&#117;&#x66;&#x40;e&#108;&#x65;&#x63;&#x74;r&#111;&#x73;&#x75;i&#115;&#115;&#x65;&#x2e;c&#104;<\/a> moyennant une participation aux frais.<\/p>\n<div class=\"button button--normal\"><a href=\"https:\/\/www.electrosuisse.ch\/fr\/telechargements\/normalisation\/\">Projets et normes actuels<\/a><\/div><\/div><\/div><\/div><\/div><\/div>[\/vc_column][\/vc_row]<\/p>\n<\/div>","protected":false},"excerpt":{"rendered":"<p>[vc_row][vc_column][vc_column_text el_class=&#8221;lead&#8221;]Les normes sont d\u00e9velopp\u00e9es et trait\u00e9es par des sp\u00e9cialistes dans des groupes de travail. En ce qui concerne la normalisation \u00e9lectrotechnique, le CES est comp\u00e9tent au niveau national, le CENELEC sur le plan europ\u00e9en tandis que la CEI intervient \u00e0 l\u2019\u00e9chelle mondiale. Les membres du CENELEC et de la CEI travaillent dans des comit\u00e9s [&hellip;]<\/p>\n","protected":false},"author":2,"featured_media":0,"parent":3781,"menu_order":153,"comment_status":"closed","ping_status":"closed","template":"","meta":{"_acf_changed":false,"_monsterinsights_skip_tracking":false,"_monsterinsights_sitenote_active":false,"_monsterinsights_sitenote_note":"","_monsterinsights_sitenote_category":0,"footnotes":""},"class_list":["post-3783","page","type-page","status-publish","hentry"],"acf":[],"yoast_head":"<!-- This site is optimized with the Yoast SEO Premium plugin v26.4 (Yoast SEO v27.0) - https:\/\/yoast.com\/product\/yoast-seo-premium-wordpress\/ -->\n<title>Comment se d\u00e9veloppe une norme \u00e9lectrotechnique ? - Electrosuisse<\/title>\n<meta name=\"description\" content=\"Au sein de groupes de travail de la CES, du CENELEC et de la CEI, des experts \u00e9laborent les bases de nouvelles normes nationales, europ\u00e9ennes ou internationales.\" \/>\n<meta name=\"robots\" content=\"index, follow, max-snippet:-1, max-image-preview:large, max-video-preview:-1\" \/>\n<link rel=\"canonical\" href=\"https:\/\/www.electrosuisse.ch\/fr\/pourquoi-normaliser\/comment-fonctionne-la-normalisation\/\" \/>\n<meta property=\"og:locale\" content=\"fr_FR\" \/>\n<meta property=\"og:type\" content=\"article\" \/>\n<meta property=\"og:title\" content=\"Comment se d\u00e9veloppe une norme \u00e9lectrotechnique ? - Electrosuisse\" \/>\n<meta property=\"og:description\" content=\"Au sein de groupes de travail de la CES, du CENELEC et de la CEI, des experts \u00e9laborent les bases de nouvelles normes nationales, europ\u00e9ennes ou internationales.\" \/>\n<meta property=\"og:url\" content=\"https:\/\/www.electrosuisse.ch\/fr\/pourquoi-normaliser\/comment-fonctionne-la-normalisation\/\" \/>\n<meta property=\"og:site_name\" content=\"Electrosuisse\" \/>\n<meta property=\"article:modified_time\" content=\"2026-04-28T07:53:13+00:00\" \/>\n<meta property=\"og:image\" content=\"https:\/\/www.electrosuisse.ch\/wp-content\/uploads\/2019\/01\/wie-funktioniert-normung_electrosuisse.jpg\" \/>\n\t<meta property=\"og:image:width\" content=\"1578\" \/>\n\t<meta property=\"og:image:height\" content=\"650\" \/>\n\t<meta property=\"og:image:type\" content=\"image\/jpeg\" \/>\n<script type=\"application\/ld+json\" class=\"yoast-schema-graph\">{\"@context\":\"https:\/\/schema.org\",\"@graph\":[{\"@type\":\"WebPage\",\"@id\":\"https:\/\/www.electrosuisse.ch\/fr\/pourquoi-normaliser\/comment-fonctionne-la-normalisation\/\",\"url\":\"https:\/\/www.electrosuisse.ch\/fr\/pourquoi-normaliser\/comment-fonctionne-la-normalisation\/\",\"name\":\"Comment se d\u00e9veloppe une norme \u00e9lectrotechnique ? - Electrosuisse\",\"isPartOf\":{\"@id\":\"https:\/\/www.electrosuisse.ch\/fr\/#website\"},\"datePublished\":\"2018-06-24T09:18:34+00:00\",\"dateModified\":\"2026-04-28T07:53:13+00:00\",\"description\":\"Au sein de groupes de travail de la CES, du CENELEC et de la CEI, des experts \u00e9laborent les bases de nouvelles normes nationales, europ\u00e9ennes ou internationales.\",\"breadcrumb\":{\"@id\":\"https:\/\/www.electrosuisse.ch\/fr\/pourquoi-normaliser\/comment-fonctionne-la-normalisation\/#breadcrumb\"},\"inLanguage\":\"fr-FR\",\"potentialAction\":[{\"@type\":\"ReadAction\",\"target\":[\"https:\/\/www.electrosuisse.ch\/fr\/pourquoi-normaliser\/comment-fonctionne-la-normalisation\/\"]}]},{\"@type\":\"BreadcrumbList\",\"@id\":\"https:\/\/www.electrosuisse.ch\/fr\/pourquoi-normaliser\/comment-fonctionne-la-normalisation\/#breadcrumb\",\"itemListElement\":[{\"@type\":\"ListItem\",\"position\":1,\"name\":\"Normalisation\",\"item\":\"https:\/\/www.electrosuisse.ch\/fr\/pourquoi-normaliser\/\"},{\"@type\":\"ListItem\",\"position\":2,\"name\":\"Comment Fonctionne la Normalisation\"}]},{\"@type\":\"WebSite\",\"@id\":\"https:\/\/www.electrosuisse.ch\/fr\/#website\",\"url\":\"https:\/\/www.electrosuisse.ch\/fr\/\",\"name\":\"Electrosuisse\",\"description\":\"\",\"publisher\":{\"@id\":\"https:\/\/www.electrosuisse.ch\/fr\/#organization\"},\"potentialAction\":[{\"@type\":\"SearchAction\",\"target\":{\"@type\":\"EntryPoint\",\"urlTemplate\":\"https:\/\/www.electrosuisse.ch\/fr\/?s={search_term_string}\"},\"query-input\":{\"@type\":\"PropertyValueSpecification\",\"valueRequired\":true,\"valueName\":\"search_term_string\"}}],\"inLanguage\":\"fr-FR\"},{\"@type\":\"Organization\",\"@id\":\"https:\/\/www.electrosuisse.ch\/fr\/#organization\",\"name\":\"Electrosuisse\",\"url\":\"https:\/\/www.electrosuisse.ch\/fr\/\",\"logo\":{\"@type\":\"ImageObject\",\"inLanguage\":\"fr-FR\",\"@id\":\"https:\/\/www.electrosuisse.ch\/fr\/#\/schema\/logo\/image\/\",\"url\":\"https:\/\/www.electrosuisse.ch\/wp-content\/uploads\/2025\/04\/Electrosuisse_Logo_696x696.png\",\"contentUrl\":\"https:\/\/www.electrosuisse.ch\/wp-content\/uploads\/2025\/04\/Electrosuisse_Logo_696x696.png\",\"width\":696,\"height\":696,\"caption\":\"Electrosuisse\"},\"image\":{\"@id\":\"https:\/\/www.electrosuisse.ch\/fr\/#\/schema\/logo\/image\/\"},\"sameAs\":[\"https:\/\/www.linkedin.com\/company\/electrosuisse-ag\/posts\/?feedView=all\",\"https:\/\/www.instagram.com\/electrosuisse1889\/\",\"https:\/\/www.youtube.com\/channel\/UCoOxohMiVE0Gjcdis1L09zw\"],\"description\":\"Electrosuisse ist eine anerkannte und unabh\u00e4ngige Fachorganisation, die erstklassige Dienstleistungen und Produkte in den Bereichen Inspektion, Beratung, Pr\u00fcfung, Zertifizierung, Normung und Weiterbildung anbietet. Unsere Expertise umfasst Elektrotechnik, Elektromobilit\u00e4t, Energieberatung, Geb\u00e4udeautomation und Photovoltaik in der Schweiz. Durch die Veranstaltung etablierter Branchen-Events und Fachtagungen f\u00f6rdert Electrosuisse den Wissenstransfer und den fachlichen Austausch. Im Mittelpunkt unserer T\u00e4tigkeiten steht die F\u00f6rderung der sicheren, wirtschaftlichen und umweltgerechten Anwendung der Elektrotechnik.\"}]}<\/script>\n<!-- \/ Yoast SEO Premium plugin. -->","yoast_head_json":{"title":"Comment se d\u00e9veloppe une norme \u00e9lectrotechnique ? - Electrosuisse","description":"Au sein de groupes de travail de la CES, du CENELEC et de la CEI, des experts \u00e9laborent les bases de nouvelles normes nationales, europ\u00e9ennes ou internationales.","robots":{"index":"index","follow":"follow","max-snippet":"max-snippet:-1","max-image-preview":"max-image-preview:large","max-video-preview":"max-video-preview:-1"},"canonical":"https:\/\/www.electrosuisse.ch\/fr\/pourquoi-normaliser\/comment-fonctionne-la-normalisation\/","og_locale":"fr_FR","og_type":"article","og_title":"Comment se d\u00e9veloppe une norme \u00e9lectrotechnique ? - Electrosuisse","og_description":"Au sein de groupes de travail de la CES, du CENELEC et de la CEI, des experts \u00e9laborent les bases de nouvelles normes nationales, europ\u00e9ennes ou internationales.","og_url":"https:\/\/www.electrosuisse.ch\/fr\/pourquoi-normaliser\/comment-fonctionne-la-normalisation\/","og_site_name":"Electrosuisse","article_modified_time":"2026-04-28T07:53:13+00:00","og_image":[{"width":1578,"height":650,"url":"https:\/\/www.electrosuisse.ch\/wp-content\/uploads\/2019\/01\/wie-funktioniert-normung_electrosuisse.jpg","type":"image\/jpeg"}],"schema":{"@context":"https:\/\/schema.org","@graph":[{"@type":"WebPage","@id":"https:\/\/www.electrosuisse.ch\/fr\/pourquoi-normaliser\/comment-fonctionne-la-normalisation\/","url":"https:\/\/www.electrosuisse.ch\/fr\/pourquoi-normaliser\/comment-fonctionne-la-normalisation\/","name":"Comment se d\u00e9veloppe une norme \u00e9lectrotechnique ? - Electrosuisse","isPartOf":{"@id":"https:\/\/www.electrosuisse.ch\/fr\/#website"},"datePublished":"2018-06-24T09:18:34+00:00","dateModified":"2026-04-28T07:53:13+00:00","description":"Au sein de groupes de travail de la CES, du CENELEC et de la CEI, des experts \u00e9laborent les bases de nouvelles normes nationales, europ\u00e9ennes ou internationales.","breadcrumb":{"@id":"https:\/\/www.electrosuisse.ch\/fr\/pourquoi-normaliser\/comment-fonctionne-la-normalisation\/#breadcrumb"},"inLanguage":"fr-FR","potentialAction":[{"@type":"ReadAction","target":["https:\/\/www.electrosuisse.ch\/fr\/pourquoi-normaliser\/comment-fonctionne-la-normalisation\/"]}]},{"@type":"BreadcrumbList","@id":"https:\/\/www.electrosuisse.ch\/fr\/pourquoi-normaliser\/comment-fonctionne-la-normalisation\/#breadcrumb","itemListElement":[{"@type":"ListItem","position":1,"name":"Normalisation","item":"https:\/\/www.electrosuisse.ch\/fr\/pourquoi-normaliser\/"},{"@type":"ListItem","position":2,"name":"Comment Fonctionne la Normalisation"}]},{"@type":"WebSite","@id":"https:\/\/www.electrosuisse.ch\/fr\/#website","url":"https:\/\/www.electrosuisse.ch\/fr\/","name":"Electrosuisse","description":"","publisher":{"@id":"https:\/\/www.electrosuisse.ch\/fr\/#organization"},"potentialAction":[{"@type":"SearchAction","target":{"@type":"EntryPoint","urlTemplate":"https:\/\/www.electrosuisse.ch\/fr\/?s={search_term_string}"},"query-input":{"@type":"PropertyValueSpecification","valueRequired":true,"valueName":"search_term_string"}}],"inLanguage":"fr-FR"},{"@type":"Organization","@id":"https:\/\/www.electrosuisse.ch\/fr\/#organization","name":"Electrosuisse","url":"https:\/\/www.electrosuisse.ch\/fr\/","logo":{"@type":"ImageObject","inLanguage":"fr-FR","@id":"https:\/\/www.electrosuisse.ch\/fr\/#\/schema\/logo\/image\/","url":"https:\/\/www.electrosuisse.ch\/wp-content\/uploads\/2025\/04\/Electrosuisse_Logo_696x696.png","contentUrl":"https:\/\/www.electrosuisse.ch\/wp-content\/uploads\/2025\/04\/Electrosuisse_Logo_696x696.png","width":696,"height":696,"caption":"Electrosuisse"},"image":{"@id":"https:\/\/www.electrosuisse.ch\/fr\/#\/schema\/logo\/image\/"},"sameAs":["https:\/\/www.linkedin.com\/company\/electrosuisse-ag\/posts\/?feedView=all","https:\/\/www.instagram.com\/electrosuisse1889\/","https:\/\/www.youtube.com\/channel\/UCoOxohMiVE0Gjcdis1L09zw"],"description":"Electrosuisse ist eine anerkannte und unabh\u00e4ngige Fachorganisation, die erstklassige Dienstleistungen und Produkte in den Bereichen Inspektion, Beratung, Pr\u00fcfung, Zertifizierung, Normung und Weiterbildung anbietet. Unsere Expertise umfasst Elektrotechnik, Elektromobilit\u00e4t, Energieberatung, Geb\u00e4udeautomation und Photovoltaik in der Schweiz. Durch die Veranstaltung etablierter Branchen-Events und Fachtagungen f\u00f6rdert Electrosuisse den Wissenstransfer und den fachlichen Austausch. Im Mittelpunkt unserer T\u00e4tigkeiten steht die F\u00f6rderung der sicheren, wirtschaftlichen und umweltgerechten Anwendung der Elektrotechnik."}]}},"amp_enabled":true,"_links":{"self":[{"href":"https:\/\/www.electrosuisse.ch\/fr\/wp-json\/wp\/v2\/pages\/3783","targetHints":{"allow":["GET"]}}],"collection":[{"href":"https:\/\/www.electrosuisse.ch\/fr\/wp-json\/wp\/v2\/pages"}],"about":[{"href":"https:\/\/www.electrosuisse.ch\/fr\/wp-json\/wp\/v2\/types\/page"}],"author":[{"embeddable":true,"href":"https:\/\/www.electrosuisse.ch\/fr\/wp-json\/wp\/v2\/users\/2"}],"replies":[{"embeddable":true,"href":"https:\/\/www.electrosuisse.ch\/fr\/wp-json\/wp\/v2\/comments?post=3783"}],"version-history":[{"count":15,"href":"https:\/\/www.electrosuisse.ch\/fr\/wp-json\/wp\/v2\/pages\/3783\/revisions"}],"predecessor-version":[{"id":43328,"href":"https:\/\/www.electrosuisse.ch\/fr\/wp-json\/wp\/v2\/pages\/3783\/revisions\/43328"}],"up":[{"embeddable":true,"href":"https:\/\/www.electrosuisse.ch\/fr\/wp-json\/wp\/v2\/pages\/3781"}],"wp:attachment":[{"href":"https:\/\/www.electrosuisse.ch\/fr\/wp-json\/wp\/v2\/media?parent=3783"}],"curies":[{"name":"wp","href":"https:\/\/api.w.org\/{rel}","templated":true}]}}