{"id":22243,"date":"2022-04-04T09:27:44","date_gmt":"2022-04-04T07:27:44","guid":{"rendered":"https:\/\/www.electrosuisse.ch\/offresdemploi\/electrosuisse-als-arbeitgeberin\/"},"modified":"2022-04-07T10:02:07","modified_gmt":"2022-04-07T08:02:07","slug":"electrosuisse-en-tant-quemployeur","status":"publish","type":"page","link":"https:\/\/www.electrosuisse.ch\/fr\/electrosuisse-en-tant-quemployeur\/","title":{"rendered":"Electrosuisse en tant qu&#8217;employeur"},"content":{"rendered":"<div class=\"wpb-content-wrapper\"><p>[vc_row][vc_column][vc_column_text]<\/p>\n<h1>Travailler pour Electrosuisse<\/h1>\n<p>[\/vc_column_text][vc_column_text]Lorem ipsum dolor sit amet, consetetur sadipscing elitr, sed diam nonumy eirmod tempor invidunt ut labore et dolore magna aliquyam erat, sed diam voluptua.[\/vc_column_text][vc_column_text]Nous nous engageons pour\u00a0:<\/p>\n<ul>\n<li>l\u2019efficacit\u00e9 \u00e9nerg\u00e9tique dans le futur,<\/li>\n<li>la transmission et le transfert des connaissances,<\/li>\n<li>la coop\u00e9ration g\u00e9n\u00e9rale au sein de la branche,<\/li>\n<li>nos membres personnels et de la branche,<\/li>\n<li>la normalisation \u00e9lectrotechnique,<\/li>\n<li>la gestion s\u00fbre de l\u2019\u00e9lectricit\u00e9.<\/li>\n<\/ul>\n<p>[\/vc_column_text]<div class=\"wpb_video_column wpb_content_element\"><div class=\"wpb_wrapper\"><div class=\"video_container video_container--embed\"><iframe src=\"https:\/\/www.youtube-nocookie.com\/embed\/6p9-SpI1hU0?modestbranding=1&rel=0&showinfo=0&enablejsapi=1\" frameborder=\"0\" allow=\"accelerometer; autoplay; encrypted-media; gyroscope; picture-in-picture\" allowfullscreen><\/iframe><\/div><\/div><\/div>[\/vc_column][\/vc_row][vc_row el_id=&#8221;werte&#8221;][vc_column][vc_column_text]<\/p>\n<h2>Nos valeurs<\/h2>\n<p>[\/vc_column_text][vc_column_text]<\/p>\n<h4>Orientation vers l\u2019avenir<\/h4>\n<p>Forts de notre comp\u00e9tence, nous d\u00e9tectons les opportunit\u00e9s, nous assumons courageusement nos d\u00e9cisions et nous agissons en fonction de l\u2019avenir.<\/p>\n<h4>Sens des responsabilit\u00e9s<\/h4>\n<p>Notre action est empreinte du sens de la responsabilit\u00e9 que nous avons envers nos mandants, nos collaborateurs, la soci\u00e9t\u00e9 et l\u2019environnement.<\/p>\n<h4>Fiabilit\u00e9<\/h4>\n<p>Nos clients, coll\u00e8gues, collaborateurs et sup\u00e9rieurs hi\u00e9rarchiques peuvent se fier en tout temps aux engagements que nous prenons.<\/p>\n<h4>Esprit de coop\u00e9ration<\/h4>\n<p>Nos relations mutuelles sont honn\u00eates, respectueuses, communicatives et constructives. Nous faisons preuve d\u2019attention et de r\u00e9flexion. Nous sommes loyaux et mettons conjointement en \u0153uvre les d\u00e9cisions prises.[\/vc_column_text][\/vc_column][\/vc_row][vc_row el_id=&#8221;berufe&#8221;][vc_column]<div class=\"wpb_text_image_column wpb_content_element \"><div class=\"wpb_wrapper\"><div class=\"row middle-lg\"><div class=\"col-sm-6 col-xs-12\"><div class=\"picture_container\"><picture><source srcset=\"https:\/\/www.electrosuisse.ch\/wp-content\/uploads\/2019\/04\/Electrosuisse_Energienutzungskonzept_iStock-491842814-1-e1554282952427-585x500.jpg\"><img decoding=\"async\" src=\"https:\/\/www.electrosuisse.ch\/wp-content\/uploads\/2019\/04\/Electrosuisse_Energienutzungskonzept_iStock-491842814-1-e1554282952427-585x500.jpg\" alt=\"Les m\u00e9tiers d'Electrosuisse\" \/><\/picture><\/div><\/div><div class=\"col-sm-6 col-xs-12\"><h3>Les m\u00e9tiers d'Electrosuisse<\/h3><p>Lorem ipsum dolor sit amet, consetetur sadipscing elitr, sed diam nonumy eirmod tempor invidunt ut labore et dolore magna aliquyam erat, sed diam voluptua.<\/p>\n<\/div><\/div><\/div><\/div>[\/vc_column][\/vc_row][vc_row][vc_column][\/vc_column][\/vc_row]<\/p>\n<\/div>","protected":false},"excerpt":{"rendered":"<p>[vc_row][vc_column][vc_column_text] Travailler pour Electrosuisse [\/vc_column_text][vc_column_text]Lorem ipsum dolor sit amet, consetetur sadipscing elitr, sed diam nonumy eirmod tempor invidunt ut labore et dolore magna aliquyam erat, sed diam voluptua.[\/vc_column_text][vc_column_text]Nous nous engageons pour\u00a0: l\u2019efficacit\u00e9 \u00e9nerg\u00e9tique dans le futur, la transmission et le transfert des connaissances, la coop\u00e9ration g\u00e9n\u00e9rale au sein de la branche, nos membres personnels et [&hellip;]<\/p>\n","protected":false},"author":6,"featured_media":0,"parent":0,"menu_order":82,"comment_status":"closed","ping_status":"closed","template":"","meta":{"_acf_changed":false,"_monsterinsights_skip_tracking":false,"_monsterinsights_sitenote_active":false,"_monsterinsights_sitenote_note":"","_monsterinsights_sitenote_category":0,"footnotes":""},"class_list":["post-22243","page","type-page","status-publish","hentry"],"acf":[],"yoast_head":"<!-- This site is optimized with the Yoast SEO Premium plugin v26.4 (Yoast SEO v27.0) - https:\/\/yoast.com\/product\/yoast-seo-premium-wordpress\/ -->\n<title>Electrosuisse en tant qu&#039;employeur - Electrosuisse<\/title>\n<meta name=\"robots\" content=\"index, follow, max-snippet:-1, max-image-preview:large, max-video-preview:-1\" \/>\n<link rel=\"canonical\" href=\"https:\/\/www.electrosuisse.ch\/fr\/electrosuisse-en-tant-quemployeur\/\" \/>\n<meta property=\"og:locale\" content=\"fr_FR\" \/>\n<meta property=\"og:type\" content=\"article\" \/>\n<meta property=\"og:title\" content=\"Electrosuisse en tant qu&#039;employeur - Electrosuisse\" \/>\n<meta property=\"og:description\" content=\"[vc_row][vc_column][vc_column_text] Travailler pour Electrosuisse [\/vc_column_text][vc_column_text]Lorem ipsum dolor sit amet, consetetur sadipscing elitr, sed diam nonumy eirmod tempor invidunt ut labore et dolore magna aliquyam erat, sed diam voluptua.[\/vc_column_text][vc_column_text]Nous nous engageons pour\u00a0: l\u2019efficacit\u00e9 \u00e9nerg\u00e9tique dans le futur, la transmission et le transfert des connaissances, la coop\u00e9ration g\u00e9n\u00e9rale au sein de la branche, nos membres personnels et [&hellip;]\" \/>\n<meta property=\"og:url\" content=\"https:\/\/www.electrosuisse.ch\/fr\/electrosuisse-en-tant-quemployeur\/\" \/>\n<meta property=\"og:site_name\" content=\"Electrosuisse\" \/>\n<meta property=\"article:modified_time\" content=\"2022-04-07T08:02:07+00:00\" \/>\n<meta property=\"og:image\" content=\"https:\/\/www.electrosuisse.ch\/wp-content\/uploads\/2022\/12\/Electrosuisse_Ueber_uns_1578x650.jpg\" \/>\n\t<meta property=\"og:image:width\" content=\"1578\" \/>\n\t<meta property=\"og:image:height\" content=\"650\" \/>\n\t<meta property=\"og:image:type\" content=\"image\/jpeg\" \/>\n<script type=\"application\/ld+json\" class=\"yoast-schema-graph\">{\"@context\":\"https:\/\/schema.org\",\"@graph\":[{\"@type\":\"WebPage\",\"@id\":\"https:\/\/www.electrosuisse.ch\/fr\/electrosuisse-en-tant-quemployeur\/\",\"url\":\"https:\/\/www.electrosuisse.ch\/fr\/electrosuisse-en-tant-quemployeur\/\",\"name\":\"Electrosuisse en tant qu'employeur - Electrosuisse\",\"isPartOf\":{\"@id\":\"https:\/\/www.electrosuisse.ch\/fr\/#website\"},\"datePublished\":\"2022-04-04T07:27:44+00:00\",\"dateModified\":\"2022-04-07T08:02:07+00:00\",\"breadcrumb\":{\"@id\":\"https:\/\/www.electrosuisse.ch\/fr\/electrosuisse-en-tant-quemployeur\/#breadcrumb\"},\"inLanguage\":\"fr-FR\",\"potentialAction\":[{\"@type\":\"ReadAction\",\"target\":[\"https:\/\/www.electrosuisse.ch\/fr\/electrosuisse-en-tant-quemployeur\/\"]}]},{\"@type\":\"BreadcrumbList\",\"@id\":\"https:\/\/www.electrosuisse.ch\/fr\/electrosuisse-en-tant-quemployeur\/#breadcrumb\",\"itemListElement\":[{\"@type\":\"ListItem\",\"position\":1,\"name\":\"Offres d\u2019emploi\",\"item\":\"https:\/\/www.electrosuisse.ch\/fr\/offresdemploi\/\"},{\"@type\":\"ListItem\",\"position\":2,\"name\":\"Electrosuisse en tant qu&#8217;employeur\"}]},{\"@type\":\"WebSite\",\"@id\":\"https:\/\/www.electrosuisse.ch\/fr\/#website\",\"url\":\"https:\/\/www.electrosuisse.ch\/fr\/\",\"name\":\"Electrosuisse\",\"description\":\"\",\"publisher\":{\"@id\":\"https:\/\/www.electrosuisse.ch\/fr\/#organization\"},\"potentialAction\":[{\"@type\":\"SearchAction\",\"target\":{\"@type\":\"EntryPoint\",\"urlTemplate\":\"https:\/\/www.electrosuisse.ch\/fr\/?s={search_term_string}\"},\"query-input\":{\"@type\":\"PropertyValueSpecification\",\"valueRequired\":true,\"valueName\":\"search_term_string\"}}],\"inLanguage\":\"fr-FR\"},{\"@type\":\"Organization\",\"@id\":\"https:\/\/www.electrosuisse.ch\/fr\/#organization\",\"name\":\"Electrosuisse\",\"url\":\"https:\/\/www.electrosuisse.ch\/fr\/\",\"logo\":{\"@type\":\"ImageObject\",\"inLanguage\":\"fr-FR\",\"@id\":\"https:\/\/www.electrosuisse.ch\/fr\/#\/schema\/logo\/image\/\",\"url\":\"https:\/\/www.electrosuisse.ch\/wp-content\/uploads\/2025\/04\/Electrosuisse_Logo_696x696.png\",\"contentUrl\":\"https:\/\/www.electrosuisse.ch\/wp-content\/uploads\/2025\/04\/Electrosuisse_Logo_696x696.png\",\"width\":696,\"height\":696,\"caption\":\"Electrosuisse\"},\"image\":{\"@id\":\"https:\/\/www.electrosuisse.ch\/fr\/#\/schema\/logo\/image\/\"},\"sameAs\":[\"https:\/\/www.linkedin.com\/company\/electrosuisse-ag\/posts\/?feedView=all\",\"https:\/\/www.instagram.com\/electrosuisse1889\/\",\"https:\/\/www.youtube.com\/channel\/UCoOxohMiVE0Gjcdis1L09zw\"],\"description\":\"Electrosuisse ist eine anerkannte und unabh\u00e4ngige Fachorganisation, die erstklassige Dienstleistungen und Produkte in den Bereichen Inspektion, Beratung, Pr\u00fcfung, Zertifizierung, Normung und Weiterbildung anbietet. Unsere Expertise umfasst Elektrotechnik, Elektromobilit\u00e4t, Energieberatung, Geb\u00e4udeautomation und Photovoltaik in der Schweiz. Durch die Veranstaltung etablierter Branchen-Events und Fachtagungen f\u00f6rdert Electrosuisse den Wissenstransfer und den fachlichen Austausch. Im Mittelpunkt unserer T\u00e4tigkeiten steht die F\u00f6rderung der sicheren, wirtschaftlichen und umweltgerechten Anwendung der Elektrotechnik.\"}]}<\/script>\n<!-- \/ Yoast SEO Premium plugin. -->","yoast_head_json":{"title":"Electrosuisse en tant qu'employeur - Electrosuisse","robots":{"index":"index","follow":"follow","max-snippet":"max-snippet:-1","max-image-preview":"max-image-preview:large","max-video-preview":"max-video-preview:-1"},"canonical":"https:\/\/www.electrosuisse.ch\/fr\/electrosuisse-en-tant-quemployeur\/","og_locale":"fr_FR","og_type":"article","og_title":"Electrosuisse en tant qu'employeur - Electrosuisse","og_description":"[vc_row][vc_column][vc_column_text] Travailler pour Electrosuisse [\/vc_column_text][vc_column_text]Lorem ipsum dolor sit amet, consetetur sadipscing elitr, sed diam nonumy eirmod tempor invidunt ut labore et dolore magna aliquyam erat, sed diam voluptua.[\/vc_column_text][vc_column_text]Nous nous engageons pour\u00a0: l\u2019efficacit\u00e9 \u00e9nerg\u00e9tique dans le futur, la transmission et le transfert des connaissances, la coop\u00e9ration g\u00e9n\u00e9rale au sein de la branche, nos membres personnels et [&hellip;]","og_url":"https:\/\/www.electrosuisse.ch\/fr\/electrosuisse-en-tant-quemployeur\/","og_site_name":"Electrosuisse","article_modified_time":"2022-04-07T08:02:07+00:00","og_image":[{"width":1578,"height":650,"url":"https:\/\/www.electrosuisse.ch\/wp-content\/uploads\/2022\/12\/Electrosuisse_Ueber_uns_1578x650.jpg","type":"image\/jpeg"}],"schema":{"@context":"https:\/\/schema.org","@graph":[{"@type":"WebPage","@id":"https:\/\/www.electrosuisse.ch\/fr\/electrosuisse-en-tant-quemployeur\/","url":"https:\/\/www.electrosuisse.ch\/fr\/electrosuisse-en-tant-quemployeur\/","name":"Electrosuisse en tant qu'employeur - Electrosuisse","isPartOf":{"@id":"https:\/\/www.electrosuisse.ch\/fr\/#website"},"datePublished":"2022-04-04T07:27:44+00:00","dateModified":"2022-04-07T08:02:07+00:00","breadcrumb":{"@id":"https:\/\/www.electrosuisse.ch\/fr\/electrosuisse-en-tant-quemployeur\/#breadcrumb"},"inLanguage":"fr-FR","potentialAction":[{"@type":"ReadAction","target":["https:\/\/www.electrosuisse.ch\/fr\/electrosuisse-en-tant-quemployeur\/"]}]},{"@type":"BreadcrumbList","@id":"https:\/\/www.electrosuisse.ch\/fr\/electrosuisse-en-tant-quemployeur\/#breadcrumb","itemListElement":[{"@type":"ListItem","position":1,"name":"Offres d\u2019emploi","item":"https:\/\/www.electrosuisse.ch\/fr\/offresdemploi\/"},{"@type":"ListItem","position":2,"name":"Electrosuisse en tant qu&#8217;employeur"}]},{"@type":"WebSite","@id":"https:\/\/www.electrosuisse.ch\/fr\/#website","url":"https:\/\/www.electrosuisse.ch\/fr\/","name":"Electrosuisse","description":"","publisher":{"@id":"https:\/\/www.electrosuisse.ch\/fr\/#organization"},"potentialAction":[{"@type":"SearchAction","target":{"@type":"EntryPoint","urlTemplate":"https:\/\/www.electrosuisse.ch\/fr\/?s={search_term_string}"},"query-input":{"@type":"PropertyValueSpecification","valueRequired":true,"valueName":"search_term_string"}}],"inLanguage":"fr-FR"},{"@type":"Organization","@id":"https:\/\/www.electrosuisse.ch\/fr\/#organization","name":"Electrosuisse","url":"https:\/\/www.electrosuisse.ch\/fr\/","logo":{"@type":"ImageObject","inLanguage":"fr-FR","@id":"https:\/\/www.electrosuisse.ch\/fr\/#\/schema\/logo\/image\/","url":"https:\/\/www.electrosuisse.ch\/wp-content\/uploads\/2025\/04\/Electrosuisse_Logo_696x696.png","contentUrl":"https:\/\/www.electrosuisse.ch\/wp-content\/uploads\/2025\/04\/Electrosuisse_Logo_696x696.png","width":696,"height":696,"caption":"Electrosuisse"},"image":{"@id":"https:\/\/www.electrosuisse.ch\/fr\/#\/schema\/logo\/image\/"},"sameAs":["https:\/\/www.linkedin.com\/company\/electrosuisse-ag\/posts\/?feedView=all","https:\/\/www.instagram.com\/electrosuisse1889\/","https:\/\/www.youtube.com\/channel\/UCoOxohMiVE0Gjcdis1L09zw"],"description":"Electrosuisse ist eine anerkannte und unabh\u00e4ngige Fachorganisation, die erstklassige Dienstleistungen und Produkte in den Bereichen Inspektion, Beratung, Pr\u00fcfung, Zertifizierung, Normung und Weiterbildung anbietet. Unsere Expertise umfasst Elektrotechnik, Elektromobilit\u00e4t, Energieberatung, Geb\u00e4udeautomation und Photovoltaik in der Schweiz. Durch die Veranstaltung etablierter Branchen-Events und Fachtagungen f\u00f6rdert Electrosuisse den Wissenstransfer und den fachlichen Austausch. Im Mittelpunkt unserer T\u00e4tigkeiten steht die F\u00f6rderung der sicheren, wirtschaftlichen und umweltgerechten Anwendung der Elektrotechnik."}]}},"amp_enabled":true,"_links":{"self":[{"href":"https:\/\/www.electrosuisse.ch\/fr\/wp-json\/wp\/v2\/pages\/22243","targetHints":{"allow":["GET"]}}],"collection":[{"href":"https:\/\/www.electrosuisse.ch\/fr\/wp-json\/wp\/v2\/pages"}],"about":[{"href":"https:\/\/www.electrosuisse.ch\/fr\/wp-json\/wp\/v2\/types\/page"}],"author":[{"embeddable":true,"href":"https:\/\/www.electrosuisse.ch\/fr\/wp-json\/wp\/v2\/users\/6"}],"replies":[{"embeddable":true,"href":"https:\/\/www.electrosuisse.ch\/fr\/wp-json\/wp\/v2\/comments?post=22243"}],"version-history":[{"count":0,"href":"https:\/\/www.electrosuisse.ch\/fr\/wp-json\/wp\/v2\/pages\/22243\/revisions"}],"wp:attachment":[{"href":"https:\/\/www.electrosuisse.ch\/fr\/wp-json\/wp\/v2\/media?parent=22243"}],"curies":[{"name":"wp","href":"https:\/\/api.w.org\/{rel}","templated":true}]}}