{"id":22115,"date":"2022-04-06T09:06:14","date_gmt":"2022-04-06T07:06:14","guid":{"rendered":"https:\/\/www.electrosuisse.ch\/?page_id=22115"},"modified":"2026-04-20T11:20:34","modified_gmt":"2026-04-20T09:20:34","slug":"controles-et-conseil","status":"publish","type":"page","link":"https:\/\/www.electrosuisse.ch\/fr\/controles-et-conseil\/","title":{"rendered":"Contr\u00f4les et conseil"},"content":{"rendered":"<div class=\"wpb-content-wrapper\"><p>[vc_row][vc_column][vc_column_text css=&#8221;&#8221; el_class=&#8221;lead&#8221;]<\/p>\n<h3>S\u00fbr, efficace et durable \u2013 tout d&#8217;une seule source<\/h3>\n<p>En tant qu&#8217;organisme de contr\u00f4le ind\u00e9pendant <a href=\"https:\/\/www.sas.admin.ch\/sas\/fr\/home\/akkreditiertestellen\/akkrstellensuchesas.exturl.html\/aHR0cHM6Ly9zYXNkYi5jbGllbnRzLmxpaXAuY2gvc2VhcmNoLm\/h0bWw=.html?csrfmiddlewaretoken=yNBV0XXZoIKrnmWBLUdp6g3nx0k9yZibtCNqydzBsiyo3OLfqZjhnm4aN6MmXlie&amp;lang=fr&amp;search_term=electrosuisse&amp;accreditation_type=&amp;submit=Rechercher\">accr\u00e9dit\u00e9<\/a> , nous contr\u00f4lons, certifions et accompagnons vos installations \u00e9lectriques tout au long de leur cycle de vie, en toute ind\u00e9pendance et dans le respect de la l\u00e9gislation. Nos 100 ans d&#8217;exp\u00e9rience, nous permettent de d\u00e9velopper des solutions individuelles en mati\u00e8re de s\u00e9curit\u00e9 et de durabilit\u00e9 qui garantissent le bon fonctionnement de vos installations tout en contribuant \u00e0 un approvisionnement \u00e9nerg\u00e9tique durable.<\/p>\n<p>Notre expertise couvre tous les domaines de la s\u00e9curit\u00e9 \u00e9lectrique et de l&#8217;efficacit\u00e9 \u00e9nerg\u00e9tique. D\u00e9couvrez nos offres :<\/p>\n<ul>\n<li><a href=\"https:\/\/www.electrosuisse.ch\/fr\/controles-et-conseil\/assurance-qualite-normative\/\"><u>Assurance qualit\u00e9 normative<\/u><\/a><\/li>\n<li><a href=\"https:\/\/www.electrosuisse.ch\/fr\/controles-et-conseil\/expertises-et-conseils\/\"><u>Expertises et conseils<\/u><\/a><\/li>\n<li><a href=\"https:\/\/www.electrosuisse.ch\/fr\/controles-et-conseil\/installations-basse-tension-selon-niv\/\"><u>Installations basse tension selon NIV<\/u><\/a><\/li>\n<li><a href=\"https:\/\/www.electrosuisse.ch\/fr\/controles-et-conseil\/installations-et-equipements-speciaux\/\"><u>Installations et \u00e9quipements sp\u00e9ciaux<\/u><\/a><\/li>\n<li><a href=\"https:\/\/www.electrosuisse.ch\/fr\/controles-et-conseil\/installations-et-equipements-speciaux\/\"><u>Installations photovolta\u00efques et autres installations d&#8217;\u00e9nergies renouvelables<\/u><\/a><\/li>\n<\/ul>\n<p>Pour plus d&#8217;informations, n&#8217;h\u00e9sitez pas \u00e0 nous contacter ![\/vc_column_text][\/vc_column][\/vc_row][vc_row el_id=&#8221;rleiter&#8221;][vc_column][vc_column_text css=&#8221;&#8221;]<\/p>\n<h2>Vos interlocuteurs<\/h2>\n<p>[\/vc_column_text]<div class=\"wpb_image_column wpb_content_element\"><div class=\"wpb_wrapper\"><div class=\"picture_container\"><picture><source media=\"(min-width: 769px)\" srcset=\"https:\/\/www.electrosuisse.ch\/wp-content\/uploads\/2025\/12\/Schweizbild-1170x807.png\"><source media=\"(min-width: 415px)\" srcset=\"https:\/\/www.electrosuisse.ch\/wp-content\/uploads\/2025\/12\/Schweizbild-768x530.png\"><source media=\"(max-width: 414px)\" srcset=\"https:\/\/www.electrosuisse.ch\/wp-content\/uploads\/2025\/12\/Schweizbild-414x286.png 1x, https:\/\/www.electrosuisse.ch\/wp-content\/uploads\/2025\/12\/Schweizbild-768x530.png 2x\"><img decoding=\"async\" src=\"https:\/\/www.electrosuisse.ch\/wp-content\/uploads\/2025\/12\/Schweizbild-1170x807.png\" alt=\"carte de la Suisse\" \/><\/picture><\/div><\/div><\/div><div class=\"wpb_people_column wpb_content_element\"><div class=\"wpb_wrapper\"><div class=\"people_container\"><h3>Nos directeurs r\u00e9gionaux<\/h3><div class=\"row\"><div class=\"people col-sm-6 col-md-4\"><div class=\"people__img\"><img decoding=\"async\" src=\"https:\/\/www.electrosuisse.ch\/wp-content\/uploads\/2024\/12\/LucasChollet_320x320.png\" alt=\"Lucas Chollet\" \/><\/div><div class=\"people__info contact__info\"><p><b>Lucas Chollet<\/b><br>Responsable de r\u00e9gion Fribourg\/Neuch\u00e2tel\/Jura<\/p><div class=\"mail has-link\"><a href=\"mailto:&#108;u&#x63;a&#x73;&#46;&#x63;&#104;&#x6f;&#108;&#x6c;&#101;t&#x40;e&#x6c;e&#x63;&#116;&#x72;&#111;&#x73;&#117;&#x69;&#115;s&#x65;&#46;&#x63;h\">&#108;u&#x63;a&#x73;&#46;&#x63;&#104;&#x6f;&#108;&#x6c;&#101;t&#x40;e&#x6c;e&#x63;&#116;&#x72;&#111;&#x73;&#117;&#x69;&#115;s&#x65;&#46;&#x63;h<\/span><\/a><\/div><\/div><\/div><div class=\"people col-sm-6 col-md-4\"><div class=\"people__img\"><img decoding=\"async\" src=\"https:\/\/www.electrosuisse.ch\/wp-content\/uploads\/2023\/12\/Jareb_Samir_320x320_.jpg\" alt=\"Samir Jareb\" \/><\/div><div class=\"people__info contact__info\"><p><b>Samir Jareb<\/b><br>Responsable de r\u00e9gion Valais<\/p><div class=\"mail has-link\"><a href=\"mailto:&#x73;&#97;&#x6d;&#x69;&#114;&#x2e;&#x6a;&#97;&#x72;&#x65;&#98;&#x40;&#x65;l&#x65;&#x63;t&#x72;&#111;s&#x75;&#105;s&#x73;&#101;&#46;&#x63;&#104;\">&#x73;&#97;&#x6d;&#x69;&#114;&#x2e;&#x6a;&#97;&#x72;&#x65;&#98;&#x40;&#x65;l&#x65;&#x63;t&#x72;&#111;s&#x75;&#105;s&#x73;&#101;&#46;&#x63;&#104;<\/span><\/a><\/div><\/div><\/div><div class=\"people col-sm-6 col-md-4\"><div class=\"people__img\"><img decoding=\"async\" src=\"https:\/\/www.electrosuisse.ch\/wp-content\/uploads\/2024\/08\/DominicKuhn_320x320.png\" alt=\"Dominic Kuhn\" \/><\/div><div class=\"people__info contact__info\"><p><b>Dominic Kuhn<\/b><br>Responsable de r\u00e9gion Berne\/Soleure\/Freiburg<\/p><div class=\"mail has-link\"><a href=\"mailto:&#x64;&#x6f;&#x6d;&#105;&#110;ic&#x2e;&#x6b;&#x75;&#104;&#110;&#64;e&#x6c;&#x65;&#x63;&#116;&#114;os&#x75;&#x69;&#x73;&#115;&#101;&#46;c&#x68;\">&#x64;&#x6f;&#x6d;&#105;&#110;ic&#x2e;&#x6b;&#x75;&#104;&#110;&#64;e&#x6c;&#x65;&#x63;&#116;&#114;os&#x75;&#x69;&#x73;&#115;&#101;&#46;c&#x68;<\/span><\/a><\/div><\/div><\/div><div class=\"people col-sm-6 col-md-4\"><div class=\"people__img\"><img decoding=\"async\" src=\"https:\/\/www.electrosuisse.ch\/wp-content\/uploads\/2021\/09\/MoraJeanMarc_320x320.jpg\" alt=\"Jean-Marc Mora\" \/><\/div><div class=\"people__info contact__info\"><p><b>Jean-Marc Mora<\/b><br>Responsable de r\u00e9gion Arc l\u00e9manique<\/p><div class=\"mail has-link\"><a href=\"mailto:&#106;e&#x61;n&#x2d;m&#x61;&#114;&#x63;&#46;&#x6d;&#111;r&#x61;&#64;&#x65;l&#x65;&#99;&#x74;&#114;&#x6f;&#115;&#x75;&#105;s&#x73;e&#x2e;c&#x68;\">&#106;e&#x61;n&#x2d;m&#x61;&#114;&#x63;&#46;&#x6d;&#111;r&#x61;&#64;&#x65;l&#x65;&#99;&#x74;&#114;&#x6f;&#115;&#x75;&#105;s&#x73;e&#x2e;c&#x68;<\/span><\/a><\/div><\/div><\/div><div class=\"people col-sm-6 col-md-4\"><div class=\"people__img\"><img decoding=\"async\" src=\"https:\/\/www.electrosuisse.ch\/wp-content\/uploads\/2021\/09\/QuinzAndreas_320x320.jpg\" alt=\"Andreas Quinz\" \/><\/div><div class=\"people__info contact__info\"><p><b>Andreas Quinz<\/b><br>Responsable de r\u00e9gion Suisse nord-est<\/p><div class=\"mail has-link\"><a href=\"mailto:a&#110;&#x64;&#x72;e&#97;&#x73;&#x2e;q&#117;&#x69;&#x6e;z&#64;&#x65;&#x6c;e&#99;&#x74;&#x72;o&#115;&#117;&#x69;&#x73;s&#101;&#x2e;&#x63;h\">a&#110;&#x64;&#x72;e&#97;&#x73;&#x2e;q&#117;&#x69;&#x6e;z&#64;&#x65;&#x6c;e&#99;&#x74;&#x72;o&#115;&#117;&#x69;&#x73;s&#101;&#x2e;&#x63;h<\/span><\/a><\/div><\/div><\/div><div class=\"people col-sm-6 col-md-4\"><div class=\"people__img\"><img decoding=\"async\" src=\"https:\/\/www.electrosuisse.ch\/wp-content\/uploads\/2022\/04\/BramatoRene_320x320.jpg\" alt=\"Ren\u00e9 Bramato\" \/><\/div><div class=\"people__info contact__info\"><p><b>Ren\u00e9 Bramato<\/b><br>Responsable de r\u00e9gion Argovie<\/p><div class=\"mail has-link\"><a href=\"mailto:&#x72;&#x65;&#x6e;&#x65;&#x2e;&#x62;&#x72;&#x61;&#x6d;&#x61;&#x74;&#x6f;&#x40;&#x65;&#x6c;&#x65;&#x63;&#x74;&#x72;&#x6f;&#x73;&#x75;&#105;&#115;&#115;&#101;&#46;&#99;&#104;\">&#x72;&#x65;&#x6e;&#x65;&#x2e;&#x62;&#x72;&#x61;&#x6d;&#x61;&#x74;&#x6f;&#x40;&#x65;&#x6c;&#x65;&#x63;&#x74;&#x72;&#x6f;&#x73;&#x75;&#105;&#115;&#115;&#101;&#46;&#99;&#104;<\/span><\/a><\/div><\/div><\/div><div class=\"people col-sm-6 col-md-4\"><div class=\"people__img\"><img decoding=\"async\" src=\"https:\/\/www.electrosuisse.ch\/wp-content\/uploads\/2021\/10\/BraunschweilerSimon_320x320-1.jpg\" alt=\"Simon Braunschweiler\" \/><\/div><div class=\"people__info contact__info\"><p><b>Simon Braunschweiler<\/b><br>Responsable de r\u00e9gion Zurich<\/p><div class=\"mail has-link\"><a href=\"mailto:&#115;&#x69;m&#111;&#x6e;&#46;&#x62;r&#97;&#x75;n&#x73;&#x63;&#104;&#x77;e&#105;&#x6c;e&#x72;&#x40;&#101;&#x6c;e&#99;&#x74;&#114;&#x6f;s&#117;&#x69;s&#115;&#x65;&#46;&#x63;h\">&#115;&#x69;m&#111;&#x6e;&#46;&#x62;r&#97;&#x75;n&#x73;&#x63;&#104;&#x77;e&#105;&#x6c;e&#x72;&#x40;&#101;&#x6c;e&#99;&#x74;&#114;&#x6f;s&#117;&#x69;s&#115;&#x65;&#46;&#x63;h<\/span><\/a><\/div><\/div><\/div><div class=\"people col-sm-6 col-md-4\"><div class=\"people__img\"><img decoding=\"async\" src=\"https:\/\/www.electrosuisse.ch\/wp-content\/uploads\/2023\/12\/ReinerBoettcher_320x320.jpg\" alt=\"Reiner B\u00f6ttcher\" \/><\/div><div class=\"people__info contact__info\"><p><b>Reiner B\u00f6ttcher<\/b><br>Responsable de r\u00e9gion Nord-Ouest<\/p><div class=\"mail has-link\"><a href=\"mailto:&#x72;&#x65;&#x69;&#x6e;&#x65;&#x72;&#x2e;&#x62;&#111;&#101;&#116;&#116;&#99;&#104;&#101;r&#64;el&#x65;&#x63;&#x74;&#x72;&#x6f;&#x73;&#x75;&#x69;&#x73;&#115;&#101;&#46;&#99;&#104;\">&#x72;&#x65;&#x69;&#x6e;&#x65;&#x72;&#x2e;&#x62;&#111;&#101;&#116;&#116;&#99;&#104;&#101;r&#64;el&#x65;&#x63;&#x74;&#x72;&#x6f;&#x73;&#x75;&#x69;&#x73;&#115;&#101;&#46;&#99;&#104;<\/span><\/a><\/div><\/div><\/div><div class=\"people col-sm-6 col-md-4\"><div class=\"people__img\"><img decoding=\"async\" src=\"https:\/\/www.electrosuisse.ch\/wp-content\/uploads\/2021\/10\/KuenzliMarkus_320x320.jpg\" alt=\"Markus K\u00fcnzli\" \/><\/div><div class=\"people__info contact__info\"><p><b>Markus K\u00fcnzli<\/b><br>Responsable de r\u00e9gion Suisse centrale<\/p><div class=\"mail has-link\"><a href=\"mailto:&#x6d;&#97;r&#x6b;&#x75;&#115;&#46;&#x6b;&#x75;&#101;n&#x7a;&#x6c;&#105;&#64;&#x65;&#x6c;&#101;c&#x74;&#114;&#111;s&#x75;&#105;s&#x73;&#x65;&#46;c&#x68;\">&#x6d;&#97;r&#x6b;&#x75;&#115;&#46;&#x6b;&#x75;&#101;n&#x7a;&#x6c;&#105;&#64;&#x65;&#x6c;&#101;c&#x74;&#114;&#111;s&#x75;&#105;s&#x73;&#x65;&#46;c&#x68;<\/span><\/a><\/div><\/div><\/div><div class=\"people col-sm-6 col-md-4\"><div class=\"people__img\"><img decoding=\"async\" src=\"https:\/\/www.electrosuisse.ch\/wp-content\/uploads\/2021\/09\/MoosbergerAndreas_320x320.jpg\" alt=\"Andreas Moosberger\" \/><\/div><div class=\"people__info contact__info\"><p><b>Andreas Moosberger<\/b><br>Responsable de r\u00e9gion Suisse oriental<\/p><div class=\"mail has-link\"><a href=\"mailto:&#x61;&#110;d&#x72;&#101;a&#x73;&#46;m&#x6f;&#x6f;&#115;&#x62;&#x65;&#114;g&#x65;&#114;&#64;&#x65;&#108;e&#x63;&#x74;&#114;&#x6f;&#x73;&#117;i&#x73;&#115;e&#x2e;&#99;h\">&#x61;&#110;d&#x72;&#101;a&#x73;&#46;m&#x6f;&#x6f;&#115;&#x62;&#x65;&#114;g&#x65;&#114;&#64;&#x65;&#108;e&#x63;&#x74;&#114;&#x6f;&#x73;&#117;i&#x73;&#115;e&#x2e;&#99;h<\/span><\/a><\/div><\/div><\/div><div class=\"people col-sm-6 col-md-4\"><div class=\"people__img\"><img decoding=\"async\" src=\"https:\/\/www.electrosuisse.ch\/wp-content\/uploads\/2021\/09\/VanonciniAngelo_320x320.jpg\" alt=\"Angelo Vanoncini\" \/><\/div><div class=\"people__info contact__info\"><p><b>Angelo Vanoncini<\/b><br>Responsable de r\u00e9gion Ticino<\/p><div class=\"mail has-link\"><a href=\"mailto:&#x61;&#110;g&#x65;&#x6c;&#111;&#46;&#x76;&#97;n&#x6f;&#x6e;&#99;i&#x6e;&#105;&#64;&#x65;&#x6c;&#101;c&#x74;&#x72;&#111;&#x73;&#x75;&#105;s&#x73;&#x65;&#46;c&#x68;\">&#x61;&#110;g&#x65;&#x6c;&#111;&#46;&#x76;&#97;n&#x6f;&#x6e;&#99;i&#x6e;&#105;&#64;&#x65;&#x6c;&#101;c&#x74;&#x72;&#111;&#x73;&#x75;&#105;s&#x73;&#x65;&#46;c&#x68;<\/span><\/a><\/div><\/div><\/div><\/div><\/div><\/div><\/div><div class=\"wpb_contact_column wpb_content_element wpb_content_element--\"><div class=\"wpb_wrapper\"><div class=\"contact_container\"><div class=\"contact row middle-xs\"><div class=\"contact__img col-sm-5 col-xs-12\"><img decoding=\"async\" src=\"\/wp-content\/themes\/SCHMUCKI_child\/img\/contact_placeholder.jpg\" alt=\"Conseil, Contr\u00f4les et Ing\u00e9nierie\" \/><\/div><div class=\"contact__info col-sm-7 col-xs-12\"><p><b>Conseil, Contr\u00f4les et Ing\u00e9nierie<\/b><br>Service de Bureau<\/p><div class=\"phone has-link\"><a href=\"tel:+41585951199\">+41 58 595 11 99<\/a><\/div><div class=\"mail has-link\"><a href=\"mailto:&#x62;&#101;&#114;a&#x74;&#x75;&#110;g&#x40;&#x65;&#108;e&#x63;&#x74;&#114;o&#x73;&#x75;&#105;s&#x73;&#x65;&#46;c&#x68;\">b&#101;&#x72;&#x61;t&#117;&#110;&#x67;&#x40;e&#108;&#x65;&#x63;t&#114;&#111;&#x73;&#x75;i&#115;&#x73;&#x65;&#46;&#99;&#104;<\/a><\/div><\/div><\/div><\/div><\/div><\/div>[\/vc_column][\/vc_row][vc_row el_id=&#8221;contact&#8221;][vc_column][vc_column_text css=&#8221;&#8221;]<\/p>\n<h4>Contactez-nous pour une consultation sans engagement.<\/h4>\n<p>[\/vc_column_text][vc_column_text css=&#8221;&#8221;]<\/p>\n<h3>Contact<\/h3>\n<p>[\/vc_column_text]<div class=\"wpb_form_column wpb_content_element\"><div class=\"wpb_wrapper test\"><div id=\"quform-cd3bc5\" class=\"quform quform-85 quform-support-page-caching\"><form id=\"quform-form-cd3bc5\" class=\"quform-form quform-form-85\" action=\"\/fr\/wp-json\/wp\/v2\/pages\/22115#quform-cd3bc5\" method=\"post\" enctype=\"multipart\/form-data\" novalidate=\"novalidate\" data-options=\"{&quot;id&quot;:85,&quot;uniqueId&quot;:&quot;cd3bc5&quot;,&quot;theme&quot;:&quot;&quot;,&quot;ajax&quot;:true,&quot;logic&quot;:{&quot;logic&quot;:[],&quot;dependents&quot;:[],&quot;elementIds&quot;:[],&quot;dependentElementIds&quot;:[],&quot;animate&quot;:true},&quot;currentPageId&quot;:1,&quot;errorsIcon&quot;:&quot;&quot;,&quot;updateFancybox&quot;:true,&quot;hasPages&quot;:false,&quot;pages&quot;:[1],&quot;pageProgressType&quot;:&quot;numbers&quot;,&quot;tooltipsEnabled&quot;:true,&quot;tooltipClasses&quot;:&quot;qtip-quform-dark qtip-shadow&quot;,&quot;tooltipMy&quot;:&quot;left center&quot;,&quot;tooltipAt&quot;:&quot;right center&quot;,&quot;isRtl&quot;:false,&quot;scrollOffset&quot;:-50,&quot;scrollSpeed&quot;:800}\"><button class=\"quform-default-submit\" name=\"quform_submit\" type=\"submit\" value=\"submit\" aria-hidden=\"true\" tabindex=\"-1\"><\/button><div class=\"quform-form-inner quform-form-inner-85\"><input type=\"hidden\" name=\"quform_form_id\" value=\"85\" \/><input type=\"hidden\" name=\"quform_form_uid\" value=\"cd3bc5\" \/><input type=\"hidden\" name=\"quform_count\" value=\"1\" \/><input type=\"hidden\" name=\"form_url\" value=\"https:\/\/www.electrosuisse.ch\/fr\/wp-json\/wp\/v2\/pages\/22115\" \/><input type=\"hidden\" name=\"referring_url\" value=\"\" \/><input type=\"hidden\" name=\"post_id\" value=\"\" \/><input type=\"hidden\" name=\"post_title\" value=\"\" \/><input type=\"hidden\" name=\"quform_current_page_id\" value=\"1\" \/><input type=\"hidden\" name=\"quform_loaded\" value=\"1777673011|8d36d4b86a80aefe97ea2b6d1fd217eb\" \/><input type=\"hidden\" name=\"quform_csrf_token\" value=\"mS3IDuTNy68aRwjJVY7sj5feToM4WLG0cBcGLwU2\" \/><div class=\"quform-elements quform-elements-85 quform-cf quform-responsive-elements-phone-landscape\"><div class=\"quform-element quform-element-page quform-page-1 quform-page-85_1 quform-cf quform-group-style-plain quform-first-page quform-last-page quform-current-page\"><div class=\"quform-child-elements\"><div class=\"quform-element quform-element-name quform-element-85_3 quform-cf quform-element-required\"><div class=\"quform-spacer\"><div class=\"quform-label quform-label-85_3\"><label class=\"quform-label-text\" id=\"quform_85_3_cd3bc5_label\">Nom<span class=\"quform-required\">*<\/span><\/label><\/div><div class=\"quform-inner quform-inner-name quform-inner-85_3\"><div class=\"quform-input quform-input-name quform-input-85_3 quform-cf\"><div class=\"quform-element-row quform-2-columns quform-element-row-size-fixed quform-responsive-columns-phone-landscape\"><div class=\"quform-element-column\"><div class=\"quform-element quform-element-text quform-element-85_3_2 quform-cf quform-element-required\"><div class=\"quform-spacer\"><div class=\"quform-inner quform-inner-text quform-inner-85_3_2\"><div class=\"quform-input quform-input-text quform-input-85_3_2 quform-cf\"><input type=\"text\" id=\"quform_85_3_2_cd3bc5\" name=\"quform_85_3[2]\" class=\"quform-field quform-field-text quform-field-85_3_2\" aria-labelledby=\"quform_85_3_cd3bc5_label quform_85_3_2_cd3bc5_sub_label_below\" \/><\/div><label id=\"quform_85_3_2_cd3bc5_sub_label_below\" class=\"quform-sub-label quform-sub-label-below\">Pr\u00e9nom<\/label><\/div><\/div><\/div><\/div><div class=\"quform-element-column\"><div class=\"quform-element quform-element-text quform-element-85_3_4 quform-cf quform-element-required\"><div class=\"quform-spacer\"><div class=\"quform-inner quform-inner-text quform-inner-85_3_4\"><div class=\"quform-input quform-input-text quform-input-85_3_4 quform-cf\"><input type=\"text\" id=\"quform_85_3_4_cd3bc5\" name=\"quform_85_3[4]\" class=\"quform-field quform-field-text quform-field-85_3_4\" aria-labelledby=\"quform_85_3_cd3bc5_label quform_85_3_4_cd3bc5_sub_label_below\" \/><\/div><label id=\"quform_85_3_4_cd3bc5_sub_label_below\" class=\"quform-sub-label quform-sub-label-below\">Nom<\/label><\/div><\/div><\/div><\/div><\/div><\/div><\/div><\/div><\/div><div class=\"quform-element quform-element-textarea quform-element-85_899025 quform-sr-only quform-cf\" style=\"clip: rect(1px, 1px, 1px, 1px); clip-path: inset(50%); position: absolute !important; height: 1px; width: 1px; overflow: hidden;\"><div class=\"quform-spacer\"><div class=\"quform-label quform-label-85_899025\"><label class=\"quform-label-text\" for=\"quform_85_899025_cd3bc5\">Website URL<span class=\"quform-required\">*<\/span><\/label><\/div><div class=\"quform-inner quform-inner-85_899025\"><textarea id=\"quform_85_899025_cd3bc5\" name=\"quform_85_899025\" class=\"quform-field quform-field-textarea quform-field-85_899025\" tabindex=\"-1\" autocomplete=\"new-password\"><\/textarea><\/div><\/div><\/div><div class=\"quform-element quform-element-email quform-element-85_5 quform-cf quform-element-required\"><div class=\"quform-spacer\"><div class=\"quform-label quform-label-85_5\"><label class=\"quform-label-text\" for=\"quform_85_5_cd3bc5\">Adresse e-mail <span class=\"quform-required\">*<\/span><\/label><\/div><div class=\"quform-inner quform-inner-email quform-inner-85_5\"><div class=\"quform-input quform-input-email quform-input-85_5 quform-cf\"><input type=\"email\" id=\"quform_85_5_cd3bc5\" name=\"quform_85_5\" class=\"quform-field quform-field-email quform-field-85_5\" \/><\/div><\/div><\/div><\/div><div class=\"quform-element quform-element-text quform-element-85_6 quform-cf quform-element-required\"><div class=\"quform-spacer\"><div class=\"quform-label quform-label-85_6\"><label class=\"quform-label-text\" for=\"quform_85_6_cd3bc5\">Entreprise<span class=\"quform-required\">*<\/span><\/label><\/div><div class=\"quform-inner quform-inner-text quform-inner-85_6\"><div class=\"quform-input quform-input-text quform-input-85_6 quform-cf\"><input type=\"text\" id=\"quform_85_6_cd3bc5\" name=\"quform_85_6\" class=\"quform-field quform-field-text quform-field-85_6\" \/><\/div><\/div><\/div><\/div><div class=\"quform-element quform-element-text quform-element-85_7 quform-cf quform-element-optional\"><div class=\"quform-spacer\"><div class=\"quform-label quform-label-85_7\"><label class=\"quform-label-text\" for=\"quform_85_7_cd3bc5\">Num\u00e9ro de t\u00e9l\u00e9phone<\/label><\/div><div class=\"quform-inner quform-inner-text quform-inner-85_7\"><div class=\"quform-input quform-input-text quform-input-85_7 quform-cf\"><input type=\"text\" id=\"quform_85_7_cd3bc5\" name=\"quform_85_7\" class=\"quform-field quform-field-text quform-field-85_7\" \/><\/div><\/div><\/div><\/div><div class=\"quform-element quform-element-textarea quform-element-85_10 quform-cf quform-element-optional\"><div class=\"quform-spacer\"><div class=\"quform-label quform-label-85_10\"><label class=\"quform-label-text\" for=\"quform_85_10_cd3bc5\">Description du projet<\/label><\/div><div class=\"quform-inner quform-inner-textarea quform-inner-85_10\"><div class=\"quform-input quform-input-textarea quform-input-85_10 quform-cf\"><textarea id=\"quform_85_10_cd3bc5\" name=\"quform_85_10\" class=\"quform-field quform-field-textarea quform-field-85_10\"><\/textarea><\/div><\/div><\/div><\/div><div class=\"quform-element quform-element-file quform-element-85_9 quform-cf quform-element-optional\"><div class=\"quform-spacer\"><div class=\"quform-label quform-label-85_9\"><label class=\"quform-label-text\" for=\"quform_85_9_cd3bc5\">T\u00e9l\u00e9chargement de fichier<\/label><\/div><div class=\"quform-inner quform-inner-file quform-inner-85_9\"><div class=\"quform-input quform-input-file quform-input-85_9 quform-cf quform-button-style-theme\"><input type=\"file\" id=\"quform_85_9_cd3bc5\" name=\"quform_85_9[]\" class=\"quform-field quform-field-file quform-field-85_9 quform-field-file-enhanced\" data-config=\"{&quot;id&quot;:9,&quot;identifier&quot;:&quot;85_9&quot;,&quot;name&quot;:&quot;quform_85_9&quot;,&quot;max&quot;:1,&quot;size&quot;:10485760,&quot;allowedExtensions&quot;:[&quot;jpg&quot;,&quot;jpeg&quot;,&quot;png&quot;,&quot;gif&quot;,&quot;pdf&quot;,&quot;docx&quot;,&quot;xlxs&quot;,&quot;xls&quot;,&quot;pptx&quot;,&quot;xlsx&quot;],&quot;notAllowedTypeWithFilename&quot;:&quot;Type de fichier \\u00ab %filename% \\u00bb non autoris\\u00e9&quot;,&quot;tooBigWithFilename&quot;:&quot;Le fichier \\u00ab %filename% \\u00bb d\\u00e9passe la taille maximale de fichier autoris\\u00e9e&quot;,&quot;tooMany&quot;:&quot;Vous ne pouvez pas envoyer plus de %max% fichier(s)&quot;,&quot;buttonType&quot;:&quot;button&quot;,&quot;buttonText&quot;:&quot;Parcourir...&quot;,&quot;buttonIcon&quot;:&quot;qicon-file_upload&quot;,&quot;buttonIconPosition&quot;:&quot;right&quot;}\" \/><\/div><\/div><\/div><\/div><div class=\"quform-element quform-element-submit quform-element-85_2 quform-cf quform-button-style-theme\"><div class=\"quform-button-submit quform-button-submit-default quform-button-submit-85_2\"><button name=\"quform_submit\" type=\"submit\" class=\"quform-submit\" value=\"submit\"><span class=\"quform-button-text quform-button-submit-text\">Soumettre<\/span><\/button><\/div><div class=\"quform-loading quform-loading-position-left quform-loading-type-spinner-1\"><div class=\"quform-loading-inner\"><div class=\"quform-loading-spinner\"><div class=\"quform-loading-spinner-inner\"><\/div><\/div><\/div><\/div><\/div><\/div><\/div><\/div><div class=\"quform-upload-progress-wrap\"><div class=\"quform-upload-progress-bar-wrap\"><div class=\"quform-upload-progress-bar\"><\/div><\/div><div class=\"quform-upload-info quform-cf\"><div class=\"quform-upload-filename\"><\/div><\/div><\/div><\/div><\/form><\/div><\/div><\/div>[\/vc_column][\/vc_row][vc_row el_id=&#8221;portailclient&#8221;][vc_column][vc_column_text css=&#8221;&#8221;]<\/p>\n<h2>Portail client<\/h2>\n<p><strong>Plus de temps pour l&#8217;essentiel.<br \/>\n<\/strong>Moins d&#8217;administration, plus de temps pour vous concentrer sur votre activit\u00e9 principale.<\/p>\n<h3>Vos avantages avec le portail client myElectrosuisse :<\/h3>\n<p><strong>Tout en un seul endroit<\/strong><\/p>\n<ul>\n<li>Documentation relative \u00e0 la s\u00e9curit\u00e9 class\u00e9e et accessible \u00e0 tout moment<\/li>\n<li>Rapports, justificatifs et attestations disponibles de mani\u00e8re centralis\u00e9e<\/li>\n<li>Donn\u00e9es de localisation actuelles<\/li>\n<li>Stockage s\u00e9curis\u00e9 des donn\u00e9es en Suisse<\/li>\n<\/ul>\n<p><strong>Simple et efficace<\/strong><\/p>\n<ul>\n<li>T\u00e9l\u00e9chargement direct des avis de r\u00e9paration par votre \u00e9lectricien<\/li>\n<li>Statistiques des d\u00e9fauts en un coup d&#8217;\u0153il<\/li>\n<\/ul>\n<p><strong>Transparence totale<\/strong><\/p>\n<ul>\n<li>Aper\u00e7u des titulaires d&#8217;autorisation pris en charge (art. 13 OIBT)<\/li>\n<li>Affichage et t\u00e9l\u00e9chargement des normes et produits concern\u00e9s<\/li>\n<li>Aper\u00e7u des formations continues pr\u00e9vues et suivies<\/li>\n<\/ul>\n<p><strong>S\u00e9curit\u00e9 des donn\u00e9es incluse<\/strong><\/p>\n<ul>\n<li>Sauvegarde r\u00e9guli\u00e8re de vos donn\u00e9es<\/li>\n<\/ul>\n<p>[\/vc_column_text][vc_column_text css=&#8221;&#8221;]<\/p>\n<h4>D\u00e9couvrez toutes les fonctionnalit\u00e9s du portail client dans la vid\u00e9o :<\/h4>\n<p>[\/vc_column_text]<div class=\"wpb_button_column wpb_content_element wpb_content_element--left\"><div class=\"wpb_wrapper\"><div class=\"button button--normal\"><a href=\"https:\/\/www.youtube.com\/watch?v=29OmgdL0vQE\" target=\"_blank\" >Regardez maintenant<\/a><\/div><\/div><\/div>[vc_column_text css=&#8221;&#8221;]<\/p>\n<h4>Int\u00e9ress\u00e9 ?<\/h4>\n<p>Nos collaborateurs du service interne se feront un plaisir de vous conseiller personnellement.[\/vc_column_text]<div class=\"wpb_contact_column wpb_content_element wpb_content_element--\"><div class=\"wpb_wrapper\"><div class=\"contact_container\"><div class=\"contact row middle-xs\"><div class=\"contact__img col-sm-5 col-xs-12\"><img decoding=\"async\" src=\"\/wp-content\/themes\/SCHMUCKI_child\/img\/contact_placeholder.jpg\" alt=\"Conseil, Contr\u00f4les et Ing\u00e9nierie\" \/><\/div><div class=\"contact__info col-sm-7 col-xs-12\"><p><b>Conseil, Contr\u00f4les et Ing\u00e9nierie<\/b><br>Service de Bureau<\/p><div class=\"phone has-link\"><a href=\"tel:+41585951199\">+41 58 595 11 99<\/a><\/div><div class=\"mail has-link\"><a href=\"mailto:&#x62;&#101;&#114;a&#x74;&#x75;&#110;g&#x40;&#x65;&#108;e&#x63;&#x74;&#114;o&#x73;&#x75;&#105;s&#x73;&#x65;&#46;c&#x68;\">&#x62;&#x65;&#114;at&#x75;&#x6e;&#103;&#64;e&#x6c;&#x65;&#99;&#116;r&#x6f;&#x73;&#x75;&#105;ss&#x65;&#x2e;&#99;&#104;<\/a><\/div><\/div><\/div><\/div><\/div><\/div>[\/vc_column][\/vc_row]<\/p>\n<\/div>","protected":false},"excerpt":{"rendered":"<p>[vc_row][vc_column][vc_column_text css=&#8221;&#8221; el_class=&#8221;lead&#8221;] S\u00fbr, efficace et durable \u2013 tout d&#8217;une seule source En tant qu&#8217;organisme de contr\u00f4le ind\u00e9pendant accr\u00e9dit\u00e9 , nous contr\u00f4lons, certifions et accompagnons vos installations \u00e9lectriques tout au long de leur cycle de vie, en toute ind\u00e9pendance et dans le respect de la l\u00e9gislation. Nos 100 ans d&#8217;exp\u00e9rience, nous permettent de d\u00e9velopper des [&hellip;]<\/p>\n","protected":false},"author":6,"featured_media":0,"parent":0,"menu_order":184,"comment_status":"closed","ping_status":"closed","template":"","meta":{"_acf_changed":false,"_monsterinsights_skip_tracking":false,"_monsterinsights_sitenote_active":false,"_monsterinsights_sitenote_note":"","_monsterinsights_sitenote_category":0,"footnotes":""},"class_list":["post-22115","page","type-page","status-publish","hentry"],"acf":[],"yoast_head":"<!-- This site is optimized with the Yoast SEO Premium plugin v26.4 (Yoast SEO v27.0) - https:\/\/yoast.com\/product\/yoast-seo-premium-wordpress\/ -->\n<title>Contr\u00f4les et conseil - Electrosuisse<\/title>\n<meta name=\"description\" content=\"En tant qu&#039;organisme de contr\u00f4le ind\u00e9pendant accr\u00e9dit\u00e9 , nous contr\u00f4lons, certifions et accompagnons vos installations \u00e9lectriques tout au long de leur cycle de vie, en toute ind\u00e9pendance et dans le respect de la l\u00e9gislation.\" \/>\n<meta name=\"robots\" content=\"index, follow, max-snippet:-1, max-image-preview:large, max-video-preview:-1\" \/>\n<link rel=\"canonical\" href=\"https:\/\/www.electrosuisse.ch\/fr\/controles-et-conseil\/\" \/>\n<meta property=\"og:locale\" content=\"fr_FR\" \/>\n<meta property=\"og:type\" content=\"article\" \/>\n<meta property=\"og:title\" content=\"Contr\u00f4les et conseil - Electrosuisse\" \/>\n<meta property=\"og:description\" content=\"En tant qu&#039;organisme de contr\u00f4le ind\u00e9pendant accr\u00e9dit\u00e9 , nous contr\u00f4lons, certifions et accompagnons vos installations \u00e9lectriques tout au long de leur cycle de vie, en toute ind\u00e9pendance et dans le respect de la l\u00e9gislation.\" \/>\n<meta property=\"og:url\" content=\"https:\/\/www.electrosuisse.ch\/fr\/controles-et-conseil\/\" \/>\n<meta property=\"og:site_name\" content=\"Electrosuisse\" \/>\n<meta property=\"article:modified_time\" content=\"2026-04-20T09:20:34+00:00\" \/>\n<meta property=\"og:image\" content=\"https:\/\/www.electrosuisse.ch\/wp-content\/uploads\/2022\/12\/Electrosuisse_Ueber_uns_1578x650.jpg\" \/>\n\t<meta property=\"og:image:width\" content=\"1578\" \/>\n\t<meta property=\"og:image:height\" content=\"650\" \/>\n\t<meta property=\"og:image:type\" content=\"image\/jpeg\" \/>\n<script type=\"application\/ld+json\" class=\"yoast-schema-graph\">{\"@context\":\"https:\/\/schema.org\",\"@graph\":[{\"@type\":\"WebPage\",\"@id\":\"https:\/\/www.electrosuisse.ch\/fr\/controles-et-conseil\/\",\"url\":\"https:\/\/www.electrosuisse.ch\/fr\/controles-et-conseil\/\",\"name\":\"Contr\u00f4les et conseil - Electrosuisse\",\"isPartOf\":{\"@id\":\"https:\/\/www.electrosuisse.ch\/fr\/#website\"},\"datePublished\":\"2022-04-06T07:06:14+00:00\",\"dateModified\":\"2026-04-20T09:20:34+00:00\",\"description\":\"En tant qu'organisme de contr\u00f4le ind\u00e9pendant accr\u00e9dit\u00e9 , nous contr\u00f4lons, certifions et accompagnons vos installations \u00e9lectriques tout au long de leur cycle de vie, en toute ind\u00e9pendance et dans le respect de la l\u00e9gislation.\",\"inLanguage\":\"fr-FR\",\"potentialAction\":[{\"@type\":\"ReadAction\",\"target\":[\"https:\/\/www.electrosuisse.ch\/fr\/controles-et-conseil\/\"]}]},{\"@type\":\"WebSite\",\"@id\":\"https:\/\/www.electrosuisse.ch\/fr\/#website\",\"url\":\"https:\/\/www.electrosuisse.ch\/fr\/\",\"name\":\"Electrosuisse\",\"description\":\"\",\"publisher\":{\"@id\":\"https:\/\/www.electrosuisse.ch\/fr\/#organization\"},\"potentialAction\":[{\"@type\":\"SearchAction\",\"target\":{\"@type\":\"EntryPoint\",\"urlTemplate\":\"https:\/\/www.electrosuisse.ch\/fr\/?s={search_term_string}\"},\"query-input\":{\"@type\":\"PropertyValueSpecification\",\"valueRequired\":true,\"valueName\":\"search_term_string\"}}],\"inLanguage\":\"fr-FR\"},{\"@type\":\"Organization\",\"@id\":\"https:\/\/www.electrosuisse.ch\/fr\/#organization\",\"name\":\"Electrosuisse\",\"url\":\"https:\/\/www.electrosuisse.ch\/fr\/\",\"logo\":{\"@type\":\"ImageObject\",\"inLanguage\":\"fr-FR\",\"@id\":\"https:\/\/www.electrosuisse.ch\/fr\/#\/schema\/logo\/image\/\",\"url\":\"https:\/\/www.electrosuisse.ch\/wp-content\/uploads\/2025\/04\/Electrosuisse_Logo_696x696.png\",\"contentUrl\":\"https:\/\/www.electrosuisse.ch\/wp-content\/uploads\/2025\/04\/Electrosuisse_Logo_696x696.png\",\"width\":696,\"height\":696,\"caption\":\"Electrosuisse\"},\"image\":{\"@id\":\"https:\/\/www.electrosuisse.ch\/fr\/#\/schema\/logo\/image\/\"},\"sameAs\":[\"https:\/\/www.linkedin.com\/company\/electrosuisse-ag\/posts\/?feedView=all\",\"https:\/\/www.instagram.com\/electrosuisse1889\/\",\"https:\/\/www.youtube.com\/channel\/UCoOxohMiVE0Gjcdis1L09zw\"],\"description\":\"Electrosuisse ist eine anerkannte und unabh\u00e4ngige Fachorganisation, die erstklassige Dienstleistungen und Produkte in den Bereichen Inspektion, Beratung, Pr\u00fcfung, Zertifizierung, Normung und Weiterbildung anbietet. Unsere Expertise umfasst Elektrotechnik, Elektromobilit\u00e4t, Energieberatung, Geb\u00e4udeautomation und Photovoltaik in der Schweiz. Durch die Veranstaltung etablierter Branchen-Events und Fachtagungen f\u00f6rdert Electrosuisse den Wissenstransfer und den fachlichen Austausch. Im Mittelpunkt unserer T\u00e4tigkeiten steht die F\u00f6rderung der sicheren, wirtschaftlichen und umweltgerechten Anwendung der Elektrotechnik.\"}]}<\/script>\n<!-- \/ Yoast SEO Premium plugin. -->","yoast_head_json":{"title":"Contr\u00f4les et conseil - Electrosuisse","description":"En tant qu'organisme de contr\u00f4le ind\u00e9pendant accr\u00e9dit\u00e9 , nous contr\u00f4lons, certifions et accompagnons vos installations \u00e9lectriques tout au long de leur cycle de vie, en toute ind\u00e9pendance et dans le respect de la l\u00e9gislation.","robots":{"index":"index","follow":"follow","max-snippet":"max-snippet:-1","max-image-preview":"max-image-preview:large","max-video-preview":"max-video-preview:-1"},"canonical":"https:\/\/www.electrosuisse.ch\/fr\/controles-et-conseil\/","og_locale":"fr_FR","og_type":"article","og_title":"Contr\u00f4les et conseil - Electrosuisse","og_description":"En tant qu'organisme de contr\u00f4le ind\u00e9pendant accr\u00e9dit\u00e9 , nous contr\u00f4lons, certifions et accompagnons vos installations \u00e9lectriques tout au long de leur cycle de vie, en toute ind\u00e9pendance et dans le respect de la l\u00e9gislation.","og_url":"https:\/\/www.electrosuisse.ch\/fr\/controles-et-conseil\/","og_site_name":"Electrosuisse","article_modified_time":"2026-04-20T09:20:34+00:00","og_image":[{"width":1578,"height":650,"url":"https:\/\/www.electrosuisse.ch\/wp-content\/uploads\/2022\/12\/Electrosuisse_Ueber_uns_1578x650.jpg","type":"image\/jpeg"}],"schema":{"@context":"https:\/\/schema.org","@graph":[{"@type":"WebPage","@id":"https:\/\/www.electrosuisse.ch\/fr\/controles-et-conseil\/","url":"https:\/\/www.electrosuisse.ch\/fr\/controles-et-conseil\/","name":"Contr\u00f4les et conseil - Electrosuisse","isPartOf":{"@id":"https:\/\/www.electrosuisse.ch\/fr\/#website"},"datePublished":"2022-04-06T07:06:14+00:00","dateModified":"2026-04-20T09:20:34+00:00","description":"En tant qu'organisme de contr\u00f4le ind\u00e9pendant accr\u00e9dit\u00e9 , nous contr\u00f4lons, certifions et accompagnons vos installations \u00e9lectriques tout au long de leur cycle de vie, en toute ind\u00e9pendance et dans le respect de la l\u00e9gislation.","inLanguage":"fr-FR","potentialAction":[{"@type":"ReadAction","target":["https:\/\/www.electrosuisse.ch\/fr\/controles-et-conseil\/"]}]},{"@type":"WebSite","@id":"https:\/\/www.electrosuisse.ch\/fr\/#website","url":"https:\/\/www.electrosuisse.ch\/fr\/","name":"Electrosuisse","description":"","publisher":{"@id":"https:\/\/www.electrosuisse.ch\/fr\/#organization"},"potentialAction":[{"@type":"SearchAction","target":{"@type":"EntryPoint","urlTemplate":"https:\/\/www.electrosuisse.ch\/fr\/?s={search_term_string}"},"query-input":{"@type":"PropertyValueSpecification","valueRequired":true,"valueName":"search_term_string"}}],"inLanguage":"fr-FR"},{"@type":"Organization","@id":"https:\/\/www.electrosuisse.ch\/fr\/#organization","name":"Electrosuisse","url":"https:\/\/www.electrosuisse.ch\/fr\/","logo":{"@type":"ImageObject","inLanguage":"fr-FR","@id":"https:\/\/www.electrosuisse.ch\/fr\/#\/schema\/logo\/image\/","url":"https:\/\/www.electrosuisse.ch\/wp-content\/uploads\/2025\/04\/Electrosuisse_Logo_696x696.png","contentUrl":"https:\/\/www.electrosuisse.ch\/wp-content\/uploads\/2025\/04\/Electrosuisse_Logo_696x696.png","width":696,"height":696,"caption":"Electrosuisse"},"image":{"@id":"https:\/\/www.electrosuisse.ch\/fr\/#\/schema\/logo\/image\/"},"sameAs":["https:\/\/www.linkedin.com\/company\/electrosuisse-ag\/posts\/?feedView=all","https:\/\/www.instagram.com\/electrosuisse1889\/","https:\/\/www.youtube.com\/channel\/UCoOxohMiVE0Gjcdis1L09zw"],"description":"Electrosuisse ist eine anerkannte und unabh\u00e4ngige Fachorganisation, die erstklassige Dienstleistungen und Produkte in den Bereichen Inspektion, Beratung, Pr\u00fcfung, Zertifizierung, Normung und Weiterbildung anbietet. Unsere Expertise umfasst Elektrotechnik, Elektromobilit\u00e4t, Energieberatung, Geb\u00e4udeautomation und Photovoltaik in der Schweiz. Durch die Veranstaltung etablierter Branchen-Events und Fachtagungen f\u00f6rdert Electrosuisse den Wissenstransfer und den fachlichen Austausch. Im Mittelpunkt unserer T\u00e4tigkeiten steht die F\u00f6rderung der sicheren, wirtschaftlichen und umweltgerechten Anwendung der Elektrotechnik."}]}},"amp_enabled":true,"_links":{"self":[{"href":"https:\/\/www.electrosuisse.ch\/fr\/wp-json\/wp\/v2\/pages\/22115","targetHints":{"allow":["GET"]}}],"collection":[{"href":"https:\/\/www.electrosuisse.ch\/fr\/wp-json\/wp\/v2\/pages"}],"about":[{"href":"https:\/\/www.electrosuisse.ch\/fr\/wp-json\/wp\/v2\/types\/page"}],"author":[{"embeddable":true,"href":"https:\/\/www.electrosuisse.ch\/fr\/wp-json\/wp\/v2\/users\/6"}],"replies":[{"embeddable":true,"href":"https:\/\/www.electrosuisse.ch\/fr\/wp-json\/wp\/v2\/comments?post=22115"}],"version-history":[{"count":48,"href":"https:\/\/www.electrosuisse.ch\/fr\/wp-json\/wp\/v2\/pages\/22115\/revisions"}],"predecessor-version":[{"id":44538,"href":"https:\/\/www.electrosuisse.ch\/fr\/wp-json\/wp\/v2\/pages\/22115\/revisions\/44538"}],"wp:attachment":[{"href":"https:\/\/www.electrosuisse.ch\/fr\/wp-json\/wp\/v2\/media?parent=22115"}],"curies":[{"name":"wp","href":"https:\/\/api.w.org\/{rel}","templated":true}]}}