{"version":"1.0","provider_name":"Electrosuisse","provider_url":"https:\/\/www.electrosuisse.ch\/fr\/","author_name":"Anita Serafini","author_url":"https:\/\/www.electrosuisse.ch\/fr\/author\/serafini\/","title":"Mobilit\u00e9 \u00e9lectrique \u2013 Map, brochure et outil interactif - Electrosuisse","type":"rich","width":600,"height":338,"html":"<blockquote class=\"wp-embedded-content\" data-secret=\"aLENed2rTr\"><a href=\"https:\/\/www.electrosuisse.ch\/fr\/mobilite\/mobilite-electrique-map\/\">Mobilit\u00e9 \u00e9lectrique \u2013 Map, brochure et outil interactif<\/a><\/blockquote><iframe sandbox=\"allow-scripts\" security=\"restricted\" src=\"https:\/\/www.electrosuisse.ch\/fr\/mobilite\/mobilite-electrique-map\/embed\/#?secret=aLENed2rTr\" width=\"600\" height=\"338\" title=\"\u00ab\u00a0Mobilit\u00e9 \u00e9lectrique \u2013 Map, brochure et outil interactif\u00a0\u00bb &#8212; Electrosuisse\" data-secret=\"aLENed2rTr\" frameborder=\"0\" marginwidth=\"0\" marginheight=\"0\" scrolling=\"no\" class=\"wp-embedded-content\"><\/iframe><script type=\"text\/javascript\">\n\/* <![CDATA[ *\/\n\/*! This file is auto-generated *\/\n!function(d,l){\"use strict\";l.querySelector&&d.addEventListener&&\"undefined\"!=typeof URL&&(d.wp=d.wp||{},d.wp.receiveEmbedMessage||(d.wp.receiveEmbedMessage=function(e){var t=e.data;if((t||t.secret||t.message||t.value)&&!\/[^a-zA-Z0-9]\/.test(t.secret)){for(var s,r,n,a=l.querySelectorAll('iframe[data-secret=\"'+t.secret+'\"]'),o=l.querySelectorAll('blockquote[data-secret=\"'+t.secret+'\"]'),c=new RegExp(\"^https?:$\",\"i\"),i=0;i<o.length;i++)o[i].style.display=\"none\";for(i=0;i<a.length;i++)s=a[i],e.source===s.contentWindow&&(s.removeAttribute(\"style\"),\"height\"===t.message?(1e3<(r=parseInt(t.value,10))?r=1e3:~~r<200&&(r=200),s.height=r):\"link\"===t.message&&(r=new URL(s.getAttribute(\"src\")),n=new URL(t.value),c.test(n.protocol))&&n.host===r.host&&l.activeElement===s&&(d.top.location.href=t.value))}},d.addEventListener(\"message\",d.wp.receiveEmbedMessage,!1),l.addEventListener(\"DOMContentLoaded\",function(){for(var e,t,s=l.querySelectorAll(\"iframe.wp-embedded-content\"),r=0;r<s.length;r++)(t=(e=s[r]).getAttribute(\"data-secret\"))||(t=Math.random().toString(36).substring(2,12),e.src+=\"#?secret=\"+t,e.setAttribute(\"data-secret\",t)),e.contentWindow.postMessage({message:\"ready\",secret:t},\"*\")},!1)))}(window,document);\n\/\/# sourceURL=https:\/\/www.electrosuisse.ch\/wp-includes\/js\/wp-embed.min.js\n\/* ]]> *\/\n<\/script>\n","description":"[vc_row][vc_column][vc_column_text css=&#8221;&#8221;] \u00abMap\u00bb, brochure et outil interactif Electrosuisse a d\u00e9velopp\u00e9 avec le soutien de\u00a0SuisseEnergie\u00a0une \u00ab artmap \u00bb (carte illustr\u00e9e) et une brochure d\u00e9di\u00e9es au th\u00e8me de l\u2019\u00e9lectromobilit\u00e9, ainsi qu\u2019un outil interactif pour relier ces deux \u00e9l\u00e9ments. L\u2019artmap fournit des informations structur\u00e9es et simplifie ainsi l\u2019utilisation d\u2019un savoir abstrait pour r\u00e9pondre \u00e0 des questions concr\u00e8tes. Onze [&hellip;]","thumbnail_url":"https:\/\/www.electrosuisse.ch\/wp-content\/uploads\/2022\/12\/Electrosuisse_Ueber_uns_1578x650.jpg","thumbnail_width":1578,"thumbnail_height":650}