{"id":21685,"date":"2022-03-23T08:30:53","date_gmt":"2022-03-23T07:30:53","guid":{"rendered":"https:\/\/www.electrosuisse.ch\/?page_id=21685"},"modified":"2026-03-24T13:41:01","modified_gmt":"2026-03-24T12:41:01","slug":"produktion-und-dienstleistung","status":"publish","type":"page","link":"https:\/\/www.electrosuisse.ch\/de\/produktion-und-dienstleistung\/","title":{"rendered":"Produktion und Dienstleistung"},"content":{"rendered":"<div class=\"wpb-content-wrapper\"><p>[vc_row][vc_column][vc_column_text el_class=&#8221;lead&#8221;]In der Fabrik der Zukunft werden die intelligenten Systeme des gesamten Unternehmens untereinander vernetzt, sei es im Kontext von Produktionslinien, Schmelz\u00f6fen, Roboterparks, einem Spital mit Notbetriebsf\u00e4higkeit oder einer Hotelw\u00e4scherei. In Fabriken und Spit\u00e4lern gibt es Prozesse und Systeme, welche die Effizienz der Produktion, Abl\u00e4ufe, Anlagen und Antriebssysteme \u00fcberwachen. Genau hier stecken ungeahnte Optimierungspotenziale. Die mit Daten aus der Prozess- und Systemwelt <a href=\"https:\/\/www.electrosuisse.ch\/de\/engineering\/energienutzungskonzept\/\">optimierte Energieeffizienz<\/a> ist wichtig f\u00fcr den Unternehmenserfolg. Electrosuisse vermittelt diesbez\u00fcglich Expertenwissen.[\/vc_column_text][\/vc_column][\/vc_row][vc_row el_id=&#8221;courses&#8221;][vc_column][vc_column_text]<\/p>\n<h2>Veranstaltungen<\/h2>\n<p>[\/vc_column_text]<div class=\"wpb_carousel_column wpb_carousel_column--event wpb_content_element\"><div class=\"wpb_wrapper\"><div class=\"event_container\"><div class=\"owl-carousel owl-theme\"><div class=\"event\"><a href=\"https:\/\/www.forumfred.ch\/\" target=\"_blank\" class=\"full\">Forum FRED<\/a><div class=\"news__img\"><div class=\"picture_container\"><img decoding=\"async\" src=\"https:\/\/www.electrosuisse.ch\/wp-content\/uploads\/2023\/06\/KV_FRED_585x345.jpg\" alt=\"Forum FRED\" \/><\/div><\/div><div class=\"event__content\"><div class=\"content\"><h3>Forum FRED<\/h3><p class=\"event_date\">9. Juni 2026<\/p><p class=\"event_place\">Lausanne - Beaulieu<\/p><\/div><div class=\"button button--arrow-text\"><span>Zur Veranstaltungswebseite<\/span><\/div><\/div><\/div><div class=\"event\"><a href=\"https:\/\/emobile-verkehrsforum.ch\/\" target=\"_blank\" class=\"full\">e-mobile Verkehrsforum<\/a><div class=\"news__img\"><div class=\"picture_container\"><img decoding=\"async\" src=\"https:\/\/www.electrosuisse.ch\/wp-content\/uploads\/2023\/04\/electrosuisse-e-mobile-verkehrsforum_preview.jpg\" alt=\"e-mobile Verkehrsforum\" \/><\/div><\/div><div class=\"event__content\"><div class=\"content\"><h3>e-mobile Verkehrsforum<\/h3><p class=\"event_date\">24. September 2026<\/p><p class=\"event_place\">Z\u00fcrich - Technopark<\/p><\/div><div class=\"button button--arrow-text\"><span>Zur Veranstaltungswebseite<\/span><\/div><\/div><\/div><div class=\"event\"><a href=\"https:\/\/www.electrosuisse.ch\/de\/tagung\/praktische-normenarbeit\/\" class=\"full\">CES Workshop: Praktische Normenarbeit<\/a><div class=\"news__img\"><div class=\"picture_container\"><img decoding=\"async\" src=\"https:\/\/www.electrosuisse.ch\/wp-content\/uploads\/2024\/04\/Banner_Landingpage_CES_Workshop_585x345.jpg\" alt=\"CES Workshop: Praktische Normenarbeit\" \/><\/div><\/div><div class=\"event__content\"><div class=\"content\"><h3>CES Workshop: Praktische Normenarbeit<\/h3><p class=\"event_date\">13. Oktober 2026<\/p><p class=\"event_place\">Olten - CZO Coachingzentrum Olten<\/p><\/div><div class=\"button button--arrow-text\"><span>Zur Veranstaltung<\/span><\/div><\/div><\/div><div class=\"event\"><a href=\"https:\/\/www.energiezukunft-forum.ch\/\" target=\"_blank\" class=\"full\">Energiezukunft meets Energy Startup Day<\/a><div class=\"news__img\"><div class=\"picture_container\"><img decoding=\"async\" src=\"https:\/\/www.electrosuisse.ch\/wp-content\/uploads\/2025\/07\/energiezukunft_2025_585x345.png\" alt=\"Energiezukunft meets Energy Startup Day\" \/><\/div><\/div><div class=\"event__content\"><div class=\"content\"><h3>Energiezukunft meets Energy Startup Day<\/h3><p class=\"event_date\">19. November 2026<\/p><p class=\"event_place\">Aarau \u2013 Kultur- und Kongresshaus<\/p><\/div><div class=\"button button--arrow-text\"><span>Zur Veranstaltungswebseite<\/span><\/div><\/div><\/div><div class=\"event\"><a href=\"https:\/\/forum-romand-energie.ch\/\" target=\"_blank\" class=\"full\">Forum Romand de l\u2019\u00c9nergie (Tagesveranstaltung)<\/a><div class=\"news__img\"><div class=\"picture_container\"><img decoding=\"async\" src=\"https:\/\/www.electrosuisse.ch\/wp-content\/uploads\/2024\/02\/Key-visual-romandenergie_585x345.png\" alt=\"Forum Romand de l\u2019\u00c9nergie (Tagesveranstaltung)\" \/><\/div><\/div><div class=\"event__content\"><div class=\"content\"><h3>Forum Romand de l\u2019\u00c9nergie (Tagesveranstaltung)<\/h3><p class=\"event_date\">26. November 2026<\/p><p class=\"event_place\">Ecublens - Swiss Tech Convention Center<\/p><\/div><div class=\"button button--arrow-text\"><span>Zur Veranstaltungswebseite<\/span><\/div><\/div><\/div><\/div><\/div><\/div><\/div><div class=\"wpb_button_column wpb_content_element wpb_content_element--left\"><div class=\"wpb_wrapper\"><div class=\"button button--ghost\"><a href=\"https:\/\/www.electrosuisse.ch\/de\/tagungen-energie-und-installationstechnik\/\">Weitere Veranstaltungsinfos<\/a><\/div><\/div><\/div>[\/vc_column][\/vc_row][vc_row el_id=&#8221;engineering&#8221;][vc_column][vc_column_text]<\/p>\n<h2>Engineering<\/h2>\n<p>[\/vc_column_text]<div class=\"wpb_text_image_column wpb_content_element \"><div class=\"wpb_wrapper\"><div class=\"row middle-lg\"><div class=\"col-sm-6 col-xs-12\"><div class=\"picture_container\"><picture><source srcset=\"https:\/\/www.electrosuisse.ch\/wp-content\/uploads\/2019\/05\/Electrosuisse_Prozessanalyse_Verbrauchsanalyse-585x500.jpg\"><img decoding=\"async\" src=\"https:\/\/www.electrosuisse.ch\/wp-content\/uploads\/2019\/05\/Electrosuisse_Prozessanalyse_Verbrauchsanalyse-585x500.jpg\" alt=\"Prozess- und Verbrauchsanalyse\" \/><\/picture><\/div><\/div><div class=\"col-sm-6 col-xs-12\"><h3>Prozess- und Verbrauchsanalyse<\/h3><\/p>\n<h5>Mit gr\u00fcndlicher Bedarfspr\u00fcfung Wirkungsgrad erh\u00f6hen<\/h5>\n<p>In einer Prozess- oder Verbrauchsanalyse vergleichen wir die verf\u00fcgbaren und ben\u00f6tigten Energien wie elektrischen Strom, W\u00e4rme und K\u00e4lte.<\/p>\n<p>Lassen Sie sich von uns beraten. Wir sind gerne f\u00fcr Sie da.<\/p>\n<div class=\"button button--normal\"><a href=\"https:\/\/www.electrosuisse.ch\/de\/engineering\/prozess-und-verbraucheranalyse\/\">Erfahren Sie mehr<\/a><\/div><\/div><\/div><\/div><\/div><div class=\"wpb_text_image_column wpb_content_element \"><div class=\"wpb_wrapper\"><div class=\"row reverse middle-lg\"><div class=\"col-sm-6 col-xs-12\"><div class=\"picture_container\"><picture><source srcset=\"https:\/\/www.electrosuisse.ch\/wp-content\/uploads\/2022\/03\/energiekicks_unternehmen_electrosuisse-585x500-1-585x500.jpg\"><img decoding=\"async\" src=\"https:\/\/www.electrosuisse.ch\/wp-content\/uploads\/2022\/03\/energiekicks_unternehmen_electrosuisse-585x500-1-585x500.jpg\" alt=\"Energiekicks f\u00fcr Ihr Unternehmen\" \/><\/picture><\/div><\/div><div class=\"col-sm-6 col-xs-12\"><h3>Energiekicks f\u00fcr Ihr Unternehmen<\/h3><p>Seit 130 Jahren beraten wir unsere Kunden professionell und individuell rund um das Thema Energie.<\/p>\n<div class=\"button button--normal\"><a href=\"https:\/\/www.electrosuisse.ch\/wp-content\/uploads\/2018\/12\/Electrosuisse_Beratung_Inspektion_Engineering_Broschuere_Energiekicks.pdf\" target=\"_blank\" rel=\"noopener\">Brosch\u00fcre downloaden<\/a><\/div><\/div><\/div><\/div><\/div>[\/vc_column][\/vc_row][vc_row el_id=&#8221;products&#8221;][vc_column][vc_column_text]<\/p>\n<h2>Produkte<\/h2>\n<p>[\/vc_column_text]<div class=\"wpb_text_image_column wpb_content_element \"><div class=\"wpb_wrapper\"><div class=\"row reverse middle-lg\"><div class=\"col-sm-6 col-xs-12\"><div class=\"picture_container\"><picture><source srcset=\"https:\/\/www.electrosuisse.ch\/wp-content\/uploads\/2022\/04\/ArtMap_EEff_585x500-585x500.jpg\"><img decoding=\"async\" src=\"https:\/\/www.electrosuisse.ch\/wp-content\/uploads\/2022\/04\/ArtMap_EEff_585x500-585x500.jpg\" alt=\"Energieeffizienz f\u00fcr Niederspannungsanlagen\" \/><\/picture><\/div><\/div><div class=\"col-sm-6 col-xs-12\"><h3>Energieeffizienz f\u00fcr Niederspannungsanlagen<\/h3><p><strong>Technologie und Praxis bedarfsgesteuerter Geb\u00e4udeautomation.<\/strong><\/p>\n<p>Das Fachbuch liefert Informationen zu Themen wie Energieeffizienz durch Pr\u00e4senz- und Bewegungsmelder, Grundlagen der Bewegungserfassung und Lichtmessung, Amortisation, softwaregest\u00fctzte Planung sowie \u00fcber relevante Normen und Vorschriften.<\/p>\n<div class=\"button button--normal\"><a href=\"https:\/\/www.electrosuisse.ch\/wp-content\/uploads\/2021\/09\/Electrosuisse_Map_EEFF_d_210427-.pdf\" target=\"_blank\" rel=\"noopener\">Brosch\u00fcre downloaden<\/a><\/div><\/div><\/div><\/div><\/div><div class=\"wpb_text_image_column wpb_content_element \"><div class=\"wpb_wrapper\"><div class=\"row middle-lg\"><div class=\"col-sm-6 col-xs-12\"><div class=\"picture_container\"><picture><source srcset=\"https:\/\/www.electrosuisse.ch\/wp-content\/uploads\/2022\/04\/Photovoltaik_585x500-585x500.jpg\"><img decoding=\"async\" src=\"https:\/\/www.electrosuisse.ch\/wp-content\/uploads\/2022\/04\/Photovoltaik_585x500-585x500.jpg\" alt=\"Photovoltaik\" \/><\/picture><\/div><\/div><div class=\"col-sm-6 col-xs-12\"><h3>Photovoltaik<\/h3><\/p>\n<h5>Das Wichtigste aus der Photovoltaik f\u00fcr den Praktiker im Taschenformat<\/h5>\n<p>Das Handbuch gibt einen \u00dcberblick zu den Grundlagen der Photovoltaik, finanzielle Aspekte, Planung und Auslegung, Wartung und Instandhaltung sowie Netzanbindung und Speicherung. Es enth\u00e4lt zahlreiche Schemas, Zeichnungen, Tabellen, Bilder und Beispiele.<\/p>\n<div class=\"button button--normal\"><a href=\"https:\/\/shop.electrosuisse.ch\/de\/Photovoltaik-Anlagen-460352.html\" target=\"_blank\" rel=\"noopener\">Erfahren Sie mehr<\/a><\/div><\/div><\/div><\/div><\/div>[\/vc_column][\/vc_row][vc_row el_id=&#8221;news&#8221;][vc_column][vc_column_text]<\/p>\n<h2>News und Beitr\u00e4ge<\/h2>\n<p>[\/vc_column_text]<div class=\"wpb_news_column wpb_content_element\"><div class=\"wpb_wrapper\"><div class=\"news_container\"><div class=\"owl-carousel owl-theme\"><div class=\"news\"><a href=\"https:\/\/www.electra.ch\/wissen-bildung\/sicherheitskonzept-fuer-elektrische-anlagen\" class=\"full\"  target=\"_blank\">Sicherheitskonzept f\u00fcr elektrische Anlagen<\/a><div class=\"news__img\"><div class=\"picture_container\"><img decoding=\"async\" src=\"https:\/\/www.electrosuisse.ch\/wp-content\/uploads\/2026\/03\/sicherheitskonzept-fuer-elektrische-anlagen-electra-electrosuisse-585x415.webp\" alt=\"Sicherheitskonzept f\u00fcr elektrische Anlagen\" \/><\/div><\/div><div class=\"news__content\"><div class=\"content\"><span class=\"date is-news-date\">30. M\u00e4rz 2026<\/span><h3>Sicherheitskonzept f\u00fcr elektrische Anlagen<\/h3><p>Sicherheit am Arbeitsplatz darf kein Zufall, sondern muss die Folge davon sein, dass klare Regeln eingehalten werden. Dies bedingt gekl\u00e4rte Verantwortlichkeiten und einen bewussten Umgang mit Gefahren. Arbeitgeber m\u00fcssen den Schutz ihrer Mitarbeitenden gew\u00e4hrleisten. Diese wiederum sind gefordert, selbst aktiv zur Sicherheit beizutragen. Im besonderen Fokus ist daher das Elektro-Sicherheitskonzept.<\/p><\/div><div class=\"button button--arrow-text\"><span>Zum Artikel<\/span><\/div><\/div><\/div><div class=\"news\"><a href=\"https:\/\/www.bulletin.ch\/was-bringen-batteriespeicher-fuer-das-verteilnetz\" class=\"full\"  target=\"_blank\">Was bringen Batteriespeicher f\u00fcr das Verteilnetz?<\/a><div class=\"news__img\"><div class=\"picture_container\"><img decoding=\"async\" src=\"https:\/\/www.electrosuisse.ch\/wp-content\/uploads\/2026\/02\/batteriespeicher-bulletin-electrosuisse-585x500.jpg\" alt=\"Was bringen Batteriespeicher f\u00fcr das Verteilnetz?\" \/><\/div><\/div><div class=\"news__content\"><div class=\"content\"><span class=\"date is-news-date\">16. Februar 2026<\/span><h3>Was bringen Batteriespeicher f\u00fcr das Verteilnetz?<\/h3><p>Die Elektrizit\u00e4tsversorgung unterliegt einem grundlegenden Wandel. Auf der Produk\u00adtionsseite l\u00f6st die dezentrale Erzeugung aus Photovoltaik und Wind zunehmend die Erzeugung aus thermischen Kraftwerken ab. Auf der Nachfrageseite werden grosse Mengen volatiler Lasten wie W\u00e4rmepumpen, \u00adLadestationen f\u00fcr Elektromobilit\u00e4t oder \u00adRechenzentren angeschlossen. F\u00fcr Verteilnetzbetreiber (VNB) ergeben sich daraus zahlreiche Herausforderungen.<\/p><\/div><div class=\"button button--arrow-text\"><span>Zum Artikel<\/span><\/div><\/div><\/div><div class=\"news\"><a href=\"https:\/\/www.electra.ch\/elektrotechnik\/entscheidender-schutz-durch-isolierte-werkzeuge-und-arbeitsmittel\" class=\"full\"  target=\"_blank\">Entscheidender Schutz durch isolierte Werkzeuge und Arbeitsmittel<\/a><div class=\"news__img\"><div class=\"picture_container\"><img decoding=\"async\" src=\"https:\/\/www.electrosuisse.ch\/wp-content\/uploads\/2026\/02\/schutz-durch-isolation-electra-electrosuisse-585x415.jpg\" alt=\"Entscheidender Schutz durch isolierte Werkzeuge und Arbeitsmittel\" \/><\/div><\/div><div class=\"news__content\"><div class=\"content\"><span class=\"date is-news-date\">16. Februar 2026<\/span><h3>Entscheidender Schutz durch isolierte Werkzeuge und Arbeitsmittel<\/h3><p>Elektrofachpersonen arbeiten oftmals in der N\u00e4he von spannungsf\u00fchrenden Teilen oder ber\u00fchren diese bei Messungen bewusst. Es besteht dabei immer das Risiko, dass durch Unachtsamkeit oder einen unvorhergesehenen Zwischenfall auch Werkzeuge mit den spannungsf\u00fchrenden Teilen in Kontakt geraten. Isolierte Werkzeuge und Arbeitsmittel bieten in solchen Situationen den entscheidenden Schutz.<\/p><\/div><div class=\"button button--arrow-text\"><span>Zum Artikel<\/span><\/div><\/div><\/div><div class=\"news\"><a href=\"https:\/\/www.electra.ch\/elektrotechnik\/der-elektriker-als-vernetzer\" class=\"full\"  target=\"_blank\">Der Elektriker als Vernetzer<\/a><div class=\"news__img\"><div class=\"picture_container\"><img decoding=\"async\" src=\"https:\/\/www.electrosuisse.ch\/wp-content\/uploads\/2026\/02\/electra_Der-Elektriker-als-Vernetzer-585x415.webp\" alt=\"Der Elektriker als Vernetzer\" \/><\/div><\/div><div class=\"news__content\"><div class=\"content\"><span class=\"date is-news-date\">9. Februar 2026<\/span><h3>Der Elektriker als Vernetzer<\/h3><p>Elektriker geh\u00f6ren zu den zentralen Akteuren, wenn es darum geht, die energie- und informationstechnischen Herausforderungen dieser Zeit zu meistern. In allen Bereichen der Energiewende sind sie mit ihren Kompetenzen gefordert. Denn sie verbinden die verschiedenen Komponenten zur Erzeugung, \u00dcbertragung und zum Verbrauch von elektrischer Energie zu einem funktionierenden, dynamischen Ganzen.<\/p><\/div><div class=\"button button--arrow-text\"><span>Zum Artikel<\/span><\/div><\/div><\/div><div class=\"news\"><a href=\"https:\/\/www.bulletin.ch\/metalle-als-energiespeicher\" class=\"full\"  target=\"_blank\">Metalle als Energiespeicher<\/a><div class=\"news__img\"><div class=\"picture_container\"><img decoding=\"async\" src=\"https:\/\/www.electrosuisse.ch\/wp-content\/uploads\/2025\/11\/B_2507_Novotny_Bild_0-7bc7fad3-585x500.jpg\" alt=\"Metalle als Energiespeicher\" \/><\/div><\/div><div class=\"news__content\"><div class=\"content\"><span class=\"date is-news-date\">26. November 2025<\/span><h3>Metalle als Energiespeicher<\/h3><p>K\u00fcnftig k\u00f6nnten gewisse Metalle das Energie\u00adsystem dekarboni\u00adsieren, indem sie zur Energie\u00adspeiche\u00adrung eingesetzt werden. Um W\u00e4rme freizusetzen, lassen sie sich statt fossiler Energie\u00adtr\u00e4ger verbrennen oder mit Wasser oxidieren.<\/p><\/div><div class=\"button button--arrow-text\"><span>Zum Artikel<\/span><\/div><\/div><\/div><div class=\"news\"><a href=\"https:\/\/www.electra.ch\/elektrotechnik\/richtige-pflege-von-arbeitsmitteln\" class=\"full\"  target=\"_blank\">Richtige Pflege von Arbeitsmitteln<\/a><div class=\"news__img\"><div class=\"picture_container\"><img decoding=\"async\" src=\"https:\/\/www.electrosuisse.ch\/wp-content\/uploads\/2025\/08\/Unbenannt-585x500.jpg\" alt=\"Richtige Pflege von Arbeitsmitteln\" \/><\/div><\/div><div class=\"news__content\"><div class=\"content\"><span class=\"date is-news-date\">13. August 2025<\/span><h3>Richtige Pflege von Arbeitsmitteln<\/h3><p>Ohne funktionierende Werkzeuge und Ger\u00e4te l\u00e4uft in der Werkstatt, im Betrieb oder auf der Baustelle nichts. Elektromonteure m\u00fcssen ihre Arbeitsmittel, Hand- und Elektrowerkzeuge daher regelm\u00e4ssig warten, reinigen und instand halten. Sieben wertvolle Tipps zur richtigen Pflege von Schraubenziehern, Zangen, Ratschen und Co.<\/p><\/div><div class=\"button button--arrow-text\"><span>Zum Artikel<\/span><\/div><\/div><\/div><div class=\"news\"><a href=\"https:\/\/www.electrosuisse.ch\/de\/nullung-schema\/\" class=\"full\">Gef\u00e4hrliche Altlast: Neuer Flyer zur Sanierung von Nullung Schema III<\/a><div class=\"news__img\"><div class=\"picture_container\"><img decoding=\"async\" src=\"https:\/\/www.electrosuisse.ch\/wp-content\/uploads\/2025\/04\/Nullschema_362x218.png\" alt=\"Gef\u00e4hrliche Altlast: Neuer Flyer zur Sanierung von Nullung Schema III\" \/><\/div><\/div><div class=\"news__content\"><div class=\"content\"><span class=\"date is-news-date\">17. April 2025<\/span><h3>Gef\u00e4hrliche Altlast: Neuer Flyer zur Sanierung von Nullung Schema III<\/h3><p>Installationen nach Schema III gelten als sicherheitstechnisch ungen\u00fcgend \u2013 ein neuer Flyer informiert kompakt und praxisnah \u00fcber Risiken, gesetzliche Vorgaben und notwendige Sanierungsschritte. <\/p><\/div><div class=\"button button--arrow-text\"><span>Zum Artikel<\/span><\/div><\/div><\/div><div class=\"news\"><a href=\"https:\/\/www.electrosuisse.ch\/de\/electrosuisse-lohnradar-2024\/\" class=\"full\">Electrosuisse Lohnradar 2024<\/a><div class=\"news__img\"><div class=\"picture_container\"><img decoding=\"async\" src=\"https:\/\/www.electrosuisse.ch\/wp-content\/uploads\/2024\/11\/Lohnradar-362x218-1-585x500.png\" alt=\"Electrosuisse Lohnradar 2024\" \/><\/div><\/div><div class=\"news__content\"><div class=\"content\"><span class=\"date is-news-date\">18. November 2024<\/span><h3>Electrosuisse Lohnradar 2024<\/h3><p>Die f\u00fcnfte Ausgabe \u00abLohnradar\u00bb ist da. Sie zeigt deutlich, dass sich Aus- und Weiterbildung sowie Berufserfahrung lohnen. Besonders ausgepr\u00e4gt sind die Vorteile einer betriebswirtschaftlichen Weiterbildung. Interessante Erkenntnisse liefert die Studie auch zum Thema Internationalit\u00e4t.<\/p><\/div><div class=\"button button--arrow-text\"><span>Zum Artikel<\/span><\/div><\/div><\/div><div class=\"news\"><a href=\"https:\/\/www.electrosuisse.ch\/de\/ki-in-der-schweizer\/\" class=\"full\">KI in der Schweizer Tech-Branche: Realit\u00e4t hinkt Hype hinterher<\/a><div class=\"news__img\"><div class=\"picture_container\"><img decoding=\"async\" src=\"https:\/\/www.electrosuisse.ch\/wp-content\/uploads\/2024\/07\/ki-schweiz_362x218.png\" alt=\"KI in der Schweizer Tech-Branche: Realit\u00e4t hinkt Hype hinterher\" \/><\/div><\/div><div class=\"news__content\"><div class=\"content\"><span class=\"date is-news-date\">16. Juli 2024<\/span><h3>KI in der Schweizer Tech-Branche: Realit\u00e4t hinkt Hype hinterher<\/h3><p>Die Verbreitung von KI in der Schweizer Tech-Branche, besonders im Fertigungssektor, hinkt trotz des Hypes hinterher. Hauptgr\u00fcnde sind fehlendes Know-how und Ressourcen. Ambitionierte Pl\u00e4ne und Effizienzsteigerung treiben jedoch die zuk\u00fcnftige Entwicklung voran.<\/p><\/div><div class=\"button button--arrow-text\"><span>Zum Artikel<\/span><\/div><\/div><\/div><\/div><\/div><\/div><\/div><div class=\"wpb_gap_column wpb_content_element\"><div class=\"wpb_wrapper\"><div class=\"gap gap--small\"><\/div><\/div><\/div>[vc_column_text css=&#8221;&#8221;]<\/p>\n<h4>Beitr\u00e4ge im bulletin.ch<\/h4>\n<p>[\/vc_column_text][vc_column_text css=&#8221;&#8221;]<a href=\"https:\/\/www.bulletin.ch\/themen\/produktion\" target=\"_blank\" rel=\"noopener\">bulletin.ch #produktion<\/a><\/p>\n<p><a href=\"https:\/\/www.bulletin.ch\/themen\/energiespeicherung\" target=\"_blank\" rel=\"noopener\">bulletin.ch #energiespeicherung<\/a>[\/vc_column_text][vc_column_text]<\/p>\n<h2>Newsflash<\/h2>\n<p>[\/vc_column_text][vc_column_text]Sind Sie interessiert an unserem Themen-Newsflash \u00abProduktion und Dienstleistung\u00bb?[\/vc_column_text]<div class=\"wpb_button_column wpb_content_element wpb_content_element--left\"><div class=\"wpb_wrapper\"><div class=\"button button--ghost\"><a href=\"https:\/\/subscribe.newsletter2go.com\/?n2g=hqfmsc8j-m5a7duj7-14ir&_ga=2.113710852.2050700843.1647954393-1145216005.1607948334\" target=\"_blank\" >Hier anmelden<\/a><\/div><\/div><\/div>[\/vc_column][\/vc_row][vc_row disable_element=&#8221;yes&#8221; el_id=&#8221;reserve&#8221;][vc_column]<div class=\"wpb_text_image_column wpb_content_element \"><div class=\"wpb_wrapper\"><div class=\"row middle-lg\"><div class=\"col-sm-6 col-xs-12\"><div class=\"picture_container\"><picture><source srcset=\"https:\/\/www.electrosuisse.ch\/wp-content\/uploads\/2022\/09\/Electrosuisse_Energienutzungskonzept_iStock-491842814-1-1660x1107-1-585x500.jpg\"><img decoding=\"async\" src=\"https:\/\/www.electrosuisse.ch\/wp-content\/uploads\/2022\/09\/Electrosuisse_Energienutzungskonzept_iStock-491842814-1-1660x1107-1-585x500.jpg\" alt=\"Ostral\" \/><\/picture><\/div><\/div><div class=\"col-sm-6 col-xs-12\"><h3>Ostral<\/h3><p>Optimieren Sie Ihre Stromversorgung mit Electrosuisse.<\/p>\n<div class=\"button button--normal\"><a href=\"https:\/\/www.electrosuisse.ch\/de\/engineering\/ostral\/\">Erfahren Sie mehr<\/a><\/div><\/div><\/div><\/div><\/div>[\/vc_column][\/vc_row]<\/p>\n<\/div>","protected":false},"excerpt":{"rendered":"<p>[vc_row][vc_column][vc_column_text el_class=&#8221;lead&#8221;]In der Fabrik der Zukunft werden die intelligenten Systeme des gesamten Unternehmens untereinander vernetzt, sei es im Kontext von Produktionslinien, Schmelz\u00f6fen, Roboterparks, einem Spital mit Notbetriebsf\u00e4higkeit oder einer Hotelw\u00e4scherei. In Fabriken und Spit\u00e4lern gibt es Prozesse und Systeme, welche die Effizienz der Produktion, Abl\u00e4ufe, Anlagen und Antriebssysteme \u00fcberwachen. Genau hier stecken ungeahnte Optimierungspotenziale. Die [&hellip;]<\/p>\n","protected":false},"author":6,"featured_media":0,"parent":0,"menu_order":93,"comment_status":"closed","ping_status":"closed","template":"","meta":{"_acf_changed":false,"_monsterinsights_skip_tracking":false,"_monsterinsights_sitenote_active":false,"_monsterinsights_sitenote_note":"","_monsterinsights_sitenote_category":0,"footnotes":""},"class_list":["post-21685","page","type-page","status-publish","hentry"],"acf":[],"yoast_head":"<!-- This site is optimized with the Yoast SEO Premium plugin v26.4 (Yoast SEO v27.0) - https:\/\/yoast.com\/product\/yoast-seo-premium-wordpress\/ -->\n<title>Produktion und Dienstleistung - Electrosuisse<\/title>\n<meta name=\"description\" content=\"Electrosuisse vermittelt Expertenwissen, um mit Daten aus der Prozess- und Systemwelt die Energieeffizienz zu optimieren.\" \/>\n<meta name=\"robots\" content=\"index, follow, max-snippet:-1, max-image-preview:large, max-video-preview:-1\" \/>\n<link rel=\"canonical\" href=\"https:\/\/www.electrosuisse.ch\/de\/produktion-und-dienstleistung\/\" \/>\n<meta property=\"og:locale\" content=\"de_DE\" \/>\n<meta property=\"og:type\" content=\"article\" \/>\n<meta property=\"og:title\" content=\"Produktion und Dienstleistung - Electrosuisse\" \/>\n<meta property=\"og:description\" content=\"Electrosuisse vermittelt Expertenwissen, um mit Daten aus der Prozess- und Systemwelt die Energieeffizienz zu optimieren.\" \/>\n<meta property=\"og:url\" content=\"https:\/\/www.electrosuisse.ch\/de\/produktion-und-dienstleistung\/\" \/>\n<meta property=\"og:site_name\" content=\"Electrosuisse\" \/>\n<meta property=\"article:modified_time\" content=\"2026-03-24T12:41:01+00:00\" \/>\n<meta property=\"og:image\" content=\"https:\/\/www.electrosuisse.ch\/wp-content\/uploads\/2024\/07\/ki-schweiz_1660x470.png\" \/>\n\t<meta property=\"og:image:width\" content=\"1578\" \/>\n\t<meta property=\"og:image:height\" content=\"650\" \/>\n\t<meta property=\"og:image:type\" content=\"image\/jpeg\" \/>\n<script type=\"application\/ld+json\" class=\"yoast-schema-graph\">{\"@context\":\"https:\/\/schema.org\",\"@graph\":[{\"@type\":\"WebPage\",\"@id\":\"https:\/\/www.electrosuisse.ch\/de\/produktion-und-dienstleistung\/\",\"url\":\"https:\/\/www.electrosuisse.ch\/de\/produktion-und-dienstleistung\/\",\"name\":\"Produktion und Dienstleistung - Electrosuisse\",\"isPartOf\":{\"@id\":\"https:\/\/www.electrosuisse.ch\/de\/#website\"},\"datePublished\":\"2022-03-23T07:30:53+00:00\",\"dateModified\":\"2026-03-24T12:41:01+00:00\",\"description\":\"Electrosuisse vermittelt Expertenwissen, um mit Daten aus der Prozess- und Systemwelt die Energieeffizienz zu optimieren.\",\"inLanguage\":\"de\",\"potentialAction\":[{\"@type\":\"ReadAction\",\"target\":[\"https:\/\/www.electrosuisse.ch\/de\/produktion-und-dienstleistung\/\"]}]},{\"@type\":\"WebSite\",\"@id\":\"https:\/\/www.electrosuisse.ch\/de\/#website\",\"url\":\"https:\/\/www.electrosuisse.ch\/de\/\",\"name\":\"Electrosuisse\",\"description\":\"\",\"publisher\":{\"@id\":\"https:\/\/www.electrosuisse.ch\/de\/#organization\"},\"potentialAction\":[{\"@type\":\"SearchAction\",\"target\":{\"@type\":\"EntryPoint\",\"urlTemplate\":\"https:\/\/www.electrosuisse.ch\/de\/?s={search_term_string}\"},\"query-input\":{\"@type\":\"PropertyValueSpecification\",\"valueRequired\":true,\"valueName\":\"search_term_string\"}}],\"inLanguage\":\"de\"},{\"@type\":\"Organization\",\"@id\":\"https:\/\/www.electrosuisse.ch\/de\/#organization\",\"name\":\"Electrosuisse\",\"url\":\"https:\/\/www.electrosuisse.ch\/de\/\",\"logo\":{\"@type\":\"ImageObject\",\"inLanguage\":\"de\",\"@id\":\"https:\/\/www.electrosuisse.ch\/de\/#\/schema\/logo\/image\/\",\"url\":\"https:\/\/www.electrosuisse.ch\/wp-content\/uploads\/2025\/04\/Electrosuisse_Logo_696x696.png\",\"contentUrl\":\"https:\/\/www.electrosuisse.ch\/wp-content\/uploads\/2025\/04\/Electrosuisse_Logo_696x696.png\",\"width\":696,\"height\":696,\"caption\":\"Electrosuisse\"},\"image\":{\"@id\":\"https:\/\/www.electrosuisse.ch\/de\/#\/schema\/logo\/image\/\"},\"sameAs\":[\"https:\/\/www.linkedin.com\/company\/electrosuisse-ag\/posts\/?feedView=all\",\"https:\/\/www.instagram.com\/electrosuisse1889\/\",\"https:\/\/www.youtube.com\/channel\/UCoOxohMiVE0Gjcdis1L09zw\"],\"description\":\"Electrosuisse ist eine anerkannte und unabh\u00e4ngige Fachorganisation, die erstklassige Dienstleistungen und Produkte in den Bereichen Inspektion, Beratung, Pr\u00fcfung, Zertifizierung, Normung und Weiterbildung anbietet. Unsere Expertise umfasst Elektrotechnik, Elektromobilit\u00e4t, Energieberatung, Geb\u00e4udeautomation und Photovoltaik in der Schweiz. Durch die Veranstaltung etablierter Branchen-Events und Fachtagungen f\u00f6rdert Electrosuisse den Wissenstransfer und den fachlichen Austausch. Im Mittelpunkt unserer T\u00e4tigkeiten steht die F\u00f6rderung der sicheren, wirtschaftlichen und umweltgerechten Anwendung der Elektrotechnik.\"}]}<\/script>\n<!-- \/ Yoast SEO Premium plugin. -->","yoast_head_json":{"title":"Produktion und Dienstleistung - Electrosuisse","description":"Electrosuisse vermittelt Expertenwissen, um mit Daten aus der Prozess- und Systemwelt die Energieeffizienz zu optimieren.","robots":{"index":"index","follow":"follow","max-snippet":"max-snippet:-1","max-image-preview":"max-image-preview:large","max-video-preview":"max-video-preview:-1"},"canonical":"https:\/\/www.electrosuisse.ch\/de\/produktion-und-dienstleistung\/","og_locale":"de_DE","og_type":"article","og_title":"Produktion und Dienstleistung - Electrosuisse","og_description":"Electrosuisse vermittelt Expertenwissen, um mit Daten aus der Prozess- und Systemwelt die Energieeffizienz zu optimieren.","og_url":"https:\/\/www.electrosuisse.ch\/de\/produktion-und-dienstleistung\/","og_site_name":"Electrosuisse","article_modified_time":"2026-03-24T12:41:01+00:00","og_image":[{"width":1578,"height":650,"url":"https:\/\/www.electrosuisse.ch\/wp-content\/uploads\/2024\/07\/ki-schweiz_1660x470.png","type":"image\/jpeg"}],"schema":{"@context":"https:\/\/schema.org","@graph":[{"@type":"WebPage","@id":"https:\/\/www.electrosuisse.ch\/de\/produktion-und-dienstleistung\/","url":"https:\/\/www.electrosuisse.ch\/de\/produktion-und-dienstleistung\/","name":"Produktion und Dienstleistung - Electrosuisse","isPartOf":{"@id":"https:\/\/www.electrosuisse.ch\/de\/#website"},"datePublished":"2022-03-23T07:30:53+00:00","dateModified":"2026-03-24T12:41:01+00:00","description":"Electrosuisse vermittelt Expertenwissen, um mit Daten aus der Prozess- und Systemwelt die Energieeffizienz zu optimieren.","inLanguage":"de","potentialAction":[{"@type":"ReadAction","target":["https:\/\/www.electrosuisse.ch\/de\/produktion-und-dienstleistung\/"]}]},{"@type":"WebSite","@id":"https:\/\/www.electrosuisse.ch\/de\/#website","url":"https:\/\/www.electrosuisse.ch\/de\/","name":"Electrosuisse","description":"","publisher":{"@id":"https:\/\/www.electrosuisse.ch\/de\/#organization"},"potentialAction":[{"@type":"SearchAction","target":{"@type":"EntryPoint","urlTemplate":"https:\/\/www.electrosuisse.ch\/de\/?s={search_term_string}"},"query-input":{"@type":"PropertyValueSpecification","valueRequired":true,"valueName":"search_term_string"}}],"inLanguage":"de"},{"@type":"Organization","@id":"https:\/\/www.electrosuisse.ch\/de\/#organization","name":"Electrosuisse","url":"https:\/\/www.electrosuisse.ch\/de\/","logo":{"@type":"ImageObject","inLanguage":"de","@id":"https:\/\/www.electrosuisse.ch\/de\/#\/schema\/logo\/image\/","url":"https:\/\/www.electrosuisse.ch\/wp-content\/uploads\/2025\/04\/Electrosuisse_Logo_696x696.png","contentUrl":"https:\/\/www.electrosuisse.ch\/wp-content\/uploads\/2025\/04\/Electrosuisse_Logo_696x696.png","width":696,"height":696,"caption":"Electrosuisse"},"image":{"@id":"https:\/\/www.electrosuisse.ch\/de\/#\/schema\/logo\/image\/"},"sameAs":["https:\/\/www.linkedin.com\/company\/electrosuisse-ag\/posts\/?feedView=all","https:\/\/www.instagram.com\/electrosuisse1889\/","https:\/\/www.youtube.com\/channel\/UCoOxohMiVE0Gjcdis1L09zw"],"description":"Electrosuisse ist eine anerkannte und unabh\u00e4ngige Fachorganisation, die erstklassige Dienstleistungen und Produkte in den Bereichen Inspektion, Beratung, Pr\u00fcfung, Zertifizierung, Normung und Weiterbildung anbietet. Unsere Expertise umfasst Elektrotechnik, Elektromobilit\u00e4t, Energieberatung, Geb\u00e4udeautomation und Photovoltaik in der Schweiz. Durch die Veranstaltung etablierter Branchen-Events und Fachtagungen f\u00f6rdert Electrosuisse den Wissenstransfer und den fachlichen Austausch. Im Mittelpunkt unserer T\u00e4tigkeiten steht die F\u00f6rderung der sicheren, wirtschaftlichen und umweltgerechten Anwendung der Elektrotechnik."}]}},"amp_enabled":true,"_links":{"self":[{"href":"https:\/\/www.electrosuisse.ch\/de\/wp-json\/wp\/v2\/pages\/21685","targetHints":{"allow":["GET"]}}],"collection":[{"href":"https:\/\/www.electrosuisse.ch\/de\/wp-json\/wp\/v2\/pages"}],"about":[{"href":"https:\/\/www.electrosuisse.ch\/de\/wp-json\/wp\/v2\/types\/page"}],"author":[{"embeddable":true,"href":"https:\/\/www.electrosuisse.ch\/de\/wp-json\/wp\/v2\/users\/6"}],"replies":[{"embeddable":true,"href":"https:\/\/www.electrosuisse.ch\/de\/wp-json\/wp\/v2\/comments?post=21685"}],"version-history":[{"count":15,"href":"https:\/\/www.electrosuisse.ch\/de\/wp-json\/wp\/v2\/pages\/21685\/revisions"}],"predecessor-version":[{"id":43416,"href":"https:\/\/www.electrosuisse.ch\/de\/wp-json\/wp\/v2\/pages\/21685\/revisions\/43416"}],"wp:attachment":[{"href":"https:\/\/www.electrosuisse.ch\/de\/wp-json\/wp\/v2\/media?parent=21685"}],"curies":[{"name":"wp","href":"https:\/\/api.w.org\/{rel}","templated":true}]}}