{"version":"1.0","provider_name":"Electrosuisse","provider_url":"https:\/\/www.electrosuisse.ch\/de\/","author_name":"Anita Serafini","author_url":"https:\/\/www.electrosuisse.ch\/de\/author\/serafini\/","title":"Technologische Souver\u00e4nit\u00e4t - vde Studie zeigt neue Wege - Electrosuisse","type":"rich","width":600,"height":338,"html":"<blockquote class=\"wp-embedded-content\" data-secret=\"lj5qFX8gcL\"><a href=\"https:\/\/www.electrosuisse.ch\/de\/technologische-souveraenitaet-vde-studie-zeigt-neue-wege\/\">Technologische Souver\u00e4nit\u00e4t &#8211; vde Studie zeigt neue Wege<\/a><\/blockquote><iframe sandbox=\"allow-scripts\" security=\"restricted\" src=\"https:\/\/www.electrosuisse.ch\/de\/technologische-souveraenitaet-vde-studie-zeigt-neue-wege\/embed\/#?secret=lj5qFX8gcL\" width=\"600\" height=\"338\" title=\"&#8222;Technologische Souver\u00e4nit\u00e4t &#8211; vde Studie zeigt neue Wege&#8220; &#8211; Electrosuisse\" data-secret=\"lj5qFX8gcL\" frameborder=\"0\" marginwidth=\"0\" marginheight=\"0\" scrolling=\"no\" class=\"wp-embedded-content\"><\/iframe><script type=\"text\/javascript\">\n\/* <![CDATA[ *\/\n\/*! This file is auto-generated *\/\n!function(d,l){\"use strict\";l.querySelector&&d.addEventListener&&\"undefined\"!=typeof URL&&(d.wp=d.wp||{},d.wp.receiveEmbedMessage||(d.wp.receiveEmbedMessage=function(e){var t=e.data;if((t||t.secret||t.message||t.value)&&!\/[^a-zA-Z0-9]\/.test(t.secret)){for(var s,r,n,a=l.querySelectorAll('iframe[data-secret=\"'+t.secret+'\"]'),o=l.querySelectorAll('blockquote[data-secret=\"'+t.secret+'\"]'),c=new RegExp(\"^https?:$\",\"i\"),i=0;i<o.length;i++)o[i].style.display=\"none\";for(i=0;i<a.length;i++)s=a[i],e.source===s.contentWindow&&(s.removeAttribute(\"style\"),\"height\"===t.message?(1e3<(r=parseInt(t.value,10))?r=1e3:~~r<200&&(r=200),s.height=r):\"link\"===t.message&&(r=new URL(s.getAttribute(\"src\")),n=new URL(t.value),c.test(n.protocol))&&n.host===r.host&&l.activeElement===s&&(d.top.location.href=t.value))}},d.addEventListener(\"message\",d.wp.receiveEmbedMessage,!1),l.addEventListener(\"DOMContentLoaded\",function(){for(var e,t,s=l.querySelectorAll(\"iframe.wp-embedded-content\"),r=0;r<s.length;r++)(t=(e=s[r]).getAttribute(\"data-secret\"))||(t=Math.random().toString(36).substring(2,12),e.src+=\"#?secret=\"+t,e.setAttribute(\"data-secret\",t)),e.contentWindow.postMessage({message:\"ready\",secret:t},\"*\")},!1)))}(window,document);\n\/\/# sourceURL=https:\/\/www.electrosuisse.ch\/wp-includes\/js\/wp-embed.min.js\n\/* ]]> *\/\n<\/script>\n","description":"[vc_row][vc_column][vc_column_text]Technologische Souver\u00e4nit\u00e4t ist ein wichtiges Kernziel der EU, so deklariert von der EU-Kommissionspr\u00e4sidentin von der Leyen 2019. Mit Eintritt der Pandemie geriet das globale Wirtschaftssystem \u00fcber Lieferkettenprobleme weltweit unter massiven Druck, Europ\u00e4ische Staaten realisierten ihre grosse Abh\u00e4ngigkeit von L\u00e4ndern ausserhalb der EU. Es zeigte uns auf, wie entscheidend es ist, in einigen spezifischen Technologie-Bereichen die [&hellip;]","thumbnail_url":"https:\/\/www.electrosuisse.ch\/wp-content\/uploads\/2025\/04\/electrosuisse-logo-1200x675-1.png","thumbnail_width":1200,"thumbnail_height":675}