{"version":"1.0","provider_name":"Electrosuisse","provider_url":"https:\/\/www.electrosuisse.ch\/de\/","author_name":"Anita Serafini","author_url":"https:\/\/www.electrosuisse.ch\/de\/author\/serafini\/","title":"Mobilit\u00e4t - Electrosuisse","type":"rich","width":600,"height":338,"html":"<blockquote class=\"wp-embedded-content\" data-secret=\"68POgMhW8e\"><a href=\"https:\/\/www.electrosuisse.ch\/de\/mobilitaet\/\">Mobilit\u00e4t<\/a><\/blockquote><iframe sandbox=\"allow-scripts\" security=\"restricted\" src=\"https:\/\/www.electrosuisse.ch\/de\/mobilitaet\/embed\/#?secret=68POgMhW8e\" width=\"600\" height=\"338\" title=\"&#8222;Mobilit\u00e4t&#8220; &#8211; Electrosuisse\" data-secret=\"68POgMhW8e\" frameborder=\"0\" marginwidth=\"0\" marginheight=\"0\" scrolling=\"no\" class=\"wp-embedded-content\"><\/iframe><script type=\"text\/javascript\">\n\/* <![CDATA[ *\/\n\/*! This file is auto-generated *\/\n!function(d,l){\"use strict\";l.querySelector&&d.addEventListener&&\"undefined\"!=typeof URL&&(d.wp=d.wp||{},d.wp.receiveEmbedMessage||(d.wp.receiveEmbedMessage=function(e){var t=e.data;if((t||t.secret||t.message||t.value)&&!\/[^a-zA-Z0-9]\/.test(t.secret)){for(var s,r,n,a=l.querySelectorAll('iframe[data-secret=\"'+t.secret+'\"]'),o=l.querySelectorAll('blockquote[data-secret=\"'+t.secret+'\"]'),c=new RegExp(\"^https?:$\",\"i\"),i=0;i<o.length;i++)o[i].style.display=\"none\";for(i=0;i<a.length;i++)s=a[i],e.source===s.contentWindow&&(s.removeAttribute(\"style\"),\"height\"===t.message?(1e3<(r=parseInt(t.value,10))?r=1e3:~~r<200&&(r=200),s.height=r):\"link\"===t.message&&(r=new URL(s.getAttribute(\"src\")),n=new URL(t.value),c.test(n.protocol))&&n.host===r.host&&l.activeElement===s&&(d.top.location.href=t.value))}},d.addEventListener(\"message\",d.wp.receiveEmbedMessage,!1),l.addEventListener(\"DOMContentLoaded\",function(){for(var e,t,s=l.querySelectorAll(\"iframe.wp-embedded-content\"),r=0;r<s.length;r++)(t=(e=s[r]).getAttribute(\"data-secret\"))||(t=Math.random().toString(36).substring(2,12),e.src+=\"#?secret=\"+t,e.setAttribute(\"data-secret\",t)),e.contentWindow.postMessage({message:\"ready\",secret:t},\"*\")},!1)))}(window,document);\n\/\/# sourceURL=https:\/\/www.electrosuisse.ch\/wp-includes\/js\/wp-embed.min.js\n\/* ]]> *\/\n<\/script>\n","description":"Eine intelligente, zuverl\u00e4ssige und emissionsfreie Mobilit\u00e4t ist ein Schl\u00fcsselfaktor, um den Energieverbrauch in diesem Sektor klimakompatibel zu gestalten. Hierf\u00fcr stellt unsere Fachorganisation ein breites Portfolio an Ladeinfrastrukturen zur Verf\u00fcgung, f\u00fcr Betreiber und Nutzer. Dreiundzwanzig in der Schweiz auf dem Markt befindliche Ladestationen und zehn Lastmanagementsysteme werden hier eingesetzt.","thumbnail_url":"https:\/\/lemnet.org\/map\/img\/privat.png"}