{"version":"1.0","provider_name":"Electrosuisse","provider_url":"https:\/\/www.electrosuisse.ch\/de\/","author_name":"Nalini Schempp","author_url":"https:\/\/www.electrosuisse.ch\/de\/author\/schempp\/","title":"Mit Wind und Sonne gegen emissionsreichen Importstrom - Electrosuisse","type":"rich","width":600,"height":338,"html":"<blockquote class=\"wp-embedded-content\" data-secret=\"feRjr13VHt\"><a href=\"https:\/\/www.electrosuisse.ch\/de\/mit-wind-und-sonne-gegen-emissionsreichen-importstrom\/\">Mit Wind und Sonne gegen emissionsreichen Importstrom<\/a><\/blockquote><iframe sandbox=\"allow-scripts\" security=\"restricted\" src=\"https:\/\/www.electrosuisse.ch\/de\/mit-wind-und-sonne-gegen-emissionsreichen-importstrom\/embed\/#?secret=feRjr13VHt\" width=\"600\" height=\"338\" title=\"&#8222;Mit Wind und Sonne gegen emissionsreichen Importstrom&#8220; &#8211; Electrosuisse\" data-secret=\"feRjr13VHt\" frameborder=\"0\" marginwidth=\"0\" marginheight=\"0\" scrolling=\"no\" class=\"wp-embedded-content\"><\/iframe><script type=\"text\/javascript\">\n\/* <![CDATA[ *\/\n\/*! This file is auto-generated *\/\n!function(d,l){\"use strict\";l.querySelector&&d.addEventListener&&\"undefined\"!=typeof URL&&(d.wp=d.wp||{},d.wp.receiveEmbedMessage||(d.wp.receiveEmbedMessage=function(e){var t=e.data;if((t||t.secret||t.message||t.value)&&!\/[^a-zA-Z0-9]\/.test(t.secret)){for(var s,r,n,a=l.querySelectorAll('iframe[data-secret=\"'+t.secret+'\"]'),o=l.querySelectorAll('blockquote[data-secret=\"'+t.secret+'\"]'),c=new RegExp(\"^https?:$\",\"i\"),i=0;i<o.length;i++)o[i].style.display=\"none\";for(i=0;i<a.length;i++)s=a[i],e.source===s.contentWindow&&(s.removeAttribute(\"style\"),\"height\"===t.message?(1e3<(r=parseInt(t.value,10))?r=1e3:~~r<200&&(r=200),s.height=r):\"link\"===t.message&&(r=new URL(s.getAttribute(\"src\")),n=new URL(t.value),c.test(n.protocol))&&n.host===r.host&&l.activeElement===s&&(d.top.location.href=t.value))}},d.addEventListener(\"message\",d.wp.receiveEmbedMessage,!1),l.addEventListener(\"DOMContentLoaded\",function(){for(var e,t,s=l.querySelectorAll(\"iframe.wp-embedded-content\"),r=0;r<s.length;r++)(t=(e=s[r]).getAttribute(\"data-secret\"))||(t=Math.random().toString(36).substring(2,12),e.src+=\"#?secret=\"+t,e.setAttribute(\"data-secret\",t)),e.contentWindow.postMessage({message:\"ready\",secret:t},\"*\")},!1)))}(window,document);\n\/\/# sourceURL=https:\/\/www.electrosuisse.ch\/wp-includes\/js\/wp-embed.min.js\n\/* ]]> *\/\n<\/script>\n","description":"[vc_row][vc_column][vc_column_text]Mehr W\u00e4rmepumpen in Geb\u00e4uden und mehr Elektroautos auf den Strassen f\u00fchren k\u00fcnftig zu einem Anstieg des Stromverbrauchs. Zur Deckung dieses steigenden Bedarfs ist die Schweiz auf Stromimporte angewiesen, die allerdings h\u00e4ufig einen grossen CO2-Fussabdruck aufweisen, da sie aus Gas- oder Kohlekraftwerken stammen. In einer neuen Studie zeigen Forschende der Empa und der Universit\u00e4t Genf anhand [&hellip;]","thumbnail_url":"https:\/\/www.electrosuisse.ch\/wp-content\/uploads\/2025\/04\/electrosuisse-logo-1200x675-1.png","thumbnail_width":1200,"thumbnail_height":675}